{"id":5091,"date":"2022-09-21T18:11:45","date_gmt":"2022-09-21T17:11:45","guid":{"rendered":"http:\/\/www.vcelarskyspolek.cz\/foto\/27-8-2022-130-let-od-zalozeni-vcelarskeho-spolku-v-lomnici-nad-popelkou\/"},"modified":"2022-09-21T18:11:45","modified_gmt":"2022-09-21T17:11:45","slug":"27-8-2022-130-let-od-zalozeni-vcelarskeho-spolku-v-lomnici-nad-popelkou","status":"publish","type":"page","link":"http:\/\/www.vcelarskyspolek.cz\/?page_id=5091","title":{"rendered":"27. 8. 2022 &#8211; 130 let od zalo\u017een\u00ed v\u010dela\u0159sk\u00e9ho spolku v Lomnici nad Popelkou"},"content":{"rendered":"<!-- index.php -->\n<div\n\tclass=\"ngg-galleryoverview\"\n\tid=\"ngg-gallery-9b8e0f8436dc158f277f48a0e204f354-1\">\n\n    \t\t<!-- Thumbnails -->\n\t\t\t\t<div id=\"ngg-image-0\" class=\"ngg-gallery-thumbnail-box\" >\n\t\t\t\t        <div class=\"ngg-gallery-thumbnail\">\n            <a href=\"http:\/\/www.vcelarskyspolek.cz\/wp-content\/gallery\/27-8-2022-130-let-od-zalozeni-vcelarskeho-spolku-v-lomnici-nad-popelkou\/001.jpg\"\n               title=\"\"\n               data-src=\"http:\/\/www.vcelarskyspolek.cz\/wp-content\/gallery\/27-8-2022-130-let-od-zalozeni-vcelarskeho-spolku-v-lomnici-nad-popelkou\/001.jpg\"\n               data-thumbnail=\"http:\/\/www.vcelarskyspolek.cz\/wp-content\/gallery\/27-8-2022-130-let-od-zalozeni-vcelarskeho-spolku-v-lomnici-nad-popelkou\/thumbs\/thumbs_001.jpg\"\n               data-image-id=\"2180\"\n               data-title=\"sdr\"\n               data-description=\"\"\n               data-image-slug=\"001\"\n               class=\"ngg-fancybox\" rel=\"9b8e0f8436dc158f277f48a0e204f354\">\n                <img\n                    title=\"sdr\"\n                    alt=\"sdr\"\n                    src=\"http:\/\/www.vcelarskyspolek.cz\/wp-content\/gallery\/27-8-2022-130-let-od-zalozeni-vcelarskeho-spolku-v-lomnici-nad-popelkou\/thumbs\/thumbs_001.jpg\"\n                    width=\"120\"\n                    height=\"90\"\n                    style=\"max-width:100%;\"\n                \/>\n            <\/a>\n        <\/div>\n\t\t\t\t\t\t\t<\/div> \n\t\t\t\n        \n\t\t\t\t<div id=\"ngg-image-1\" class=\"ngg-gallery-thumbnail-box\" >\n\t\t\t\t        <div class=\"ngg-gallery-thumbnail\">\n            <a href=\"http:\/\/www.vcelarskyspolek.cz\/wp-content\/gallery\/27-8-2022-130-let-od-zalozeni-vcelarskeho-spolku-v-lomnici-nad-popelkou\/002.jpg\"\n               title=\"\"\n               data-src=\"http:\/\/www.vcelarskyspolek.cz\/wp-content\/gallery\/27-8-2022-130-let-od-zalozeni-vcelarskeho-spolku-v-lomnici-nad-popelkou\/002.jpg\"\n               data-thumbnail=\"http:\/\/www.vcelarskyspolek.cz\/wp-content\/gallery\/27-8-2022-130-let-od-zalozeni-vcelarskeho-spolku-v-lomnici-nad-popelkou\/thumbs\/thumbs_002.jpg\"\n               data-image-id=\"2181\"\n               data-title=\"002\"\n               data-description=\"\"\n               data-image-slug=\"002\"\n               class=\"ngg-fancybox\" rel=\"9b8e0f8436dc158f277f48a0e204f354\">\n                <img\n                    title=\"002\"\n                    alt=\"002\"\n                    src=\"http:\/\/www.vcelarskyspolek.cz\/wp-content\/gallery\/27-8-2022-130-let-od-zalozeni-vcelarskeho-spolku-v-lomnici-nad-popelkou\/thumbs\/thumbs_002.jpg\"\n                    width=\"120\"\n                    height=\"90\"\n                    style=\"max-width:100%;\"\n                \/>\n            <\/a>\n        <\/div>\n\t\t\t\t\t\t\t<\/div> \n\t\t\t\n        \n\t\t\t\t<div id=\"ngg-image-2\" class=\"ngg-gallery-thumbnail-box\" >\n\t\t\t\t        <div class=\"ngg-gallery-thumbnail\">\n            <a href=\"http:\/\/www.vcelarskyspolek.cz\/wp-content\/gallery\/27-8-2022-130-let-od-zalozeni-vcelarskeho-spolku-v-lomnici-nad-popelkou\/003.jpg\"\n               title=\"\"\n               data-src=\"http:\/\/www.vcelarskyspolek.cz\/wp-content\/gallery\/27-8-2022-130-let-od-zalozeni-vcelarskeho-spolku-v-lomnici-nad-popelkou\/003.jpg\"\n               data-thumbnail=\"http:\/\/www.vcelarskyspolek.cz\/wp-content\/gallery\/27-8-2022-130-let-od-zalozeni-vcelarskeho-spolku-v-lomnici-nad-popelkou\/thumbs\/thumbs_003.jpg\"\n               data-image-id=\"2182\"\n               data-title=\"003\"\n               data-description=\"\"\n               data-image-slug=\"003\"\n               class=\"ngg-fancybox\" rel=\"9b8e0f8436dc158f277f48a0e204f354\">\n                <img\n                    title=\"003\"\n                    alt=\"003\"\n                    src=\"http:\/\/www.vcelarskyspolek.cz\/wp-content\/gallery\/27-8-2022-130-let-od-zalozeni-vcelarskeho-spolku-v-lomnici-nad-popelkou\/thumbs\/thumbs_003.jpg\"\n                    width=\"120\"\n                    height=\"90\"\n                    style=\"max-width:100%;\"\n                \/>\n            <\/a>\n        <\/div>\n\t\t\t\t\t\t\t<\/div> \n\t\t\t\n        \n\t\t\t\t<div id=\"ngg-image-3\" class=\"ngg-gallery-thumbnail-box\" >\n\t\t\t\t        <div class=\"ngg-gallery-thumbnail\">\n            <a href=\"http:\/\/www.vcelarskyspolek.cz\/wp-content\/gallery\/27-8-2022-130-let-od-zalozeni-vcelarskeho-spolku-v-lomnici-nad-popelkou\/004.jpg\"\n               title=\"\"\n               data-src=\"http:\/\/www.vcelarskyspolek.cz\/wp-content\/gallery\/27-8-2022-130-let-od-zalozeni-vcelarskeho-spolku-v-lomnici-nad-popelkou\/004.jpg\"\n               data-thumbnail=\"http:\/\/www.vcelarskyspolek.cz\/wp-content\/gallery\/27-8-2022-130-let-od-zalozeni-vcelarskeho-spolku-v-lomnici-nad-popelkou\/thumbs\/thumbs_004.jpg\"\n               data-image-id=\"2183\"\n               data-title=\"004\"\n               data-description=\"\"\n               data-image-slug=\"004\"\n               class=\"ngg-fancybox\" rel=\"9b8e0f8436dc158f277f48a0e204f354\">\n                <img\n                    title=\"004\"\n                    alt=\"004\"\n                    src=\"http:\/\/www.vcelarskyspolek.cz\/wp-content\/gallery\/27-8-2022-130-let-od-zalozeni-vcelarskeho-spolku-v-lomnici-nad-popelkou\/thumbs\/thumbs_004.jpg\"\n                    width=\"120\"\n                    height=\"90\"\n                    style=\"max-width:100%;\"\n                \/>\n            <\/a>\n        <\/div>\n\t\t\t\t\t\t\t<\/div> \n\t\t\t\n        \n\t\t\t\t<div id=\"ngg-image-4\" class=\"ngg-gallery-thumbnail-box\" >\n\t\t\t\t        <div class=\"ngg-gallery-thumbnail\">\n            <a href=\"http:\/\/www.vcelarskyspolek.cz\/wp-content\/gallery\/27-8-2022-130-let-od-zalozeni-vcelarskeho-spolku-v-lomnici-nad-popelkou\/005.jpg\"\n               title=\"\"\n               data-src=\"http:\/\/www.vcelarskyspolek.cz\/wp-content\/gallery\/27-8-2022-130-let-od-zalozeni-vcelarskeho-spolku-v-lomnici-nad-popelkou\/005.jpg\"\n               data-thumbnail=\"http:\/\/www.vcelarskyspolek.cz\/wp-content\/gallery\/27-8-2022-130-let-od-zalozeni-vcelarskeho-spolku-v-lomnici-nad-popelkou\/thumbs\/thumbs_005.jpg\"\n               data-image-id=\"2184\"\n               data-title=\"005\"\n               data-description=\"\"\n               data-image-slug=\"005\"\n               class=\"ngg-fancybox\" rel=\"9b8e0f8436dc158f277f48a0e204f354\">\n                <img\n                    title=\"005\"\n                    alt=\"005\"\n                    src=\"http:\/\/www.vcelarskyspolek.cz\/wp-content\/gallery\/27-8-2022-130-let-od-zalozeni-vcelarskeho-spolku-v-lomnici-nad-popelkou\/thumbs\/thumbs_005.jpg\"\n                    width=\"120\"\n                    height=\"90\"\n                    style=\"max-width:100%;\"\n                \/>\n            <\/a>\n        <\/div>\n\t\t\t\t\t\t\t<\/div> \n\t\t\t\n        \n\t\t\t\t<div id=\"ngg-image-5\" class=\"ngg-gallery-thumbnail-box\" >\n\t\t\t\t        <div class=\"ngg-gallery-thumbnail\">\n            <a href=\"http:\/\/www.vcelarskyspolek.cz\/wp-content\/gallery\/27-8-2022-130-let-od-zalozeni-vcelarskeho-spolku-v-lomnici-nad-popelkou\/007.jpg\"\n               title=\"\"\n               data-src=\"http:\/\/www.vcelarskyspolek.cz\/wp-content\/gallery\/27-8-2022-130-let-od-zalozeni-vcelarskeho-spolku-v-lomnici-nad-popelkou\/007.jpg\"\n               data-thumbnail=\"http:\/\/www.vcelarskyspolek.cz\/wp-content\/gallery\/27-8-2022-130-let-od-zalozeni-vcelarskeho-spolku-v-lomnici-nad-popelkou\/thumbs\/thumbs_007.jpg\"\n               data-image-id=\"2185\"\n               data-title=\"007\"\n               data-description=\"\"\n               data-image-slug=\"007\"\n               class=\"ngg-fancybox\" rel=\"9b8e0f8436dc158f277f48a0e204f354\">\n                <img\n                    title=\"007\"\n                    alt=\"007\"\n                    src=\"http:\/\/www.vcelarskyspolek.cz\/wp-content\/gallery\/27-8-2022-130-let-od-zalozeni-vcelarskeho-spolku-v-lomnici-nad-popelkou\/thumbs\/thumbs_007.jpg\"\n                    width=\"120\"\n                    height=\"90\"\n                    style=\"max-width:100%;\"\n                \/>\n            <\/a>\n        <\/div>\n\t\t\t\t\t\t\t<\/div> \n\t\t\t\n        \n\t\t\t\t<div id=\"ngg-image-6\" class=\"ngg-gallery-thumbnail-box\" >\n\t\t\t\t        <div class=\"ngg-gallery-thumbnail\">\n            <a href=\"http:\/\/www.vcelarskyspolek.cz\/wp-content\/gallery\/27-8-2022-130-let-od-zalozeni-vcelarskeho-spolku-v-lomnici-nad-popelkou\/010.jpg\"\n               title=\"\"\n               data-src=\"http:\/\/www.vcelarskyspolek.cz\/wp-content\/gallery\/27-8-2022-130-let-od-zalozeni-vcelarskeho-spolku-v-lomnici-nad-popelkou\/010.jpg\"\n               data-thumbnail=\"http:\/\/www.vcelarskyspolek.cz\/wp-content\/gallery\/27-8-2022-130-let-od-zalozeni-vcelarskeho-spolku-v-lomnici-nad-popelkou\/thumbs\/thumbs_010.jpg\"\n               data-image-id=\"2186\"\n               data-title=\"010\"\n               data-description=\"\"\n               data-image-slug=\"010\"\n               class=\"ngg-fancybox\" rel=\"9b8e0f8436dc158f277f48a0e204f354\">\n                <img\n                    title=\"010\"\n                    alt=\"010\"\n                    src=\"http:\/\/www.vcelarskyspolek.cz\/wp-content\/gallery\/27-8-2022-130-let-od-zalozeni-vcelarskeho-spolku-v-lomnici-nad-popelkou\/thumbs\/thumbs_010.jpg\"\n                    width=\"120\"\n                    height=\"90\"\n                    style=\"max-width:100%;\"\n                \/>\n            <\/a>\n        <\/div>\n\t\t\t\t\t\t\t<\/div> \n\t\t\t\n        \n\t\t\t\t<div id=\"ngg-image-7\" class=\"ngg-gallery-thumbnail-box\" >\n\t\t\t\t        <div class=\"ngg-gallery-thumbnail\">\n            <a href=\"http:\/\/www.vcelarskyspolek.cz\/wp-content\/gallery\/27-8-2022-130-let-od-zalozeni-vcelarskeho-spolku-v-lomnici-nad-popelkou\/018.jpg\"\n               title=\"\"\n               data-src=\"http:\/\/www.vcelarskyspolek.cz\/wp-content\/gallery\/27-8-2022-130-let-od-zalozeni-vcelarskeho-spolku-v-lomnici-nad-popelkou\/018.jpg\"\n               data-thumbnail=\"http:\/\/www.vcelarskyspolek.cz\/wp-content\/gallery\/27-8-2022-130-let-od-zalozeni-vcelarskeho-spolku-v-lomnici-nad-popelkou\/thumbs\/thumbs_018.jpg\"\n               data-image-id=\"2187\"\n               data-title=\"018\"\n               data-description=\"\"\n               data-image-slug=\"018\"\n               class=\"ngg-fancybox\" rel=\"9b8e0f8436dc158f277f48a0e204f354\">\n                <img\n                    title=\"018\"\n                    alt=\"018\"\n                    src=\"http:\/\/www.vcelarskyspolek.cz\/wp-content\/gallery\/27-8-2022-130-let-od-zalozeni-vcelarskeho-spolku-v-lomnici-nad-popelkou\/thumbs\/thumbs_018.jpg\"\n                    width=\"120\"\n                    height=\"90\"\n                    style=\"max-width:100%;\"\n                \/>\n            <\/a>\n        <\/div>\n\t\t\t\t\t\t\t<\/div> \n\t\t\t\n        \n\t\t\t\t<div id=\"ngg-image-8\" class=\"ngg-gallery-thumbnail-box\" >\n\t\t\t\t        <div class=\"ngg-gallery-thumbnail\">\n            <a href=\"http:\/\/www.vcelarskyspolek.cz\/wp-content\/gallery\/27-8-2022-130-let-od-zalozeni-vcelarskeho-spolku-v-lomnici-nad-popelkou\/019.jpg\"\n               title=\"\"\n               data-src=\"http:\/\/www.vcelarskyspolek.cz\/wp-content\/gallery\/27-8-2022-130-let-od-zalozeni-vcelarskeho-spolku-v-lomnici-nad-popelkou\/019.jpg\"\n               data-thumbnail=\"http:\/\/www.vcelarskyspolek.cz\/wp-content\/gallery\/27-8-2022-130-let-od-zalozeni-vcelarskeho-spolku-v-lomnici-nad-popelkou\/thumbs\/thumbs_019.jpg\"\n               data-image-id=\"2188\"\n               data-title=\"019\"\n               data-description=\"\"\n               data-image-slug=\"019\"\n               class=\"ngg-fancybox\" rel=\"9b8e0f8436dc158f277f48a0e204f354\">\n                <img\n                    title=\"019\"\n                    alt=\"019\"\n                    src=\"http:\/\/www.vcelarskyspolek.cz\/wp-content\/gallery\/27-8-2022-130-let-od-zalozeni-vcelarskeho-spolku-v-lomnici-nad-popelkou\/thumbs\/thumbs_019.jpg\"\n                    width=\"120\"\n                    height=\"90\"\n                    style=\"max-width:100%;\"\n                \/>\n            <\/a>\n        <\/div>\n\t\t\t\t\t\t\t<\/div> \n\t\t\t\n        \n\t\t\n\t\t<div class=\"ngg-clear\"><\/div>\n\t<\/div>\n\n","protected":false},"excerpt":{"rendered":"","protected":false},"author":1,"featured_media":0,"parent":20,"menu_order":0,"comment_status":"closed","ping_status":"closed","template":"","meta":{"ngg_post_thumbnail":0},"yoast_head":"<!-- This site is optimized with the Yoast SEO plugin v19.13-RC1 - https:\/\/yoast.com\/wordpress\/plugins\/seo\/ -->\n<title>27. 8. 2022 - 130 let od zalo\u017een\u00ed v\u010dela\u0159sk\u00e9ho spolku v Lomnici nad Popelkou - V\u010cELA\u0158I Lomnice nad Popelkou<\/title>\n<meta name=\"robots\" content=\"index, follow, max-snippet:-1, max-image-preview:large, max-video-preview:-1\" \/>\n<link rel=\"canonical\" href=\"http:\/\/www.vcelarskyspolek.cz\/?page_id=5091\" \/>\n<meta property=\"og:locale\" content=\"cs_CZ\" \/>\n<meta property=\"og:type\" content=\"article\" \/>\n<meta property=\"og:title\" content=\"27. 8. 2022 - 130 let od zalo\u017een\u00ed v\u010dela\u0159sk\u00e9ho spolku v Lomnici nad Popelkou - V\u010cELA\u0158I Lomnice nad Popelkou\" \/>\n<meta property=\"og:url\" content=\"http:\/\/www.vcelarskyspolek.cz\/?page_id=5091\" \/>\n<meta property=\"og:site_name\" content=\"V\u010cELA\u0158I Lomnice nad Popelkou\" \/>\n<meta name=\"twitter:card\" content=\"summary_large_image\" \/>\n<script type=\"application\/ld+json\" class=\"yoast-schema-graph\">{\"@context\":\"https:\/\/schema.org\",\"@graph\":[{\"@type\":\"WebPage\",\"@id\":\"http:\/\/www.vcelarskyspolek.cz\/?page_id=5091\",\"url\":\"http:\/\/www.vcelarskyspolek.cz\/?page_id=5091\",\"name\":\"27. 8. 2022 - 130 let od zalo\u017een\u00ed v\u010dela\u0159sk\u00e9ho spolku v Lomnici nad Popelkou - V\u010cELA\u0158I Lomnice nad Popelkou\",\"isPartOf\":{\"@id\":\"https:\/\/www.vcelarskyspolek.cz\/#website\"},\"datePublished\":\"2022-09-21T17:11:45+00:00\",\"dateModified\":\"2022-09-21T17:11:45+00:00\",\"breadcrumb\":{\"@id\":\"http:\/\/www.vcelarskyspolek.cz\/?page_id=5091#breadcrumb\"},\"inLanguage\":\"cs\",\"potentialAction\":[{\"@type\":\"ReadAction\",\"target\":[\"http:\/\/www.vcelarskyspolek.cz\/?page_id=5091\"]}]},{\"@type\":\"BreadcrumbList\",\"@id\":\"http:\/\/www.vcelarskyspolek.cz\/?page_id=5091#breadcrumb\",\"itemListElement\":[{\"@type\":\"ListItem\",\"position\":1,\"name\":\"Dom\u016f\",\"item\":\"https:\/\/www.vcelarskyspolek.cz\/\"},{\"@type\":\"ListItem\",\"position\":2,\"name\":\"Foto\",\"item\":\"http:\/\/www.vcelarskyspolek.cz\/?page_id=20\"},{\"@type\":\"ListItem\",\"position\":3,\"name\":\"27. 8. 2022 &#8211; 130 let od zalo\u017een\u00ed v\u010dela\u0159sk\u00e9ho spolku v Lomnici nad Popelkou\"}]},{\"@type\":\"WebSite\",\"@id\":\"https:\/\/www.vcelarskyspolek.cz\/#website\",\"url\":\"https:\/\/www.vcelarskyspolek.cz\/\",\"name\":\"V\u010cELA\u0158I Lomnice nad Popelkou\",\"description\":\"\",\"potentialAction\":[{\"@type\":\"SearchAction\",\"target\":{\"@type\":\"EntryPoint\",\"urlTemplate\":\"https:\/\/www.vcelarskyspolek.cz\/?s={search_term_string}\"},\"query-input\":\"required name=search_term_string\"}],\"inLanguage\":\"cs\"}]}<\/script>\n<!-- \/ Yoast SEO plugin. -->","yoast_head_json":{"title":"27. 8. 2022 - 130 let od zalo\u017een\u00ed v\u010dela\u0159sk\u00e9ho spolku v Lomnici nad Popelkou - V\u010cELA\u0158I Lomnice nad Popelkou","robots":{"index":"index","follow":"follow","max-snippet":"max-snippet:-1","max-image-preview":"max-image-preview:large","max-video-preview":"max-video-preview:-1"},"canonical":"http:\/\/www.vcelarskyspolek.cz\/?page_id=5091","og_locale":"cs_CZ","og_type":"article","og_title":"27. 8. 2022 - 130 let od zalo\u017een\u00ed v\u010dela\u0159sk\u00e9ho spolku v Lomnici nad Popelkou - V\u010cELA\u0158I Lomnice nad Popelkou","og_url":"http:\/\/www.vcelarskyspolek.cz\/?page_id=5091","og_site_name":"V\u010cELA\u0158I Lomnice nad Popelkou","twitter_card":"summary_large_image","schema":{"@context":"https:\/\/schema.org","@graph":[{"@type":"WebPage","@id":"http:\/\/www.vcelarskyspolek.cz\/?page_id=5091","url":"http:\/\/www.vcelarskyspolek.cz\/?page_id=5091","name":"27. 8. 2022 - 130 let od zalo\u017een\u00ed v\u010dela\u0159sk\u00e9ho spolku v Lomnici nad Popelkou - V\u010cELA\u0158I Lomnice nad Popelkou","isPartOf":{"@id":"https:\/\/www.vcelarskyspolek.cz\/#website"},"datePublished":"2022-09-21T17:11:45+00:00","dateModified":"2022-09-21T17:11:45+00:00","breadcrumb":{"@id":"http:\/\/www.vcelarskyspolek.cz\/?page_id=5091#breadcrumb"},"inLanguage":"cs","potentialAction":[{"@type":"ReadAction","target":["http:\/\/www.vcelarskyspolek.cz\/?page_id=5091"]}]},{"@type":"BreadcrumbList","@id":"http:\/\/www.vcelarskyspolek.cz\/?page_id=5091#breadcrumb","itemListElement":[{"@type":"ListItem","position":1,"name":"Dom\u016f","item":"https:\/\/www.vcelarskyspolek.cz\/"},{"@type":"ListItem","position":2,"name":"Foto","item":"http:\/\/www.vcelarskyspolek.cz\/?page_id=20"},{"@type":"ListItem","position":3,"name":"27. 8. 2022 &#8211; 130 let od zalo\u017een\u00ed v\u010dela\u0159sk\u00e9ho spolku v Lomnici nad Popelkou"}]},{"@type":"WebSite","@id":"https:\/\/www.vcelarskyspolek.cz\/#website","url":"https:\/\/www.vcelarskyspolek.cz\/","name":"V\u010cELA\u0158I Lomnice nad Popelkou","description":"","potentialAction":[{"@type":"SearchAction","target":{"@type":"EntryPoint","urlTemplate":"https:\/\/www.vcelarskyspolek.cz\/?s={search_term_string}"},"query-input":"required name=search_term_string"}],"inLanguage":"cs"}]}},"_links":{"self":[{"href":"http:\/\/www.vcelarskyspolek.cz\/index.php?rest_route=\/wp\/v2\/pages\/5091"}],"collection":[{"href":"http:\/\/www.vcelarskyspolek.cz\/index.php?rest_route=\/wp\/v2\/pages"}],"about":[{"href":"http:\/\/www.vcelarskyspolek.cz\/index.php?rest_route=\/wp\/v2\/types\/page"}],"author":[{"embeddable":true,"href":"http:\/\/www.vcelarskyspolek.cz\/index.php?rest_route=\/wp\/v2\/users\/1"}],"replies":[{"embeddable":true,"href":"http:\/\/www.vcelarskyspolek.cz\/index.php?rest_route=%2Fwp%2Fv2%2Fcomments&post=5091"}],"version-history":[{"count":0,"href":"http:\/\/www.vcelarskyspolek.cz\/index.php?rest_route=\/wp\/v2\/pages\/5091\/revisions"}],"up":[{"embeddable":true,"href":"http:\/\/www.vcelarskyspolek.cz\/index.php?rest_route=\/wp\/v2\/pages\/20"}],"wp:attachment":[{"href":"http:\/\/www.vcelarskyspolek.cz\/index.php?rest_route=%2Fwp%2Fv2%2Fmedia&parent=5091"}],"curies":[{"name":"wp","href":"https:\/\/api.w.org\/{rel}","templated":true}]}}