{"id":4630,"date":"2016-11-09T15:07:57","date_gmt":"2016-11-09T14:07:57","guid":{"rendered":"http:\/\/www.vcelarskyspolek.cz\/klatovy-12-15-9-2016\/"},"modified":"2016-11-09T15:07:57","modified_gmt":"2016-11-09T14:07:57","slug":"klatovy-12-15-9-2016","status":"publish","type":"page","link":"http:\/\/www.vcelarskyspolek.cz\/?page_id=4630","title":{"rendered":"Klatovy 12-15.9.2016"},"content":{"rendered":"<!-- index.php -->\n<div\n\tclass=\"ngg-galleryoverview\"\n\tid=\"ngg-gallery-adb3c90bdd536d6f5890a66020a18e3b-1\">\n\n    \t\t<!-- Thumbnails -->\n\t\t\t\t<div id=\"ngg-image-0\" class=\"ngg-gallery-thumbnail-box\" >\n\t\t\t\t        <div class=\"ngg-gallery-thumbnail\">\n            <a href=\"http:\/\/www.vcelarskyspolek.cz\/wp-content\/gallery\/Klatovy-15.9.2016\/001-DSCF2670-zah%C3%A1jen%C3%AD-v%C3%BDstavy-P%C5%99%C3%ADb%C4%9Bhy-v%C4%8Del%C3%ADch-medv%C3%ADdk%C5%AF-ve-Vlasti.JPG\"\n               title=\"\"\n               data-src=\"http:\/\/www.vcelarskyspolek.cz\/wp-content\/gallery\/Klatovy-15.9.2016\/001-DSCF2670-zah%C3%A1jen%C3%AD-v%C3%BDstavy-P%C5%99%C3%ADb%C4%9Bhy-v%C4%8Del%C3%ADch-medv%C3%ADdk%C5%AF-ve-Vlasti.JPG\"\n               data-thumbnail=\"http:\/\/www.vcelarskyspolek.cz\/wp-content\/gallery\/Klatovy-15.9.2016\/thumbs\/thumbs_001-DSCF2670-zah%C3%A1jen%C3%AD-v%C3%BDstavy-P%C5%99%C3%ADb%C4%9Bhy-v%C4%8Del%C3%ADch-medv%C3%ADdk%C5%AF-ve-Vlasti.JPG\"\n               data-image-id=\"1886\"\n               data-title=\"001-DSCF2670 zah\u00e1jen\u00ed v\u00fdstavy P\u0159\u00edb\u011bhy v\u010del\u00edch medv\u00eddk\u016f ve Vlasti\"\n               data-description=\"\"\n               data-image-slug=\"001-dscf2670-zah%c3%a1jen%c3%ad-v%c3%bdstavy-p%c5%99%c3%adb%c4%9bhy-v%c4%8del%c3%adch-medv%c3%addk%c5%af-ve-vlasti\"\n               class=\"ngg-fancybox\" rel=\"adb3c90bdd536d6f5890a66020a18e3b\">\n                <img\n                    title=\"001-DSCF2670 zah\u00e1jen\u00ed v\u00fdstavy P\u0159\u00edb\u011bhy v\u010del\u00edch medv\u00eddk\u016f ve Vlasti\"\n                    alt=\"001-DSCF2670 zah\u00e1jen\u00ed v\u00fdstavy P\u0159\u00edb\u011bhy v\u010del\u00edch medv\u00eddk\u016f ve Vlasti\"\n                    src=\"http:\/\/www.vcelarskyspolek.cz\/wp-content\/gallery\/Klatovy-15.9.2016\/thumbs\/thumbs_001-DSCF2670-zah%C3%A1jen%C3%AD-v%C3%BDstavy-P%C5%99%C3%ADb%C4%9Bhy-v%C4%8Del%C3%ADch-medv%C3%ADdk%C5%AF-ve-Vlasti.JPG\"\n                    width=\"120\"\n                    height=\"90\"\n                    style=\"max-width:100%;\"\n                \/>\n            <\/a>\n        <\/div>\n\t\t\t\t\t\t\t<\/div> \n\t\t\t\n        \n\t\t\t\t<div id=\"ngg-image-1\" class=\"ngg-gallery-thumbnail-box\" >\n\t\t\t\t        <div class=\"ngg-gallery-thumbnail\">\n            <a href=\"http:\/\/www.vcelarskyspolek.cz\/wp-content\/gallery\/Klatovy-15.9.2016\/002-DSCF2671-zah%C3%A1jen%C3%AD-v%C3%BDstavy-P%C5%99%C3%ADb%C4%9Bhy-v%C4%8Del%C3%ADch-medv%C3%ADdk%C5%AF-ve-Vlasti.JPG\"\n               title=\"\"\n               data-src=\"http:\/\/www.vcelarskyspolek.cz\/wp-content\/gallery\/Klatovy-15.9.2016\/002-DSCF2671-zah%C3%A1jen%C3%AD-v%C3%BDstavy-P%C5%99%C3%ADb%C4%9Bhy-v%C4%8Del%C3%ADch-medv%C3%ADdk%C5%AF-ve-Vlasti.JPG\"\n               data-thumbnail=\"http:\/\/www.vcelarskyspolek.cz\/wp-content\/gallery\/Klatovy-15.9.2016\/thumbs\/thumbs_002-DSCF2671-zah%C3%A1jen%C3%AD-v%C3%BDstavy-P%C5%99%C3%ADb%C4%9Bhy-v%C4%8Del%C3%ADch-medv%C3%ADdk%C5%AF-ve-Vlasti.JPG\"\n               data-image-id=\"1887\"\n               data-title=\"002-DSCF2671 zah\u00e1jen\u00ed v\u00fdstavy P\u0159\u00edb\u011bhy v\u010del\u00edch medv\u00eddk\u016f ve Vlasti\"\n               data-description=\"\"\n               data-image-slug=\"002-dscf2671-zah%c3%a1jen%c3%ad-v%c3%bdstavy-p%c5%99%c3%adb%c4%9bhy-v%c4%8del%c3%adch-medv%c3%addk%c5%af-ve-vlasti-1\"\n               class=\"ngg-fancybox\" rel=\"adb3c90bdd536d6f5890a66020a18e3b\">\n                <img\n                    title=\"002-DSCF2671 zah\u00e1jen\u00ed v\u00fdstavy P\u0159\u00edb\u011bhy v\u010del\u00edch medv\u00eddk\u016f ve Vlasti\"\n                    alt=\"002-DSCF2671 zah\u00e1jen\u00ed v\u00fdstavy P\u0159\u00edb\u011bhy v\u010del\u00edch medv\u00eddk\u016f ve Vlasti\"\n                    src=\"http:\/\/www.vcelarskyspolek.cz\/wp-content\/gallery\/Klatovy-15.9.2016\/thumbs\/thumbs_002-DSCF2671-zah%C3%A1jen%C3%AD-v%C3%BDstavy-P%C5%99%C3%ADb%C4%9Bhy-v%C4%8Del%C3%ADch-medv%C3%ADdk%C5%AF-ve-Vlasti.JPG\"\n                    width=\"120\"\n                    height=\"90\"\n                    style=\"max-width:100%;\"\n                \/>\n            <\/a>\n        <\/div>\n\t\t\t\t\t\t\t<\/div> \n\t\t\t\n        \n\t\t\t\t<div id=\"ngg-image-2\" class=\"ngg-gallery-thumbnail-box\" >\n\t\t\t\t        <div class=\"ngg-gallery-thumbnail\">\n            <a href=\"http:\/\/www.vcelarskyspolek.cz\/wp-content\/gallery\/Klatovy-15.9.2016\/003-DSCF2675-zah%C3%A1jen%C3%AD-v%C3%BDstavy-P%C5%99%C3%ADb%C4%9Bhy-v%C4%8Del%C3%ADch-medv%C3%ADdk%C5%AF-ve-Vlast.JPG\"\n               title=\"\"\n               data-src=\"http:\/\/www.vcelarskyspolek.cz\/wp-content\/gallery\/Klatovy-15.9.2016\/003-DSCF2675-zah%C3%A1jen%C3%AD-v%C3%BDstavy-P%C5%99%C3%ADb%C4%9Bhy-v%C4%8Del%C3%ADch-medv%C3%ADdk%C5%AF-ve-Vlast.JPG\"\n               data-thumbnail=\"http:\/\/www.vcelarskyspolek.cz\/wp-content\/gallery\/Klatovy-15.9.2016\/thumbs\/thumbs_003-DSCF2675-zah%C3%A1jen%C3%AD-v%C3%BDstavy-P%C5%99%C3%ADb%C4%9Bhy-v%C4%8Del%C3%ADch-medv%C3%ADdk%C5%AF-ve-Vlast.JPG\"\n               data-image-id=\"1888\"\n               data-title=\"003-DSCF2675 zah\u00e1jen\u00ed v\u00fdstavy P\u0159\u00edb\u011bhy v\u010del\u00edch medv\u00eddk\u016f ve Vlast\"\n               data-description=\"\"\n               data-image-slug=\"003-dscf2675-zah%c3%a1jen%c3%ad-v%c3%bdstavy-p%c5%99%c3%adb%c4%9bhy-v%c4%8del%c3%adch-medv%c3%addk%c5%af-ve-vlast-1\"\n               class=\"ngg-fancybox\" rel=\"adb3c90bdd536d6f5890a66020a18e3b\">\n                <img\n                    title=\"003-DSCF2675 zah\u00e1jen\u00ed v\u00fdstavy P\u0159\u00edb\u011bhy v\u010del\u00edch medv\u00eddk\u016f ve Vlast\"\n                    alt=\"003-DSCF2675 zah\u00e1jen\u00ed v\u00fdstavy P\u0159\u00edb\u011bhy v\u010del\u00edch medv\u00eddk\u016f ve Vlast\"\n                    src=\"http:\/\/www.vcelarskyspolek.cz\/wp-content\/gallery\/Klatovy-15.9.2016\/thumbs\/thumbs_003-DSCF2675-zah%C3%A1jen%C3%AD-v%C3%BDstavy-P%C5%99%C3%ADb%C4%9Bhy-v%C4%8Del%C3%ADch-medv%C3%ADdk%C5%AF-ve-Vlast.JPG\"\n                    width=\"120\"\n                    height=\"90\"\n                    style=\"max-width:100%;\"\n                \/>\n            <\/a>\n        <\/div>\n\t\t\t\t\t\t\t<\/div> \n\t\t\t\n        \n\t\t\t\t<div id=\"ngg-image-3\" class=\"ngg-gallery-thumbnail-box\" >\n\t\t\t\t        <div class=\"ngg-gallery-thumbnail\">\n            <a href=\"http:\/\/www.vcelarskyspolek.cz\/wp-content\/gallery\/Klatovy-15.9.2016\/004-IMG_9131.JPG\"\n               title=\"\"\n               data-src=\"http:\/\/www.vcelarskyspolek.cz\/wp-content\/gallery\/Klatovy-15.9.2016\/004-IMG_9131.JPG\"\n               data-thumbnail=\"http:\/\/www.vcelarskyspolek.cz\/wp-content\/gallery\/Klatovy-15.9.2016\/thumbs\/thumbs_004-IMG_9131.JPG\"\n               data-image-id=\"1889\"\n               data-title=\"004-IMG_9131\"\n               data-description=\"\"\n               data-image-slug=\"004-img_9131\"\n               class=\"ngg-fancybox\" rel=\"adb3c90bdd536d6f5890a66020a18e3b\">\n                <img\n                    title=\"004-IMG_9131\"\n                    alt=\"004-IMG_9131\"\n                    src=\"http:\/\/www.vcelarskyspolek.cz\/wp-content\/gallery\/Klatovy-15.9.2016\/thumbs\/thumbs_004-IMG_9131.JPG\"\n                    width=\"120\"\n                    height=\"90\"\n                    style=\"max-width:100%;\"\n                \/>\n            <\/a>\n        <\/div>\n\t\t\t\t\t\t\t<\/div> \n\t\t\t\n        \n\t\t\t\t<div id=\"ngg-image-4\" class=\"ngg-gallery-thumbnail-box\" >\n\t\t\t\t        <div class=\"ngg-gallery-thumbnail\">\n            <a href=\"http:\/\/www.vcelarskyspolek.cz\/wp-content\/gallery\/Klatovy-15.9.2016\/005-IMG_9138.JPG\"\n               title=\"\"\n               data-src=\"http:\/\/www.vcelarskyspolek.cz\/wp-content\/gallery\/Klatovy-15.9.2016\/005-IMG_9138.JPG\"\n               data-thumbnail=\"http:\/\/www.vcelarskyspolek.cz\/wp-content\/gallery\/Klatovy-15.9.2016\/thumbs\/thumbs_005-IMG_9138.JPG\"\n               data-image-id=\"1890\"\n               data-title=\"005-IMG_9138\"\n               data-description=\"\"\n               data-image-slug=\"005-img_9138\"\n               class=\"ngg-fancybox\" rel=\"adb3c90bdd536d6f5890a66020a18e3b\">\n                <img\n                    title=\"005-IMG_9138\"\n                    alt=\"005-IMG_9138\"\n                    src=\"http:\/\/www.vcelarskyspolek.cz\/wp-content\/gallery\/Klatovy-15.9.2016\/thumbs\/thumbs_005-IMG_9138.JPG\"\n                    width=\"120\"\n                    height=\"90\"\n                    style=\"max-width:100%;\"\n                \/>\n            <\/a>\n        <\/div>\n\t\t\t\t\t\t\t<\/div> \n\t\t\t\n        \n\t\t\t\t<div id=\"ngg-image-5\" class=\"ngg-gallery-thumbnail-box\" >\n\t\t\t\t        <div class=\"ngg-gallery-thumbnail\">\n            <a href=\"http:\/\/www.vcelarskyspolek.cz\/wp-content\/gallery\/Klatovy-15.9.2016\/006-IMG_9140.JPG\"\n               title=\"\"\n               data-src=\"http:\/\/www.vcelarskyspolek.cz\/wp-content\/gallery\/Klatovy-15.9.2016\/006-IMG_9140.JPG\"\n               data-thumbnail=\"http:\/\/www.vcelarskyspolek.cz\/wp-content\/gallery\/Klatovy-15.9.2016\/thumbs\/thumbs_006-IMG_9140.JPG\"\n               data-image-id=\"1891\"\n               data-title=\"006-IMG_9140\"\n               data-description=\"\"\n               data-image-slug=\"006-img_9140\"\n               class=\"ngg-fancybox\" rel=\"adb3c90bdd536d6f5890a66020a18e3b\">\n                <img\n                    title=\"006-IMG_9140\"\n                    alt=\"006-IMG_9140\"\n                    src=\"http:\/\/www.vcelarskyspolek.cz\/wp-content\/gallery\/Klatovy-15.9.2016\/thumbs\/thumbs_006-IMG_9140.JPG\"\n                    width=\"120\"\n                    height=\"90\"\n                    style=\"max-width:100%;\"\n                \/>\n            <\/a>\n        <\/div>\n\t\t\t\t\t\t\t<\/div> \n\t\t\t\n        \n\t\t\t\t<div id=\"ngg-image-6\" class=\"ngg-gallery-thumbnail-box\" >\n\t\t\t\t        <div class=\"ngg-gallery-thumbnail\">\n            <a href=\"http:\/\/www.vcelarskyspolek.cz\/wp-content\/gallery\/Klatovy-15.9.2016\/007-IMG_9149.JPG\"\n               title=\"\"\n               data-src=\"http:\/\/www.vcelarskyspolek.cz\/wp-content\/gallery\/Klatovy-15.9.2016\/007-IMG_9149.JPG\"\n               data-thumbnail=\"http:\/\/www.vcelarskyspolek.cz\/wp-content\/gallery\/Klatovy-15.9.2016\/thumbs\/thumbs_007-IMG_9149.JPG\"\n               data-image-id=\"1892\"\n               data-title=\"007-IMG_9149\"\n               data-description=\"\"\n               data-image-slug=\"007-img_9149\"\n               class=\"ngg-fancybox\" rel=\"adb3c90bdd536d6f5890a66020a18e3b\">\n                <img\n                    title=\"007-IMG_9149\"\n                    alt=\"007-IMG_9149\"\n                    src=\"http:\/\/www.vcelarskyspolek.cz\/wp-content\/gallery\/Klatovy-15.9.2016\/thumbs\/thumbs_007-IMG_9149.JPG\"\n                    width=\"120\"\n                    height=\"90\"\n                    style=\"max-width:100%;\"\n                \/>\n            <\/a>\n        <\/div>\n\t\t\t\t\t\t\t<\/div> \n\t\t\t\n        \n\t\t\t\t<div id=\"ngg-image-7\" class=\"ngg-gallery-thumbnail-box\" >\n\t\t\t\t        <div class=\"ngg-gallery-thumbnail\">\n            <a href=\"http:\/\/www.vcelarskyspolek.cz\/wp-content\/gallery\/Klatovy-15.9.2016\/008-IMG_9158.JPG\"\n               title=\"\"\n               data-src=\"http:\/\/www.vcelarskyspolek.cz\/wp-content\/gallery\/Klatovy-15.9.2016\/008-IMG_9158.JPG\"\n               data-thumbnail=\"http:\/\/www.vcelarskyspolek.cz\/wp-content\/gallery\/Klatovy-15.9.2016\/thumbs\/thumbs_008-IMG_9158.JPG\"\n               data-image-id=\"1893\"\n               data-title=\"008-IMG_9158\"\n               data-description=\"\"\n               data-image-slug=\"008-img_9158\"\n               class=\"ngg-fancybox\" rel=\"adb3c90bdd536d6f5890a66020a18e3b\">\n                <img\n                    title=\"008-IMG_9158\"\n                    alt=\"008-IMG_9158\"\n                    src=\"http:\/\/www.vcelarskyspolek.cz\/wp-content\/gallery\/Klatovy-15.9.2016\/thumbs\/thumbs_008-IMG_9158.JPG\"\n                    width=\"120\"\n                    height=\"90\"\n                    style=\"max-width:100%;\"\n                \/>\n            <\/a>\n        <\/div>\n\t\t\t\t\t\t\t<\/div> \n\t\t\t\n        \n\t\t\t\t<div id=\"ngg-image-8\" class=\"ngg-gallery-thumbnail-box\" >\n\t\t\t\t        <div class=\"ngg-gallery-thumbnail\">\n            <a href=\"http:\/\/www.vcelarskyspolek.cz\/wp-content\/gallery\/Klatovy-15.9.2016\/009-IMG_9159.JPG\"\n               title=\"\"\n               data-src=\"http:\/\/www.vcelarskyspolek.cz\/wp-content\/gallery\/Klatovy-15.9.2016\/009-IMG_9159.JPG\"\n               data-thumbnail=\"http:\/\/www.vcelarskyspolek.cz\/wp-content\/gallery\/Klatovy-15.9.2016\/thumbs\/thumbs_009-IMG_9159.JPG\"\n               data-image-id=\"1894\"\n               data-title=\"009-IMG_9159\"\n               data-description=\"\"\n               data-image-slug=\"009-img_9159\"\n               class=\"ngg-fancybox\" rel=\"adb3c90bdd536d6f5890a66020a18e3b\">\n                <img\n                    title=\"009-IMG_9159\"\n                    alt=\"009-IMG_9159\"\n                    src=\"http:\/\/www.vcelarskyspolek.cz\/wp-content\/gallery\/Klatovy-15.9.2016\/thumbs\/thumbs_009-IMG_9159.JPG\"\n                    width=\"120\"\n                    height=\"90\"\n                    style=\"max-width:100%;\"\n                \/>\n            <\/a>\n        <\/div>\n\t\t\t\t\t\t\t<\/div> \n\t\t\t\n        \n\t\t\t\t<div id=\"ngg-image-9\" class=\"ngg-gallery-thumbnail-box\" >\n\t\t\t\t        <div class=\"ngg-gallery-thumbnail\">\n            <a href=\"http:\/\/www.vcelarskyspolek.cz\/wp-content\/gallery\/Klatovy-15.9.2016\/010-IMG_9162.JPG\"\n               title=\"\"\n               data-src=\"http:\/\/www.vcelarskyspolek.cz\/wp-content\/gallery\/Klatovy-15.9.2016\/010-IMG_9162.JPG\"\n               data-thumbnail=\"http:\/\/www.vcelarskyspolek.cz\/wp-content\/gallery\/Klatovy-15.9.2016\/thumbs\/thumbs_010-IMG_9162.JPG\"\n               data-image-id=\"1895\"\n               data-title=\"010-IMG_9162\"\n               data-description=\"\"\n               data-image-slug=\"010-img_9162\"\n               class=\"ngg-fancybox\" rel=\"adb3c90bdd536d6f5890a66020a18e3b\">\n                <img\n                    title=\"010-IMG_9162\"\n                    alt=\"010-IMG_9162\"\n                    src=\"http:\/\/www.vcelarskyspolek.cz\/wp-content\/gallery\/Klatovy-15.9.2016\/thumbs\/thumbs_010-IMG_9162.JPG\"\n                    width=\"120\"\n                    height=\"90\"\n                    style=\"max-width:100%;\"\n                \/>\n            <\/a>\n        <\/div>\n\t\t\t\t\t\t\t<\/div> \n\t\t\t\n        \n\t\t\t\t<div id=\"ngg-image-10\" class=\"ngg-gallery-thumbnail-box\" >\n\t\t\t\t        <div class=\"ngg-gallery-thumbnail\">\n            <a href=\"http:\/\/www.vcelarskyspolek.cz\/wp-content\/gallery\/Klatovy-15.9.2016\/011-IMG_9164.JPG\"\n               title=\"\"\n               data-src=\"http:\/\/www.vcelarskyspolek.cz\/wp-content\/gallery\/Klatovy-15.9.2016\/011-IMG_9164.JPG\"\n               data-thumbnail=\"http:\/\/www.vcelarskyspolek.cz\/wp-content\/gallery\/Klatovy-15.9.2016\/thumbs\/thumbs_011-IMG_9164.JPG\"\n               data-image-id=\"1896\"\n               data-title=\"011-IMG_9164\"\n               data-description=\"\"\n               data-image-slug=\"011-img_9164\"\n               class=\"ngg-fancybox\" rel=\"adb3c90bdd536d6f5890a66020a18e3b\">\n                <img\n                    title=\"011-IMG_9164\"\n                    alt=\"011-IMG_9164\"\n                    src=\"http:\/\/www.vcelarskyspolek.cz\/wp-content\/gallery\/Klatovy-15.9.2016\/thumbs\/thumbs_011-IMG_9164.JPG\"\n                    width=\"120\"\n                    height=\"90\"\n                    style=\"max-width:100%;\"\n                \/>\n            <\/a>\n        <\/div>\n\t\t\t\t\t\t\t<\/div> \n\t\t\t\n        \n\t\t\t\t<div id=\"ngg-image-11\" class=\"ngg-gallery-thumbnail-box\" >\n\t\t\t\t        <div class=\"ngg-gallery-thumbnail\">\n            <a href=\"http:\/\/www.vcelarskyspolek.cz\/wp-content\/gallery\/Klatovy-15.9.2016\/012-IMG_9165.JPG\"\n               title=\"\"\n               data-src=\"http:\/\/www.vcelarskyspolek.cz\/wp-content\/gallery\/Klatovy-15.9.2016\/012-IMG_9165.JPG\"\n               data-thumbnail=\"http:\/\/www.vcelarskyspolek.cz\/wp-content\/gallery\/Klatovy-15.9.2016\/thumbs\/thumbs_012-IMG_9165.JPG\"\n               data-image-id=\"1897\"\n               data-title=\"012-IMG_9165\"\n               data-description=\"\"\n               data-image-slug=\"012-img_9165\"\n               class=\"ngg-fancybox\" rel=\"adb3c90bdd536d6f5890a66020a18e3b\">\n                <img\n                    title=\"012-IMG_9165\"\n                    alt=\"012-IMG_9165\"\n                    src=\"http:\/\/www.vcelarskyspolek.cz\/wp-content\/gallery\/Klatovy-15.9.2016\/thumbs\/thumbs_012-IMG_9165.JPG\"\n                    width=\"120\"\n                    height=\"90\"\n                    style=\"max-width:100%;\"\n                \/>\n            <\/a>\n        <\/div>\n\t\t\t\t\t\t\t<\/div> \n\t\t\t\n        \n\t\t\t\t<div id=\"ngg-image-12\" class=\"ngg-gallery-thumbnail-box\" >\n\t\t\t\t        <div class=\"ngg-gallery-thumbnail\">\n            <a href=\"http:\/\/www.vcelarskyspolek.cz\/wp-content\/gallery\/Klatovy-15.9.2016\/013-IMG_9167.JPG\"\n               title=\"\"\n               data-src=\"http:\/\/www.vcelarskyspolek.cz\/wp-content\/gallery\/Klatovy-15.9.2016\/013-IMG_9167.JPG\"\n               data-thumbnail=\"http:\/\/www.vcelarskyspolek.cz\/wp-content\/gallery\/Klatovy-15.9.2016\/thumbs\/thumbs_013-IMG_9167.JPG\"\n               data-image-id=\"1898\"\n               data-title=\"013-IMG_9167\"\n               data-description=\"\"\n               data-image-slug=\"013-img_9167\"\n               class=\"ngg-fancybox\" rel=\"adb3c90bdd536d6f5890a66020a18e3b\">\n                <img\n                    title=\"013-IMG_9167\"\n                    alt=\"013-IMG_9167\"\n                    src=\"http:\/\/www.vcelarskyspolek.cz\/wp-content\/gallery\/Klatovy-15.9.2016\/thumbs\/thumbs_013-IMG_9167.JPG\"\n                    width=\"120\"\n                    height=\"90\"\n                    style=\"max-width:100%;\"\n                \/>\n            <\/a>\n        <\/div>\n\t\t\t\t\t\t\t<\/div> \n\t\t\t\n        \n\t\t\t\t<div id=\"ngg-image-13\" class=\"ngg-gallery-thumbnail-box\" >\n\t\t\t\t        <div class=\"ngg-gallery-thumbnail\">\n            <a href=\"http:\/\/www.vcelarskyspolek.cz\/wp-content\/gallery\/Klatovy-15.9.2016\/014-IMG_9177.JPG\"\n               title=\"\"\n               data-src=\"http:\/\/www.vcelarskyspolek.cz\/wp-content\/gallery\/Klatovy-15.9.2016\/014-IMG_9177.JPG\"\n               data-thumbnail=\"http:\/\/www.vcelarskyspolek.cz\/wp-content\/gallery\/Klatovy-15.9.2016\/thumbs\/thumbs_014-IMG_9177.JPG\"\n               data-image-id=\"1899\"\n               data-title=\"014-IMG_9177\"\n               data-description=\"\"\n               data-image-slug=\"014-img_9177\"\n               class=\"ngg-fancybox\" rel=\"adb3c90bdd536d6f5890a66020a18e3b\">\n                <img\n                    title=\"014-IMG_9177\"\n                    alt=\"014-IMG_9177\"\n                    src=\"http:\/\/www.vcelarskyspolek.cz\/wp-content\/gallery\/Klatovy-15.9.2016\/thumbs\/thumbs_014-IMG_9177.JPG\"\n                    width=\"120\"\n                    height=\"90\"\n                    style=\"max-width:100%;\"\n                \/>\n            <\/a>\n        <\/div>\n\t\t\t\t\t\t\t<\/div> \n\t\t\t\n        \n\t\t\t\t<div id=\"ngg-image-14\" class=\"ngg-gallery-thumbnail-box\" >\n\t\t\t\t        <div class=\"ngg-gallery-thumbnail\">\n            <a href=\"http:\/\/www.vcelarskyspolek.cz\/wp-content\/gallery\/Klatovy-15.9.2016\/015-DSCF2679-zah%C3%A1jen%C3%AD-v%C3%BDstavy-P%C5%99%C3%ADb%C4%9Bhy-v%C4%8Del%C3%ADch-medv%C3%ADdk%C5%AF-ve-Vlast.JPG\"\n               title=\"\"\n               data-src=\"http:\/\/www.vcelarskyspolek.cz\/wp-content\/gallery\/Klatovy-15.9.2016\/015-DSCF2679-zah%C3%A1jen%C3%AD-v%C3%BDstavy-P%C5%99%C3%ADb%C4%9Bhy-v%C4%8Del%C3%ADch-medv%C3%ADdk%C5%AF-ve-Vlast.JPG\"\n               data-thumbnail=\"http:\/\/www.vcelarskyspolek.cz\/wp-content\/gallery\/Klatovy-15.9.2016\/thumbs\/thumbs_015-DSCF2679-zah%C3%A1jen%C3%AD-v%C3%BDstavy-P%C5%99%C3%ADb%C4%9Bhy-v%C4%8Del%C3%ADch-medv%C3%ADdk%C5%AF-ve-Vlast.JPG\"\n               data-image-id=\"1900\"\n               data-title=\"015-DSCF2679 zah\u00e1jen\u00ed v\u00fdstavy P\u0159\u00edb\u011bhy v\u010del\u00edch medv\u00eddk\u016f ve Vlast\"\n               data-description=\"\"\n               data-image-slug=\"015-dscf2679-zah%c3%a1jen%c3%ad-v%c3%bdstavy-p%c5%99%c3%adb%c4%9bhy-v%c4%8del%c3%adch-medv%c3%addk%c5%af-ve-vlast-1\"\n               class=\"ngg-fancybox\" rel=\"adb3c90bdd536d6f5890a66020a18e3b\">\n                <img\n                    title=\"015-DSCF2679 zah\u00e1jen\u00ed v\u00fdstavy P\u0159\u00edb\u011bhy v\u010del\u00edch medv\u00eddk\u016f ve Vlast\"\n                    alt=\"015-DSCF2679 zah\u00e1jen\u00ed v\u00fdstavy P\u0159\u00edb\u011bhy v\u010del\u00edch medv\u00eddk\u016f ve Vlast\"\n                    src=\"http:\/\/www.vcelarskyspolek.cz\/wp-content\/gallery\/Klatovy-15.9.2016\/thumbs\/thumbs_015-DSCF2679-zah%C3%A1jen%C3%AD-v%C3%BDstavy-P%C5%99%C3%ADb%C4%9Bhy-v%C4%8Del%C3%ADch-medv%C3%ADdk%C5%AF-ve-Vlast.JPG\"\n                    width=\"120\"\n                    height=\"90\"\n                    style=\"max-width:100%;\"\n                \/>\n            <\/a>\n        <\/div>\n\t\t\t\t\t\t\t<\/div> \n\t\t\t\n        \n\t\t\t\t<div id=\"ngg-image-15\" class=\"ngg-gallery-thumbnail-box\" >\n\t\t\t\t        <div class=\"ngg-gallery-thumbnail\">\n            <a href=\"http:\/\/www.vcelarskyspolek.cz\/wp-content\/gallery\/Klatovy-15.9.2016\/016-DSCF2682-zah%C3%A1jen%C3%AD-v%C3%BDstavy-P%C5%99%C3%ADb%C4%9Bhy-v%C4%8Del%C3%ADch-medv%C3%ADdk%C5%AF-ve-Vlast.JPG\"\n               title=\"\"\n               data-src=\"http:\/\/www.vcelarskyspolek.cz\/wp-content\/gallery\/Klatovy-15.9.2016\/016-DSCF2682-zah%C3%A1jen%C3%AD-v%C3%BDstavy-P%C5%99%C3%ADb%C4%9Bhy-v%C4%8Del%C3%ADch-medv%C3%ADdk%C5%AF-ve-Vlast.JPG\"\n               data-thumbnail=\"http:\/\/www.vcelarskyspolek.cz\/wp-content\/gallery\/Klatovy-15.9.2016\/thumbs\/thumbs_016-DSCF2682-zah%C3%A1jen%C3%AD-v%C3%BDstavy-P%C5%99%C3%ADb%C4%9Bhy-v%C4%8Del%C3%ADch-medv%C3%ADdk%C5%AF-ve-Vlast.JPG\"\n               data-image-id=\"1901\"\n               data-title=\"016-DSCF2682 zah\u00e1jen\u00ed v\u00fdstavy P\u0159\u00edb\u011bhy v\u010del\u00edch medv\u00eddk\u016f ve Vlast\"\n               data-description=\"\"\n               data-image-slug=\"016-dscf2682-zah%c3%a1jen%c3%ad-v%c3%bdstavy-p%c5%99%c3%adb%c4%9bhy-v%c4%8del%c3%adch-medv%c3%addk%c5%af-ve-vlast-1\"\n               class=\"ngg-fancybox\" rel=\"adb3c90bdd536d6f5890a66020a18e3b\">\n                <img\n                    title=\"016-DSCF2682 zah\u00e1jen\u00ed v\u00fdstavy P\u0159\u00edb\u011bhy v\u010del\u00edch medv\u00eddk\u016f ve Vlast\"\n                    alt=\"016-DSCF2682 zah\u00e1jen\u00ed v\u00fdstavy P\u0159\u00edb\u011bhy v\u010del\u00edch medv\u00eddk\u016f ve Vlast\"\n                    src=\"http:\/\/www.vcelarskyspolek.cz\/wp-content\/gallery\/Klatovy-15.9.2016\/thumbs\/thumbs_016-DSCF2682-zah%C3%A1jen%C3%AD-v%C3%BDstavy-P%C5%99%C3%ADb%C4%9Bhy-v%C4%8Del%C3%ADch-medv%C3%ADdk%C5%AF-ve-Vlast.JPG\"\n                    width=\"120\"\n                    height=\"90\"\n                    style=\"max-width:100%;\"\n                \/>\n            <\/a>\n        <\/div>\n\t\t\t\t\t\t\t<\/div> \n\t\t\t\n        \n\t\t\t\t<div id=\"ngg-image-16\" class=\"ngg-gallery-thumbnail-box\" >\n\t\t\t\t        <div class=\"ngg-gallery-thumbnail\">\n            <a href=\"http:\/\/www.vcelarskyspolek.cz\/wp-content\/gallery\/Klatovy-15.9.2016\/017-IMG_9197.JPG\"\n               title=\"\"\n               data-src=\"http:\/\/www.vcelarskyspolek.cz\/wp-content\/gallery\/Klatovy-15.9.2016\/017-IMG_9197.JPG\"\n               data-thumbnail=\"http:\/\/www.vcelarskyspolek.cz\/wp-content\/gallery\/Klatovy-15.9.2016\/thumbs\/thumbs_017-IMG_9197.JPG\"\n               data-image-id=\"1902\"\n               data-title=\"017-IMG_9197\"\n               data-description=\"\"\n               data-image-slug=\"017-img_9197\"\n               class=\"ngg-fancybox\" rel=\"adb3c90bdd536d6f5890a66020a18e3b\">\n                <img\n                    title=\"017-IMG_9197\"\n                    alt=\"017-IMG_9197\"\n                    src=\"http:\/\/www.vcelarskyspolek.cz\/wp-content\/gallery\/Klatovy-15.9.2016\/thumbs\/thumbs_017-IMG_9197.JPG\"\n                    width=\"120\"\n                    height=\"90\"\n                    style=\"max-width:100%;\"\n                \/>\n            <\/a>\n        <\/div>\n\t\t\t\t\t\t\t<\/div> \n\t\t\t\n        \n\t\t\t\t<div id=\"ngg-image-17\" class=\"ngg-gallery-thumbnail-box\" >\n\t\t\t\t        <div class=\"ngg-gallery-thumbnail\">\n            <a href=\"http:\/\/www.vcelarskyspolek.cz\/wp-content\/gallery\/Klatovy-15.9.2016\/018-DSCF2683-zah%C3%A1jen%C3%AD-v%C3%BDstavy-P%C5%99%C3%ADb%C4%9Bhy-v%C4%8Del%C3%ADch-medv%C3%ADdk%C5%AF-ve-Vlast.JPG\"\n               title=\"\"\n               data-src=\"http:\/\/www.vcelarskyspolek.cz\/wp-content\/gallery\/Klatovy-15.9.2016\/018-DSCF2683-zah%C3%A1jen%C3%AD-v%C3%BDstavy-P%C5%99%C3%ADb%C4%9Bhy-v%C4%8Del%C3%ADch-medv%C3%ADdk%C5%AF-ve-Vlast.JPG\"\n               data-thumbnail=\"http:\/\/www.vcelarskyspolek.cz\/wp-content\/gallery\/Klatovy-15.9.2016\/thumbs\/thumbs_018-DSCF2683-zah%C3%A1jen%C3%AD-v%C3%BDstavy-P%C5%99%C3%ADb%C4%9Bhy-v%C4%8Del%C3%ADch-medv%C3%ADdk%C5%AF-ve-Vlast.JPG\"\n               data-image-id=\"1903\"\n               data-title=\"018-DSCF2683 zah\u00e1jen\u00ed v\u00fdstavy P\u0159\u00edb\u011bhy v\u010del\u00edch medv\u00eddk\u016f ve Vlast\"\n               data-description=\"\"\n               data-image-slug=\"018-dscf2683-zah%c3%a1jen%c3%ad-v%c3%bdstavy-p%c5%99%c3%adb%c4%9bhy-v%c4%8del%c3%adch-medv%c3%addk%c5%af-ve-vlast-1\"\n               class=\"ngg-fancybox\" rel=\"adb3c90bdd536d6f5890a66020a18e3b\">\n                <img\n                    title=\"018-DSCF2683 zah\u00e1jen\u00ed v\u00fdstavy P\u0159\u00edb\u011bhy v\u010del\u00edch medv\u00eddk\u016f ve Vlast\"\n                    alt=\"018-DSCF2683 zah\u00e1jen\u00ed v\u00fdstavy P\u0159\u00edb\u011bhy v\u010del\u00edch medv\u00eddk\u016f ve Vlast\"\n                    src=\"http:\/\/www.vcelarskyspolek.cz\/wp-content\/gallery\/Klatovy-15.9.2016\/thumbs\/thumbs_018-DSCF2683-zah%C3%A1jen%C3%AD-v%C3%BDstavy-P%C5%99%C3%ADb%C4%9Bhy-v%C4%8Del%C3%ADch-medv%C3%ADdk%C5%AF-ve-Vlast.JPG\"\n                    width=\"120\"\n                    height=\"90\"\n                    style=\"max-width:100%;\"\n                \/>\n            <\/a>\n        <\/div>\n\t\t\t\t\t\t\t<\/div> \n\t\t\t\n        \n\t\t\t\t<div id=\"ngg-image-18\" class=\"ngg-gallery-thumbnail-box\" >\n\t\t\t\t        <div class=\"ngg-gallery-thumbnail\">\n            <a href=\"http:\/\/www.vcelarskyspolek.cz\/wp-content\/gallery\/Klatovy-15.9.2016\/019-IMG_9221.JPG\"\n               title=\"\"\n               data-src=\"http:\/\/www.vcelarskyspolek.cz\/wp-content\/gallery\/Klatovy-15.9.2016\/019-IMG_9221.JPG\"\n               data-thumbnail=\"http:\/\/www.vcelarskyspolek.cz\/wp-content\/gallery\/Klatovy-15.9.2016\/thumbs\/thumbs_019-IMG_9221.JPG\"\n               data-image-id=\"1904\"\n               data-title=\"019-IMG_9221\"\n               data-description=\"\"\n               data-image-slug=\"019-img_9221\"\n               class=\"ngg-fancybox\" rel=\"adb3c90bdd536d6f5890a66020a18e3b\">\n                <img\n                    title=\"019-IMG_9221\"\n                    alt=\"019-IMG_9221\"\n                    src=\"http:\/\/www.vcelarskyspolek.cz\/wp-content\/gallery\/Klatovy-15.9.2016\/thumbs\/thumbs_019-IMG_9221.JPG\"\n                    width=\"120\"\n                    height=\"90\"\n                    style=\"max-width:100%;\"\n                \/>\n            <\/a>\n        <\/div>\n\t\t\t\t\t\t\t<\/div> \n\t\t\t\n        \n\t\t\t\t<div id=\"ngg-image-19\" class=\"ngg-gallery-thumbnail-box\" >\n\t\t\t\t        <div class=\"ngg-gallery-thumbnail\">\n            <a href=\"http:\/\/www.vcelarskyspolek.cz\/wp-content\/gallery\/Klatovy-15.9.2016\/020-DSCF2686-p%C5%99edseda-ZO%C4%8CSV-Lomnice-nad-Pop.-Ji%C5%99%C3%AD-Ryb%C3%A1%C5%99-a-p%C5%99edse.JPG\"\n               title=\"\"\n               data-src=\"http:\/\/www.vcelarskyspolek.cz\/wp-content\/gallery\/Klatovy-15.9.2016\/020-DSCF2686-p%C5%99edseda-ZO%C4%8CSV-Lomnice-nad-Pop.-Ji%C5%99%C3%AD-Ryb%C3%A1%C5%99-a-p%C5%99edse.JPG\"\n               data-thumbnail=\"http:\/\/www.vcelarskyspolek.cz\/wp-content\/gallery\/Klatovy-15.9.2016\/thumbs\/thumbs_020-DSCF2686-p%C5%99edseda-ZO%C4%8CSV-Lomnice-nad-Pop.-Ji%C5%99%C3%AD-Ryb%C3%A1%C5%99-a-p%C5%99edse.JPG\"\n               data-image-id=\"1905\"\n               data-title=\"020-DSCF2686 p\u0159edseda ZO\u010cSV Lomnice nad Pop. Ji\u0159\u00ed Ryb\u00e1\u0159 a p\u0159edse\"\n               data-description=\"\"\n               data-image-slug=\"020-dscf2686-p%c5%99edseda-zo%c4%8dsv-lomnice-nad-pop-ji%c5%99%c3%ad-ryb%c3%a1%c5%99-a-p%c5%99edse-1\"\n               class=\"ngg-fancybox\" rel=\"adb3c90bdd536d6f5890a66020a18e3b\">\n                <img\n                    title=\"020-DSCF2686 p\u0159edseda ZO\u010cSV Lomnice nad Pop. Ji\u0159\u00ed Ryb\u00e1\u0159 a p\u0159edse\"\n                    alt=\"020-DSCF2686 p\u0159edseda ZO\u010cSV Lomnice nad Pop. Ji\u0159\u00ed Ryb\u00e1\u0159 a p\u0159edse\"\n                    src=\"http:\/\/www.vcelarskyspolek.cz\/wp-content\/gallery\/Klatovy-15.9.2016\/thumbs\/thumbs_020-DSCF2686-p%C5%99edseda-ZO%C4%8CSV-Lomnice-nad-Pop.-Ji%C5%99%C3%AD-Ryb%C3%A1%C5%99-a-p%C5%99edse.JPG\"\n                    width=\"120\"\n                    height=\"90\"\n                    style=\"max-width:100%;\"\n                \/>\n            <\/a>\n        <\/div>\n\t\t\t\t\t\t\t<\/div> \n\t\t\t\n        \n\t\t\t\t<div id=\"ngg-image-20\" class=\"ngg-gallery-thumbnail-box\" >\n\t\t\t\t        <div class=\"ngg-gallery-thumbnail\">\n            <a href=\"http:\/\/www.vcelarskyspolek.cz\/wp-content\/gallery\/Klatovy-15.9.2016\/021-DSCF2690-zah%C3%A1jen%C3%AD-v%C3%BDstavy-P%C5%99%C3%ADb%C4%9Bhy-v%C4%8Del%C3%ADch-medv%C3%ADdk%C5%AF-ve-Vlast.JPG\"\n               title=\"\"\n               data-src=\"http:\/\/www.vcelarskyspolek.cz\/wp-content\/gallery\/Klatovy-15.9.2016\/021-DSCF2690-zah%C3%A1jen%C3%AD-v%C3%BDstavy-P%C5%99%C3%ADb%C4%9Bhy-v%C4%8Del%C3%ADch-medv%C3%ADdk%C5%AF-ve-Vlast.JPG\"\n               data-thumbnail=\"http:\/\/www.vcelarskyspolek.cz\/wp-content\/gallery\/Klatovy-15.9.2016\/thumbs\/thumbs_021-DSCF2690-zah%C3%A1jen%C3%AD-v%C3%BDstavy-P%C5%99%C3%ADb%C4%9Bhy-v%C4%8Del%C3%ADch-medv%C3%ADdk%C5%AF-ve-Vlast.JPG\"\n               data-image-id=\"1906\"\n               data-title=\"021-DSCF2690 zah\u00e1jen\u00ed v\u00fdstavy P\u0159\u00edb\u011bhy v\u010del\u00edch medv\u00eddk\u016f ve Vlast\"\n               data-description=\"\"\n               data-image-slug=\"021-dscf2690-zah%c3%a1jen%c3%ad-v%c3%bdstavy-p%c5%99%c3%adb%c4%9bhy-v%c4%8del%c3%adch-medv%c3%addk%c5%af-ve-vlast-1\"\n               class=\"ngg-fancybox\" rel=\"adb3c90bdd536d6f5890a66020a18e3b\">\n                <img\n                    title=\"021-DSCF2690 zah\u00e1jen\u00ed v\u00fdstavy P\u0159\u00edb\u011bhy v\u010del\u00edch medv\u00eddk\u016f ve Vlast\"\n                    alt=\"021-DSCF2690 zah\u00e1jen\u00ed v\u00fdstavy P\u0159\u00edb\u011bhy v\u010del\u00edch medv\u00eddk\u016f ve Vlast\"\n                    src=\"http:\/\/www.vcelarskyspolek.cz\/wp-content\/gallery\/Klatovy-15.9.2016\/thumbs\/thumbs_021-DSCF2690-zah%C3%A1jen%C3%AD-v%C3%BDstavy-P%C5%99%C3%ADb%C4%9Bhy-v%C4%8Del%C3%ADch-medv%C3%ADdk%C5%AF-ve-Vlast.JPG\"\n                    width=\"120\"\n                    height=\"90\"\n                    style=\"max-width:100%;\"\n                \/>\n            <\/a>\n        <\/div>\n\t\t\t\t\t\t\t<\/div> \n\t\t\t\n        \n\t\t\t\t<div id=\"ngg-image-21\" class=\"ngg-gallery-thumbnail-box\" >\n\t\t\t\t        <div class=\"ngg-gallery-thumbnail\">\n            <a href=\"http:\/\/www.vcelarskyspolek.cz\/wp-content\/gallery\/Klatovy-15.9.2016\/022-DSCF2691-zah%C3%A1jen%C3%AD-v%C3%BDstavy-P%C5%99%C3%ADb%C4%9Bhy-v%C4%8Del%C3%ADch-medv%C3%ADdk%C5%AF-ve-Vlast.JPG\"\n               title=\"\"\n               data-src=\"http:\/\/www.vcelarskyspolek.cz\/wp-content\/gallery\/Klatovy-15.9.2016\/022-DSCF2691-zah%C3%A1jen%C3%AD-v%C3%BDstavy-P%C5%99%C3%ADb%C4%9Bhy-v%C4%8Del%C3%ADch-medv%C3%ADdk%C5%AF-ve-Vlast.JPG\"\n               data-thumbnail=\"http:\/\/www.vcelarskyspolek.cz\/wp-content\/gallery\/Klatovy-15.9.2016\/thumbs\/thumbs_022-DSCF2691-zah%C3%A1jen%C3%AD-v%C3%BDstavy-P%C5%99%C3%ADb%C4%9Bhy-v%C4%8Del%C3%ADch-medv%C3%ADdk%C5%AF-ve-Vlast.JPG\"\n               data-image-id=\"1907\"\n               data-title=\"022-DSCF2691 zah\u00e1jen\u00ed v\u00fdstavy P\u0159\u00edb\u011bhy v\u010del\u00edch medv\u00eddk\u016f ve Vlast\"\n               data-description=\"\"\n               data-image-slug=\"022-dscf2691-zah%c3%a1jen%c3%ad-v%c3%bdstavy-p%c5%99%c3%adb%c4%9bhy-v%c4%8del%c3%adch-medv%c3%addk%c5%af-ve-vlast-1\"\n               class=\"ngg-fancybox\" rel=\"adb3c90bdd536d6f5890a66020a18e3b\">\n                <img\n                    title=\"022-DSCF2691 zah\u00e1jen\u00ed v\u00fdstavy P\u0159\u00edb\u011bhy v\u010del\u00edch medv\u00eddk\u016f ve Vlast\"\n                    alt=\"022-DSCF2691 zah\u00e1jen\u00ed v\u00fdstavy P\u0159\u00edb\u011bhy v\u010del\u00edch medv\u00eddk\u016f ve Vlast\"\n                    src=\"http:\/\/www.vcelarskyspolek.cz\/wp-content\/gallery\/Klatovy-15.9.2016\/thumbs\/thumbs_022-DSCF2691-zah%C3%A1jen%C3%AD-v%C3%BDstavy-P%C5%99%C3%ADb%C4%9Bhy-v%C4%8Del%C3%ADch-medv%C3%ADdk%C5%AF-ve-Vlast.JPG\"\n                    width=\"120\"\n                    height=\"90\"\n                    style=\"max-width:100%;\"\n                \/>\n            <\/a>\n        <\/div>\n\t\t\t\t\t\t\t<\/div> \n\t\t\t\n        \n\t\t\t\t<div id=\"ngg-image-22\" class=\"ngg-gallery-thumbnail-box\" >\n\t\t\t\t        <div class=\"ngg-gallery-thumbnail\">\n            <a href=\"http:\/\/www.vcelarskyspolek.cz\/wp-content\/gallery\/Klatovy-15.9.2016\/023-DSCF2692-zah%C3%A1jen%C3%AD-v%C3%BDstavy-P%C5%99%C3%ADb%C4%9Bhy-v%C4%8Del%C3%ADch-medv%C3%ADdk%C5%AF-ve-Vlast.JPG\"\n               title=\"\"\n               data-src=\"http:\/\/www.vcelarskyspolek.cz\/wp-content\/gallery\/Klatovy-15.9.2016\/023-DSCF2692-zah%C3%A1jen%C3%AD-v%C3%BDstavy-P%C5%99%C3%ADb%C4%9Bhy-v%C4%8Del%C3%ADch-medv%C3%ADdk%C5%AF-ve-Vlast.JPG\"\n               data-thumbnail=\"http:\/\/www.vcelarskyspolek.cz\/wp-content\/gallery\/Klatovy-15.9.2016\/thumbs\/thumbs_023-DSCF2692-zah%C3%A1jen%C3%AD-v%C3%BDstavy-P%C5%99%C3%ADb%C4%9Bhy-v%C4%8Del%C3%ADch-medv%C3%ADdk%C5%AF-ve-Vlast.JPG\"\n               data-image-id=\"1908\"\n               data-title=\"023-DSCF2692 zah\u00e1jen\u00ed v\u00fdstavy P\u0159\u00edb\u011bhy v\u010del\u00edch medv\u00eddk\u016f ve Vlast\"\n               data-description=\"\"\n               data-image-slug=\"023-dscf2692-zah%c3%a1jen%c3%ad-v%c3%bdstavy-p%c5%99%c3%adb%c4%9bhy-v%c4%8del%c3%adch-medv%c3%addk%c5%af-ve-vlast-1\"\n               class=\"ngg-fancybox\" rel=\"adb3c90bdd536d6f5890a66020a18e3b\">\n                <img\n                    title=\"023-DSCF2692 zah\u00e1jen\u00ed v\u00fdstavy P\u0159\u00edb\u011bhy v\u010del\u00edch medv\u00eddk\u016f ve Vlast\"\n                    alt=\"023-DSCF2692 zah\u00e1jen\u00ed v\u00fdstavy P\u0159\u00edb\u011bhy v\u010del\u00edch medv\u00eddk\u016f ve Vlast\"\n                    src=\"http:\/\/www.vcelarskyspolek.cz\/wp-content\/gallery\/Klatovy-15.9.2016\/thumbs\/thumbs_023-DSCF2692-zah%C3%A1jen%C3%AD-v%C3%BDstavy-P%C5%99%C3%ADb%C4%9Bhy-v%C4%8Del%C3%ADch-medv%C3%ADdk%C5%AF-ve-Vlast.JPG\"\n                    width=\"120\"\n                    height=\"90\"\n                    style=\"max-width:100%;\"\n                \/>\n            <\/a>\n        <\/div>\n\t\t\t\t\t\t\t<\/div> \n\t\t\t\n        \n\t\t\t\t<div id=\"ngg-image-23\" class=\"ngg-gallery-thumbnail-box\" >\n\t\t\t\t        <div class=\"ngg-gallery-thumbnail\">\n            <a href=\"http:\/\/www.vcelarskyspolek.cz\/wp-content\/gallery\/Klatovy-15.9.2016\/024-DSCF2693-zah%C3%A1jen%C3%AD-v%C3%BDstavy-P%C5%99%C3%ADb%C4%9Bhy-v%C4%8Del%C3%ADch-medv%C3%ADdk%C5%AF-ve-Vlas.JPG\"\n               title=\"\"\n               data-src=\"http:\/\/www.vcelarskyspolek.cz\/wp-content\/gallery\/Klatovy-15.9.2016\/024-DSCF2693-zah%C3%A1jen%C3%AD-v%C3%BDstavy-P%C5%99%C3%ADb%C4%9Bhy-v%C4%8Del%C3%ADch-medv%C3%ADdk%C5%AF-ve-Vlas.JPG\"\n               data-thumbnail=\"http:\/\/www.vcelarskyspolek.cz\/wp-content\/gallery\/Klatovy-15.9.2016\/thumbs\/thumbs_024-DSCF2693-zah%C3%A1jen%C3%AD-v%C3%BDstavy-P%C5%99%C3%ADb%C4%9Bhy-v%C4%8Del%C3%ADch-medv%C3%ADdk%C5%AF-ve-Vlas.JPG\"\n               data-image-id=\"1909\"\n               data-title=\"024-DSCF2693 zah\u00e1jen\u00ed v\u00fdstavy P\u0159\u00edb\u011bhy v\u010del\u00edch medv\u00eddk\u016f ve Vlas\"\n               data-description=\"\"\n               data-image-slug=\"024-dscf2693-zah%c3%a1jen%c3%ad-v%c3%bdstavy-p%c5%99%c3%adb%c4%9bhy-v%c4%8del%c3%adch-medv%c3%addk%c5%af-ve-vlas-1\"\n               class=\"ngg-fancybox\" rel=\"adb3c90bdd536d6f5890a66020a18e3b\">\n                <img\n                    title=\"024-DSCF2693 zah\u00e1jen\u00ed v\u00fdstavy P\u0159\u00edb\u011bhy v\u010del\u00edch medv\u00eddk\u016f ve Vlas\"\n                    alt=\"024-DSCF2693 zah\u00e1jen\u00ed v\u00fdstavy P\u0159\u00edb\u011bhy v\u010del\u00edch medv\u00eddk\u016f ve Vlas\"\n                    src=\"http:\/\/www.vcelarskyspolek.cz\/wp-content\/gallery\/Klatovy-15.9.2016\/thumbs\/thumbs_024-DSCF2693-zah%C3%A1jen%C3%AD-v%C3%BDstavy-P%C5%99%C3%ADb%C4%9Bhy-v%C4%8Del%C3%ADch-medv%C3%ADdk%C5%AF-ve-Vlas.JPG\"\n                    width=\"120\"\n                    height=\"90\"\n                    style=\"max-width:100%;\"\n                \/>\n            <\/a>\n        <\/div>\n\t\t\t\t\t\t\t<\/div> \n\t\t\t\n        \n\t\t\t\t<div id=\"ngg-image-24\" class=\"ngg-gallery-thumbnail-box\" >\n\t\t\t\t        <div class=\"ngg-gallery-thumbnail\">\n            <a href=\"http:\/\/www.vcelarskyspolek.cz\/wp-content\/gallery\/Klatovy-15.9.2016\/025-DSCF2694-zah%C3%A1jen%C3%AD-v%C3%BDstavy-P%C5%99%C3%ADb%C4%9Bhy-v%C4%8Del%C3%ADch-medv%C3%ADdk%C5%AF-ve-Vlast.JPG\"\n               title=\"\"\n               data-src=\"http:\/\/www.vcelarskyspolek.cz\/wp-content\/gallery\/Klatovy-15.9.2016\/025-DSCF2694-zah%C3%A1jen%C3%AD-v%C3%BDstavy-P%C5%99%C3%ADb%C4%9Bhy-v%C4%8Del%C3%ADch-medv%C3%ADdk%C5%AF-ve-Vlast.JPG\"\n               data-thumbnail=\"http:\/\/www.vcelarskyspolek.cz\/wp-content\/gallery\/Klatovy-15.9.2016\/thumbs\/thumbs_025-DSCF2694-zah%C3%A1jen%C3%AD-v%C3%BDstavy-P%C5%99%C3%ADb%C4%9Bhy-v%C4%8Del%C3%ADch-medv%C3%ADdk%C5%AF-ve-Vlast.JPG\"\n               data-image-id=\"1910\"\n               data-title=\"025-DSCF2694 zah\u00e1jen\u00ed v\u00fdstavy P\u0159\u00edb\u011bhy v\u010del\u00edch medv\u00eddk\u016f ve Vlast\"\n               data-description=\"\"\n               data-image-slug=\"025-dscf2694-zah%c3%a1jen%c3%ad-v%c3%bdstavy-p%c5%99%c3%adb%c4%9bhy-v%c4%8del%c3%adch-medv%c3%addk%c5%af-ve-vlast-1\"\n               class=\"ngg-fancybox\" rel=\"adb3c90bdd536d6f5890a66020a18e3b\">\n                <img\n                    title=\"025-DSCF2694 zah\u00e1jen\u00ed v\u00fdstavy P\u0159\u00edb\u011bhy v\u010del\u00edch medv\u00eddk\u016f ve Vlast\"\n                    alt=\"025-DSCF2694 zah\u00e1jen\u00ed v\u00fdstavy P\u0159\u00edb\u011bhy v\u010del\u00edch medv\u00eddk\u016f ve Vlast\"\n                    src=\"http:\/\/www.vcelarskyspolek.cz\/wp-content\/gallery\/Klatovy-15.9.2016\/thumbs\/thumbs_025-DSCF2694-zah%C3%A1jen%C3%AD-v%C3%BDstavy-P%C5%99%C3%ADb%C4%9Bhy-v%C4%8Del%C3%ADch-medv%C3%ADdk%C5%AF-ve-Vlast.JPG\"\n                    width=\"120\"\n                    height=\"90\"\n                    style=\"max-width:100%;\"\n                \/>\n            <\/a>\n        <\/div>\n\t\t\t\t\t\t\t<\/div> \n\t\t\t\n        \n\t\t\t\t<div id=\"ngg-image-25\" class=\"ngg-gallery-thumbnail-box\" >\n\t\t\t\t        <div class=\"ngg-gallery-thumbnail\">\n            <a href=\"http:\/\/www.vcelarskyspolek.cz\/wp-content\/gallery\/Klatovy-15.9.2016\/026-DSCF2696-zah%C3%A1jen%C3%AD-v%C3%BDstavy-P%C5%99%C3%ADb%C4%9Bhy-v%C4%8Del%C3%ADch-medv%C3%ADdk%C5%AF-ve-Vlast.JPG\"\n               title=\"\"\n               data-src=\"http:\/\/www.vcelarskyspolek.cz\/wp-content\/gallery\/Klatovy-15.9.2016\/026-DSCF2696-zah%C3%A1jen%C3%AD-v%C3%BDstavy-P%C5%99%C3%ADb%C4%9Bhy-v%C4%8Del%C3%ADch-medv%C3%ADdk%C5%AF-ve-Vlast.JPG\"\n               data-thumbnail=\"http:\/\/www.vcelarskyspolek.cz\/wp-content\/gallery\/Klatovy-15.9.2016\/thumbs\/thumbs_026-DSCF2696-zah%C3%A1jen%C3%AD-v%C3%BDstavy-P%C5%99%C3%ADb%C4%9Bhy-v%C4%8Del%C3%ADch-medv%C3%ADdk%C5%AF-ve-Vlast.JPG\"\n               data-image-id=\"1911\"\n               data-title=\"026-DSCF2696 zah\u00e1jen\u00ed v\u00fdstavy P\u0159\u00edb\u011bhy v\u010del\u00edch medv\u00eddk\u016f ve Vlast\"\n               data-description=\"\"\n               data-image-slug=\"026-dscf2696-zah%c3%a1jen%c3%ad-v%c3%bdstavy-p%c5%99%c3%adb%c4%9bhy-v%c4%8del%c3%adch-medv%c3%addk%c5%af-ve-vlast-1\"\n               class=\"ngg-fancybox\" rel=\"adb3c90bdd536d6f5890a66020a18e3b\">\n                <img\n                    title=\"026-DSCF2696 zah\u00e1jen\u00ed v\u00fdstavy P\u0159\u00edb\u011bhy v\u010del\u00edch medv\u00eddk\u016f ve Vlast\"\n                    alt=\"026-DSCF2696 zah\u00e1jen\u00ed v\u00fdstavy P\u0159\u00edb\u011bhy v\u010del\u00edch medv\u00eddk\u016f ve Vlast\"\n                    src=\"http:\/\/www.vcelarskyspolek.cz\/wp-content\/gallery\/Klatovy-15.9.2016\/thumbs\/thumbs_026-DSCF2696-zah%C3%A1jen%C3%AD-v%C3%BDstavy-P%C5%99%C3%ADb%C4%9Bhy-v%C4%8Del%C3%ADch-medv%C3%ADdk%C5%AF-ve-Vlast.JPG\"\n                    width=\"120\"\n                    height=\"90\"\n                    style=\"max-width:100%;\"\n                \/>\n            <\/a>\n        <\/div>\n\t\t\t\t\t\t\t<\/div> \n\t\t\t\n        \n\t\t\t\t<div id=\"ngg-image-26\" class=\"ngg-gallery-thumbnail-box\" >\n\t\t\t\t        <div class=\"ngg-gallery-thumbnail\">\n            <a href=\"http:\/\/www.vcelarskyspolek.cz\/wp-content\/gallery\/Klatovy-15.9.2016\/027-DSCF2699-p%C5%99ed-Vlastiv%C4%9Bdn%C3%A9m-muzeem-Dr.Hosta%C5%A1e-v-Klatovech-12.JPG\"\n               title=\"\"\n               data-src=\"http:\/\/www.vcelarskyspolek.cz\/wp-content\/gallery\/Klatovy-15.9.2016\/027-DSCF2699-p%C5%99ed-Vlastiv%C4%9Bdn%C3%A9m-muzeem-Dr.Hosta%C5%A1e-v-Klatovech-12.JPG\"\n               data-thumbnail=\"http:\/\/www.vcelarskyspolek.cz\/wp-content\/gallery\/Klatovy-15.9.2016\/thumbs\/thumbs_027-DSCF2699-p%C5%99ed-Vlastiv%C4%9Bdn%C3%A9m-muzeem-Dr.Hosta%C5%A1e-v-Klatovech-12.JPG\"\n               data-image-id=\"1912\"\n               data-title=\"027-DSCF2699 p\u0159ed Vlastiv\u011bdn\u00e9m muzeem Dr.Hosta\u0161e v Klatovech 12\"\n               data-description=\"\"\n               data-image-slug=\"027-dscf2699-p%c5%99ed-vlastiv%c4%9bdn%c3%a9m-muzeem-dr-hosta%c5%a1e-v-klatovech-12-1\"\n               class=\"ngg-fancybox\" rel=\"adb3c90bdd536d6f5890a66020a18e3b\">\n                <img\n                    title=\"027-DSCF2699 p\u0159ed Vlastiv\u011bdn\u00e9m muzeem Dr.Hosta\u0161e v Klatovech 12\"\n                    alt=\"027-DSCF2699 p\u0159ed Vlastiv\u011bdn\u00e9m muzeem Dr.Hosta\u0161e v Klatovech 12\"\n                    src=\"http:\/\/www.vcelarskyspolek.cz\/wp-content\/gallery\/Klatovy-15.9.2016\/thumbs\/thumbs_027-DSCF2699-p%C5%99ed-Vlastiv%C4%9Bdn%C3%A9m-muzeem-Dr.Hosta%C5%A1e-v-Klatovech-12.JPG\"\n                    width=\"120\"\n                    height=\"90\"\n                    style=\"max-width:100%;\"\n                \/>\n            <\/a>\n        <\/div>\n\t\t\t\t\t\t\t<\/div> \n\t\t\t\n        \n\t\t\t\t<div id=\"ngg-image-27\" class=\"ngg-gallery-thumbnail-box\" >\n\t\t\t\t        <div class=\"ngg-gallery-thumbnail\">\n            <a href=\"http:\/\/www.vcelarskyspolek.cz\/wp-content\/gallery\/Klatovy-15.9.2016\/028-DSCF2700-Vlastiv%C4%9Bdn%C3%A9-muzeum-Dr.Hosta%C5%A1e-v-Klatovech-12.9.2015.JPG\"\n               title=\"\"\n               data-src=\"http:\/\/www.vcelarskyspolek.cz\/wp-content\/gallery\/Klatovy-15.9.2016\/028-DSCF2700-Vlastiv%C4%9Bdn%C3%A9-muzeum-Dr.Hosta%C5%A1e-v-Klatovech-12.9.2015.JPG\"\n               data-thumbnail=\"http:\/\/www.vcelarskyspolek.cz\/wp-content\/gallery\/Klatovy-15.9.2016\/thumbs\/thumbs_028-DSCF2700-Vlastiv%C4%9Bdn%C3%A9-muzeum-Dr.Hosta%C5%A1e-v-Klatovech-12.9.2015.JPG\"\n               data-image-id=\"1913\"\n               data-title=\"028-DSCF2700 Vlastiv\u011bdn\u00e9 muzeum Dr.Hosta\u0161e v Klatovech 12.9.2015\"\n               data-description=\"\"\n               data-image-slug=\"028-dscf2700-vlastiv%c4%9bdn%c3%a9-muzeum-dr-hosta%c5%a1e-v-klatovech-12-9-2015-1\"\n               class=\"ngg-fancybox\" rel=\"adb3c90bdd536d6f5890a66020a18e3b\">\n                <img\n                    title=\"028-DSCF2700 Vlastiv\u011bdn\u00e9 muzeum Dr.Hosta\u0161e v Klatovech 12.9.2015\"\n                    alt=\"028-DSCF2700 Vlastiv\u011bdn\u00e9 muzeum Dr.Hosta\u0161e v Klatovech 12.9.2015\"\n                    src=\"http:\/\/www.vcelarskyspolek.cz\/wp-content\/gallery\/Klatovy-15.9.2016\/thumbs\/thumbs_028-DSCF2700-Vlastiv%C4%9Bdn%C3%A9-muzeum-Dr.Hosta%C5%A1e-v-Klatovech-12.9.2015.JPG\"\n                    width=\"120\"\n                    height=\"90\"\n                    style=\"max-width:100%;\"\n                \/>\n            <\/a>\n        <\/div>\n\t\t\t\t\t\t\t<\/div> \n\t\t\t\n        \n\t\t\t\t<div id=\"ngg-image-28\" class=\"ngg-gallery-thumbnail-box\" >\n\t\t\t\t        <div class=\"ngg-gallery-thumbnail\">\n            <a href=\"http:\/\/www.vcelarskyspolek.cz\/wp-content\/gallery\/Klatovy-15.9.2016\/029-DSCF2707-Klatovy-na-N%C3%A1m.-M%C3%ADru-12.9.2015.JPG\"\n               title=\"\"\n               data-src=\"http:\/\/www.vcelarskyspolek.cz\/wp-content\/gallery\/Klatovy-15.9.2016\/029-DSCF2707-Klatovy-na-N%C3%A1m.-M%C3%ADru-12.9.2015.JPG\"\n               data-thumbnail=\"http:\/\/www.vcelarskyspolek.cz\/wp-content\/gallery\/Klatovy-15.9.2016\/thumbs\/thumbs_029-DSCF2707-Klatovy-na-N%C3%A1m.-M%C3%ADru-12.9.2015.JPG\"\n               data-image-id=\"1914\"\n               data-title=\"029-DSCF2707 Klatovy - na N\u00e1m. M\u00edru 12.9.2015\"\n               data-description=\"\"\n               data-image-slug=\"029-dscf2707-klatovy-na-n%c3%a1m-m%c3%adru-12-9-2015-1\"\n               class=\"ngg-fancybox\" rel=\"adb3c90bdd536d6f5890a66020a18e3b\">\n                <img\n                    title=\"029-DSCF2707 Klatovy - na N\u00e1m. M\u00edru 12.9.2015\"\n                    alt=\"029-DSCF2707 Klatovy - na N\u00e1m. M\u00edru 12.9.2015\"\n                    src=\"http:\/\/www.vcelarskyspolek.cz\/wp-content\/gallery\/Klatovy-15.9.2016\/thumbs\/thumbs_029-DSCF2707-Klatovy-na-N%C3%A1m.-M%C3%ADru-12.9.2015.JPG\"\n                    width=\"120\"\n                    height=\"90\"\n                    style=\"max-width:100%;\"\n                \/>\n            <\/a>\n        <\/div>\n\t\t\t\t\t\t\t<\/div> \n\t\t\t\n        \n\t\t\t\t<div id=\"ngg-image-29\" class=\"ngg-gallery-thumbnail-box\" >\n\t\t\t\t        <div class=\"ngg-gallery-thumbnail\">\n            <a href=\"http:\/\/www.vcelarskyspolek.cz\/wp-content\/gallery\/Klatovy-15.9.2016\/030-DSCF2713-Klatovy-na-N%C3%A1m.-M%C3%ADru-12.9.2015-.JPG\"\n               title=\"\"\n               data-src=\"http:\/\/www.vcelarskyspolek.cz\/wp-content\/gallery\/Klatovy-15.9.2016\/030-DSCF2713-Klatovy-na-N%C3%A1m.-M%C3%ADru-12.9.2015-.JPG\"\n               data-thumbnail=\"http:\/\/www.vcelarskyspolek.cz\/wp-content\/gallery\/Klatovy-15.9.2016\/thumbs\/thumbs_030-DSCF2713-Klatovy-na-N%C3%A1m.-M%C3%ADru-12.9.2015-.JPG\"\n               data-image-id=\"1915\"\n               data-title=\"030-DSCF2713 Klatovy - na N\u00e1m. M\u00edru 12.9.2015\"\n               data-description=\"\"\n               data-image-slug=\"030-dscf2713-klatovy-na-n%c3%a1m-m%c3%adru-12-9-2015-1\"\n               class=\"ngg-fancybox\" rel=\"adb3c90bdd536d6f5890a66020a18e3b\">\n                <img\n                    title=\"030-DSCF2713 Klatovy - na N\u00e1m. M\u00edru 12.9.2015\"\n                    alt=\"030-DSCF2713 Klatovy - na N\u00e1m. M\u00edru 12.9.2015\"\n                    src=\"http:\/\/www.vcelarskyspolek.cz\/wp-content\/gallery\/Klatovy-15.9.2016\/thumbs\/thumbs_030-DSCF2713-Klatovy-na-N%C3%A1m.-M%C3%ADru-12.9.2015-.JPG\"\n                    width=\"120\"\n                    height=\"90\"\n                    style=\"max-width:100%;\"\n                \/>\n            <\/a>\n        <\/div>\n\t\t\t\t\t\t\t<\/div> \n\t\t\t\n        \n\t\t\t\t<div id=\"ngg-image-30\" class=\"ngg-gallery-thumbnail-box\" >\n\t\t\t\t        <div class=\"ngg-gallery-thumbnail\">\n            <a href=\"http:\/\/www.vcelarskyspolek.cz\/wp-content\/gallery\/Klatovy-15.9.2016\/031-DSCF2714-Klatovy-radnice-s-%C4%8Cernou-v%C4%9B%C5%BE%C3%AD-a-Kostel-Neposkvrn.JPG\"\n               title=\"\"\n               data-src=\"http:\/\/www.vcelarskyspolek.cz\/wp-content\/gallery\/Klatovy-15.9.2016\/031-DSCF2714-Klatovy-radnice-s-%C4%8Cernou-v%C4%9B%C5%BE%C3%AD-a-Kostel-Neposkvrn.JPG\"\n               data-thumbnail=\"http:\/\/www.vcelarskyspolek.cz\/wp-content\/gallery\/Klatovy-15.9.2016\/thumbs\/thumbs_031-DSCF2714-Klatovy-radnice-s-%C4%8Cernou-v%C4%9B%C5%BE%C3%AD-a-Kostel-Neposkvrn.JPG\"\n               data-image-id=\"1916\"\n               data-title=\"031-DSCF2714 Klatovy - radnice s \u010cernou v\u011b\u017e\u00ed a Kostel Neposkvrn\"\n               data-description=\"\"\n               data-image-slug=\"031-dscf2714-klatovy-radnice-s-%c4%8dernou-v%c4%9b%c5%be%c3%ad-a-kostel-neposkvrn-1\"\n               class=\"ngg-fancybox\" rel=\"adb3c90bdd536d6f5890a66020a18e3b\">\n                <img\n                    title=\"031-DSCF2714 Klatovy - radnice s \u010cernou v\u011b\u017e\u00ed a Kostel Neposkvrn\"\n                    alt=\"031-DSCF2714 Klatovy - radnice s \u010cernou v\u011b\u017e\u00ed a Kostel Neposkvrn\"\n                    src=\"http:\/\/www.vcelarskyspolek.cz\/wp-content\/gallery\/Klatovy-15.9.2016\/thumbs\/thumbs_031-DSCF2714-Klatovy-radnice-s-%C4%8Cernou-v%C4%9B%C5%BE%C3%AD-a-Kostel-Neposkvrn.JPG\"\n                    width=\"120\"\n                    height=\"90\"\n                    style=\"max-width:100%;\"\n                \/>\n            <\/a>\n        <\/div>\n\t\t\t\t\t\t\t<\/div> \n\t\t\t\n        \n\t\t\t\t<div id=\"ngg-image-31\" class=\"ngg-gallery-thumbnail-box\" >\n\t\t\t\t        <div class=\"ngg-gallery-thumbnail\">\n            <a href=\"http:\/\/www.vcelarskyspolek.cz\/wp-content\/gallery\/Klatovy-15.9.2016\/032-IMG_9274.JPG\"\n               title=\"\"\n               data-src=\"http:\/\/www.vcelarskyspolek.cz\/wp-content\/gallery\/Klatovy-15.9.2016\/032-IMG_9274.JPG\"\n               data-thumbnail=\"http:\/\/www.vcelarskyspolek.cz\/wp-content\/gallery\/Klatovy-15.9.2016\/thumbs\/thumbs_032-IMG_9274.JPG\"\n               data-image-id=\"1917\"\n               data-title=\"032-IMG_9274\"\n               data-description=\"\"\n               data-image-slug=\"032-img_9274\"\n               class=\"ngg-fancybox\" rel=\"adb3c90bdd536d6f5890a66020a18e3b\">\n                <img\n                    title=\"032-IMG_9274\"\n                    alt=\"032-IMG_9274\"\n                    src=\"http:\/\/www.vcelarskyspolek.cz\/wp-content\/gallery\/Klatovy-15.9.2016\/thumbs\/thumbs_032-IMG_9274.JPG\"\n                    width=\"120\"\n                    height=\"90\"\n                    style=\"max-width:100%;\"\n                \/>\n            <\/a>\n        <\/div>\n\t\t\t\t\t\t\t<\/div> \n\t\t\t\n        \n\t\t\t\t<div id=\"ngg-image-32\" class=\"ngg-gallery-thumbnail-box\" >\n\t\t\t\t        <div class=\"ngg-gallery-thumbnail\">\n            <a href=\"http:\/\/www.vcelarskyspolek.cz\/wp-content\/gallery\/Klatovy-15.9.2016\/033-IMG_9275.JPG\"\n               title=\"\"\n               data-src=\"http:\/\/www.vcelarskyspolek.cz\/wp-content\/gallery\/Klatovy-15.9.2016\/033-IMG_9275.JPG\"\n               data-thumbnail=\"http:\/\/www.vcelarskyspolek.cz\/wp-content\/gallery\/Klatovy-15.9.2016\/thumbs\/thumbs_033-IMG_9275.JPG\"\n               data-image-id=\"1918\"\n               data-title=\"033-IMG_9275\"\n               data-description=\"\"\n               data-image-slug=\"033-img_9275\"\n               class=\"ngg-fancybox\" rel=\"adb3c90bdd536d6f5890a66020a18e3b\">\n                <img\n                    title=\"033-IMG_9275\"\n                    alt=\"033-IMG_9275\"\n                    src=\"http:\/\/www.vcelarskyspolek.cz\/wp-content\/gallery\/Klatovy-15.9.2016\/thumbs\/thumbs_033-IMG_9275.JPG\"\n                    width=\"120\"\n                    height=\"90\"\n                    style=\"max-width:100%;\"\n                \/>\n            <\/a>\n        <\/div>\n\t\t\t\t\t\t\t<\/div> \n\t\t\t\n        \n\t\t\t\t<div id=\"ngg-image-33\" class=\"ngg-gallery-thumbnail-box\" >\n\t\t\t\t        <div class=\"ngg-gallery-thumbnail\">\n            <a href=\"http:\/\/www.vcelarskyspolek.cz\/wp-content\/gallery\/Klatovy-15.9.2016\/034-IMG_9277.JPG\"\n               title=\"\"\n               data-src=\"http:\/\/www.vcelarskyspolek.cz\/wp-content\/gallery\/Klatovy-15.9.2016\/034-IMG_9277.JPG\"\n               data-thumbnail=\"http:\/\/www.vcelarskyspolek.cz\/wp-content\/gallery\/Klatovy-15.9.2016\/thumbs\/thumbs_034-IMG_9277.JPG\"\n               data-image-id=\"1919\"\n               data-title=\"034-IMG_9277\"\n               data-description=\"\"\n               data-image-slug=\"034-img_9277\"\n               class=\"ngg-fancybox\" rel=\"adb3c90bdd536d6f5890a66020a18e3b\">\n                <img\n                    title=\"034-IMG_9277\"\n                    alt=\"034-IMG_9277\"\n                    src=\"http:\/\/www.vcelarskyspolek.cz\/wp-content\/gallery\/Klatovy-15.9.2016\/thumbs\/thumbs_034-IMG_9277.JPG\"\n                    width=\"120\"\n                    height=\"90\"\n                    style=\"max-width:100%;\"\n                \/>\n            <\/a>\n        <\/div>\n\t\t\t\t\t\t\t<\/div> \n\t\t\t\n        \n\t\t\t\t<div id=\"ngg-image-34\" class=\"ngg-gallery-thumbnail-box\" >\n\t\t\t\t        <div class=\"ngg-gallery-thumbnail\">\n            <a href=\"http:\/\/www.vcelarskyspolek.cz\/wp-content\/gallery\/Klatovy-15.9.2016\/035-IMG_9278.JPG\"\n               title=\"\"\n               data-src=\"http:\/\/www.vcelarskyspolek.cz\/wp-content\/gallery\/Klatovy-15.9.2016\/035-IMG_9278.JPG\"\n               data-thumbnail=\"http:\/\/www.vcelarskyspolek.cz\/wp-content\/gallery\/Klatovy-15.9.2016\/thumbs\/thumbs_035-IMG_9278.JPG\"\n               data-image-id=\"1920\"\n               data-title=\"035-IMG_9278\"\n               data-description=\"\"\n               data-image-slug=\"035-img_9278\"\n               class=\"ngg-fancybox\" rel=\"adb3c90bdd536d6f5890a66020a18e3b\">\n                <img\n                    title=\"035-IMG_9278\"\n                    alt=\"035-IMG_9278\"\n                    src=\"http:\/\/www.vcelarskyspolek.cz\/wp-content\/gallery\/Klatovy-15.9.2016\/thumbs\/thumbs_035-IMG_9278.JPG\"\n                    width=\"120\"\n                    height=\"90\"\n                    style=\"max-width:100%;\"\n                \/>\n            <\/a>\n        <\/div>\n\t\t\t\t\t\t\t<\/div> \n\t\t\t\n        \n\t\t\t\t<div id=\"ngg-image-35\" class=\"ngg-gallery-thumbnail-box\" >\n\t\t\t\t        <div class=\"ngg-gallery-thumbnail\">\n            <a href=\"http:\/\/www.vcelarskyspolek.cz\/wp-content\/gallery\/Klatovy-15.9.2016\/036-DSCF2717-Klatovy-na-N%C3%A1m.-M%C3%ADru-12.9.2015-.JPG\"\n               title=\"\"\n               data-src=\"http:\/\/www.vcelarskyspolek.cz\/wp-content\/gallery\/Klatovy-15.9.2016\/036-DSCF2717-Klatovy-na-N%C3%A1m.-M%C3%ADru-12.9.2015-.JPG\"\n               data-thumbnail=\"http:\/\/www.vcelarskyspolek.cz\/wp-content\/gallery\/Klatovy-15.9.2016\/thumbs\/thumbs_036-DSCF2717-Klatovy-na-N%C3%A1m.-M%C3%ADru-12.9.2015-.JPG\"\n               data-image-id=\"1921\"\n               data-title=\"036-DSCF2717 Klatovy - na N\u00e1m. M\u00edru 12.9.2015\"\n               data-description=\"\"\n               data-image-slug=\"036-dscf2717-klatovy-na-n%c3%a1m-m%c3%adru-12-9-2015-1\"\n               class=\"ngg-fancybox\" rel=\"adb3c90bdd536d6f5890a66020a18e3b\">\n                <img\n                    title=\"036-DSCF2717 Klatovy - na N\u00e1m. M\u00edru 12.9.2015\"\n                    alt=\"036-DSCF2717 Klatovy - na N\u00e1m. M\u00edru 12.9.2015\"\n                    src=\"http:\/\/www.vcelarskyspolek.cz\/wp-content\/gallery\/Klatovy-15.9.2016\/thumbs\/thumbs_036-DSCF2717-Klatovy-na-N%C3%A1m.-M%C3%ADru-12.9.2015-.JPG\"\n                    width=\"120\"\n                    height=\"90\"\n                    style=\"max-width:100%;\"\n                \/>\n            <\/a>\n        <\/div>\n\t\t\t\t\t\t\t<\/div> \n\t\t\t\n        \n\t\t\t\t<div id=\"ngg-image-36\" class=\"ngg-gallery-thumbnail-box\" >\n\t\t\t\t        <div class=\"ngg-gallery-thumbnail\">\n            <a href=\"http:\/\/www.vcelarskyspolek.cz\/wp-content\/gallery\/Klatovy-15.9.2016\/037-IMG_9289.JPG\"\n               title=\"\"\n               data-src=\"http:\/\/www.vcelarskyspolek.cz\/wp-content\/gallery\/Klatovy-15.9.2016\/037-IMG_9289.JPG\"\n               data-thumbnail=\"http:\/\/www.vcelarskyspolek.cz\/wp-content\/gallery\/Klatovy-15.9.2016\/thumbs\/thumbs_037-IMG_9289.JPG\"\n               data-image-id=\"1922\"\n               data-title=\"037-IMG_9289\"\n               data-description=\"\"\n               data-image-slug=\"037-img_9289\"\n               class=\"ngg-fancybox\" rel=\"adb3c90bdd536d6f5890a66020a18e3b\">\n                <img\n                    title=\"037-IMG_9289\"\n                    alt=\"037-IMG_9289\"\n                    src=\"http:\/\/www.vcelarskyspolek.cz\/wp-content\/gallery\/Klatovy-15.9.2016\/thumbs\/thumbs_037-IMG_9289.JPG\"\n                    width=\"120\"\n                    height=\"90\"\n                    style=\"max-width:100%;\"\n                \/>\n            <\/a>\n        <\/div>\n\t\t\t\t\t\t\t<\/div> \n\t\t\t\n        \n\t\t\t\t<div id=\"ngg-image-37\" class=\"ngg-gallery-thumbnail-box\" >\n\t\t\t\t        <div class=\"ngg-gallery-thumbnail\">\n            <a href=\"http:\/\/www.vcelarskyspolek.cz\/wp-content\/gallery\/Klatovy-15.9.2016\/038-DSCF2718-Klatovy-radnice-s-%C4%8Cernou-v%C4%9B%C5%BE%C3%AD-na-N%C3%A1m.-M%C3%ADru-12.9.JPG\"\n               title=\"\"\n               data-src=\"http:\/\/www.vcelarskyspolek.cz\/wp-content\/gallery\/Klatovy-15.9.2016\/038-DSCF2718-Klatovy-radnice-s-%C4%8Cernou-v%C4%9B%C5%BE%C3%AD-na-N%C3%A1m.-M%C3%ADru-12.9.JPG\"\n               data-thumbnail=\"http:\/\/www.vcelarskyspolek.cz\/wp-content\/gallery\/Klatovy-15.9.2016\/thumbs\/thumbs_038-DSCF2718-Klatovy-radnice-s-%C4%8Cernou-v%C4%9B%C5%BE%C3%AD-na-N%C3%A1m.-M%C3%ADru-12.9.JPG\"\n               data-image-id=\"1923\"\n               data-title=\"038-DSCF2718 Klatovy - radnice s \u010cernou v\u011b\u017e\u00ed na N\u00e1m. M\u00edru 12.9\"\n               data-description=\"\"\n               data-image-slug=\"038-dscf2718-klatovy-radnice-s-%c4%8dernou-v%c4%9b%c5%be%c3%ad-na-n%c3%a1m-m%c3%adru-12-9-1\"\n               class=\"ngg-fancybox\" rel=\"adb3c90bdd536d6f5890a66020a18e3b\">\n                <img\n                    title=\"038-DSCF2718 Klatovy - radnice s \u010cernou v\u011b\u017e\u00ed na N\u00e1m. M\u00edru 12.9\"\n                    alt=\"038-DSCF2718 Klatovy - radnice s \u010cernou v\u011b\u017e\u00ed na N\u00e1m. M\u00edru 12.9\"\n                    src=\"http:\/\/www.vcelarskyspolek.cz\/wp-content\/gallery\/Klatovy-15.9.2016\/thumbs\/thumbs_038-DSCF2718-Klatovy-radnice-s-%C4%8Cernou-v%C4%9B%C5%BE%C3%AD-na-N%C3%A1m.-M%C3%ADru-12.9.JPG\"\n                    width=\"120\"\n                    height=\"90\"\n                    style=\"max-width:100%;\"\n                \/>\n            <\/a>\n        <\/div>\n\t\t\t\t\t\t\t<\/div> \n\t\t\t\n        \n\t\t\t\t<div id=\"ngg-image-38\" class=\"ngg-gallery-thumbnail-box\" >\n\t\t\t\t        <div class=\"ngg-gallery-thumbnail\">\n            <a href=\"http:\/\/www.vcelarskyspolek.cz\/wp-content\/gallery\/Klatovy-15.9.2016\/039-DSCF2719-Klatovy-vchod-do-radnice-na-N%C3%A1m.-N%C3%ADru-12.9.2015-.JPG\"\n               title=\"\"\n               data-src=\"http:\/\/www.vcelarskyspolek.cz\/wp-content\/gallery\/Klatovy-15.9.2016\/039-DSCF2719-Klatovy-vchod-do-radnice-na-N%C3%A1m.-N%C3%ADru-12.9.2015-.JPG\"\n               data-thumbnail=\"http:\/\/www.vcelarskyspolek.cz\/wp-content\/gallery\/Klatovy-15.9.2016\/thumbs\/thumbs_039-DSCF2719-Klatovy-vchod-do-radnice-na-N%C3%A1m.-N%C3%ADru-12.9.2015-.JPG\"\n               data-image-id=\"1924\"\n               data-title=\"039-DSCF2719 Klatovy - vchod do radnice na N\u00e1m. N\u00edru 12.9.2015\"\n               data-description=\"\"\n               data-image-slug=\"039-dscf2719-klatovy-vchod-do-radnice-na-n%c3%a1m-n%c3%adru-12-9-2015-1\"\n               class=\"ngg-fancybox\" rel=\"adb3c90bdd536d6f5890a66020a18e3b\">\n                <img\n                    title=\"039-DSCF2719 Klatovy - vchod do radnice na N\u00e1m. N\u00edru 12.9.2015\"\n                    alt=\"039-DSCF2719 Klatovy - vchod do radnice na N\u00e1m. N\u00edru 12.9.2015\"\n                    src=\"http:\/\/www.vcelarskyspolek.cz\/wp-content\/gallery\/Klatovy-15.9.2016\/thumbs\/thumbs_039-DSCF2719-Klatovy-vchod-do-radnice-na-N%C3%A1m.-N%C3%ADru-12.9.2015-.JPG\"\n                    width=\"120\"\n                    height=\"90\"\n                    style=\"max-width:100%;\"\n                \/>\n            <\/a>\n        <\/div>\n\t\t\t\t\t\t\t<\/div> \n\t\t\t\n        \n\t\t\t\t<div id=\"ngg-image-39\" class=\"ngg-gallery-thumbnail-box\" >\n\t\t\t\t        <div class=\"ngg-gallery-thumbnail\">\n            <a href=\"http:\/\/www.vcelarskyspolek.cz\/wp-content\/gallery\/Klatovy-15.9.2016\/040-IMG_9303.JPG\"\n               title=\"\"\n               data-src=\"http:\/\/www.vcelarskyspolek.cz\/wp-content\/gallery\/Klatovy-15.9.2016\/040-IMG_9303.JPG\"\n               data-thumbnail=\"http:\/\/www.vcelarskyspolek.cz\/wp-content\/gallery\/Klatovy-15.9.2016\/thumbs\/thumbs_040-IMG_9303.JPG\"\n               data-image-id=\"1925\"\n               data-title=\"040-IMG_9303\"\n               data-description=\"\"\n               data-image-slug=\"040-img_9303\"\n               class=\"ngg-fancybox\" rel=\"adb3c90bdd536d6f5890a66020a18e3b\">\n                <img\n                    title=\"040-IMG_9303\"\n                    alt=\"040-IMG_9303\"\n                    src=\"http:\/\/www.vcelarskyspolek.cz\/wp-content\/gallery\/Klatovy-15.9.2016\/thumbs\/thumbs_040-IMG_9303.JPG\"\n                    width=\"120\"\n                    height=\"90\"\n                    style=\"max-width:100%;\"\n                \/>\n            <\/a>\n        <\/div>\n\t\t\t\t\t\t\t<\/div> \n\t\t\t\n        \n\t\t\t\t<div id=\"ngg-image-40\" class=\"ngg-gallery-thumbnail-box\" >\n\t\t\t\t        <div class=\"ngg-gallery-thumbnail\">\n            <a href=\"http:\/\/www.vcelarskyspolek.cz\/wp-content\/gallery\/Klatovy-15.9.2016\/041-IMG_9305.JPG\"\n               title=\"\"\n               data-src=\"http:\/\/www.vcelarskyspolek.cz\/wp-content\/gallery\/Klatovy-15.9.2016\/041-IMG_9305.JPG\"\n               data-thumbnail=\"http:\/\/www.vcelarskyspolek.cz\/wp-content\/gallery\/Klatovy-15.9.2016\/thumbs\/thumbs_041-IMG_9305.JPG\"\n               data-image-id=\"1926\"\n               data-title=\"041-IMG_9305\"\n               data-description=\"\"\n               data-image-slug=\"041-img_9305\"\n               class=\"ngg-fancybox\" rel=\"adb3c90bdd536d6f5890a66020a18e3b\">\n                <img\n                    title=\"041-IMG_9305\"\n                    alt=\"041-IMG_9305\"\n                    src=\"http:\/\/www.vcelarskyspolek.cz\/wp-content\/gallery\/Klatovy-15.9.2016\/thumbs\/thumbs_041-IMG_9305.JPG\"\n                    width=\"120\"\n                    height=\"90\"\n                    style=\"max-width:100%;\"\n                \/>\n            <\/a>\n        <\/div>\n\t\t\t\t\t\t\t<\/div> \n\t\t\t\n        \n\t\t\t\t<div id=\"ngg-image-41\" class=\"ngg-gallery-thumbnail-box\" >\n\t\t\t\t        <div class=\"ngg-gallery-thumbnail\">\n            <a href=\"http:\/\/www.vcelarskyspolek.cz\/wp-content\/gallery\/Klatovy-15.9.2016\/042-IMG_9309.JPG\"\n               title=\"\"\n               data-src=\"http:\/\/www.vcelarskyspolek.cz\/wp-content\/gallery\/Klatovy-15.9.2016\/042-IMG_9309.JPG\"\n               data-thumbnail=\"http:\/\/www.vcelarskyspolek.cz\/wp-content\/gallery\/Klatovy-15.9.2016\/thumbs\/thumbs_042-IMG_9309.JPG\"\n               data-image-id=\"1927\"\n               data-title=\"042-IMG_9309\"\n               data-description=\"\"\n               data-image-slug=\"042-img_9309\"\n               class=\"ngg-fancybox\" rel=\"adb3c90bdd536d6f5890a66020a18e3b\">\n                <img\n                    title=\"042-IMG_9309\"\n                    alt=\"042-IMG_9309\"\n                    src=\"http:\/\/www.vcelarskyspolek.cz\/wp-content\/gallery\/Klatovy-15.9.2016\/thumbs\/thumbs_042-IMG_9309.JPG\"\n                    width=\"120\"\n                    height=\"90\"\n                    style=\"max-width:100%;\"\n                \/>\n            <\/a>\n        <\/div>\n\t\t\t\t\t\t\t<\/div> \n\t\t\t\n        \n\t\t\t\t<div id=\"ngg-image-42\" class=\"ngg-gallery-thumbnail-box\" >\n\t\t\t\t        <div class=\"ngg-gallery-thumbnail\">\n            <a href=\"http:\/\/www.vcelarskyspolek.cz\/wp-content\/gallery\/Klatovy-15.9.2016\/043-DSCF2729-Klatovy-interi%C3%A9r-radnice-na-N%C3%A1m.-M%C3%ADru-12.9.2015.JPG\"\n               title=\"\"\n               data-src=\"http:\/\/www.vcelarskyspolek.cz\/wp-content\/gallery\/Klatovy-15.9.2016\/043-DSCF2729-Klatovy-interi%C3%A9r-radnice-na-N%C3%A1m.-M%C3%ADru-12.9.2015.JPG\"\n               data-thumbnail=\"http:\/\/www.vcelarskyspolek.cz\/wp-content\/gallery\/Klatovy-15.9.2016\/thumbs\/thumbs_043-DSCF2729-Klatovy-interi%C3%A9r-radnice-na-N%C3%A1m.-M%C3%ADru-12.9.2015.JPG\"\n               data-image-id=\"1928\"\n               data-title=\"043-DSCF2729 Klatovy - interi\u00e9r radnice na N\u00e1m. M\u00edru 12.9.2015\"\n               data-description=\"\"\n               data-image-slug=\"043-dscf2729-klatovy-interi%c3%a9r-radnice-na-n%c3%a1m-m%c3%adru-12-9-2015-1\"\n               class=\"ngg-fancybox\" rel=\"adb3c90bdd536d6f5890a66020a18e3b\">\n                <img\n                    title=\"043-DSCF2729 Klatovy - interi\u00e9r radnice na N\u00e1m. M\u00edru 12.9.2015\"\n                    alt=\"043-DSCF2729 Klatovy - interi\u00e9r radnice na N\u00e1m. M\u00edru 12.9.2015\"\n                    src=\"http:\/\/www.vcelarskyspolek.cz\/wp-content\/gallery\/Klatovy-15.9.2016\/thumbs\/thumbs_043-DSCF2729-Klatovy-interi%C3%A9r-radnice-na-N%C3%A1m.-M%C3%ADru-12.9.2015.JPG\"\n                    width=\"120\"\n                    height=\"90\"\n                    style=\"max-width:100%;\"\n                \/>\n            <\/a>\n        <\/div>\n\t\t\t\t\t\t\t<\/div> \n\t\t\t\n        \n\t\t\t\t<div id=\"ngg-image-43\" class=\"ngg-gallery-thumbnail-box\" >\n\t\t\t\t        <div class=\"ngg-gallery-thumbnail\">\n            <a href=\"http:\/\/www.vcelarskyspolek.cz\/wp-content\/gallery\/Klatovy-15.9.2016\/044-DSCF2730-Klatovy-radnice-%C4%8Dek%C3%A1n%C3%AD-na-p%C5%99%C3%ADchod-pana-starost.JPG\"\n               title=\"\"\n               data-src=\"http:\/\/www.vcelarskyspolek.cz\/wp-content\/gallery\/Klatovy-15.9.2016\/044-DSCF2730-Klatovy-radnice-%C4%8Dek%C3%A1n%C3%AD-na-p%C5%99%C3%ADchod-pana-starost.JPG\"\n               data-thumbnail=\"http:\/\/www.vcelarskyspolek.cz\/wp-content\/gallery\/Klatovy-15.9.2016\/thumbs\/thumbs_044-DSCF2730-Klatovy-radnice-%C4%8Dek%C3%A1n%C3%AD-na-p%C5%99%C3%ADchod-pana-starost.JPG\"\n               data-image-id=\"1929\"\n               data-title=\"044-DSCF2730 Klatovy - radnice - \u010dek\u00e1n\u00ed na p\u0159\u00edchod pana starost\"\n               data-description=\"\"\n               data-image-slug=\"044-dscf2730-klatovy-radnice-%c4%8dek%c3%a1n%c3%ad-na-p%c5%99%c3%adchod-pana-starost-1\"\n               class=\"ngg-fancybox\" rel=\"adb3c90bdd536d6f5890a66020a18e3b\">\n                <img\n                    title=\"044-DSCF2730 Klatovy - radnice - \u010dek\u00e1n\u00ed na p\u0159\u00edchod pana starost\"\n                    alt=\"044-DSCF2730 Klatovy - radnice - \u010dek\u00e1n\u00ed na p\u0159\u00edchod pana starost\"\n                    src=\"http:\/\/www.vcelarskyspolek.cz\/wp-content\/gallery\/Klatovy-15.9.2016\/thumbs\/thumbs_044-DSCF2730-Klatovy-radnice-%C4%8Dek%C3%A1n%C3%AD-na-p%C5%99%C3%ADchod-pana-starost.JPG\"\n                    width=\"120\"\n                    height=\"90\"\n                    style=\"max-width:100%;\"\n                \/>\n            <\/a>\n        <\/div>\n\t\t\t\t\t\t\t<\/div> \n\t\t\t\n        \n\t\t\t\t<div id=\"ngg-image-44\" class=\"ngg-gallery-thumbnail-box\" >\n\t\t\t\t        <div class=\"ngg-gallery-thumbnail\">\n            <a href=\"http:\/\/www.vcelarskyspolek.cz\/wp-content\/gallery\/Klatovy-15.9.2016\/045-DSCF2735-Klatovy-interi%C3%A9r-radnice-na-N%C3%A1m.-M%C3%ADru-12.9.2015.JPG\"\n               title=\"\"\n               data-src=\"http:\/\/www.vcelarskyspolek.cz\/wp-content\/gallery\/Klatovy-15.9.2016\/045-DSCF2735-Klatovy-interi%C3%A9r-radnice-na-N%C3%A1m.-M%C3%ADru-12.9.2015.JPG\"\n               data-thumbnail=\"http:\/\/www.vcelarskyspolek.cz\/wp-content\/gallery\/Klatovy-15.9.2016\/thumbs\/thumbs_045-DSCF2735-Klatovy-interi%C3%A9r-radnice-na-N%C3%A1m.-M%C3%ADru-12.9.2015.JPG\"\n               data-image-id=\"1930\"\n               data-title=\"045-DSCF2735 Klatovy - interi\u00e9r radnice na N\u00e1m. M\u00edru 12.9.2015\"\n               data-description=\"\"\n               data-image-slug=\"045-dscf2735-klatovy-interi%c3%a9r-radnice-na-n%c3%a1m-m%c3%adru-12-9-2015-1\"\n               class=\"ngg-fancybox\" rel=\"adb3c90bdd536d6f5890a66020a18e3b\">\n                <img\n                    title=\"045-DSCF2735 Klatovy - interi\u00e9r radnice na N\u00e1m. M\u00edru 12.9.2015\"\n                    alt=\"045-DSCF2735 Klatovy - interi\u00e9r radnice na N\u00e1m. M\u00edru 12.9.2015\"\n                    src=\"http:\/\/www.vcelarskyspolek.cz\/wp-content\/gallery\/Klatovy-15.9.2016\/thumbs\/thumbs_045-DSCF2735-Klatovy-interi%C3%A9r-radnice-na-N%C3%A1m.-M%C3%ADru-12.9.2015.JPG\"\n                    width=\"120\"\n                    height=\"90\"\n                    style=\"max-width:100%;\"\n                \/>\n            <\/a>\n        <\/div>\n\t\t\t\t\t\t\t<\/div> \n\t\t\t\n        \n\t\t\t\t<div id=\"ngg-image-45\" class=\"ngg-gallery-thumbnail-box\" >\n\t\t\t\t        <div class=\"ngg-gallery-thumbnail\">\n            <a href=\"http:\/\/www.vcelarskyspolek.cz\/wp-content\/gallery\/Klatovy-15.9.2016\/046-IMG_9326.JPG\"\n               title=\"\"\n               data-src=\"http:\/\/www.vcelarskyspolek.cz\/wp-content\/gallery\/Klatovy-15.9.2016\/046-IMG_9326.JPG\"\n               data-thumbnail=\"http:\/\/www.vcelarskyspolek.cz\/wp-content\/gallery\/Klatovy-15.9.2016\/thumbs\/thumbs_046-IMG_9326.JPG\"\n               data-image-id=\"1931\"\n               data-title=\"046-IMG_9326\"\n               data-description=\"\"\n               data-image-slug=\"046-img_9326\"\n               class=\"ngg-fancybox\" rel=\"adb3c90bdd536d6f5890a66020a18e3b\">\n                <img\n                    title=\"046-IMG_9326\"\n                    alt=\"046-IMG_9326\"\n                    src=\"http:\/\/www.vcelarskyspolek.cz\/wp-content\/gallery\/Klatovy-15.9.2016\/thumbs\/thumbs_046-IMG_9326.JPG\"\n                    width=\"120\"\n                    height=\"90\"\n                    style=\"max-width:100%;\"\n                \/>\n            <\/a>\n        <\/div>\n\t\t\t\t\t\t\t<\/div> \n\t\t\t\n        \n\t\t\t\t<div id=\"ngg-image-46\" class=\"ngg-gallery-thumbnail-box\" >\n\t\t\t\t        <div class=\"ngg-gallery-thumbnail\">\n            <a href=\"http:\/\/www.vcelarskyspolek.cz\/wp-content\/gallery\/Klatovy-15.9.2016\/047-DSCF2738-Klatovy-interi%C3%A9r-radnice-na-N%C3%A1m.-M%C3%ADru-12.9.2015.JPG\"\n               title=\"\"\n               data-src=\"http:\/\/www.vcelarskyspolek.cz\/wp-content\/gallery\/Klatovy-15.9.2016\/047-DSCF2738-Klatovy-interi%C3%A9r-radnice-na-N%C3%A1m.-M%C3%ADru-12.9.2015.JPG\"\n               data-thumbnail=\"http:\/\/www.vcelarskyspolek.cz\/wp-content\/gallery\/Klatovy-15.9.2016\/thumbs\/thumbs_047-DSCF2738-Klatovy-interi%C3%A9r-radnice-na-N%C3%A1m.-M%C3%ADru-12.9.2015.JPG\"\n               data-image-id=\"1932\"\n               data-title=\"047-DSCF2738 Klatovy - interi\u00e9r radnice na N\u00e1m. M\u00edru 12.9.2015\"\n               data-description=\"\"\n               data-image-slug=\"047-dscf2738-klatovy-interi%c3%a9r-radnice-na-n%c3%a1m-m%c3%adru-12-9-2015-1\"\n               class=\"ngg-fancybox\" rel=\"adb3c90bdd536d6f5890a66020a18e3b\">\n                <img\n                    title=\"047-DSCF2738 Klatovy - interi\u00e9r radnice na N\u00e1m. M\u00edru 12.9.2015\"\n                    alt=\"047-DSCF2738 Klatovy - interi\u00e9r radnice na N\u00e1m. M\u00edru 12.9.2015\"\n                    src=\"http:\/\/www.vcelarskyspolek.cz\/wp-content\/gallery\/Klatovy-15.9.2016\/thumbs\/thumbs_047-DSCF2738-Klatovy-interi%C3%A9r-radnice-na-N%C3%A1m.-M%C3%ADru-12.9.2015.JPG\"\n                    width=\"120\"\n                    height=\"90\"\n                    style=\"max-width:100%;\"\n                \/>\n            <\/a>\n        <\/div>\n\t\t\t\t\t\t\t<\/div> \n\t\t\t\n        \n\t\t\t\t<div id=\"ngg-image-47\" class=\"ngg-gallery-thumbnail-box\" >\n\t\t\t\t        <div class=\"ngg-gallery-thumbnail\">\n            <a href=\"http:\/\/www.vcelarskyspolek.cz\/wp-content\/gallery\/Klatovy-15.9.2016\/048-DSCF2739-promluva-starosty-Klatov-k-z%C3%A1stupc%C5%AFm-v%C4%8Dela%C5%99.-spolk%C5%AF.JPG\"\n               title=\"\"\n               data-src=\"http:\/\/www.vcelarskyspolek.cz\/wp-content\/gallery\/Klatovy-15.9.2016\/048-DSCF2739-promluva-starosty-Klatov-k-z%C3%A1stupc%C5%AFm-v%C4%8Dela%C5%99.-spolk%C5%AF.JPG\"\n               data-thumbnail=\"http:\/\/www.vcelarskyspolek.cz\/wp-content\/gallery\/Klatovy-15.9.2016\/thumbs\/thumbs_048-DSCF2739-promluva-starosty-Klatov-k-z%C3%A1stupc%C5%AFm-v%C4%8Dela%C5%99.-spolk%C5%AF.JPG\"\n               data-image-id=\"1933\"\n               data-title=\"048-DSCF2739 promluva starosty Klatov k z\u00e1stupc\u016fm v\u010dela\u0159. spolk\u016f\"\n               data-description=\"\"\n               data-image-slug=\"048-dscf2739-promluva-starosty-klatov-k-z%c3%a1stupc%c5%afm-v%c4%8dela%c5%99-spolk%c5%af-1\"\n               class=\"ngg-fancybox\" rel=\"adb3c90bdd536d6f5890a66020a18e3b\">\n                <img\n                    title=\"048-DSCF2739 promluva starosty Klatov k z\u00e1stupc\u016fm v\u010dela\u0159. spolk\u016f\"\n                    alt=\"048-DSCF2739 promluva starosty Klatov k z\u00e1stupc\u016fm v\u010dela\u0159. spolk\u016f\"\n                    src=\"http:\/\/www.vcelarskyspolek.cz\/wp-content\/gallery\/Klatovy-15.9.2016\/thumbs\/thumbs_048-DSCF2739-promluva-starosty-Klatov-k-z%C3%A1stupc%C5%AFm-v%C4%8Dela%C5%99.-spolk%C5%AF.JPG\"\n                    width=\"120\"\n                    height=\"90\"\n                    style=\"max-width:100%;\"\n                \/>\n            <\/a>\n        <\/div>\n\t\t\t\t\t\t\t<\/div> \n\t\t\t\n        \n\t\t\t\t<div id=\"ngg-image-48\" class=\"ngg-gallery-thumbnail-box\" >\n\t\t\t\t        <div class=\"ngg-gallery-thumbnail\">\n            <a href=\"http:\/\/www.vcelarskyspolek.cz\/wp-content\/gallery\/Klatovy-15.9.2016\/049-DSCF2741-Klatovy-p%C5%99%C3%ADpitek-z%C3%A1stupc%C5%AF-v%C4%8Dela%C5%99.-spolk%C5%AF-s-pan.JPG\"\n               title=\"\"\n               data-src=\"http:\/\/www.vcelarskyspolek.cz\/wp-content\/gallery\/Klatovy-15.9.2016\/049-DSCF2741-Klatovy-p%C5%99%C3%ADpitek-z%C3%A1stupc%C5%AF-v%C4%8Dela%C5%99.-spolk%C5%AF-s-pan.JPG\"\n               data-thumbnail=\"http:\/\/www.vcelarskyspolek.cz\/wp-content\/gallery\/Klatovy-15.9.2016\/thumbs\/thumbs_049-DSCF2741-Klatovy-p%C5%99%C3%ADpitek-z%C3%A1stupc%C5%AF-v%C4%8Dela%C5%99.-spolk%C5%AF-s-pan.JPG\"\n               data-image-id=\"1934\"\n               data-title=\"049-DSCF2741 Klatovy - p\u0159\u00edpitek z\u00e1stupc\u016f v\u010dela\u0159. spolk\u016f s pan\"\n               data-description=\"\"\n               data-image-slug=\"049-dscf2741-klatovy-p%c5%99%c3%adpitek-z%c3%a1stupc%c5%af-v%c4%8dela%c5%99-spolk%c5%af-s-pan-1\"\n               class=\"ngg-fancybox\" rel=\"adb3c90bdd536d6f5890a66020a18e3b\">\n                <img\n                    title=\"049-DSCF2741 Klatovy - p\u0159\u00edpitek z\u00e1stupc\u016f v\u010dela\u0159. spolk\u016f s pan\"\n                    alt=\"049-DSCF2741 Klatovy - p\u0159\u00edpitek z\u00e1stupc\u016f v\u010dela\u0159. spolk\u016f s pan\"\n                    src=\"http:\/\/www.vcelarskyspolek.cz\/wp-content\/gallery\/Klatovy-15.9.2016\/thumbs\/thumbs_049-DSCF2741-Klatovy-p%C5%99%C3%ADpitek-z%C3%A1stupc%C5%AF-v%C4%8Dela%C5%99.-spolk%C5%AF-s-pan.JPG\"\n                    width=\"120\"\n                    height=\"90\"\n                    style=\"max-width:100%;\"\n                \/>\n            <\/a>\n        <\/div>\n\t\t\t\t\t\t\t<\/div> \n\t\t\t\n        \n\t\t\t\t<div id=\"ngg-image-49\" class=\"ngg-gallery-thumbnail-box\" >\n\t\t\t\t        <div class=\"ngg-gallery-thumbnail\">\n            <a href=\"http:\/\/www.vcelarskyspolek.cz\/wp-content\/gallery\/Klatovy-15.9.2016\/050-DSCF2742-Klatovy-p%C5%99%C3%ADpitek-z%C3%A1stupc%C5%AF-v%C4%8Dela%C5%99.-spolk%C5%AF-s-pan.JPG\"\n               title=\"\"\n               data-src=\"http:\/\/www.vcelarskyspolek.cz\/wp-content\/gallery\/Klatovy-15.9.2016\/050-DSCF2742-Klatovy-p%C5%99%C3%ADpitek-z%C3%A1stupc%C5%AF-v%C4%8Dela%C5%99.-spolk%C5%AF-s-pan.JPG\"\n               data-thumbnail=\"http:\/\/www.vcelarskyspolek.cz\/wp-content\/gallery\/Klatovy-15.9.2016\/thumbs\/thumbs_050-DSCF2742-Klatovy-p%C5%99%C3%ADpitek-z%C3%A1stupc%C5%AF-v%C4%8Dela%C5%99.-spolk%C5%AF-s-pan.JPG\"\n               data-image-id=\"1935\"\n               data-title=\"050-DSCF2742 Klatovy - p\u0159\u00edpitek z\u00e1stupc\u016f v\u010dela\u0159. spolk\u016f s pan\"\n               data-description=\"\"\n               data-image-slug=\"050-dscf2742-klatovy-p%c5%99%c3%adpitek-z%c3%a1stupc%c5%af-v%c4%8dela%c5%99-spolk%c5%af-s-pan-1\"\n               class=\"ngg-fancybox\" rel=\"adb3c90bdd536d6f5890a66020a18e3b\">\n                <img\n                    title=\"050-DSCF2742 Klatovy - p\u0159\u00edpitek z\u00e1stupc\u016f v\u010dela\u0159. spolk\u016f s pan\"\n                    alt=\"050-DSCF2742 Klatovy - p\u0159\u00edpitek z\u00e1stupc\u016f v\u010dela\u0159. spolk\u016f s pan\"\n                    src=\"http:\/\/www.vcelarskyspolek.cz\/wp-content\/gallery\/Klatovy-15.9.2016\/thumbs\/thumbs_050-DSCF2742-Klatovy-p%C5%99%C3%ADpitek-z%C3%A1stupc%C5%AF-v%C4%8Dela%C5%99.-spolk%C5%AF-s-pan.JPG\"\n                    width=\"120\"\n                    height=\"90\"\n                    style=\"max-width:100%;\"\n                \/>\n            <\/a>\n        <\/div>\n\t\t\t\t\t\t\t<\/div> \n\t\t\t\n        \n\t\t\t\t<div id=\"ngg-image-50\" class=\"ngg-gallery-thumbnail-box\" >\n\t\t\t\t        <div class=\"ngg-gallery-thumbnail\">\n            <a href=\"http:\/\/www.vcelarskyspolek.cz\/wp-content\/gallery\/Klatovy-15.9.2016\/051-DSCF2744-Klatovy-p%C5%99%C3%ADpitek-z%C3%A1stupc%C5%AF-v%C4%8Dela%C5%99.-spolk%C5%AF-s-pan.JPG\"\n               title=\"\"\n               data-src=\"http:\/\/www.vcelarskyspolek.cz\/wp-content\/gallery\/Klatovy-15.9.2016\/051-DSCF2744-Klatovy-p%C5%99%C3%ADpitek-z%C3%A1stupc%C5%AF-v%C4%8Dela%C5%99.-spolk%C5%AF-s-pan.JPG\"\n               data-thumbnail=\"http:\/\/www.vcelarskyspolek.cz\/wp-content\/gallery\/Klatovy-15.9.2016\/thumbs\/thumbs_051-DSCF2744-Klatovy-p%C5%99%C3%ADpitek-z%C3%A1stupc%C5%AF-v%C4%8Dela%C5%99.-spolk%C5%AF-s-pan.JPG\"\n               data-image-id=\"1936\"\n               data-title=\"051-DSCF2744 Klatovy - p\u0159\u00edpitek z\u00e1stupc\u016f v\u010dela\u0159. spolk\u016f s pan\"\n               data-description=\"\"\n               data-image-slug=\"051-dscf2744-klatovy-p%c5%99%c3%adpitek-z%c3%a1stupc%c5%af-v%c4%8dela%c5%99-spolk%c5%af-s-pan-1\"\n               class=\"ngg-fancybox\" rel=\"adb3c90bdd536d6f5890a66020a18e3b\">\n                <img\n                    title=\"051-DSCF2744 Klatovy - p\u0159\u00edpitek z\u00e1stupc\u016f v\u010dela\u0159. spolk\u016f s pan\"\n                    alt=\"051-DSCF2744 Klatovy - p\u0159\u00edpitek z\u00e1stupc\u016f v\u010dela\u0159. spolk\u016f s pan\"\n                    src=\"http:\/\/www.vcelarskyspolek.cz\/wp-content\/gallery\/Klatovy-15.9.2016\/thumbs\/thumbs_051-DSCF2744-Klatovy-p%C5%99%C3%ADpitek-z%C3%A1stupc%C5%AF-v%C4%8Dela%C5%99.-spolk%C5%AF-s-pan.JPG\"\n                    width=\"120\"\n                    height=\"90\"\n                    style=\"max-width:100%;\"\n                \/>\n            <\/a>\n        <\/div>\n\t\t\t\t\t\t\t<\/div> \n\t\t\t\n        \n\t\t\t\t<div id=\"ngg-image-51\" class=\"ngg-gallery-thumbnail-box\" >\n\t\t\t\t        <div class=\"ngg-gallery-thumbnail\">\n            <a href=\"http:\/\/www.vcelarskyspolek.cz\/wp-content\/gallery\/Klatovy-15.9.2016\/052-DSCF2747-Klatovy-interi%C3%A9r-radnice-na-N%C3%A1m.-M%C3%ADru-12.9.2015.JPG\"\n               title=\"\"\n               data-src=\"http:\/\/www.vcelarskyspolek.cz\/wp-content\/gallery\/Klatovy-15.9.2016\/052-DSCF2747-Klatovy-interi%C3%A9r-radnice-na-N%C3%A1m.-M%C3%ADru-12.9.2015.JPG\"\n               data-thumbnail=\"http:\/\/www.vcelarskyspolek.cz\/wp-content\/gallery\/Klatovy-15.9.2016\/thumbs\/thumbs_052-DSCF2747-Klatovy-interi%C3%A9r-radnice-na-N%C3%A1m.-M%C3%ADru-12.9.2015.JPG\"\n               data-image-id=\"1937\"\n               data-title=\"052-DSCF2747 Klatovy - interi\u00e9r radnice na N\u00e1m. M\u00edru 12.9.2015\"\n               data-description=\"\"\n               data-image-slug=\"052-dscf2747-klatovy-interi%c3%a9r-radnice-na-n%c3%a1m-m%c3%adru-12-9-2015-1\"\n               class=\"ngg-fancybox\" rel=\"adb3c90bdd536d6f5890a66020a18e3b\">\n                <img\n                    title=\"052-DSCF2747 Klatovy - interi\u00e9r radnice na N\u00e1m. M\u00edru 12.9.2015\"\n                    alt=\"052-DSCF2747 Klatovy - interi\u00e9r radnice na N\u00e1m. M\u00edru 12.9.2015\"\n                    src=\"http:\/\/www.vcelarskyspolek.cz\/wp-content\/gallery\/Klatovy-15.9.2016\/thumbs\/thumbs_052-DSCF2747-Klatovy-interi%C3%A9r-radnice-na-N%C3%A1m.-M%C3%ADru-12.9.2015.JPG\"\n                    width=\"120\"\n                    height=\"90\"\n                    style=\"max-width:100%;\"\n                \/>\n            <\/a>\n        <\/div>\n\t\t\t\t\t\t\t<\/div> \n\t\t\t\n        \n\t\t\t\t<div id=\"ngg-image-52\" class=\"ngg-gallery-thumbnail-box\" >\n\t\t\t\t        <div class=\"ngg-gallery-thumbnail\">\n            <a href=\"http:\/\/www.vcelarskyspolek.cz\/wp-content\/gallery\/Klatovy-15.9.2016\/053-DSCF2754-Klatovy-lomni%C4%8Dt%C3%AD-v%C4%8Dela%C5%99i-na-balkonu-radnice-12..JPG\"\n               title=\"\"\n               data-src=\"http:\/\/www.vcelarskyspolek.cz\/wp-content\/gallery\/Klatovy-15.9.2016\/053-DSCF2754-Klatovy-lomni%C4%8Dt%C3%AD-v%C4%8Dela%C5%99i-na-balkonu-radnice-12..JPG\"\n               data-thumbnail=\"http:\/\/www.vcelarskyspolek.cz\/wp-content\/gallery\/Klatovy-15.9.2016\/thumbs\/thumbs_053-DSCF2754-Klatovy-lomni%C4%8Dt%C3%AD-v%C4%8Dela%C5%99i-na-balkonu-radnice-12..JPG\"\n               data-image-id=\"1938\"\n               data-title=\"053-DSCF2754 Klatovy - lomni\u010dt\u00ed v\u010dela\u0159i na balkonu radnice 12.\"\n               data-description=\"\"\n               data-image-slug=\"053-dscf2754-klatovy-lomni%c4%8dt%c3%ad-v%c4%8dela%c5%99i-na-balkonu-radnice-12-1\"\n               class=\"ngg-fancybox\" rel=\"adb3c90bdd536d6f5890a66020a18e3b\">\n                <img\n                    title=\"053-DSCF2754 Klatovy - lomni\u010dt\u00ed v\u010dela\u0159i na balkonu radnice 12.\"\n                    alt=\"053-DSCF2754 Klatovy - lomni\u010dt\u00ed v\u010dela\u0159i na balkonu radnice 12.\"\n                    src=\"http:\/\/www.vcelarskyspolek.cz\/wp-content\/gallery\/Klatovy-15.9.2016\/thumbs\/thumbs_053-DSCF2754-Klatovy-lomni%C4%8Dt%C3%AD-v%C4%8Dela%C5%99i-na-balkonu-radnice-12..JPG\"\n                    width=\"120\"\n                    height=\"90\"\n                    style=\"max-width:100%;\"\n                \/>\n            <\/a>\n        <\/div>\n\t\t\t\t\t\t\t<\/div> \n\t\t\t\n        \n\t\t\t\t<div id=\"ngg-image-53\" class=\"ngg-gallery-thumbnail-box\" >\n\t\t\t\t        <div class=\"ngg-gallery-thumbnail\">\n            <a href=\"http:\/\/www.vcelarskyspolek.cz\/wp-content\/gallery\/Klatovy-15.9.2016\/054-DSCF2755-Klatovy-interi%C3%A9r-radnice-na-N%C3%A1m.-M%C3%ADru-12.9.2015.JPG\"\n               title=\"\"\n               data-src=\"http:\/\/www.vcelarskyspolek.cz\/wp-content\/gallery\/Klatovy-15.9.2016\/054-DSCF2755-Klatovy-interi%C3%A9r-radnice-na-N%C3%A1m.-M%C3%ADru-12.9.2015.JPG\"\n               data-thumbnail=\"http:\/\/www.vcelarskyspolek.cz\/wp-content\/gallery\/Klatovy-15.9.2016\/thumbs\/thumbs_054-DSCF2755-Klatovy-interi%C3%A9r-radnice-na-N%C3%A1m.-M%C3%ADru-12.9.2015.JPG\"\n               data-image-id=\"1939\"\n               data-title=\"054-DSCF2755 Klatovy - interi\u00e9r radnice na N\u00e1m. M\u00edru 12.9.2015\"\n               data-description=\"\"\n               data-image-slug=\"054-dscf2755-klatovy-interi%c3%a9r-radnice-na-n%c3%a1m-m%c3%adru-12-9-2015-1\"\n               class=\"ngg-fancybox\" rel=\"adb3c90bdd536d6f5890a66020a18e3b\">\n                <img\n                    title=\"054-DSCF2755 Klatovy - interi\u00e9r radnice na N\u00e1m. M\u00edru 12.9.2015\"\n                    alt=\"054-DSCF2755 Klatovy - interi\u00e9r radnice na N\u00e1m. M\u00edru 12.9.2015\"\n                    src=\"http:\/\/www.vcelarskyspolek.cz\/wp-content\/gallery\/Klatovy-15.9.2016\/thumbs\/thumbs_054-DSCF2755-Klatovy-interi%C3%A9r-radnice-na-N%C3%A1m.-M%C3%ADru-12.9.2015.JPG\"\n                    width=\"120\"\n                    height=\"90\"\n                    style=\"max-width:100%;\"\n                \/>\n            <\/a>\n        <\/div>\n\t\t\t\t\t\t\t<\/div> \n\t\t\t\n        \n\t\t\t\t<div id=\"ngg-image-54\" class=\"ngg-gallery-thumbnail-box\" >\n\t\t\t\t        <div class=\"ngg-gallery-thumbnail\">\n            <a href=\"http:\/\/www.vcelarskyspolek.cz\/wp-content\/gallery\/Klatovy-15.9.2016\/055-DSCF2756-Klatovy-interi%C3%A9r-radnice-na-N%C3%A1m.-M%C3%ADru-12.9.2015.JPG\"\n               title=\"\"\n               data-src=\"http:\/\/www.vcelarskyspolek.cz\/wp-content\/gallery\/Klatovy-15.9.2016\/055-DSCF2756-Klatovy-interi%C3%A9r-radnice-na-N%C3%A1m.-M%C3%ADru-12.9.2015.JPG\"\n               data-thumbnail=\"http:\/\/www.vcelarskyspolek.cz\/wp-content\/gallery\/Klatovy-15.9.2016\/thumbs\/thumbs_055-DSCF2756-Klatovy-interi%C3%A9r-radnice-na-N%C3%A1m.-M%C3%ADru-12.9.2015.JPG\"\n               data-image-id=\"1940\"\n               data-title=\"055-DSCF2756 Klatovy - interi\u00e9r radnice na N\u00e1m. M\u00edru 12.9.2015\"\n               data-description=\"\"\n               data-image-slug=\"055-dscf2756-klatovy-interi%c3%a9r-radnice-na-n%c3%a1m-m%c3%adru-12-9-2015-1\"\n               class=\"ngg-fancybox\" rel=\"adb3c90bdd536d6f5890a66020a18e3b\">\n                <img\n                    title=\"055-DSCF2756 Klatovy - interi\u00e9r radnice na N\u00e1m. M\u00edru 12.9.2015\"\n                    alt=\"055-DSCF2756 Klatovy - interi\u00e9r radnice na N\u00e1m. M\u00edru 12.9.2015\"\n                    src=\"http:\/\/www.vcelarskyspolek.cz\/wp-content\/gallery\/Klatovy-15.9.2016\/thumbs\/thumbs_055-DSCF2756-Klatovy-interi%C3%A9r-radnice-na-N%C3%A1m.-M%C3%ADru-12.9.2015.JPG\"\n                    width=\"120\"\n                    height=\"90\"\n                    style=\"max-width:100%;\"\n                \/>\n            <\/a>\n        <\/div>\n\t\t\t\t\t\t\t<\/div> \n\t\t\t\n        \n\t\t\t\t<div id=\"ngg-image-55\" class=\"ngg-gallery-thumbnail-box\" >\n\t\t\t\t        <div class=\"ngg-gallery-thumbnail\">\n            <a href=\"http:\/\/www.vcelarskyspolek.cz\/wp-content\/gallery\/Klatovy-15.9.2016\/056-DSCF2757-Klatovy-interi%C3%A9r-radnice-na-N%C3%A1m.-M%C3%ADru-12.9.2015.JPG\"\n               title=\"\"\n               data-src=\"http:\/\/www.vcelarskyspolek.cz\/wp-content\/gallery\/Klatovy-15.9.2016\/056-DSCF2757-Klatovy-interi%C3%A9r-radnice-na-N%C3%A1m.-M%C3%ADru-12.9.2015.JPG\"\n               data-thumbnail=\"http:\/\/www.vcelarskyspolek.cz\/wp-content\/gallery\/Klatovy-15.9.2016\/thumbs\/thumbs_056-DSCF2757-Klatovy-interi%C3%A9r-radnice-na-N%C3%A1m.-M%C3%ADru-12.9.2015.JPG\"\n               data-image-id=\"1941\"\n               data-title=\"056-DSCF2757 Klatovy - interi\u00e9r radnice na N\u00e1m. M\u00edru 12.9.2015\"\n               data-description=\"\"\n               data-image-slug=\"056-dscf2757-klatovy-interi%c3%a9r-radnice-na-n%c3%a1m-m%c3%adru-12-9-2015-1\"\n               class=\"ngg-fancybox\" rel=\"adb3c90bdd536d6f5890a66020a18e3b\">\n                <img\n                    title=\"056-DSCF2757 Klatovy - interi\u00e9r radnice na N\u00e1m. M\u00edru 12.9.2015\"\n                    alt=\"056-DSCF2757 Klatovy - interi\u00e9r radnice na N\u00e1m. M\u00edru 12.9.2015\"\n                    src=\"http:\/\/www.vcelarskyspolek.cz\/wp-content\/gallery\/Klatovy-15.9.2016\/thumbs\/thumbs_056-DSCF2757-Klatovy-interi%C3%A9r-radnice-na-N%C3%A1m.-M%C3%ADru-12.9.2015.JPG\"\n                    width=\"120\"\n                    height=\"90\"\n                    style=\"max-width:100%;\"\n                \/>\n            <\/a>\n        <\/div>\n\t\t\t\t\t\t\t<\/div> \n\t\t\t\n        \n\t\t\t\t<div id=\"ngg-image-56\" class=\"ngg-gallery-thumbnail-box\" >\n\t\t\t\t        <div class=\"ngg-gallery-thumbnail\">\n            <a href=\"http:\/\/www.vcelarskyspolek.cz\/wp-content\/gallery\/Klatovy-15.9.2016\/057-DSCF2758-Klatovy-interi%C3%A9r-radnice-na-N%C3%A1m.-M%C3%ADru-12.9.2015.JPG\"\n               title=\"\"\n               data-src=\"http:\/\/www.vcelarskyspolek.cz\/wp-content\/gallery\/Klatovy-15.9.2016\/057-DSCF2758-Klatovy-interi%C3%A9r-radnice-na-N%C3%A1m.-M%C3%ADru-12.9.2015.JPG\"\n               data-thumbnail=\"http:\/\/www.vcelarskyspolek.cz\/wp-content\/gallery\/Klatovy-15.9.2016\/thumbs\/thumbs_057-DSCF2758-Klatovy-interi%C3%A9r-radnice-na-N%C3%A1m.-M%C3%ADru-12.9.2015.JPG\"\n               data-image-id=\"1942\"\n               data-title=\"057-DSCF2758 Klatovy - interi\u00e9r radnice na N\u00e1m. M\u00edru 12.9.2015\"\n               data-description=\"\"\n               data-image-slug=\"057-dscf2758-klatovy-interi%c3%a9r-radnice-na-n%c3%a1m-m%c3%adru-12-9-2015-1\"\n               class=\"ngg-fancybox\" rel=\"adb3c90bdd536d6f5890a66020a18e3b\">\n                <img\n                    title=\"057-DSCF2758 Klatovy - interi\u00e9r radnice na N\u00e1m. M\u00edru 12.9.2015\"\n                    alt=\"057-DSCF2758 Klatovy - interi\u00e9r radnice na N\u00e1m. M\u00edru 12.9.2015\"\n                    src=\"http:\/\/www.vcelarskyspolek.cz\/wp-content\/gallery\/Klatovy-15.9.2016\/thumbs\/thumbs_057-DSCF2758-Klatovy-interi%C3%A9r-radnice-na-N%C3%A1m.-M%C3%ADru-12.9.2015.JPG\"\n                    width=\"120\"\n                    height=\"90\"\n                    style=\"max-width:100%;\"\n                \/>\n            <\/a>\n        <\/div>\n\t\t\t\t\t\t\t<\/div> \n\t\t\t\n        \n\t\t\t\t<div id=\"ngg-image-57\" class=\"ngg-gallery-thumbnail-box\" >\n\t\t\t\t        <div class=\"ngg-gallery-thumbnail\">\n            <a href=\"http:\/\/www.vcelarskyspolek.cz\/wp-content\/gallery\/Klatovy-15.9.2016\/058-DSCF2759-Klatovy-interi%C3%A9r-radnice-na-N%C3%A1m.-M%C3%ADru-12.9.2015.JPG\"\n               title=\"\"\n               data-src=\"http:\/\/www.vcelarskyspolek.cz\/wp-content\/gallery\/Klatovy-15.9.2016\/058-DSCF2759-Klatovy-interi%C3%A9r-radnice-na-N%C3%A1m.-M%C3%ADru-12.9.2015.JPG\"\n               data-thumbnail=\"http:\/\/www.vcelarskyspolek.cz\/wp-content\/gallery\/Klatovy-15.9.2016\/thumbs\/thumbs_058-DSCF2759-Klatovy-interi%C3%A9r-radnice-na-N%C3%A1m.-M%C3%ADru-12.9.2015.JPG\"\n               data-image-id=\"1943\"\n               data-title=\"058-DSCF2759 Klatovy - interi\u00e9r radnice na N\u00e1m. M\u00edru 12.9.2015\"\n               data-description=\"\"\n               data-image-slug=\"058-dscf2759-klatovy-interi%c3%a9r-radnice-na-n%c3%a1m-m%c3%adru-12-9-2015-1\"\n               class=\"ngg-fancybox\" rel=\"adb3c90bdd536d6f5890a66020a18e3b\">\n                <img\n                    title=\"058-DSCF2759 Klatovy - interi\u00e9r radnice na N\u00e1m. M\u00edru 12.9.2015\"\n                    alt=\"058-DSCF2759 Klatovy - interi\u00e9r radnice na N\u00e1m. M\u00edru 12.9.2015\"\n                    src=\"http:\/\/www.vcelarskyspolek.cz\/wp-content\/gallery\/Klatovy-15.9.2016\/thumbs\/thumbs_058-DSCF2759-Klatovy-interi%C3%A9r-radnice-na-N%C3%A1m.-M%C3%ADru-12.9.2015.JPG\"\n                    width=\"120\"\n                    height=\"90\"\n                    style=\"max-width:100%;\"\n                \/>\n            <\/a>\n        <\/div>\n\t\t\t\t\t\t\t<\/div> \n\t\t\t\n        \n\t\t\t\t<div id=\"ngg-image-58\" class=\"ngg-gallery-thumbnail-box\" >\n\t\t\t\t        <div class=\"ngg-gallery-thumbnail\">\n            <a href=\"http:\/\/www.vcelarskyspolek.cz\/wp-content\/gallery\/Klatovy-15.9.2016\/059-DSCF2762-na-N%C3%A1m.-M%C3%ADru-v-Klatovech-12.9.2015-.JPG\"\n               title=\"\"\n               data-src=\"http:\/\/www.vcelarskyspolek.cz\/wp-content\/gallery\/Klatovy-15.9.2016\/059-DSCF2762-na-N%C3%A1m.-M%C3%ADru-v-Klatovech-12.9.2015-.JPG\"\n               data-thumbnail=\"http:\/\/www.vcelarskyspolek.cz\/wp-content\/gallery\/Klatovy-15.9.2016\/thumbs\/thumbs_059-DSCF2762-na-N%C3%A1m.-M%C3%ADru-v-Klatovech-12.9.2015-.JPG\"\n               data-image-id=\"1944\"\n               data-title=\"059-DSCF2762 na N\u00e1m. M\u00edru v Klatovech 12.9.2015\"\n               data-description=\"\"\n               data-image-slug=\"059-dscf2762-na-n%c3%a1m-m%c3%adru-v-klatovech-12-9-2015-1\"\n               class=\"ngg-fancybox\" rel=\"adb3c90bdd536d6f5890a66020a18e3b\">\n                <img\n                    title=\"059-DSCF2762 na N\u00e1m. M\u00edru v Klatovech 12.9.2015\"\n                    alt=\"059-DSCF2762 na N\u00e1m. M\u00edru v Klatovech 12.9.2015\"\n                    src=\"http:\/\/www.vcelarskyspolek.cz\/wp-content\/gallery\/Klatovy-15.9.2016\/thumbs\/thumbs_059-DSCF2762-na-N%C3%A1m.-M%C3%ADru-v-Klatovech-12.9.2015-.JPG\"\n                    width=\"120\"\n                    height=\"90\"\n                    style=\"max-width:100%;\"\n                \/>\n            <\/a>\n        <\/div>\n\t\t\t\t\t\t\t<\/div> \n\t\t\t\n        \n\t\t\t\t<div id=\"ngg-image-59\" class=\"ngg-gallery-thumbnail-box\" >\n\t\t\t\t        <div class=\"ngg-gallery-thumbnail\">\n            <a href=\"http:\/\/www.vcelarskyspolek.cz\/wp-content\/gallery\/Klatovy-15.9.2016\/060-DSCF2764-Klatovy-interi%C3%A9r-radnice-na-N%C3%A1m.-M%C3%ADru-12.9.2015.JPG\"\n               title=\"\"\n               data-src=\"http:\/\/www.vcelarskyspolek.cz\/wp-content\/gallery\/Klatovy-15.9.2016\/060-DSCF2764-Klatovy-interi%C3%A9r-radnice-na-N%C3%A1m.-M%C3%ADru-12.9.2015.JPG\"\n               data-thumbnail=\"http:\/\/www.vcelarskyspolek.cz\/wp-content\/gallery\/Klatovy-15.9.2016\/thumbs\/thumbs_060-DSCF2764-Klatovy-interi%C3%A9r-radnice-na-N%C3%A1m.-M%C3%ADru-12.9.2015.JPG\"\n               data-image-id=\"1945\"\n               data-title=\"060-DSCF2764 Klatovy - interi\u00e9r radnice na N\u00e1m. M\u00edru 12.9.2015\"\n               data-description=\"\"\n               data-image-slug=\"060-dscf2764-klatovy-interi%c3%a9r-radnice-na-n%c3%a1m-m%c3%adru-12-9-2015-1\"\n               class=\"ngg-fancybox\" rel=\"adb3c90bdd536d6f5890a66020a18e3b\">\n                <img\n                    title=\"060-DSCF2764 Klatovy - interi\u00e9r radnice na N\u00e1m. M\u00edru 12.9.2015\"\n                    alt=\"060-DSCF2764 Klatovy - interi\u00e9r radnice na N\u00e1m. M\u00edru 12.9.2015\"\n                    src=\"http:\/\/www.vcelarskyspolek.cz\/wp-content\/gallery\/Klatovy-15.9.2016\/thumbs\/thumbs_060-DSCF2764-Klatovy-interi%C3%A9r-radnice-na-N%C3%A1m.-M%C3%ADru-12.9.2015.JPG\"\n                    width=\"120\"\n                    height=\"90\"\n                    style=\"max-width:100%;\"\n                \/>\n            <\/a>\n        <\/div>\n\t\t\t\t\t\t\t<\/div> \n\t\t\t\n        \n\t\t\t\t<div id=\"ngg-image-60\" class=\"ngg-gallery-thumbnail-box\" >\n\t\t\t\t        <div class=\"ngg-gallery-thumbnail\">\n            <a href=\"http:\/\/www.vcelarskyspolek.cz\/wp-content\/gallery\/Klatovy-15.9.2016\/061-DSCF2765-na-N%C3%A1m.-M%C3%ADru-v-Klatovech-12.9.2015-.JPG\"\n               title=\"\"\n               data-src=\"http:\/\/www.vcelarskyspolek.cz\/wp-content\/gallery\/Klatovy-15.9.2016\/061-DSCF2765-na-N%C3%A1m.-M%C3%ADru-v-Klatovech-12.9.2015-.JPG\"\n               data-thumbnail=\"http:\/\/www.vcelarskyspolek.cz\/wp-content\/gallery\/Klatovy-15.9.2016\/thumbs\/thumbs_061-DSCF2765-na-N%C3%A1m.-M%C3%ADru-v-Klatovech-12.9.2015-.JPG\"\n               data-image-id=\"1946\"\n               data-title=\"061-DSCF2765 na N\u00e1m. M\u00edru v Klatovech 12.9.2015\"\n               data-description=\"\"\n               data-image-slug=\"061-dscf2765-na-n%c3%a1m-m%c3%adru-v-klatovech-12-9-2015-1\"\n               class=\"ngg-fancybox\" rel=\"adb3c90bdd536d6f5890a66020a18e3b\">\n                <img\n                    title=\"061-DSCF2765 na N\u00e1m. M\u00edru v Klatovech 12.9.2015\"\n                    alt=\"061-DSCF2765 na N\u00e1m. M\u00edru v Klatovech 12.9.2015\"\n                    src=\"http:\/\/www.vcelarskyspolek.cz\/wp-content\/gallery\/Klatovy-15.9.2016\/thumbs\/thumbs_061-DSCF2765-na-N%C3%A1m.-M%C3%ADru-v-Klatovech-12.9.2015-.JPG\"\n                    width=\"120\"\n                    height=\"90\"\n                    style=\"max-width:100%;\"\n                \/>\n            <\/a>\n        <\/div>\n\t\t\t\t\t\t\t<\/div> \n\t\t\t\n        \n\t\t\t\t<div id=\"ngg-image-61\" class=\"ngg-gallery-thumbnail-box\" >\n\t\t\t\t        <div class=\"ngg-gallery-thumbnail\">\n            <a href=\"http:\/\/www.vcelarskyspolek.cz\/wp-content\/gallery\/Klatovy-15.9.2016\/062-DSCF2766-lomnick%C3%BD-v%C4%8Dela%C5%99-Josef-Vilimovsk%C3%BD-na-n%C3%A1m.-M%C3%ADru-v-Kla.JPG\"\n               title=\"\"\n               data-src=\"http:\/\/www.vcelarskyspolek.cz\/wp-content\/gallery\/Klatovy-15.9.2016\/062-DSCF2766-lomnick%C3%BD-v%C4%8Dela%C5%99-Josef-Vilimovsk%C3%BD-na-n%C3%A1m.-M%C3%ADru-v-Kla.JPG\"\n               data-thumbnail=\"http:\/\/www.vcelarskyspolek.cz\/wp-content\/gallery\/Klatovy-15.9.2016\/thumbs\/thumbs_062-DSCF2766-lomnick%C3%BD-v%C4%8Dela%C5%99-Josef-Vilimovsk%C3%BD-na-n%C3%A1m.-M%C3%ADru-v-Kla.JPG\"\n               data-image-id=\"1947\"\n               data-title=\"062-DSCF2766 lomnick\u00fd v\u010dela\u0159 Josef Vilimovsk\u00fd na n\u00e1m. M\u00edru v Kla\"\n               data-description=\"\"\n               data-image-slug=\"062-dscf2766-lomnick%c3%bd-v%c4%8dela%c5%99-josef-vilimovsk%c3%bd-na-n%c3%a1m-m%c3%adru-v-kla-1\"\n               class=\"ngg-fancybox\" rel=\"adb3c90bdd536d6f5890a66020a18e3b\">\n                <img\n                    title=\"062-DSCF2766 lomnick\u00fd v\u010dela\u0159 Josef Vilimovsk\u00fd na n\u00e1m. M\u00edru v Kla\"\n                    alt=\"062-DSCF2766 lomnick\u00fd v\u010dela\u0159 Josef Vilimovsk\u00fd na n\u00e1m. M\u00edru v Kla\"\n                    src=\"http:\/\/www.vcelarskyspolek.cz\/wp-content\/gallery\/Klatovy-15.9.2016\/thumbs\/thumbs_062-DSCF2766-lomnick%C3%BD-v%C4%8Dela%C5%99-Josef-Vilimovsk%C3%BD-na-n%C3%A1m.-M%C3%ADru-v-Kla.JPG\"\n                    width=\"120\"\n                    height=\"90\"\n                    style=\"max-width:100%;\"\n                \/>\n            <\/a>\n        <\/div>\n\t\t\t\t\t\t\t<\/div> \n\t\t\t\n        \n\t\t\t\t<div id=\"ngg-image-62\" class=\"ngg-gallery-thumbnail-box\" >\n\t\t\t\t        <div class=\"ngg-gallery-thumbnail\">\n            <a href=\"http:\/\/www.vcelarskyspolek.cz\/wp-content\/gallery\/Klatovy-15.9.2016\/063-DSCF2767-na-N%C3%A1m.-M%C3%ADru-v-Klatovech-12.9.2015-.JPG\"\n               title=\"\"\n               data-src=\"http:\/\/www.vcelarskyspolek.cz\/wp-content\/gallery\/Klatovy-15.9.2016\/063-DSCF2767-na-N%C3%A1m.-M%C3%ADru-v-Klatovech-12.9.2015-.JPG\"\n               data-thumbnail=\"http:\/\/www.vcelarskyspolek.cz\/wp-content\/gallery\/Klatovy-15.9.2016\/thumbs\/thumbs_063-DSCF2767-na-N%C3%A1m.-M%C3%ADru-v-Klatovech-12.9.2015-.JPG\"\n               data-image-id=\"1948\"\n               data-title=\"063-DSCF2767 na N\u00e1m. M\u00edru v Klatovech 12.9.2015\"\n               data-description=\"\"\n               data-image-slug=\"063-dscf2767-na-n%c3%a1m-m%c3%adru-v-klatovech-12-9-2015-1\"\n               class=\"ngg-fancybox\" rel=\"adb3c90bdd536d6f5890a66020a18e3b\">\n                <img\n                    title=\"063-DSCF2767 na N\u00e1m. M\u00edru v Klatovech 12.9.2015\"\n                    alt=\"063-DSCF2767 na N\u00e1m. M\u00edru v Klatovech 12.9.2015\"\n                    src=\"http:\/\/www.vcelarskyspolek.cz\/wp-content\/gallery\/Klatovy-15.9.2016\/thumbs\/thumbs_063-DSCF2767-na-N%C3%A1m.-M%C3%ADru-v-Klatovech-12.9.2015-.JPG\"\n                    width=\"120\"\n                    height=\"90\"\n                    style=\"max-width:100%;\"\n                \/>\n            <\/a>\n        <\/div>\n\t\t\t\t\t\t\t<\/div> \n\t\t\t\n        \n\t\t\t\t<div id=\"ngg-image-63\" class=\"ngg-gallery-thumbnail-box\" >\n\t\t\t\t        <div class=\"ngg-gallery-thumbnail\">\n            <a href=\"http:\/\/www.vcelarskyspolek.cz\/wp-content\/gallery\/Klatovy-15.9.2016\/064-DSCF2769-v%C3%BDloha-barokn%C3%AD-l%C3%A9k%C3%A1rny-U-b%C3%ADl%C3%A9ho-jednoro%C5%BEce-na-N%C3%A1m.-.JPG\"\n               title=\"\"\n               data-src=\"http:\/\/www.vcelarskyspolek.cz\/wp-content\/gallery\/Klatovy-15.9.2016\/064-DSCF2769-v%C3%BDloha-barokn%C3%AD-l%C3%A9k%C3%A1rny-U-b%C3%ADl%C3%A9ho-jednoro%C5%BEce-na-N%C3%A1m.-.JPG\"\n               data-thumbnail=\"http:\/\/www.vcelarskyspolek.cz\/wp-content\/gallery\/Klatovy-15.9.2016\/thumbs\/thumbs_064-DSCF2769-v%C3%BDloha-barokn%C3%AD-l%C3%A9k%C3%A1rny-U-b%C3%ADl%C3%A9ho-jednoro%C5%BEce-na-N%C3%A1m.-.JPG\"\n               data-image-id=\"1949\"\n               data-title=\"064-DSCF2769 v\u00fdloha barokn\u00ed l\u00e9k\u00e1rny U b\u00edl\u00e9ho jednoro\u017ece na N\u00e1m.\"\n               data-description=\"\"\n               data-image-slug=\"064-dscf2769-v%c3%bdloha-barokn%c3%ad-l%c3%a9k%c3%a1rny-u-b%c3%adl%c3%a9ho-jednoro%c5%bece-na-n%c3%a1m-1\"\n               class=\"ngg-fancybox\" rel=\"adb3c90bdd536d6f5890a66020a18e3b\">\n                <img\n                    title=\"064-DSCF2769 v\u00fdloha barokn\u00ed l\u00e9k\u00e1rny U b\u00edl\u00e9ho jednoro\u017ece na N\u00e1m.\"\n                    alt=\"064-DSCF2769 v\u00fdloha barokn\u00ed l\u00e9k\u00e1rny U b\u00edl\u00e9ho jednoro\u017ece na N\u00e1m.\"\n                    src=\"http:\/\/www.vcelarskyspolek.cz\/wp-content\/gallery\/Klatovy-15.9.2016\/thumbs\/thumbs_064-DSCF2769-v%C3%BDloha-barokn%C3%AD-l%C3%A9k%C3%A1rny-U-b%C3%ADl%C3%A9ho-jednoro%C5%BEce-na-N%C3%A1m.-.JPG\"\n                    width=\"120\"\n                    height=\"90\"\n                    style=\"max-width:100%;\"\n                \/>\n            <\/a>\n        <\/div>\n\t\t\t\t\t\t\t<\/div> \n\t\t\t\n        \n\t\t\t\t<div id=\"ngg-image-64\" class=\"ngg-gallery-thumbnail-box\" >\n\t\t\t\t        <div class=\"ngg-gallery-thumbnail\">\n            <a href=\"http:\/\/www.vcelarskyspolek.cz\/wp-content\/gallery\/Klatovy-15.9.2016\/065-DSCF2771-lomni%C4%8Dt%C3%AD-v%C4%8Dela%C5%99i-v-Klatovech-12.9.2015-.JPG\"\n               title=\"\"\n               data-src=\"http:\/\/www.vcelarskyspolek.cz\/wp-content\/gallery\/Klatovy-15.9.2016\/065-DSCF2771-lomni%C4%8Dt%C3%AD-v%C4%8Dela%C5%99i-v-Klatovech-12.9.2015-.JPG\"\n               data-thumbnail=\"http:\/\/www.vcelarskyspolek.cz\/wp-content\/gallery\/Klatovy-15.9.2016\/thumbs\/thumbs_065-DSCF2771-lomni%C4%8Dt%C3%AD-v%C4%8Dela%C5%99i-v-Klatovech-12.9.2015-.JPG\"\n               data-image-id=\"1950\"\n               data-title=\"065-DSCF2771 lomni\u010dt\u00ed v\u010dela\u0159i v Klatovech 12.9.2015\"\n               data-description=\"\"\n               data-image-slug=\"065-dscf2771-lomni%c4%8dt%c3%ad-v%c4%8dela%c5%99i-v-klatovech-12-9-2015-1\"\n               class=\"ngg-fancybox\" rel=\"adb3c90bdd536d6f5890a66020a18e3b\">\n                <img\n                    title=\"065-DSCF2771 lomni\u010dt\u00ed v\u010dela\u0159i v Klatovech 12.9.2015\"\n                    alt=\"065-DSCF2771 lomni\u010dt\u00ed v\u010dela\u0159i v Klatovech 12.9.2015\"\n                    src=\"http:\/\/www.vcelarskyspolek.cz\/wp-content\/gallery\/Klatovy-15.9.2016\/thumbs\/thumbs_065-DSCF2771-lomni%C4%8Dt%C3%AD-v%C4%8Dela%C5%99i-v-Klatovech-12.9.2015-.JPG\"\n                    width=\"120\"\n                    height=\"90\"\n                    style=\"max-width:100%;\"\n                \/>\n            <\/a>\n        <\/div>\n\t\t\t\t\t\t\t<\/div> \n\t\t\t\n        \n\t\t\t\t<div id=\"ngg-image-65\" class=\"ngg-gallery-thumbnail-box\" >\n\t\t\t\t        <div class=\"ngg-gallery-thumbnail\">\n            <a href=\"http:\/\/www.vcelarskyspolek.cz\/wp-content\/gallery\/Klatovy-15.9.2016\/066-IMG_9351.JPG\"\n               title=\"\"\n               data-src=\"http:\/\/www.vcelarskyspolek.cz\/wp-content\/gallery\/Klatovy-15.9.2016\/066-IMG_9351.JPG\"\n               data-thumbnail=\"http:\/\/www.vcelarskyspolek.cz\/wp-content\/gallery\/Klatovy-15.9.2016\/thumbs\/thumbs_066-IMG_9351.JPG\"\n               data-image-id=\"1951\"\n               data-title=\"066-IMG_9351\"\n               data-description=\"\"\n               data-image-slug=\"066-img_9351\"\n               class=\"ngg-fancybox\" rel=\"adb3c90bdd536d6f5890a66020a18e3b\">\n                <img\n                    title=\"066-IMG_9351\"\n                    alt=\"066-IMG_9351\"\n                    src=\"http:\/\/www.vcelarskyspolek.cz\/wp-content\/gallery\/Klatovy-15.9.2016\/thumbs\/thumbs_066-IMG_9351.JPG\"\n                    width=\"120\"\n                    height=\"90\"\n                    style=\"max-width:100%;\"\n                \/>\n            <\/a>\n        <\/div>\n\t\t\t\t\t\t\t<\/div> \n\t\t\t\n        \n\t\t\t\t<div id=\"ngg-image-66\" class=\"ngg-gallery-thumbnail-box\" >\n\t\t\t\t        <div class=\"ngg-gallery-thumbnail\">\n            <a href=\"http:\/\/www.vcelarskyspolek.cz\/wp-content\/gallery\/Klatovy-15.9.2016\/067-IMG_9353.JPG\"\n               title=\"\"\n               data-src=\"http:\/\/www.vcelarskyspolek.cz\/wp-content\/gallery\/Klatovy-15.9.2016\/067-IMG_9353.JPG\"\n               data-thumbnail=\"http:\/\/www.vcelarskyspolek.cz\/wp-content\/gallery\/Klatovy-15.9.2016\/thumbs\/thumbs_067-IMG_9353.JPG\"\n               data-image-id=\"1952\"\n               data-title=\"067-IMG_9353\"\n               data-description=\"\"\n               data-image-slug=\"067-img_9353\"\n               class=\"ngg-fancybox\" rel=\"adb3c90bdd536d6f5890a66020a18e3b\">\n                <img\n                    title=\"067-IMG_9353\"\n                    alt=\"067-IMG_9353\"\n                    src=\"http:\/\/www.vcelarskyspolek.cz\/wp-content\/gallery\/Klatovy-15.9.2016\/thumbs\/thumbs_067-IMG_9353.JPG\"\n                    width=\"120\"\n                    height=\"90\"\n                    style=\"max-width:100%;\"\n                \/>\n            <\/a>\n        <\/div>\n\t\t\t\t\t\t\t<\/div> \n\t\t\t\n        \n\t\t\t\t<div id=\"ngg-image-67\" class=\"ngg-gallery-thumbnail-box\" >\n\t\t\t\t        <div class=\"ngg-gallery-thumbnail\">\n            <a href=\"http:\/\/www.vcelarskyspolek.cz\/wp-content\/gallery\/Klatovy-15.9.2016\/068-DSCF2772-lomni%C4%8Dt%C3%AD-v%C4%8Dela%C5%99i-v-Klatovech-12.9.2015.JPG\"\n               title=\"\"\n               data-src=\"http:\/\/www.vcelarskyspolek.cz\/wp-content\/gallery\/Klatovy-15.9.2016\/068-DSCF2772-lomni%C4%8Dt%C3%AD-v%C4%8Dela%C5%99i-v-Klatovech-12.9.2015.JPG\"\n               data-thumbnail=\"http:\/\/www.vcelarskyspolek.cz\/wp-content\/gallery\/Klatovy-15.9.2016\/thumbs\/thumbs_068-DSCF2772-lomni%C4%8Dt%C3%AD-v%C4%8Dela%C5%99i-v-Klatovech-12.9.2015.JPG\"\n               data-image-id=\"1953\"\n               data-title=\"068-DSCF2772 lomni\u010dt\u00ed v\u010dela\u0159i v Klatovech 12.9.2015\"\n               data-description=\"\"\n               data-image-slug=\"068-dscf2772-lomni%c4%8dt%c3%ad-v%c4%8dela%c5%99i-v-klatovech-12-9-2015-1\"\n               class=\"ngg-fancybox\" rel=\"adb3c90bdd536d6f5890a66020a18e3b\">\n                <img\n                    title=\"068-DSCF2772 lomni\u010dt\u00ed v\u010dela\u0159i v Klatovech 12.9.2015\"\n                    alt=\"068-DSCF2772 lomni\u010dt\u00ed v\u010dela\u0159i v Klatovech 12.9.2015\"\n                    src=\"http:\/\/www.vcelarskyspolek.cz\/wp-content\/gallery\/Klatovy-15.9.2016\/thumbs\/thumbs_068-DSCF2772-lomni%C4%8Dt%C3%AD-v%C4%8Dela%C5%99i-v-Klatovech-12.9.2015.JPG\"\n                    width=\"120\"\n                    height=\"90\"\n                    style=\"max-width:100%;\"\n                \/>\n            <\/a>\n        <\/div>\n\t\t\t\t\t\t\t<\/div> \n\t\t\t\n        \n\t\t\t\t<div id=\"ngg-image-68\" class=\"ngg-gallery-thumbnail-box\" >\n\t\t\t\t        <div class=\"ngg-gallery-thumbnail\">\n            <a href=\"http:\/\/www.vcelarskyspolek.cz\/wp-content\/gallery\/Klatovy-15.9.2016\/069-DSCF2773-na-slavnostn%C3%AD-sch%C5%AFzi-ke-120.-v%C3%BDro%C4%8D%C3%AD-zalo%C5%BEen%C3%AD-v%C4%8Dela%C5%99.JPG\"\n               title=\"\"\n               data-src=\"http:\/\/www.vcelarskyspolek.cz\/wp-content\/gallery\/Klatovy-15.9.2016\/069-DSCF2773-na-slavnostn%C3%AD-sch%C5%AFzi-ke-120.-v%C3%BDro%C4%8D%C3%AD-zalo%C5%BEen%C3%AD-v%C4%8Dela%C5%99.JPG\"\n               data-thumbnail=\"http:\/\/www.vcelarskyspolek.cz\/wp-content\/gallery\/Klatovy-15.9.2016\/thumbs\/thumbs_069-DSCF2773-na-slavnostn%C3%AD-sch%C5%AFzi-ke-120.-v%C3%BDro%C4%8D%C3%AD-zalo%C5%BEen%C3%AD-v%C4%8Dela%C5%99.JPG\"\n               data-image-id=\"1954\"\n               data-title=\"069-DSCF2773 na slavnostn\u00ed sch\u016fzi ke 120. v\u00fdro\u010d\u00ed zalo\u017een\u00ed v\u010dela\u0159\"\n               data-description=\"\"\n               data-image-slug=\"069-dscf2773-na-slavnostn%c3%ad-sch%c5%afzi-ke-120-v%c3%bdro%c4%8d%c3%ad-zalo%c5%been%c3%ad-v%c4%8dela%c5%99-1\"\n               class=\"ngg-fancybox\" rel=\"adb3c90bdd536d6f5890a66020a18e3b\">\n                <img\n                    title=\"069-DSCF2773 na slavnostn\u00ed sch\u016fzi ke 120. v\u00fdro\u010d\u00ed zalo\u017een\u00ed v\u010dela\u0159\"\n                    alt=\"069-DSCF2773 na slavnostn\u00ed sch\u016fzi ke 120. v\u00fdro\u010d\u00ed zalo\u017een\u00ed v\u010dela\u0159\"\n                    src=\"http:\/\/www.vcelarskyspolek.cz\/wp-content\/gallery\/Klatovy-15.9.2016\/thumbs\/thumbs_069-DSCF2773-na-slavnostn%C3%AD-sch%C5%AFzi-ke-120.-v%C3%BDro%C4%8D%C3%AD-zalo%C5%BEen%C3%AD-v%C4%8Dela%C5%99.JPG\"\n                    width=\"120\"\n                    height=\"90\"\n                    style=\"max-width:100%;\"\n                \/>\n            <\/a>\n        <\/div>\n\t\t\t\t\t\t\t<\/div> \n\t\t\t\n        \n\t\t\t\t<div id=\"ngg-image-69\" class=\"ngg-gallery-thumbnail-box\" >\n\t\t\t\t        <div class=\"ngg-gallery-thumbnail\">\n            <a href=\"http:\/\/www.vcelarskyspolek.cz\/wp-content\/gallery\/Klatovy-15.9.2016\/070-DSCF2774-na-slavnostn%C3%AD-sch%C5%AFzi-ke-120.-v%C3%BDro%C4%8D%C3%AD-zalo%C5%BEen%C3%AD-v%C4%8Dela%C5%99.JPG\"\n               title=\"\"\n               data-src=\"http:\/\/www.vcelarskyspolek.cz\/wp-content\/gallery\/Klatovy-15.9.2016\/070-DSCF2774-na-slavnostn%C3%AD-sch%C5%AFzi-ke-120.-v%C3%BDro%C4%8D%C3%AD-zalo%C5%BEen%C3%AD-v%C4%8Dela%C5%99.JPG\"\n               data-thumbnail=\"http:\/\/www.vcelarskyspolek.cz\/wp-content\/gallery\/Klatovy-15.9.2016\/thumbs\/thumbs_070-DSCF2774-na-slavnostn%C3%AD-sch%C5%AFzi-ke-120.-v%C3%BDro%C4%8D%C3%AD-zalo%C5%BEen%C3%AD-v%C4%8Dela%C5%99.JPG\"\n               data-image-id=\"1955\"\n               data-title=\"070-DSCF2774 na slavnostn\u00ed sch\u016fzi ke 120. v\u00fdro\u010d\u00ed zalo\u017een\u00ed v\u010dela\u0159\"\n               data-description=\"\"\n               data-image-slug=\"070-dscf2774-na-slavnostn%c3%ad-sch%c5%afzi-ke-120-v%c3%bdro%c4%8d%c3%ad-zalo%c5%been%c3%ad-v%c4%8dela%c5%99-1\"\n               class=\"ngg-fancybox\" rel=\"adb3c90bdd536d6f5890a66020a18e3b\">\n                <img\n                    title=\"070-DSCF2774 na slavnostn\u00ed sch\u016fzi ke 120. v\u00fdro\u010d\u00ed zalo\u017een\u00ed v\u010dela\u0159\"\n                    alt=\"070-DSCF2774 na slavnostn\u00ed sch\u016fzi ke 120. v\u00fdro\u010d\u00ed zalo\u017een\u00ed v\u010dela\u0159\"\n                    src=\"http:\/\/www.vcelarskyspolek.cz\/wp-content\/gallery\/Klatovy-15.9.2016\/thumbs\/thumbs_070-DSCF2774-na-slavnostn%C3%AD-sch%C5%AFzi-ke-120.-v%C3%BDro%C4%8D%C3%AD-zalo%C5%BEen%C3%AD-v%C4%8Dela%C5%99.JPG\"\n                    width=\"120\"\n                    height=\"90\"\n                    style=\"max-width:100%;\"\n                \/>\n            <\/a>\n        <\/div>\n\t\t\t\t\t\t\t<\/div> \n\t\t\t\n        \n\t\t\t\t<div id=\"ngg-image-70\" class=\"ngg-gallery-thumbnail-box\" >\n\t\t\t\t        <div class=\"ngg-gallery-thumbnail\">\n            <a href=\"http:\/\/www.vcelarskyspolek.cz\/wp-content\/gallery\/Klatovy-15.9.2016\/071-DSCF2775-na-slavnostn%C3%AD-sch%C5%AFzi-ke-120.-v%C3%BDro%C4%8D%C3%AD-zalo%C5%BEen%C3%AD-v%C4%8Dela%C5%99.JPG\"\n               title=\"\"\n               data-src=\"http:\/\/www.vcelarskyspolek.cz\/wp-content\/gallery\/Klatovy-15.9.2016\/071-DSCF2775-na-slavnostn%C3%AD-sch%C5%AFzi-ke-120.-v%C3%BDro%C4%8D%C3%AD-zalo%C5%BEen%C3%AD-v%C4%8Dela%C5%99.JPG\"\n               data-thumbnail=\"http:\/\/www.vcelarskyspolek.cz\/wp-content\/gallery\/Klatovy-15.9.2016\/thumbs\/thumbs_071-DSCF2775-na-slavnostn%C3%AD-sch%C5%AFzi-ke-120.-v%C3%BDro%C4%8D%C3%AD-zalo%C5%BEen%C3%AD-v%C4%8Dela%C5%99.JPG\"\n               data-image-id=\"1956\"\n               data-title=\"071-DSCF2775 na slavnostn\u00ed sch\u016fzi ke 120. v\u00fdro\u010d\u00ed zalo\u017een\u00ed v\u010dela\u0159\"\n               data-description=\"\"\n               data-image-slug=\"071-dscf2775-na-slavnostn%c3%ad-sch%c5%afzi-ke-120-v%c3%bdro%c4%8d%c3%ad-zalo%c5%been%c3%ad-v%c4%8dela%c5%99-1\"\n               class=\"ngg-fancybox\" rel=\"adb3c90bdd536d6f5890a66020a18e3b\">\n                <img\n                    title=\"071-DSCF2775 na slavnostn\u00ed sch\u016fzi ke 120. v\u00fdro\u010d\u00ed zalo\u017een\u00ed v\u010dela\u0159\"\n                    alt=\"071-DSCF2775 na slavnostn\u00ed sch\u016fzi ke 120. v\u00fdro\u010d\u00ed zalo\u017een\u00ed v\u010dela\u0159\"\n                    src=\"http:\/\/www.vcelarskyspolek.cz\/wp-content\/gallery\/Klatovy-15.9.2016\/thumbs\/thumbs_071-DSCF2775-na-slavnostn%C3%AD-sch%C5%AFzi-ke-120.-v%C3%BDro%C4%8D%C3%AD-zalo%C5%BEen%C3%AD-v%C4%8Dela%C5%99.JPG\"\n                    width=\"120\"\n                    height=\"90\"\n                    style=\"max-width:100%;\"\n                \/>\n            <\/a>\n        <\/div>\n\t\t\t\t\t\t\t<\/div> \n\t\t\t\n        \n\t\t\t\t<div id=\"ngg-image-71\" class=\"ngg-gallery-thumbnail-box\" >\n\t\t\t\t        <div class=\"ngg-gallery-thumbnail\">\n            <a href=\"http:\/\/www.vcelarskyspolek.cz\/wp-content\/gallery\/Klatovy-15.9.2016\/072-DSCF2776-na-slavnostn%C3%AD-sch%C5%AFzi-ke-120.-v%C3%BDro%C4%8D%C3%AD-zalo%C5%BEen%C3%AD-v%C4%8Dela%C5%99.JPG\"\n               title=\"\"\n               data-src=\"http:\/\/www.vcelarskyspolek.cz\/wp-content\/gallery\/Klatovy-15.9.2016\/072-DSCF2776-na-slavnostn%C3%AD-sch%C5%AFzi-ke-120.-v%C3%BDro%C4%8D%C3%AD-zalo%C5%BEen%C3%AD-v%C4%8Dela%C5%99.JPG\"\n               data-thumbnail=\"http:\/\/www.vcelarskyspolek.cz\/wp-content\/gallery\/Klatovy-15.9.2016\/thumbs\/thumbs_072-DSCF2776-na-slavnostn%C3%AD-sch%C5%AFzi-ke-120.-v%C3%BDro%C4%8D%C3%AD-zalo%C5%BEen%C3%AD-v%C4%8Dela%C5%99.JPG\"\n               data-image-id=\"1957\"\n               data-title=\"072-DSCF2776 na slavnostn\u00ed sch\u016fzi ke 120. v\u00fdro\u010d\u00ed zalo\u017een\u00ed v\u010dela\u0159\"\n               data-description=\"\"\n               data-image-slug=\"072-dscf2776-na-slavnostn%c3%ad-sch%c5%afzi-ke-120-v%c3%bdro%c4%8d%c3%ad-zalo%c5%been%c3%ad-v%c4%8dela%c5%99-1\"\n               class=\"ngg-fancybox\" rel=\"adb3c90bdd536d6f5890a66020a18e3b\">\n                <img\n                    title=\"072-DSCF2776 na slavnostn\u00ed sch\u016fzi ke 120. v\u00fdro\u010d\u00ed zalo\u017een\u00ed v\u010dela\u0159\"\n                    alt=\"072-DSCF2776 na slavnostn\u00ed sch\u016fzi ke 120. v\u00fdro\u010d\u00ed zalo\u017een\u00ed v\u010dela\u0159\"\n                    src=\"http:\/\/www.vcelarskyspolek.cz\/wp-content\/gallery\/Klatovy-15.9.2016\/thumbs\/thumbs_072-DSCF2776-na-slavnostn%C3%AD-sch%C5%AFzi-ke-120.-v%C3%BDro%C4%8D%C3%AD-zalo%C5%BEen%C3%AD-v%C4%8Dela%C5%99.JPG\"\n                    width=\"120\"\n                    height=\"90\"\n                    style=\"max-width:100%;\"\n                \/>\n            <\/a>\n        <\/div>\n\t\t\t\t\t\t\t<\/div> \n\t\t\t\n        \n\t\t\t\t<div id=\"ngg-image-72\" class=\"ngg-gallery-thumbnail-box\" >\n\t\t\t\t        <div class=\"ngg-gallery-thumbnail\">\n            <a href=\"http:\/\/www.vcelarskyspolek.cz\/wp-content\/gallery\/Klatovy-15.9.2016\/073-DSCF2777-zah%C3%A1jen%C3%AD-slavnostn%C3%AD-sch%C5%AFze-ke-120.-v%C3%BDro%C4%8D%C3%AD-zalo%C5%BEen%C3%AD.JPG\"\n               title=\"\"\n               data-src=\"http:\/\/www.vcelarskyspolek.cz\/wp-content\/gallery\/Klatovy-15.9.2016\/073-DSCF2777-zah%C3%A1jen%C3%AD-slavnostn%C3%AD-sch%C5%AFze-ke-120.-v%C3%BDro%C4%8D%C3%AD-zalo%C5%BEen%C3%AD.JPG\"\n               data-thumbnail=\"http:\/\/www.vcelarskyspolek.cz\/wp-content\/gallery\/Klatovy-15.9.2016\/thumbs\/thumbs_073-DSCF2777-zah%C3%A1jen%C3%AD-slavnostn%C3%AD-sch%C5%AFze-ke-120.-v%C3%BDro%C4%8D%C3%AD-zalo%C5%BEen%C3%AD.JPG\"\n               data-image-id=\"1958\"\n               data-title=\"073-DSCF2777 zah\u00e1jen\u00ed slavnostn\u00ed sch\u016fze ke 120. v\u00fdro\u010d\u00ed zalo\u017een\u00ed\"\n               data-description=\"\"\n               data-image-slug=\"073-dscf2777-zah%c3%a1jen%c3%ad-slavnostn%c3%ad-sch%c5%afze-ke-120-v%c3%bdro%c4%8d%c3%ad-zalo%c5%been%c3%ad-1\"\n               class=\"ngg-fancybox\" rel=\"adb3c90bdd536d6f5890a66020a18e3b\">\n                <img\n                    title=\"073-DSCF2777 zah\u00e1jen\u00ed slavnostn\u00ed sch\u016fze ke 120. v\u00fdro\u010d\u00ed zalo\u017een\u00ed\"\n                    alt=\"073-DSCF2777 zah\u00e1jen\u00ed slavnostn\u00ed sch\u016fze ke 120. v\u00fdro\u010d\u00ed zalo\u017een\u00ed\"\n                    src=\"http:\/\/www.vcelarskyspolek.cz\/wp-content\/gallery\/Klatovy-15.9.2016\/thumbs\/thumbs_073-DSCF2777-zah%C3%A1jen%C3%AD-slavnostn%C3%AD-sch%C5%AFze-ke-120.-v%C3%BDro%C4%8D%C3%AD-zalo%C5%BEen%C3%AD.JPG\"\n                    width=\"120\"\n                    height=\"90\"\n                    style=\"max-width:100%;\"\n                \/>\n            <\/a>\n        <\/div>\n\t\t\t\t\t\t\t<\/div> \n\t\t\t\n        \n\t\t\t\t<div id=\"ngg-image-73\" class=\"ngg-gallery-thumbnail-box\" >\n\t\t\t\t        <div class=\"ngg-gallery-thumbnail\">\n            <a href=\"http:\/\/www.vcelarskyspolek.cz\/wp-content\/gallery\/Klatovy-15.9.2016\/074-DSCF2779-na-slavnostn%C3%AD-sch%C5%AFzi-ke-120.-v%C3%BDro%C4%8D%C3%AD-zalo%C5%BEen%C3%AD-v%C4%8Dela.JPG\"\n               title=\"\"\n               data-src=\"http:\/\/www.vcelarskyspolek.cz\/wp-content\/gallery\/Klatovy-15.9.2016\/074-DSCF2779-na-slavnostn%C3%AD-sch%C5%AFzi-ke-120.-v%C3%BDro%C4%8D%C3%AD-zalo%C5%BEen%C3%AD-v%C4%8Dela.JPG\"\n               data-thumbnail=\"http:\/\/www.vcelarskyspolek.cz\/wp-content\/gallery\/Klatovy-15.9.2016\/thumbs\/thumbs_074-DSCF2779-na-slavnostn%C3%AD-sch%C5%AFzi-ke-120.-v%C3%BDro%C4%8D%C3%AD-zalo%C5%BEen%C3%AD-v%C4%8Dela.JPG\"\n               data-image-id=\"1959\"\n               data-title=\"074-DSCF2779 na slavnostn\u00ed sch\u016fzi ke 120. v\u00fdro\u010d\u00ed zalo\u017een\u00ed v\u010dela\"\n               data-description=\"\"\n               data-image-slug=\"074-dscf2779-na-slavnostn%c3%ad-sch%c5%afzi-ke-120-v%c3%bdro%c4%8d%c3%ad-zalo%c5%been%c3%ad-v%c4%8dela-1\"\n               class=\"ngg-fancybox\" rel=\"adb3c90bdd536d6f5890a66020a18e3b\">\n                <img\n                    title=\"074-DSCF2779 na slavnostn\u00ed sch\u016fzi ke 120. v\u00fdro\u010d\u00ed zalo\u017een\u00ed v\u010dela\"\n                    alt=\"074-DSCF2779 na slavnostn\u00ed sch\u016fzi ke 120. v\u00fdro\u010d\u00ed zalo\u017een\u00ed v\u010dela\"\n                    src=\"http:\/\/www.vcelarskyspolek.cz\/wp-content\/gallery\/Klatovy-15.9.2016\/thumbs\/thumbs_074-DSCF2779-na-slavnostn%C3%AD-sch%C5%AFzi-ke-120.-v%C3%BDro%C4%8D%C3%AD-zalo%C5%BEen%C3%AD-v%C4%8Dela.JPG\"\n                    width=\"120\"\n                    height=\"90\"\n                    style=\"max-width:100%;\"\n                \/>\n            <\/a>\n        <\/div>\n\t\t\t\t\t\t\t<\/div> \n\t\t\t\n        \n\t\t\t\t<div id=\"ngg-image-74\" class=\"ngg-gallery-thumbnail-box\" >\n\t\t\t\t        <div class=\"ngg-gallery-thumbnail\">\n            <a href=\"http:\/\/www.vcelarskyspolek.cz\/wp-content\/gallery\/Klatovy-15.9.2016\/075-IMG_9421.JPG\"\n               title=\"\"\n               data-src=\"http:\/\/www.vcelarskyspolek.cz\/wp-content\/gallery\/Klatovy-15.9.2016\/075-IMG_9421.JPG\"\n               data-thumbnail=\"http:\/\/www.vcelarskyspolek.cz\/wp-content\/gallery\/Klatovy-15.9.2016\/thumbs\/thumbs_075-IMG_9421.JPG\"\n               data-image-id=\"1960\"\n               data-title=\"075-IMG_9421\"\n               data-description=\"\"\n               data-image-slug=\"075-img_9421\"\n               class=\"ngg-fancybox\" rel=\"adb3c90bdd536d6f5890a66020a18e3b\">\n                <img\n                    title=\"075-IMG_9421\"\n                    alt=\"075-IMG_9421\"\n                    src=\"http:\/\/www.vcelarskyspolek.cz\/wp-content\/gallery\/Klatovy-15.9.2016\/thumbs\/thumbs_075-IMG_9421.JPG\"\n                    width=\"120\"\n                    height=\"90\"\n                    style=\"max-width:100%;\"\n                \/>\n            <\/a>\n        <\/div>\n\t\t\t\t\t\t\t<\/div> \n\t\t\t\n        \n\t\t\t\t<div id=\"ngg-image-75\" class=\"ngg-gallery-thumbnail-box\" >\n\t\t\t\t        <div class=\"ngg-gallery-thumbnail\">\n            <a href=\"http:\/\/www.vcelarskyspolek.cz\/wp-content\/gallery\/Klatovy-15.9.2016\/076-IMG_9422.JPG\"\n               title=\"\"\n               data-src=\"http:\/\/www.vcelarskyspolek.cz\/wp-content\/gallery\/Klatovy-15.9.2016\/076-IMG_9422.JPG\"\n               data-thumbnail=\"http:\/\/www.vcelarskyspolek.cz\/wp-content\/gallery\/Klatovy-15.9.2016\/thumbs\/thumbs_076-IMG_9422.JPG\"\n               data-image-id=\"1961\"\n               data-title=\"076-IMG_9422\"\n               data-description=\"\"\n               data-image-slug=\"076-img_9422\"\n               class=\"ngg-fancybox\" rel=\"adb3c90bdd536d6f5890a66020a18e3b\">\n                <img\n                    title=\"076-IMG_9422\"\n                    alt=\"076-IMG_9422\"\n                    src=\"http:\/\/www.vcelarskyspolek.cz\/wp-content\/gallery\/Klatovy-15.9.2016\/thumbs\/thumbs_076-IMG_9422.JPG\"\n                    width=\"120\"\n                    height=\"90\"\n                    style=\"max-width:100%;\"\n                \/>\n            <\/a>\n        <\/div>\n\t\t\t\t\t\t\t<\/div> \n\t\t\t\n        \n\t\t\t\t<div id=\"ngg-image-76\" class=\"ngg-gallery-thumbnail-box\" >\n\t\t\t\t        <div class=\"ngg-gallery-thumbnail\">\n            <a href=\"http:\/\/www.vcelarskyspolek.cz\/wp-content\/gallery\/Klatovy-15.9.2016\/077-IMG_9429.JPG\"\n               title=\"\"\n               data-src=\"http:\/\/www.vcelarskyspolek.cz\/wp-content\/gallery\/Klatovy-15.9.2016\/077-IMG_9429.JPG\"\n               data-thumbnail=\"http:\/\/www.vcelarskyspolek.cz\/wp-content\/gallery\/Klatovy-15.9.2016\/thumbs\/thumbs_077-IMG_9429.JPG\"\n               data-image-id=\"1962\"\n               data-title=\"077-IMG_9429\"\n               data-description=\"\"\n               data-image-slug=\"077-img_9429\"\n               class=\"ngg-fancybox\" rel=\"adb3c90bdd536d6f5890a66020a18e3b\">\n                <img\n                    title=\"077-IMG_9429\"\n                    alt=\"077-IMG_9429\"\n                    src=\"http:\/\/www.vcelarskyspolek.cz\/wp-content\/gallery\/Klatovy-15.9.2016\/thumbs\/thumbs_077-IMG_9429.JPG\"\n                    width=\"120\"\n                    height=\"90\"\n                    style=\"max-width:100%;\"\n                \/>\n            <\/a>\n        <\/div>\n\t\t\t\t\t\t\t<\/div> \n\t\t\t\n        \n\t\t\t\t<div id=\"ngg-image-77\" class=\"ngg-gallery-thumbnail-box\" >\n\t\t\t\t        <div class=\"ngg-gallery-thumbnail\">\n            <a href=\"http:\/\/www.vcelarskyspolek.cz\/wp-content\/gallery\/Klatovy-15.9.2016\/078-IMG_9430.JPG\"\n               title=\"\"\n               data-src=\"http:\/\/www.vcelarskyspolek.cz\/wp-content\/gallery\/Klatovy-15.9.2016\/078-IMG_9430.JPG\"\n               data-thumbnail=\"http:\/\/www.vcelarskyspolek.cz\/wp-content\/gallery\/Klatovy-15.9.2016\/thumbs\/thumbs_078-IMG_9430.JPG\"\n               data-image-id=\"1963\"\n               data-title=\"078-IMG_9430\"\n               data-description=\"\"\n               data-image-slug=\"078-img_9430\"\n               class=\"ngg-fancybox\" rel=\"adb3c90bdd536d6f5890a66020a18e3b\">\n                <img\n                    title=\"078-IMG_9430\"\n                    alt=\"078-IMG_9430\"\n                    src=\"http:\/\/www.vcelarskyspolek.cz\/wp-content\/gallery\/Klatovy-15.9.2016\/thumbs\/thumbs_078-IMG_9430.JPG\"\n                    width=\"120\"\n                    height=\"90\"\n                    style=\"max-width:100%;\"\n                \/>\n            <\/a>\n        <\/div>\n\t\t\t\t\t\t\t<\/div> \n\t\t\t\n        \n\t\t\t\t<div id=\"ngg-image-78\" class=\"ngg-gallery-thumbnail-box\" >\n\t\t\t\t        <div class=\"ngg-gallery-thumbnail\">\n            <a href=\"http:\/\/www.vcelarskyspolek.cz\/wp-content\/gallery\/Klatovy-15.9.2016\/079-DSCF2783-zdravice-z%C3%A1stupc%C5%AF-host%C5%AF-na-slavnostn%C3%AD-sch%C5%AFzi-ke-1.JPG\"\n               title=\"\"\n               data-src=\"http:\/\/www.vcelarskyspolek.cz\/wp-content\/gallery\/Klatovy-15.9.2016\/079-DSCF2783-zdravice-z%C3%A1stupc%C5%AF-host%C5%AF-na-slavnostn%C3%AD-sch%C5%AFzi-ke-1.JPG\"\n               data-thumbnail=\"http:\/\/www.vcelarskyspolek.cz\/wp-content\/gallery\/Klatovy-15.9.2016\/thumbs\/thumbs_079-DSCF2783-zdravice-z%C3%A1stupc%C5%AF-host%C5%AF-na-slavnostn%C3%AD-sch%C5%AFzi-ke-1.JPG\"\n               data-image-id=\"1964\"\n               data-title=\"079-DSCF2783 zdravice z\u00e1stupc\u016f host\u016f - na slavnostn\u00ed sch\u016fzi ke 1\"\n               data-description=\"\"\n               data-image-slug=\"079-dscf2783-zdravice-z%c3%a1stupc%c5%af-host%c5%af-na-slavnostn%c3%ad-sch%c5%afzi-ke-1-1\"\n               class=\"ngg-fancybox\" rel=\"adb3c90bdd536d6f5890a66020a18e3b\">\n                <img\n                    title=\"079-DSCF2783 zdravice z\u00e1stupc\u016f host\u016f - na slavnostn\u00ed sch\u016fzi ke 1\"\n                    alt=\"079-DSCF2783 zdravice z\u00e1stupc\u016f host\u016f - na slavnostn\u00ed sch\u016fzi ke 1\"\n                    src=\"http:\/\/www.vcelarskyspolek.cz\/wp-content\/gallery\/Klatovy-15.9.2016\/thumbs\/thumbs_079-DSCF2783-zdravice-z%C3%A1stupc%C5%AF-host%C5%AF-na-slavnostn%C3%AD-sch%C5%AFzi-ke-1.JPG\"\n                    width=\"120\"\n                    height=\"90\"\n                    style=\"max-width:100%;\"\n                \/>\n            <\/a>\n        <\/div>\n\t\t\t\t\t\t\t<\/div> \n\t\t\t\n        \n\t\t\t\t<div id=\"ngg-image-79\" class=\"ngg-gallery-thumbnail-box\" >\n\t\t\t\t        <div class=\"ngg-gallery-thumbnail\">\n            <a href=\"http:\/\/www.vcelarskyspolek.cz\/wp-content\/gallery\/Klatovy-15.9.2016\/080-IMG_9473.JPG\"\n               title=\"\"\n               data-src=\"http:\/\/www.vcelarskyspolek.cz\/wp-content\/gallery\/Klatovy-15.9.2016\/080-IMG_9473.JPG\"\n               data-thumbnail=\"http:\/\/www.vcelarskyspolek.cz\/wp-content\/gallery\/Klatovy-15.9.2016\/thumbs\/thumbs_080-IMG_9473.JPG\"\n               data-image-id=\"1965\"\n               data-title=\"080-IMG_9473\"\n               data-description=\"\"\n               data-image-slug=\"080-img_9473\"\n               class=\"ngg-fancybox\" rel=\"adb3c90bdd536d6f5890a66020a18e3b\">\n                <img\n                    title=\"080-IMG_9473\"\n                    alt=\"080-IMG_9473\"\n                    src=\"http:\/\/www.vcelarskyspolek.cz\/wp-content\/gallery\/Klatovy-15.9.2016\/thumbs\/thumbs_080-IMG_9473.JPG\"\n                    width=\"120\"\n                    height=\"90\"\n                    style=\"max-width:100%;\"\n                \/>\n            <\/a>\n        <\/div>\n\t\t\t\t\t\t\t<\/div> \n\t\t\t\n        \n\t\t\t\t<div id=\"ngg-image-80\" class=\"ngg-gallery-thumbnail-box\" >\n\t\t\t\t        <div class=\"ngg-gallery-thumbnail\">\n            <a href=\"http:\/\/www.vcelarskyspolek.cz\/wp-content\/gallery\/Klatovy-15.9.2016\/081-IMG_9498.JPG\"\n               title=\"\"\n               data-src=\"http:\/\/www.vcelarskyspolek.cz\/wp-content\/gallery\/Klatovy-15.9.2016\/081-IMG_9498.JPG\"\n               data-thumbnail=\"http:\/\/www.vcelarskyspolek.cz\/wp-content\/gallery\/Klatovy-15.9.2016\/thumbs\/thumbs_081-IMG_9498.JPG\"\n               data-image-id=\"1966\"\n               data-title=\"081-IMG_9498\"\n               data-description=\"\"\n               data-image-slug=\"081-img_9498\"\n               class=\"ngg-fancybox\" rel=\"adb3c90bdd536d6f5890a66020a18e3b\">\n                <img\n                    title=\"081-IMG_9498\"\n                    alt=\"081-IMG_9498\"\n                    src=\"http:\/\/www.vcelarskyspolek.cz\/wp-content\/gallery\/Klatovy-15.9.2016\/thumbs\/thumbs_081-IMG_9498.JPG\"\n                    width=\"120\"\n                    height=\"90\"\n                    style=\"max-width:100%;\"\n                \/>\n            <\/a>\n        <\/div>\n\t\t\t\t\t\t\t<\/div> \n\t\t\t\n        \n\t\t\t\t<div id=\"ngg-image-81\" class=\"ngg-gallery-thumbnail-box\" >\n\t\t\t\t        <div class=\"ngg-gallery-thumbnail\">\n            <a href=\"http:\/\/www.vcelarskyspolek.cz\/wp-content\/gallery\/Klatovy-15.9.2016\/082-IMG_9514.JPG\"\n               title=\"\"\n               data-src=\"http:\/\/www.vcelarskyspolek.cz\/wp-content\/gallery\/Klatovy-15.9.2016\/082-IMG_9514.JPG\"\n               data-thumbnail=\"http:\/\/www.vcelarskyspolek.cz\/wp-content\/gallery\/Klatovy-15.9.2016\/thumbs\/thumbs_082-IMG_9514.JPG\"\n               data-image-id=\"1967\"\n               data-title=\"082-IMG_9514\"\n               data-description=\"\"\n               data-image-slug=\"082-img_9514\"\n               class=\"ngg-fancybox\" rel=\"adb3c90bdd536d6f5890a66020a18e3b\">\n                <img\n                    title=\"082-IMG_9514\"\n                    alt=\"082-IMG_9514\"\n                    src=\"http:\/\/www.vcelarskyspolek.cz\/wp-content\/gallery\/Klatovy-15.9.2016\/thumbs\/thumbs_082-IMG_9514.JPG\"\n                    width=\"120\"\n                    height=\"90\"\n                    style=\"max-width:100%;\"\n                \/>\n            <\/a>\n        <\/div>\n\t\t\t\t\t\t\t<\/div> \n\t\t\t\n        \n\t\t\t\t<div id=\"ngg-image-82\" class=\"ngg-gallery-thumbnail-box\" >\n\t\t\t\t        <div class=\"ngg-gallery-thumbnail\">\n            <a href=\"http:\/\/www.vcelarskyspolek.cz\/wp-content\/gallery\/Klatovy-15.9.2016\/083-IMG_9526.JPG\"\n               title=\"\"\n               data-src=\"http:\/\/www.vcelarskyspolek.cz\/wp-content\/gallery\/Klatovy-15.9.2016\/083-IMG_9526.JPG\"\n               data-thumbnail=\"http:\/\/www.vcelarskyspolek.cz\/wp-content\/gallery\/Klatovy-15.9.2016\/thumbs\/thumbs_083-IMG_9526.JPG\"\n               data-image-id=\"1968\"\n               data-title=\"083-IMG_9526\"\n               data-description=\"\"\n               data-image-slug=\"083-img_9526\"\n               class=\"ngg-fancybox\" rel=\"adb3c90bdd536d6f5890a66020a18e3b\">\n                <img\n                    title=\"083-IMG_9526\"\n                    alt=\"083-IMG_9526\"\n                    src=\"http:\/\/www.vcelarskyspolek.cz\/wp-content\/gallery\/Klatovy-15.9.2016\/thumbs\/thumbs_083-IMG_9526.JPG\"\n                    width=\"120\"\n                    height=\"90\"\n                    style=\"max-width:100%;\"\n                \/>\n            <\/a>\n        <\/div>\n\t\t\t\t\t\t\t<\/div> \n\t\t\t\n        \n\t\t\t\t<div id=\"ngg-image-83\" class=\"ngg-gallery-thumbnail-box\" >\n\t\t\t\t        <div class=\"ngg-gallery-thumbnail\">\n            <a href=\"http:\/\/www.vcelarskyspolek.cz\/wp-content\/gallery\/Klatovy-15.9.2016\/084-DSCF2785-tane%C4%8Dnice-flamenga-na-slavnostn%C3%AD-sch%C5%AFzi-ke-120.-v%C3%BDr.JPG\"\n               title=\"\"\n               data-src=\"http:\/\/www.vcelarskyspolek.cz\/wp-content\/gallery\/Klatovy-15.9.2016\/084-DSCF2785-tane%C4%8Dnice-flamenga-na-slavnostn%C3%AD-sch%C5%AFzi-ke-120.-v%C3%BDr.JPG\"\n               data-thumbnail=\"http:\/\/www.vcelarskyspolek.cz\/wp-content\/gallery\/Klatovy-15.9.2016\/thumbs\/thumbs_084-DSCF2785-tane%C4%8Dnice-flamenga-na-slavnostn%C3%AD-sch%C5%AFzi-ke-120.-v%C3%BDr.JPG\"\n               data-image-id=\"1969\"\n               data-title=\"084-DSCF2785 tane\u010dnice flamenga na slavnostn\u00ed sch\u016fzi ke 120. v\u00fdr\"\n               data-description=\"\"\n               data-image-slug=\"084-dscf2785-tane%c4%8dnice-flamenga-na-slavnostn%c3%ad-sch%c5%afzi-ke-120-v%c3%bdr-1\"\n               class=\"ngg-fancybox\" rel=\"adb3c90bdd536d6f5890a66020a18e3b\">\n                <img\n                    title=\"084-DSCF2785 tane\u010dnice flamenga na slavnostn\u00ed sch\u016fzi ke 120. v\u00fdr\"\n                    alt=\"084-DSCF2785 tane\u010dnice flamenga na slavnostn\u00ed sch\u016fzi ke 120. v\u00fdr\"\n                    src=\"http:\/\/www.vcelarskyspolek.cz\/wp-content\/gallery\/Klatovy-15.9.2016\/thumbs\/thumbs_084-DSCF2785-tane%C4%8Dnice-flamenga-na-slavnostn%C3%AD-sch%C5%AFzi-ke-120.-v%C3%BDr.JPG\"\n                    width=\"120\"\n                    height=\"90\"\n                    style=\"max-width:100%;\"\n                \/>\n            <\/a>\n        <\/div>\n\t\t\t\t\t\t\t<\/div> \n\t\t\t\n        \n\t\t\t\t<div id=\"ngg-image-84\" class=\"ngg-gallery-thumbnail-box\" >\n\t\t\t\t        <div class=\"ngg-gallery-thumbnail\">\n            <a href=\"http:\/\/www.vcelarskyspolek.cz\/wp-content\/gallery\/Klatovy-15.9.2016\/085-DSCF2786-vystoupen%C3%AD-b%C5%99i%C5%A1n%C3%ADch-tane%C4%8Dnic-na-slavnostn%C3%AD-sch%C5%AFzi-k.JPG\"\n               title=\"\"\n               data-src=\"http:\/\/www.vcelarskyspolek.cz\/wp-content\/gallery\/Klatovy-15.9.2016\/085-DSCF2786-vystoupen%C3%AD-b%C5%99i%C5%A1n%C3%ADch-tane%C4%8Dnic-na-slavnostn%C3%AD-sch%C5%AFzi-k.JPG\"\n               data-thumbnail=\"http:\/\/www.vcelarskyspolek.cz\/wp-content\/gallery\/Klatovy-15.9.2016\/thumbs\/thumbs_085-DSCF2786-vystoupen%C3%AD-b%C5%99i%C5%A1n%C3%ADch-tane%C4%8Dnic-na-slavnostn%C3%AD-sch%C5%AFzi-k.JPG\"\n               data-image-id=\"1970\"\n               data-title=\"085-DSCF2786 vystoupen\u00ed b\u0159i\u0161n\u00edch tane\u010dnic na slavnostn\u00ed sch\u016fzi k\"\n               data-description=\"\"\n               data-image-slug=\"085-dscf2786-vystoupen%c3%ad-b%c5%99i%c5%a1n%c3%adch-tane%c4%8dnic-na-slavnostn%c3%ad-sch%c5%afzi-k-1\"\n               class=\"ngg-fancybox\" rel=\"adb3c90bdd536d6f5890a66020a18e3b\">\n                <img\n                    title=\"085-DSCF2786 vystoupen\u00ed b\u0159i\u0161n\u00edch tane\u010dnic na slavnostn\u00ed sch\u016fzi k\"\n                    alt=\"085-DSCF2786 vystoupen\u00ed b\u0159i\u0161n\u00edch tane\u010dnic na slavnostn\u00ed sch\u016fzi k\"\n                    src=\"http:\/\/www.vcelarskyspolek.cz\/wp-content\/gallery\/Klatovy-15.9.2016\/thumbs\/thumbs_085-DSCF2786-vystoupen%C3%AD-b%C5%99i%C5%A1n%C3%ADch-tane%C4%8Dnic-na-slavnostn%C3%AD-sch%C5%AFzi-k.JPG\"\n                    width=\"120\"\n                    height=\"90\"\n                    style=\"max-width:100%;\"\n                \/>\n            <\/a>\n        <\/div>\n\t\t\t\t\t\t\t<\/div> \n\t\t\t\n        \n\t\t\t\t<div id=\"ngg-image-85\" class=\"ngg-gallery-thumbnail-box\" >\n\t\t\t\t        <div class=\"ngg-gallery-thumbnail\">\n            <a href=\"http:\/\/www.vcelarskyspolek.cz\/wp-content\/gallery\/Klatovy-15.9.2016\/086-IMG_9535.JPG\"\n               title=\"\"\n               data-src=\"http:\/\/www.vcelarskyspolek.cz\/wp-content\/gallery\/Klatovy-15.9.2016\/086-IMG_9535.JPG\"\n               data-thumbnail=\"http:\/\/www.vcelarskyspolek.cz\/wp-content\/gallery\/Klatovy-15.9.2016\/thumbs\/thumbs_086-IMG_9535.JPG\"\n               data-image-id=\"1971\"\n               data-title=\"086-IMG_9535\"\n               data-description=\"\"\n               data-image-slug=\"086-img_9535\"\n               class=\"ngg-fancybox\" rel=\"adb3c90bdd536d6f5890a66020a18e3b\">\n                <img\n                    title=\"086-IMG_9535\"\n                    alt=\"086-IMG_9535\"\n                    src=\"http:\/\/www.vcelarskyspolek.cz\/wp-content\/gallery\/Klatovy-15.9.2016\/thumbs\/thumbs_086-IMG_9535.JPG\"\n                    width=\"120\"\n                    height=\"90\"\n                    style=\"max-width:100%;\"\n                \/>\n            <\/a>\n        <\/div>\n\t\t\t\t\t\t\t<\/div> \n\t\t\t\n        \n\t\t\t\t<div id=\"ngg-image-86\" class=\"ngg-gallery-thumbnail-box\" >\n\t\t\t\t        <div class=\"ngg-gallery-thumbnail\">\n            <a href=\"http:\/\/www.vcelarskyspolek.cz\/wp-content\/gallery\/Klatovy-15.9.2016\/087-DSCF2787-folkl%C3%B3rn%C3%AD-soubor-na-slavnostn%C3%AD-sch%C5%AFzi-ke-120.-v%C3%BDro%C4%8D.JPG\"\n               title=\"\"\n               data-src=\"http:\/\/www.vcelarskyspolek.cz\/wp-content\/gallery\/Klatovy-15.9.2016\/087-DSCF2787-folkl%C3%B3rn%C3%AD-soubor-na-slavnostn%C3%AD-sch%C5%AFzi-ke-120.-v%C3%BDro%C4%8D.JPG\"\n               data-thumbnail=\"http:\/\/www.vcelarskyspolek.cz\/wp-content\/gallery\/Klatovy-15.9.2016\/thumbs\/thumbs_087-DSCF2787-folkl%C3%B3rn%C3%AD-soubor-na-slavnostn%C3%AD-sch%C5%AFzi-ke-120.-v%C3%BDro%C4%8D.JPG\"\n               data-image-id=\"1972\"\n               data-title=\"087-DSCF2787 folkl\u00f3rn\u00ed soubor na slavnostn\u00ed sch\u016fzi ke 120. v\u00fdro\u010d\"\n               data-description=\"\"\n               data-image-slug=\"087-dscf2787-folkl%c3%b3rn%c3%ad-soubor-na-slavnostn%c3%ad-sch%c5%afzi-ke-120-v%c3%bdro%c4%8d-1\"\n               class=\"ngg-fancybox\" rel=\"adb3c90bdd536d6f5890a66020a18e3b\">\n                <img\n                    title=\"087-DSCF2787 folkl\u00f3rn\u00ed soubor na slavnostn\u00ed sch\u016fzi ke 120. v\u00fdro\u010d\"\n                    alt=\"087-DSCF2787 folkl\u00f3rn\u00ed soubor na slavnostn\u00ed sch\u016fzi ke 120. v\u00fdro\u010d\"\n                    src=\"http:\/\/www.vcelarskyspolek.cz\/wp-content\/gallery\/Klatovy-15.9.2016\/thumbs\/thumbs_087-DSCF2787-folkl%C3%B3rn%C3%AD-soubor-na-slavnostn%C3%AD-sch%C5%AFzi-ke-120.-v%C3%BDro%C4%8D.JPG\"\n                    width=\"120\"\n                    height=\"90\"\n                    style=\"max-width:100%;\"\n                \/>\n            <\/a>\n        <\/div>\n\t\t\t\t\t\t\t<\/div> \n\t\t\t\n        \n\t\t\t\t<div id=\"ngg-image-87\" class=\"ngg-gallery-thumbnail-box\" >\n\t\t\t\t        <div class=\"ngg-gallery-thumbnail\">\n            <a href=\"http:\/\/www.vcelarskyspolek.cz\/wp-content\/gallery\/Klatovy-15.9.2016\/088-IMG_9537.JPG\"\n               title=\"\"\n               data-src=\"http:\/\/www.vcelarskyspolek.cz\/wp-content\/gallery\/Klatovy-15.9.2016\/088-IMG_9537.JPG\"\n               data-thumbnail=\"http:\/\/www.vcelarskyspolek.cz\/wp-content\/gallery\/Klatovy-15.9.2016\/thumbs\/thumbs_088-IMG_9537.JPG\"\n               data-image-id=\"1973\"\n               data-title=\"088-IMG_9537\"\n               data-description=\"\"\n               data-image-slug=\"088-img_9537\"\n               class=\"ngg-fancybox\" rel=\"adb3c90bdd536d6f5890a66020a18e3b\">\n                <img\n                    title=\"088-IMG_9537\"\n                    alt=\"088-IMG_9537\"\n                    src=\"http:\/\/www.vcelarskyspolek.cz\/wp-content\/gallery\/Klatovy-15.9.2016\/thumbs\/thumbs_088-IMG_9537.JPG\"\n                    width=\"120\"\n                    height=\"90\"\n                    style=\"max-width:100%;\"\n                \/>\n            <\/a>\n        <\/div>\n\t\t\t\t\t\t\t<\/div> \n\t\t\t\n        \n\t\t\t\t<div id=\"ngg-image-88\" class=\"ngg-gallery-thumbnail-box\" >\n\t\t\t\t        <div class=\"ngg-gallery-thumbnail\">\n            <a href=\"http:\/\/www.vcelarskyspolek.cz\/wp-content\/gallery\/Klatovy-15.9.2016\/089-IMG_9551.JPG\"\n               title=\"\"\n               data-src=\"http:\/\/www.vcelarskyspolek.cz\/wp-content\/gallery\/Klatovy-15.9.2016\/089-IMG_9551.JPG\"\n               data-thumbnail=\"http:\/\/www.vcelarskyspolek.cz\/wp-content\/gallery\/Klatovy-15.9.2016\/thumbs\/thumbs_089-IMG_9551.JPG\"\n               data-image-id=\"1974\"\n               data-title=\"089-IMG_9551\"\n               data-description=\"\"\n               data-image-slug=\"089-img_9551\"\n               class=\"ngg-fancybox\" rel=\"adb3c90bdd536d6f5890a66020a18e3b\">\n                <img\n                    title=\"089-IMG_9551\"\n                    alt=\"089-IMG_9551\"\n                    src=\"http:\/\/www.vcelarskyspolek.cz\/wp-content\/gallery\/Klatovy-15.9.2016\/thumbs\/thumbs_089-IMG_9551.JPG\"\n                    width=\"120\"\n                    height=\"90\"\n                    style=\"max-width:100%;\"\n                \/>\n            <\/a>\n        <\/div>\n\t\t\t\t\t\t\t<\/div> \n\t\t\t\n        \n\t\t\t\t<div id=\"ngg-image-89\" class=\"ngg-gallery-thumbnail-box\" >\n\t\t\t\t        <div class=\"ngg-gallery-thumbnail\">\n            <a href=\"http:\/\/www.vcelarskyspolek.cz\/wp-content\/gallery\/Klatovy-15.9.2016\/090-IMG_9573.JPG\"\n               title=\"\"\n               data-src=\"http:\/\/www.vcelarskyspolek.cz\/wp-content\/gallery\/Klatovy-15.9.2016\/090-IMG_9573.JPG\"\n               data-thumbnail=\"http:\/\/www.vcelarskyspolek.cz\/wp-content\/gallery\/Klatovy-15.9.2016\/thumbs\/thumbs_090-IMG_9573.JPG\"\n               data-image-id=\"1975\"\n               data-title=\"090-IMG_9573\"\n               data-description=\"\"\n               data-image-slug=\"090-img_9573\"\n               class=\"ngg-fancybox\" rel=\"adb3c90bdd536d6f5890a66020a18e3b\">\n                <img\n                    title=\"090-IMG_9573\"\n                    alt=\"090-IMG_9573\"\n                    src=\"http:\/\/www.vcelarskyspolek.cz\/wp-content\/gallery\/Klatovy-15.9.2016\/thumbs\/thumbs_090-IMG_9573.JPG\"\n                    width=\"120\"\n                    height=\"90\"\n                    style=\"max-width:100%;\"\n                \/>\n            <\/a>\n        <\/div>\n\t\t\t\t\t\t\t<\/div> \n\t\t\t\n        \n\t\t\t\t<div id=\"ngg-image-90\" class=\"ngg-gallery-thumbnail-box\" >\n\t\t\t\t        <div class=\"ngg-gallery-thumbnail\">\n            <a href=\"http:\/\/www.vcelarskyspolek.cz\/wp-content\/gallery\/Klatovy-15.9.2016\/091-DSCF2794-folkl%C3%B3rn%C3%AD-soubor-na-slavnostn%C3%AD-sch%C5%AFzi-ke-120.-v%C3%BDro%C4%8D.JPG\"\n               title=\"\"\n               data-src=\"http:\/\/www.vcelarskyspolek.cz\/wp-content\/gallery\/Klatovy-15.9.2016\/091-DSCF2794-folkl%C3%B3rn%C3%AD-soubor-na-slavnostn%C3%AD-sch%C5%AFzi-ke-120.-v%C3%BDro%C4%8D.JPG\"\n               data-thumbnail=\"http:\/\/www.vcelarskyspolek.cz\/wp-content\/gallery\/Klatovy-15.9.2016\/thumbs\/thumbs_091-DSCF2794-folkl%C3%B3rn%C3%AD-soubor-na-slavnostn%C3%AD-sch%C5%AFzi-ke-120.-v%C3%BDro%C4%8D.JPG\"\n               data-image-id=\"1976\"\n               data-title=\"091-DSCF2794 folkl\u00f3rn\u00ed soubor na slavnostn\u00ed sch\u016fzi ke 120. v\u00fdro\u010d\"\n               data-description=\"\"\n               data-image-slug=\"091-dscf2794-folkl%c3%b3rn%c3%ad-soubor-na-slavnostn%c3%ad-sch%c5%afzi-ke-120-v%c3%bdro%c4%8d-1\"\n               class=\"ngg-fancybox\" rel=\"adb3c90bdd536d6f5890a66020a18e3b\">\n                <img\n                    title=\"091-DSCF2794 folkl\u00f3rn\u00ed soubor na slavnostn\u00ed sch\u016fzi ke 120. v\u00fdro\u010d\"\n                    alt=\"091-DSCF2794 folkl\u00f3rn\u00ed soubor na slavnostn\u00ed sch\u016fzi ke 120. v\u00fdro\u010d\"\n                    src=\"http:\/\/www.vcelarskyspolek.cz\/wp-content\/gallery\/Klatovy-15.9.2016\/thumbs\/thumbs_091-DSCF2794-folkl%C3%B3rn%C3%AD-soubor-na-slavnostn%C3%AD-sch%C5%AFzi-ke-120.-v%C3%BDro%C4%8D.JPG\"\n                    width=\"120\"\n                    height=\"90\"\n                    style=\"max-width:100%;\"\n                \/>\n            <\/a>\n        <\/div>\n\t\t\t\t\t\t\t<\/div> \n\t\t\t\n        \n\t\t\t\t<div id=\"ngg-image-91\" class=\"ngg-gallery-thumbnail-box\" >\n\t\t\t\t        <div class=\"ngg-gallery-thumbnail\">\n            <a href=\"http:\/\/www.vcelarskyspolek.cz\/wp-content\/gallery\/Klatovy-15.9.2016\/092-DSCF2795-p%C4%9Bveck%C3%BD-soubor-p%C3%ADse%C5%88-V%C4%8Delka-M%C3%A1ja-na-slavnostn%C3%AD-.JPG\"\n               title=\"\"\n               data-src=\"http:\/\/www.vcelarskyspolek.cz\/wp-content\/gallery\/Klatovy-15.9.2016\/092-DSCF2795-p%C4%9Bveck%C3%BD-soubor-p%C3%ADse%C5%88-V%C4%8Delka-M%C3%A1ja-na-slavnostn%C3%AD-.JPG\"\n               data-thumbnail=\"http:\/\/www.vcelarskyspolek.cz\/wp-content\/gallery\/Klatovy-15.9.2016\/thumbs\/thumbs_092-DSCF2795-p%C4%9Bveck%C3%BD-soubor-p%C3%ADse%C5%88-V%C4%8Delka-M%C3%A1ja-na-slavnostn%C3%AD-.JPG\"\n               data-image-id=\"1977\"\n               data-title=\"092-DSCF2795 p\u011bveck\u00fd soubor - p\u00edse\u0148 V\u010delka M\u00e1ja - na slavnostn\u00ed\"\n               data-description=\"\"\n               data-image-slug=\"092-dscf2795-p%c4%9bveck%c3%bd-soubor-p%c3%adse%c5%88-v%c4%8delka-m%c3%a1ja-na-slavnostn%c3%ad-1\"\n               class=\"ngg-fancybox\" rel=\"adb3c90bdd536d6f5890a66020a18e3b\">\n                <img\n                    title=\"092-DSCF2795 p\u011bveck\u00fd soubor - p\u00edse\u0148 V\u010delka M\u00e1ja - na slavnostn\u00ed\"\n                    alt=\"092-DSCF2795 p\u011bveck\u00fd soubor - p\u00edse\u0148 V\u010delka M\u00e1ja - na slavnostn\u00ed\"\n                    src=\"http:\/\/www.vcelarskyspolek.cz\/wp-content\/gallery\/Klatovy-15.9.2016\/thumbs\/thumbs_092-DSCF2795-p%C4%9Bveck%C3%BD-soubor-p%C3%ADse%C5%88-V%C4%8Delka-M%C3%A1ja-na-slavnostn%C3%AD-.JPG\"\n                    width=\"120\"\n                    height=\"90\"\n                    style=\"max-width:100%;\"\n                \/>\n            <\/a>\n        <\/div>\n\t\t\t\t\t\t\t<\/div> \n\t\t\t\n        \n\t\t\t\t<div id=\"ngg-image-92\" class=\"ngg-gallery-thumbnail-box\" >\n\t\t\t\t        <div class=\"ngg-gallery-thumbnail\">\n            <a href=\"http:\/\/www.vcelarskyspolek.cz\/wp-content\/gallery\/Klatovy-15.9.2016\/093-DSCF2797-p%C4%9Bveck%C3%BD-soubor-p%C3%ADse%C5%88-%C5%A0li-panenky-na-slavnostn%C3%AD-.JPG\"\n               title=\"\"\n               data-src=\"http:\/\/www.vcelarskyspolek.cz\/wp-content\/gallery\/Klatovy-15.9.2016\/093-DSCF2797-p%C4%9Bveck%C3%BD-soubor-p%C3%ADse%C5%88-%C5%A0li-panenky-na-slavnostn%C3%AD-.JPG\"\n               data-thumbnail=\"http:\/\/www.vcelarskyspolek.cz\/wp-content\/gallery\/Klatovy-15.9.2016\/thumbs\/thumbs_093-DSCF2797-p%C4%9Bveck%C3%BD-soubor-p%C3%ADse%C5%88-%C5%A0li-panenky-na-slavnostn%C3%AD-.JPG\"\n               data-image-id=\"1978\"\n               data-title=\"093-DSCF2797 p\u011bveck\u00fd soubor - p\u00edse\u0148 \u0160li panenky - na slavnostn\u00ed\"\n               data-description=\"\"\n               data-image-slug=\"093-dscf2797-p%c4%9bveck%c3%bd-soubor-p%c3%adse%c5%88-%c5%a1li-panenky-na-slavnostn%c3%ad-1\"\n               class=\"ngg-fancybox\" rel=\"adb3c90bdd536d6f5890a66020a18e3b\">\n                <img\n                    title=\"093-DSCF2797 p\u011bveck\u00fd soubor - p\u00edse\u0148 \u0160li panenky - na slavnostn\u00ed\"\n                    alt=\"093-DSCF2797 p\u011bveck\u00fd soubor - p\u00edse\u0148 \u0160li panenky - na slavnostn\u00ed\"\n                    src=\"http:\/\/www.vcelarskyspolek.cz\/wp-content\/gallery\/Klatovy-15.9.2016\/thumbs\/thumbs_093-DSCF2797-p%C4%9Bveck%C3%BD-soubor-p%C3%ADse%C5%88-%C5%A0li-panenky-na-slavnostn%C3%AD-.JPG\"\n                    width=\"120\"\n                    height=\"90\"\n                    style=\"max-width:100%;\"\n                \/>\n            <\/a>\n        <\/div>\n\t\t\t\t\t\t\t<\/div> \n\t\t\t\n        \n\t\t\t\t<div id=\"ngg-image-93\" class=\"ngg-gallery-thumbnail-box\" >\n\t\t\t\t        <div class=\"ngg-gallery-thumbnail\">\n            <a href=\"http:\/\/www.vcelarskyspolek.cz\/wp-content\/gallery\/Klatovy-15.9.2016\/094-DSCF2798-p%C4%9Bveck%C3%BD-soubor-na-slavnostn%C3%AD-sch%C5%AFzi-ke-120.-v%C3%BDro.JPG\"\n               title=\"\"\n               data-src=\"http:\/\/www.vcelarskyspolek.cz\/wp-content\/gallery\/Klatovy-15.9.2016\/094-DSCF2798-p%C4%9Bveck%C3%BD-soubor-na-slavnostn%C3%AD-sch%C5%AFzi-ke-120.-v%C3%BDro.JPG\"\n               data-thumbnail=\"http:\/\/www.vcelarskyspolek.cz\/wp-content\/gallery\/Klatovy-15.9.2016\/thumbs\/thumbs_094-DSCF2798-p%C4%9Bveck%C3%BD-soubor-na-slavnostn%C3%AD-sch%C5%AFzi-ke-120.-v%C3%BDro.JPG\"\n               data-image-id=\"1979\"\n               data-title=\"094-DSCF2798 p\u011bveck\u00fd soubor - na slavnostn\u00ed sch\u016fzi ke 120. v\u00fdro\"\n               data-description=\"\"\n               data-image-slug=\"094-dscf2798-p%c4%9bveck%c3%bd-soubor-na-slavnostn%c3%ad-sch%c5%afzi-ke-120-v%c3%bdro-1\"\n               class=\"ngg-fancybox\" rel=\"adb3c90bdd536d6f5890a66020a18e3b\">\n                <img\n                    title=\"094-DSCF2798 p\u011bveck\u00fd soubor - na slavnostn\u00ed sch\u016fzi ke 120. v\u00fdro\"\n                    alt=\"094-DSCF2798 p\u011bveck\u00fd soubor - na slavnostn\u00ed sch\u016fzi ke 120. v\u00fdro\"\n                    src=\"http:\/\/www.vcelarskyspolek.cz\/wp-content\/gallery\/Klatovy-15.9.2016\/thumbs\/thumbs_094-DSCF2798-p%C4%9Bveck%C3%BD-soubor-na-slavnostn%C3%AD-sch%C5%AFzi-ke-120.-v%C3%BDro.JPG\"\n                    width=\"120\"\n                    height=\"90\"\n                    style=\"max-width:100%;\"\n                \/>\n            <\/a>\n        <\/div>\n\t\t\t\t\t\t\t<\/div> \n\t\t\t\n        \n\t\t\t\t<div id=\"ngg-image-94\" class=\"ngg-gallery-thumbnail-box\" >\n\t\t\t\t        <div class=\"ngg-gallery-thumbnail\">\n            <a href=\"http:\/\/www.vcelarskyspolek.cz\/wp-content\/gallery\/Klatovy-15.9.2016\/095-DSCF2810-Klatovy-radnice-s-%C4%8Cernou-v%C4%9B%C5%BE%C3%AD-a-kostel-Neposkvrn.JPG\"\n               title=\"\"\n               data-src=\"http:\/\/www.vcelarskyspolek.cz\/wp-content\/gallery\/Klatovy-15.9.2016\/095-DSCF2810-Klatovy-radnice-s-%C4%8Cernou-v%C4%9B%C5%BE%C3%AD-a-kostel-Neposkvrn.JPG\"\n               data-thumbnail=\"http:\/\/www.vcelarskyspolek.cz\/wp-content\/gallery\/Klatovy-15.9.2016\/thumbs\/thumbs_095-DSCF2810-Klatovy-radnice-s-%C4%8Cernou-v%C4%9B%C5%BE%C3%AD-a-kostel-Neposkvrn.JPG\"\n               data-image-id=\"1980\"\n               data-title=\"095-DSCF2810 Klatovy - radnice s \u010cernou v\u011b\u017e\u00ed a kostel Neposkvrn\"\n               data-description=\"\"\n               data-image-slug=\"095-dscf2810-klatovy-radnice-s-%c4%8dernou-v%c4%9b%c5%be%c3%ad-a-kostel-neposkvrn-1\"\n               class=\"ngg-fancybox\" rel=\"adb3c90bdd536d6f5890a66020a18e3b\">\n                <img\n                    title=\"095-DSCF2810 Klatovy - radnice s \u010cernou v\u011b\u017e\u00ed a kostel Neposkvrn\"\n                    alt=\"095-DSCF2810 Klatovy - radnice s \u010cernou v\u011b\u017e\u00ed a kostel Neposkvrn\"\n                    src=\"http:\/\/www.vcelarskyspolek.cz\/wp-content\/gallery\/Klatovy-15.9.2016\/thumbs\/thumbs_095-DSCF2810-Klatovy-radnice-s-%C4%8Cernou-v%C4%9B%C5%BE%C3%AD-a-kostel-Neposkvrn.JPG\"\n                    width=\"120\"\n                    height=\"90\"\n                    style=\"max-width:100%;\"\n                \/>\n            <\/a>\n        <\/div>\n\t\t\t\t\t\t\t<\/div> \n\t\t\t\n        \n\t\t\t\t<div id=\"ngg-image-95\" class=\"ngg-gallery-thumbnail-box\" >\n\t\t\t\t        <div class=\"ngg-gallery-thumbnail\">\n            <a href=\"http:\/\/www.vcelarskyspolek.cz\/wp-content\/gallery\/Klatovy-15.9.2016\/096-DSCF2821-hradeb%C3%AD-park%C3%A1ny-a-ba%C5%A1ty-v-Klatovech-12.9.2015-.JPG\"\n               title=\"\"\n               data-src=\"http:\/\/www.vcelarskyspolek.cz\/wp-content\/gallery\/Klatovy-15.9.2016\/096-DSCF2821-hradeb%C3%AD-park%C3%A1ny-a-ba%C5%A1ty-v-Klatovech-12.9.2015-.JPG\"\n               data-thumbnail=\"http:\/\/www.vcelarskyspolek.cz\/wp-content\/gallery\/Klatovy-15.9.2016\/thumbs\/thumbs_096-DSCF2821-hradeb%C3%AD-park%C3%A1ny-a-ba%C5%A1ty-v-Klatovech-12.9.2015-.JPG\"\n               data-image-id=\"1981\"\n               data-title=\"096-DSCF2821 hradeb\u00ed park\u00e1ny a ba\u0161ty v Klatovech 12.9.2015\"\n               data-description=\"\"\n               data-image-slug=\"096-dscf2821-hradeb%c3%ad-park%c3%a1ny-a-ba%c5%a1ty-v-klatovech-12-9-2015-1\"\n               class=\"ngg-fancybox\" rel=\"adb3c90bdd536d6f5890a66020a18e3b\">\n                <img\n                    title=\"096-DSCF2821 hradeb\u00ed park\u00e1ny a ba\u0161ty v Klatovech 12.9.2015\"\n                    alt=\"096-DSCF2821 hradeb\u00ed park\u00e1ny a ba\u0161ty v Klatovech 12.9.2015\"\n                    src=\"http:\/\/www.vcelarskyspolek.cz\/wp-content\/gallery\/Klatovy-15.9.2016\/thumbs\/thumbs_096-DSCF2821-hradeb%C3%AD-park%C3%A1ny-a-ba%C5%A1ty-v-Klatovech-12.9.2015-.JPG\"\n                    width=\"120\"\n                    height=\"90\"\n                    style=\"max-width:100%;\"\n                \/>\n            <\/a>\n        <\/div>\n\t\t\t\t\t\t\t<\/div> \n\t\t\t\n        \n\t\t\t\t<div id=\"ngg-image-96\" class=\"ngg-gallery-thumbnail-box\" >\n\t\t\t\t        <div class=\"ngg-gallery-thumbnail\">\n            <a href=\"http:\/\/www.vcelarskyspolek.cz\/wp-content\/gallery\/Klatovy-15.9.2016\/097-DSCF2825-barokn%C3%AD-l%C3%A9k%C3%A1rna-U-b%C3%ADl%C3%A9ho-jednoro%C5%BEce-v-Klatovech-.JPG\"\n               title=\"\"\n               data-src=\"http:\/\/www.vcelarskyspolek.cz\/wp-content\/gallery\/Klatovy-15.9.2016\/097-DSCF2825-barokn%C3%AD-l%C3%A9k%C3%A1rna-U-b%C3%ADl%C3%A9ho-jednoro%C5%BEce-v-Klatovech-.JPG\"\n               data-thumbnail=\"http:\/\/www.vcelarskyspolek.cz\/wp-content\/gallery\/Klatovy-15.9.2016\/thumbs\/thumbs_097-DSCF2825-barokn%C3%AD-l%C3%A9k%C3%A1rna-U-b%C3%ADl%C3%A9ho-jednoro%C5%BEce-v-Klatovech-.JPG\"\n               data-image-id=\"1982\"\n               data-title=\"097-DSCF2825 barokn\u00ed l\u00e9k\u00e1rna U b\u00edl\u00e9ho jednoro\u017ece v Klatovech\"\n               data-description=\"\"\n               data-image-slug=\"097-dscf2825-barokn%c3%ad-l%c3%a9k%c3%a1rna-u-b%c3%adl%c3%a9ho-jednoro%c5%bece-v-klatovech-1\"\n               class=\"ngg-fancybox\" rel=\"adb3c90bdd536d6f5890a66020a18e3b\">\n                <img\n                    title=\"097-DSCF2825 barokn\u00ed l\u00e9k\u00e1rna U b\u00edl\u00e9ho jednoro\u017ece v Klatovech\"\n                    alt=\"097-DSCF2825 barokn\u00ed l\u00e9k\u00e1rna U b\u00edl\u00e9ho jednoro\u017ece v Klatovech\"\n                    src=\"http:\/\/www.vcelarskyspolek.cz\/wp-content\/gallery\/Klatovy-15.9.2016\/thumbs\/thumbs_097-DSCF2825-barokn%C3%AD-l%C3%A9k%C3%A1rna-U-b%C3%ADl%C3%A9ho-jednoro%C5%BEce-v-Klatovech-.JPG\"\n                    width=\"120\"\n                    height=\"90\"\n                    style=\"max-width:100%;\"\n                \/>\n            <\/a>\n        <\/div>\n\t\t\t\t\t\t\t<\/div> \n\t\t\t\n        \n\t\t\t\t<div id=\"ngg-image-97\" class=\"ngg-gallery-thumbnail-box\" >\n\t\t\t\t        <div class=\"ngg-gallery-thumbnail\">\n            <a href=\"http:\/\/www.vcelarskyspolek.cz\/wp-content\/gallery\/Klatovy-15.9.2016\/098-DSCF2826-barokn%C3%AD-l%C3%A9k%C3%A1rna-U-b%C3%ADl%C3%A9ho-jednoro%C5%BEce-v-Klatovech-.JPG\"\n               title=\"\"\n               data-src=\"http:\/\/www.vcelarskyspolek.cz\/wp-content\/gallery\/Klatovy-15.9.2016\/098-DSCF2826-barokn%C3%AD-l%C3%A9k%C3%A1rna-U-b%C3%ADl%C3%A9ho-jednoro%C5%BEce-v-Klatovech-.JPG\"\n               data-thumbnail=\"http:\/\/www.vcelarskyspolek.cz\/wp-content\/gallery\/Klatovy-15.9.2016\/thumbs\/thumbs_098-DSCF2826-barokn%C3%AD-l%C3%A9k%C3%A1rna-U-b%C3%ADl%C3%A9ho-jednoro%C5%BEce-v-Klatovech-.JPG\"\n               data-image-id=\"1983\"\n               data-title=\"098-DSCF2826 barokn\u00ed l\u00e9k\u00e1rna U b\u00edl\u00e9ho jednoro\u017ece v Klatovech\"\n               data-description=\"\"\n               data-image-slug=\"098-dscf2826-barokn%c3%ad-l%c3%a9k%c3%a1rna-u-b%c3%adl%c3%a9ho-jednoro%c5%bece-v-klatovech-1\"\n               class=\"ngg-fancybox\" rel=\"adb3c90bdd536d6f5890a66020a18e3b\">\n                <img\n                    title=\"098-DSCF2826 barokn\u00ed l\u00e9k\u00e1rna U b\u00edl\u00e9ho jednoro\u017ece v Klatovech\"\n                    alt=\"098-DSCF2826 barokn\u00ed l\u00e9k\u00e1rna U b\u00edl\u00e9ho jednoro\u017ece v Klatovech\"\n                    src=\"http:\/\/www.vcelarskyspolek.cz\/wp-content\/gallery\/Klatovy-15.9.2016\/thumbs\/thumbs_098-DSCF2826-barokn%C3%AD-l%C3%A9k%C3%A1rna-U-b%C3%ADl%C3%A9ho-jednoro%C5%BEce-v-Klatovech-.JPG\"\n                    width=\"120\"\n                    height=\"90\"\n                    style=\"max-width:100%;\"\n                \/>\n            <\/a>\n        <\/div>\n\t\t\t\t\t\t\t<\/div> \n\t\t\t\n        \n\t\t\t\t<div id=\"ngg-image-98\" class=\"ngg-gallery-thumbnail-box\" >\n\t\t\t\t        <div class=\"ngg-gallery-thumbnail\">\n            <a href=\"http:\/\/www.vcelarskyspolek.cz\/wp-content\/gallery\/Klatovy-15.9.2016\/099-DSCF2827-barokn%C3%AD-l%C3%A9k%C3%A1rna-U-b%C3%ADl%C3%A9ho-jednoro%C5%BEce-v-Klatovech-.JPG\"\n               title=\"\"\n               data-src=\"http:\/\/www.vcelarskyspolek.cz\/wp-content\/gallery\/Klatovy-15.9.2016\/099-DSCF2827-barokn%C3%AD-l%C3%A9k%C3%A1rna-U-b%C3%ADl%C3%A9ho-jednoro%C5%BEce-v-Klatovech-.JPG\"\n               data-thumbnail=\"http:\/\/www.vcelarskyspolek.cz\/wp-content\/gallery\/Klatovy-15.9.2016\/thumbs\/thumbs_099-DSCF2827-barokn%C3%AD-l%C3%A9k%C3%A1rna-U-b%C3%ADl%C3%A9ho-jednoro%C5%BEce-v-Klatovech-.JPG\"\n               data-image-id=\"1984\"\n               data-title=\"099-DSCF2827 barokn\u00ed l\u00e9k\u00e1rna U b\u00edl\u00e9ho jednoro\u017ece v Klatovech\"\n               data-description=\"\"\n               data-image-slug=\"099-dscf2827-barokn%c3%ad-l%c3%a9k%c3%a1rna-u-b%c3%adl%c3%a9ho-jednoro%c5%bece-v-klatovech-1\"\n               class=\"ngg-fancybox\" rel=\"adb3c90bdd536d6f5890a66020a18e3b\">\n                <img\n                    title=\"099-DSCF2827 barokn\u00ed l\u00e9k\u00e1rna U b\u00edl\u00e9ho jednoro\u017ece v Klatovech\"\n                    alt=\"099-DSCF2827 barokn\u00ed l\u00e9k\u00e1rna U b\u00edl\u00e9ho jednoro\u017ece v Klatovech\"\n                    src=\"http:\/\/www.vcelarskyspolek.cz\/wp-content\/gallery\/Klatovy-15.9.2016\/thumbs\/thumbs_099-DSCF2827-barokn%C3%AD-l%C3%A9k%C3%A1rna-U-b%C3%ADl%C3%A9ho-jednoro%C5%BEce-v-Klatovech-.JPG\"\n                    width=\"120\"\n                    height=\"90\"\n                    style=\"max-width:100%;\"\n                \/>\n            <\/a>\n        <\/div>\n\t\t\t\t\t\t\t<\/div> \n\t\t\t\n        \n\t\t\t\t<div id=\"ngg-image-99\" class=\"ngg-gallery-thumbnail-box\" >\n\t\t\t\t        <div class=\"ngg-gallery-thumbnail\">\n            <a href=\"http:\/\/www.vcelarskyspolek.cz\/wp-content\/gallery\/Klatovy-15.9.2016\/100-DSCF2831-po-slavnostn%C3%AD-sch%C5%AFzi-ke-120.-v%C3%BDro%C4%8D%C3%AD-zalo%C5%BEen%C3%AD-v%C4%8Dela%C5%99.JPG\"\n               title=\"\"\n               data-src=\"http:\/\/www.vcelarskyspolek.cz\/wp-content\/gallery\/Klatovy-15.9.2016\/100-DSCF2831-po-slavnostn%C3%AD-sch%C5%AFzi-ke-120.-v%C3%BDro%C4%8D%C3%AD-zalo%C5%BEen%C3%AD-v%C4%8Dela%C5%99.JPG\"\n               data-thumbnail=\"http:\/\/www.vcelarskyspolek.cz\/wp-content\/gallery\/Klatovy-15.9.2016\/thumbs\/thumbs_100-DSCF2831-po-slavnostn%C3%AD-sch%C5%AFzi-ke-120.-v%C3%BDro%C4%8D%C3%AD-zalo%C5%BEen%C3%AD-v%C4%8Dela%C5%99.JPG\"\n               data-image-id=\"1985\"\n               data-title=\"100-DSCF2831 po slavnostn\u00ed sch\u016fzi ke 120. v\u00fdro\u010d\u00ed zalo\u017een\u00ed v\u010dela\u0159\"\n               data-description=\"\"\n               data-image-slug=\"100-dscf2831-po-slavnostn%c3%ad-sch%c5%afzi-ke-120-v%c3%bdro%c4%8d%c3%ad-zalo%c5%been%c3%ad-v%c4%8dela%c5%99-1\"\n               class=\"ngg-fancybox\" rel=\"adb3c90bdd536d6f5890a66020a18e3b\">\n                <img\n                    title=\"100-DSCF2831 po slavnostn\u00ed sch\u016fzi ke 120. v\u00fdro\u010d\u00ed zalo\u017een\u00ed v\u010dela\u0159\"\n                    alt=\"100-DSCF2831 po slavnostn\u00ed sch\u016fzi ke 120. v\u00fdro\u010d\u00ed zalo\u017een\u00ed v\u010dela\u0159\"\n                    src=\"http:\/\/www.vcelarskyspolek.cz\/wp-content\/gallery\/Klatovy-15.9.2016\/thumbs\/thumbs_100-DSCF2831-po-slavnostn%C3%AD-sch%C5%AFzi-ke-120.-v%C3%BDro%C4%8D%C3%AD-zalo%C5%BEen%C3%AD-v%C4%8Dela%C5%99.JPG\"\n                    width=\"120\"\n                    height=\"90\"\n                    style=\"max-width:100%;\"\n                \/>\n            <\/a>\n        <\/div>\n\t\t\t\t\t\t\t<\/div> \n\t\t\t\n        \n\t\t\t\t<div id=\"ngg-image-100\" class=\"ngg-gallery-thumbnail-box\" >\n\t\t\t\t        <div class=\"ngg-gallery-thumbnail\">\n            <a href=\"http:\/\/www.vcelarskyspolek.cz\/wp-content\/gallery\/Klatovy-15.9.2016\/101-DSCF2837-po-slavnostn%C3%AD-sch%C5%AFzi-ke-120.-v%C3%BDro%C4%8D%C3%AD-zalo%C5%BEen%C3%AD-v%C4%8Dela%C5%99.JPG\"\n               title=\"\"\n               data-src=\"http:\/\/www.vcelarskyspolek.cz\/wp-content\/gallery\/Klatovy-15.9.2016\/101-DSCF2837-po-slavnostn%C3%AD-sch%C5%AFzi-ke-120.-v%C3%BDro%C4%8D%C3%AD-zalo%C5%BEen%C3%AD-v%C4%8Dela%C5%99.JPG\"\n               data-thumbnail=\"http:\/\/www.vcelarskyspolek.cz\/wp-content\/gallery\/Klatovy-15.9.2016\/thumbs\/thumbs_101-DSCF2837-po-slavnostn%C3%AD-sch%C5%AFzi-ke-120.-v%C3%BDro%C4%8D%C3%AD-zalo%C5%BEen%C3%AD-v%C4%8Dela%C5%99.JPG\"\n               data-image-id=\"1986\"\n               data-title=\"101-DSCF2837 po slavnostn\u00ed sch\u016fzi ke 120. v\u00fdro\u010d\u00ed zalo\u017een\u00ed v\u010dela\u0159\"\n               data-description=\"\"\n               data-image-slug=\"101-dscf2837-po-slavnostn%c3%ad-sch%c5%afzi-ke-120-v%c3%bdro%c4%8d%c3%ad-zalo%c5%been%c3%ad-v%c4%8dela%c5%99-1\"\n               class=\"ngg-fancybox\" rel=\"adb3c90bdd536d6f5890a66020a18e3b\">\n                <img\n                    title=\"101-DSCF2837 po slavnostn\u00ed sch\u016fzi ke 120. v\u00fdro\u010d\u00ed zalo\u017een\u00ed v\u010dela\u0159\"\n                    alt=\"101-DSCF2837 po slavnostn\u00ed sch\u016fzi ke 120. v\u00fdro\u010d\u00ed zalo\u017een\u00ed v\u010dela\u0159\"\n                    src=\"http:\/\/www.vcelarskyspolek.cz\/wp-content\/gallery\/Klatovy-15.9.2016\/thumbs\/thumbs_101-DSCF2837-po-slavnostn%C3%AD-sch%C5%AFzi-ke-120.-v%C3%BDro%C4%8D%C3%AD-zalo%C5%BEen%C3%AD-v%C4%8Dela%C5%99.JPG\"\n                    width=\"120\"\n                    height=\"90\"\n                    style=\"max-width:100%;\"\n                \/>\n            <\/a>\n        <\/div>\n\t\t\t\t\t\t\t<\/div> \n\t\t\t\n        \n\t\t\t\t<div id=\"ngg-image-101\" class=\"ngg-gallery-thumbnail-box\" >\n\t\t\t\t        <div class=\"ngg-gallery-thumbnail\">\n            <a href=\"http:\/\/www.vcelarskyspolek.cz\/wp-content\/gallery\/Klatovy-15.9.2016\/102-DSCF2838-po-slavnostn%C3%AD-sch%C5%AFzi-ke-120.-v%C3%BDro%C4%8D%C3%AD-zalo%C5%BEen%C3%AD-v%C4%8Dela%C5%99.JPG\"\n               title=\"\"\n               data-src=\"http:\/\/www.vcelarskyspolek.cz\/wp-content\/gallery\/Klatovy-15.9.2016\/102-DSCF2838-po-slavnostn%C3%AD-sch%C5%AFzi-ke-120.-v%C3%BDro%C4%8D%C3%AD-zalo%C5%BEen%C3%AD-v%C4%8Dela%C5%99.JPG\"\n               data-thumbnail=\"http:\/\/www.vcelarskyspolek.cz\/wp-content\/gallery\/Klatovy-15.9.2016\/thumbs\/thumbs_102-DSCF2838-po-slavnostn%C3%AD-sch%C5%AFzi-ke-120.-v%C3%BDro%C4%8D%C3%AD-zalo%C5%BEen%C3%AD-v%C4%8Dela%C5%99.JPG\"\n               data-image-id=\"1987\"\n               data-title=\"102-DSCF2838 po slavnostn\u00ed sch\u016fzi ke 120. v\u00fdro\u010d\u00ed zalo\u017een\u00ed v\u010dela\u0159\"\n               data-description=\"\"\n               data-image-slug=\"102-dscf2838-po-slavnostn%c3%ad-sch%c5%afzi-ke-120-v%c3%bdro%c4%8d%c3%ad-zalo%c5%been%c3%ad-v%c4%8dela%c5%99-1\"\n               class=\"ngg-fancybox\" rel=\"adb3c90bdd536d6f5890a66020a18e3b\">\n                <img\n                    title=\"102-DSCF2838 po slavnostn\u00ed sch\u016fzi ke 120. v\u00fdro\u010d\u00ed zalo\u017een\u00ed v\u010dela\u0159\"\n                    alt=\"102-DSCF2838 po slavnostn\u00ed sch\u016fzi ke 120. v\u00fdro\u010d\u00ed zalo\u017een\u00ed v\u010dela\u0159\"\n                    src=\"http:\/\/www.vcelarskyspolek.cz\/wp-content\/gallery\/Klatovy-15.9.2016\/thumbs\/thumbs_102-DSCF2838-po-slavnostn%C3%AD-sch%C5%AFzi-ke-120.-v%C3%BDro%C4%8D%C3%AD-zalo%C5%BEen%C3%AD-v%C4%8Dela%C5%99.JPG\"\n                    width=\"120\"\n                    height=\"90\"\n                    style=\"max-width:100%;\"\n                \/>\n            <\/a>\n        <\/div>\n\t\t\t\t\t\t\t<\/div> \n\t\t\t\n        \n\t\t\t\t<div id=\"ngg-image-102\" class=\"ngg-gallery-thumbnail-box\" >\n\t\t\t\t        <div class=\"ngg-gallery-thumbnail\">\n            <a href=\"http:\/\/www.vcelarskyspolek.cz\/wp-content\/gallery\/Klatovy-15.9.2016\/103-DSCF2839-po-slavnostn%C3%AD-sch%C5%AFzi-ke-120.-v%C3%BDro%C4%8D%C3%AD-zalo%C5%BEen%C3%AD-v%C4%8Dela%C5%99.JPG\"\n               title=\"\"\n               data-src=\"http:\/\/www.vcelarskyspolek.cz\/wp-content\/gallery\/Klatovy-15.9.2016\/103-DSCF2839-po-slavnostn%C3%AD-sch%C5%AFzi-ke-120.-v%C3%BDro%C4%8D%C3%AD-zalo%C5%BEen%C3%AD-v%C4%8Dela%C5%99.JPG\"\n               data-thumbnail=\"http:\/\/www.vcelarskyspolek.cz\/wp-content\/gallery\/Klatovy-15.9.2016\/thumbs\/thumbs_103-DSCF2839-po-slavnostn%C3%AD-sch%C5%AFzi-ke-120.-v%C3%BDro%C4%8D%C3%AD-zalo%C5%BEen%C3%AD-v%C4%8Dela%C5%99.JPG\"\n               data-image-id=\"1988\"\n               data-title=\"103-DSCF2839 po slavnostn\u00ed sch\u016fzi ke 120. v\u00fdro\u010d\u00ed zalo\u017een\u00ed v\u010dela\u0159\"\n               data-description=\"\"\n               data-image-slug=\"103-dscf2839-po-slavnostn%c3%ad-sch%c5%afzi-ke-120-v%c3%bdro%c4%8d%c3%ad-zalo%c5%been%c3%ad-v%c4%8dela%c5%99-1\"\n               class=\"ngg-fancybox\" rel=\"adb3c90bdd536d6f5890a66020a18e3b\">\n                <img\n                    title=\"103-DSCF2839 po slavnostn\u00ed sch\u016fzi ke 120. v\u00fdro\u010d\u00ed zalo\u017een\u00ed v\u010dela\u0159\"\n                    alt=\"103-DSCF2839 po slavnostn\u00ed sch\u016fzi ke 120. v\u00fdro\u010d\u00ed zalo\u017een\u00ed v\u010dela\u0159\"\n                    src=\"http:\/\/www.vcelarskyspolek.cz\/wp-content\/gallery\/Klatovy-15.9.2016\/thumbs\/thumbs_103-DSCF2839-po-slavnostn%C3%AD-sch%C5%AFzi-ke-120.-v%C3%BDro%C4%8D%C3%AD-zalo%C5%BEen%C3%AD-v%C4%8Dela%C5%99.JPG\"\n                    width=\"120\"\n                    height=\"90\"\n                    style=\"max-width:100%;\"\n                \/>\n            <\/a>\n        <\/div>\n\t\t\t\t\t\t\t<\/div> \n\t\t\t\n        \n\t\t\t\t<div id=\"ngg-image-103\" class=\"ngg-gallery-thumbnail-box\" >\n\t\t\t\t        <div class=\"ngg-gallery-thumbnail\">\n            <a href=\"http:\/\/www.vcelarskyspolek.cz\/wp-content\/gallery\/Klatovy-15.9.2016\/104-DSCF2840-po-slavnostn%C3%AD-sch%C5%AFzi-ke-120.-v%C3%BDro%C4%8D%C3%AD-zalo%C5%BEen%C3%AD-v%C4%8Dela%C5%99.JPG\"\n               title=\"\"\n               data-src=\"http:\/\/www.vcelarskyspolek.cz\/wp-content\/gallery\/Klatovy-15.9.2016\/104-DSCF2840-po-slavnostn%C3%AD-sch%C5%AFzi-ke-120.-v%C3%BDro%C4%8D%C3%AD-zalo%C5%BEen%C3%AD-v%C4%8Dela%C5%99.JPG\"\n               data-thumbnail=\"http:\/\/www.vcelarskyspolek.cz\/wp-content\/gallery\/Klatovy-15.9.2016\/thumbs\/thumbs_104-DSCF2840-po-slavnostn%C3%AD-sch%C5%AFzi-ke-120.-v%C3%BDro%C4%8D%C3%AD-zalo%C5%BEen%C3%AD-v%C4%8Dela%C5%99.JPG\"\n               data-image-id=\"1989\"\n               data-title=\"104-DSCF2840 po slavnostn\u00ed sch\u016fzi ke 120. v\u00fdro\u010d\u00ed zalo\u017een\u00ed v\u010dela\u0159\"\n               data-description=\"\"\n               data-image-slug=\"104-dscf2840-po-slavnostn%c3%ad-sch%c5%afzi-ke-120-v%c3%bdro%c4%8d%c3%ad-zalo%c5%been%c3%ad-v%c4%8dela%c5%99-1\"\n               class=\"ngg-fancybox\" rel=\"adb3c90bdd536d6f5890a66020a18e3b\">\n                <img\n                    title=\"104-DSCF2840 po slavnostn\u00ed sch\u016fzi ke 120. v\u00fdro\u010d\u00ed zalo\u017een\u00ed v\u010dela\u0159\"\n                    alt=\"104-DSCF2840 po slavnostn\u00ed sch\u016fzi ke 120. v\u00fdro\u010d\u00ed zalo\u017een\u00ed v\u010dela\u0159\"\n                    src=\"http:\/\/www.vcelarskyspolek.cz\/wp-content\/gallery\/Klatovy-15.9.2016\/thumbs\/thumbs_104-DSCF2840-po-slavnostn%C3%AD-sch%C5%AFzi-ke-120.-v%C3%BDro%C4%8D%C3%AD-zalo%C5%BEen%C3%AD-v%C4%8Dela%C5%99.JPG\"\n                    width=\"120\"\n                    height=\"90\"\n                    style=\"max-width:100%;\"\n                \/>\n            <\/a>\n        <\/div>\n\t\t\t\t\t\t\t<\/div> \n\t\t\t\n        \n\t\t\t\t<div id=\"ngg-image-104\" class=\"ngg-gallery-thumbnail-box\" >\n\t\t\t\t        <div class=\"ngg-gallery-thumbnail\">\n            <a href=\"http:\/\/www.vcelarskyspolek.cz\/wp-content\/gallery\/Klatovy-15.9.2016\/105-DSCF2843-na-v%C4%8Del%C3%ADn%C4%9B-p%C5%99.-Kopeck%C3%A9ho-ve-%C5%A0t%C4%9Bp%C3%A1novic%C3%ADch-u-Klatov-.JPG\"\n               title=\"\"\n               data-src=\"http:\/\/www.vcelarskyspolek.cz\/wp-content\/gallery\/Klatovy-15.9.2016\/105-DSCF2843-na-v%C4%8Del%C3%ADn%C4%9B-p%C5%99.-Kopeck%C3%A9ho-ve-%C5%A0t%C4%9Bp%C3%A1novic%C3%ADch-u-Klatov-.JPG\"\n               data-thumbnail=\"http:\/\/www.vcelarskyspolek.cz\/wp-content\/gallery\/Klatovy-15.9.2016\/thumbs\/thumbs_105-DSCF2843-na-v%C4%8Del%C3%ADn%C4%9B-p%C5%99.-Kopeck%C3%A9ho-ve-%C5%A0t%C4%9Bp%C3%A1novic%C3%ADch-u-Klatov-.JPG\"\n               data-image-id=\"1990\"\n               data-title=\"105-DSCF2843 na v\u010del\u00edn\u011b p\u0159. Kopeck\u00e9ho ve \u0160t\u011bp\u00e1novic\u00edch u Klatov\"\n               data-description=\"\"\n               data-image-slug=\"105-dscf2843-na-v%c4%8del%c3%adn%c4%9b-p%c5%99-kopeck%c3%a9ho-ve-%c5%a1t%c4%9bp%c3%a1novic%c3%adch-u-klatov-1\"\n               class=\"ngg-fancybox\" rel=\"adb3c90bdd536d6f5890a66020a18e3b\">\n                <img\n                    title=\"105-DSCF2843 na v\u010del\u00edn\u011b p\u0159. Kopeck\u00e9ho ve \u0160t\u011bp\u00e1novic\u00edch u Klatov\"\n                    alt=\"105-DSCF2843 na v\u010del\u00edn\u011b p\u0159. Kopeck\u00e9ho ve \u0160t\u011bp\u00e1novic\u00edch u Klatov\"\n                    src=\"http:\/\/www.vcelarskyspolek.cz\/wp-content\/gallery\/Klatovy-15.9.2016\/thumbs\/thumbs_105-DSCF2843-na-v%C4%8Del%C3%ADn%C4%9B-p%C5%99.-Kopeck%C3%A9ho-ve-%C5%A0t%C4%9Bp%C3%A1novic%C3%ADch-u-Klatov-.JPG\"\n                    width=\"120\"\n                    height=\"90\"\n                    style=\"max-width:100%;\"\n                \/>\n            <\/a>\n        <\/div>\n\t\t\t\t\t\t\t<\/div> \n\t\t\t\n        \n\t\t\t\t<div id=\"ngg-image-105\" class=\"ngg-gallery-thumbnail-box\" >\n\t\t\t\t        <div class=\"ngg-gallery-thumbnail\">\n            <a href=\"http:\/\/www.vcelarskyspolek.cz\/wp-content\/gallery\/Klatovy-15.9.2016\/106-DSCF2844-na-v%C4%8Del%C3%ADn%C4%9B-p%C5%99.-Kopeck%C3%A9ho-ve-%C5%A0t%C4%9Bp%C3%A1novic%C3%ADch-u-Klatov-.JPG\"\n               title=\"\"\n               data-src=\"http:\/\/www.vcelarskyspolek.cz\/wp-content\/gallery\/Klatovy-15.9.2016\/106-DSCF2844-na-v%C4%8Del%C3%ADn%C4%9B-p%C5%99.-Kopeck%C3%A9ho-ve-%C5%A0t%C4%9Bp%C3%A1novic%C3%ADch-u-Klatov-.JPG\"\n               data-thumbnail=\"http:\/\/www.vcelarskyspolek.cz\/wp-content\/gallery\/Klatovy-15.9.2016\/thumbs\/thumbs_106-DSCF2844-na-v%C4%8Del%C3%ADn%C4%9B-p%C5%99.-Kopeck%C3%A9ho-ve-%C5%A0t%C4%9Bp%C3%A1novic%C3%ADch-u-Klatov-.JPG\"\n               data-image-id=\"1991\"\n               data-title=\"106-DSCF2844 na v\u010del\u00edn\u011b p\u0159. Kopeck\u00e9ho ve \u0160t\u011bp\u00e1novic\u00edch u Klatov\"\n               data-description=\"\"\n               data-image-slug=\"106-dscf2844-na-v%c4%8del%c3%adn%c4%9b-p%c5%99-kopeck%c3%a9ho-ve-%c5%a1t%c4%9bp%c3%a1novic%c3%adch-u-klatov-1\"\n               class=\"ngg-fancybox\" rel=\"adb3c90bdd536d6f5890a66020a18e3b\">\n                <img\n                    title=\"106-DSCF2844 na v\u010del\u00edn\u011b p\u0159. Kopeck\u00e9ho ve \u0160t\u011bp\u00e1novic\u00edch u Klatov\"\n                    alt=\"106-DSCF2844 na v\u010del\u00edn\u011b p\u0159. Kopeck\u00e9ho ve \u0160t\u011bp\u00e1novic\u00edch u Klatov\"\n                    src=\"http:\/\/www.vcelarskyspolek.cz\/wp-content\/gallery\/Klatovy-15.9.2016\/thumbs\/thumbs_106-DSCF2844-na-v%C4%8Del%C3%ADn%C4%9B-p%C5%99.-Kopeck%C3%A9ho-ve-%C5%A0t%C4%9Bp%C3%A1novic%C3%ADch-u-Klatov-.JPG\"\n                    width=\"120\"\n                    height=\"90\"\n                    style=\"max-width:100%;\"\n                \/>\n            <\/a>\n        <\/div>\n\t\t\t\t\t\t\t<\/div> \n\t\t\t\n        \n\t\t\t\t<div id=\"ngg-image-106\" class=\"ngg-gallery-thumbnail-box\" >\n\t\t\t\t        <div class=\"ngg-gallery-thumbnail\">\n            <a href=\"http:\/\/www.vcelarskyspolek.cz\/wp-content\/gallery\/Klatovy-15.9.2016\/107-DSCF2847-sn%C3%ADdan%C4%9B-na-v%C4%8Del%C3%ADn%C4%9B-p%C5%99.-Kopeck%C3%A9ho-ve-%C5%A0t%C4%9Bp%C3%A1novic%C3%ADch-u.JPG\"\n               title=\"\"\n               data-src=\"http:\/\/www.vcelarskyspolek.cz\/wp-content\/gallery\/Klatovy-15.9.2016\/107-DSCF2847-sn%C3%ADdan%C4%9B-na-v%C4%8Del%C3%ADn%C4%9B-p%C5%99.-Kopeck%C3%A9ho-ve-%C5%A0t%C4%9Bp%C3%A1novic%C3%ADch-u.JPG\"\n               data-thumbnail=\"http:\/\/www.vcelarskyspolek.cz\/wp-content\/gallery\/Klatovy-15.9.2016\/thumbs\/thumbs_107-DSCF2847-sn%C3%ADdan%C4%9B-na-v%C4%8Del%C3%ADn%C4%9B-p%C5%99.-Kopeck%C3%A9ho-ve-%C5%A0t%C4%9Bp%C3%A1novic%C3%ADch-u.JPG\"\n               data-image-id=\"1992\"\n               data-title=\"107-DSCF2847 sn\u00eddan\u011b na v\u010del\u00edn\u011b p\u0159. Kopeck\u00e9ho ve \u0160t\u011bp\u00e1novic\u00edch u\"\n               data-description=\"\"\n               data-image-slug=\"107-dscf2847-sn%c3%addan%c4%9b-na-v%c4%8del%c3%adn%c4%9b-p%c5%99-kopeck%c3%a9ho-ve-%c5%a1t%c4%9bp%c3%a1novic%c3%adch-u-1\"\n               class=\"ngg-fancybox\" rel=\"adb3c90bdd536d6f5890a66020a18e3b\">\n                <img\n                    title=\"107-DSCF2847 sn\u00eddan\u011b na v\u010del\u00edn\u011b p\u0159. Kopeck\u00e9ho ve \u0160t\u011bp\u00e1novic\u00edch u\"\n                    alt=\"107-DSCF2847 sn\u00eddan\u011b na v\u010del\u00edn\u011b p\u0159. Kopeck\u00e9ho ve \u0160t\u011bp\u00e1novic\u00edch u\"\n                    src=\"http:\/\/www.vcelarskyspolek.cz\/wp-content\/gallery\/Klatovy-15.9.2016\/thumbs\/thumbs_107-DSCF2847-sn%C3%ADdan%C4%9B-na-v%C4%8Del%C3%ADn%C4%9B-p%C5%99.-Kopeck%C3%A9ho-ve-%C5%A0t%C4%9Bp%C3%A1novic%C3%ADch-u.JPG\"\n                    width=\"120\"\n                    height=\"90\"\n                    style=\"max-width:100%;\"\n                \/>\n            <\/a>\n        <\/div>\n\t\t\t\t\t\t\t<\/div> \n\t\t\t\n        \n\t\t\t\t<div id=\"ngg-image-107\" class=\"ngg-gallery-thumbnail-box\" >\n\t\t\t\t        <div class=\"ngg-gallery-thumbnail\">\n            <a href=\"http:\/\/www.vcelarskyspolek.cz\/wp-content\/gallery\/Klatovy-15.9.2016\/108-DSCF2849-p%C5%99%C3%A1tel%C3%A9-v%C4%8Dela%C5%99i-s-Hodon%C3%ADna-na-v%C4%8Del%C3%ADn%C4%9B-p%C5%99.-Kopeck%C3%A9h.JPG\"\n               title=\"\"\n               data-src=\"http:\/\/www.vcelarskyspolek.cz\/wp-content\/gallery\/Klatovy-15.9.2016\/108-DSCF2849-p%C5%99%C3%A1tel%C3%A9-v%C4%8Dela%C5%99i-s-Hodon%C3%ADna-na-v%C4%8Del%C3%ADn%C4%9B-p%C5%99.-Kopeck%C3%A9h.JPG\"\n               data-thumbnail=\"http:\/\/www.vcelarskyspolek.cz\/wp-content\/gallery\/Klatovy-15.9.2016\/thumbs\/thumbs_108-DSCF2849-p%C5%99%C3%A1tel%C3%A9-v%C4%8Dela%C5%99i-s-Hodon%C3%ADna-na-v%C4%8Del%C3%ADn%C4%9B-p%C5%99.-Kopeck%C3%A9h.JPG\"\n               data-image-id=\"1993\"\n               data-title=\"108-DSCF2849 p\u0159\u00e1tel\u00e9 v\u010dela\u0159i s Hodon\u00edna na v\u010del\u00edn\u011b p\u0159. Kopeck\u00e9h\"\n               data-description=\"\"\n               data-image-slug=\"108-dscf2849-p%c5%99%c3%a1tel%c3%a9-v%c4%8dela%c5%99i-s-hodon%c3%adna-na-v%c4%8del%c3%adn%c4%9b-p%c5%99-kopeck%c3%a9h-1\"\n               class=\"ngg-fancybox\" rel=\"adb3c90bdd536d6f5890a66020a18e3b\">\n                <img\n                    title=\"108-DSCF2849 p\u0159\u00e1tel\u00e9 v\u010dela\u0159i s Hodon\u00edna na v\u010del\u00edn\u011b p\u0159. Kopeck\u00e9h\"\n                    alt=\"108-DSCF2849 p\u0159\u00e1tel\u00e9 v\u010dela\u0159i s Hodon\u00edna na v\u010del\u00edn\u011b p\u0159. Kopeck\u00e9h\"\n                    src=\"http:\/\/www.vcelarskyspolek.cz\/wp-content\/gallery\/Klatovy-15.9.2016\/thumbs\/thumbs_108-DSCF2849-p%C5%99%C3%A1tel%C3%A9-v%C4%8Dela%C5%99i-s-Hodon%C3%ADna-na-v%C4%8Del%C3%ADn%C4%9B-p%C5%99.-Kopeck%C3%A9h.JPG\"\n                    width=\"120\"\n                    height=\"90\"\n                    style=\"max-width:100%;\"\n                \/>\n            <\/a>\n        <\/div>\n\t\t\t\t\t\t\t<\/div> \n\t\t\t\n        \n\t\t\t\t<div id=\"ngg-image-108\" class=\"ngg-gallery-thumbnail-box\" >\n\t\t\t\t        <div class=\"ngg-gallery-thumbnail\">\n            <a href=\"http:\/\/www.vcelarskyspolek.cz\/wp-content\/gallery\/Klatovy-15.9.2016\/109-DSCF2850-na-v%C4%8Del%C3%ADn%C4%9B-p%C5%99.-Kopeck%C3%A9ho-ve-%C5%A0t%C4%9Bp%C3%A1novic%C3%ADch-u-Klatov-.JPG\"\n               title=\"\"\n               data-src=\"http:\/\/www.vcelarskyspolek.cz\/wp-content\/gallery\/Klatovy-15.9.2016\/109-DSCF2850-na-v%C4%8Del%C3%ADn%C4%9B-p%C5%99.-Kopeck%C3%A9ho-ve-%C5%A0t%C4%9Bp%C3%A1novic%C3%ADch-u-Klatov-.JPG\"\n               data-thumbnail=\"http:\/\/www.vcelarskyspolek.cz\/wp-content\/gallery\/Klatovy-15.9.2016\/thumbs\/thumbs_109-DSCF2850-na-v%C4%8Del%C3%ADn%C4%9B-p%C5%99.-Kopeck%C3%A9ho-ve-%C5%A0t%C4%9Bp%C3%A1novic%C3%ADch-u-Klatov-.JPG\"\n               data-image-id=\"1994\"\n               data-title=\"109-DSCF2850 na v\u010del\u00edn\u011b p\u0159. Kopeck\u00e9ho ve \u0160t\u011bp\u00e1novic\u00edch u Klatov\"\n               data-description=\"\"\n               data-image-slug=\"109-dscf2850-na-v%c4%8del%c3%adn%c4%9b-p%c5%99-kopeck%c3%a9ho-ve-%c5%a1t%c4%9bp%c3%a1novic%c3%adch-u-klatov-1\"\n               class=\"ngg-fancybox\" rel=\"adb3c90bdd536d6f5890a66020a18e3b\">\n                <img\n                    title=\"109-DSCF2850 na v\u010del\u00edn\u011b p\u0159. Kopeck\u00e9ho ve \u0160t\u011bp\u00e1novic\u00edch u Klatov\"\n                    alt=\"109-DSCF2850 na v\u010del\u00edn\u011b p\u0159. Kopeck\u00e9ho ve \u0160t\u011bp\u00e1novic\u00edch u Klatov\"\n                    src=\"http:\/\/www.vcelarskyspolek.cz\/wp-content\/gallery\/Klatovy-15.9.2016\/thumbs\/thumbs_109-DSCF2850-na-v%C4%8Del%C3%ADn%C4%9B-p%C5%99.-Kopeck%C3%A9ho-ve-%C5%A0t%C4%9Bp%C3%A1novic%C3%ADch-u-Klatov-.JPG\"\n                    width=\"120\"\n                    height=\"90\"\n                    style=\"max-width:100%;\"\n                \/>\n            <\/a>\n        <\/div>\n\t\t\t\t\t\t\t<\/div> \n\t\t\t\n        \n\t\t\t\t<div id=\"ngg-image-109\" class=\"ngg-gallery-thumbnail-box\" >\n\t\t\t\t        <div class=\"ngg-gallery-thumbnail\">\n            <a href=\"http:\/\/www.vcelarskyspolek.cz\/wp-content\/gallery\/Klatovy-15.9.2016\/110-DSCF2856-p%C5%99%C3%A1tel%C3%A9-v%C4%8Dela%C5%99i-s-Hodon%C3%ADna-a-Lomnice-n.-Pop.-na-v%C4%8D.JPG\"\n               title=\"\"\n               data-src=\"http:\/\/www.vcelarskyspolek.cz\/wp-content\/gallery\/Klatovy-15.9.2016\/110-DSCF2856-p%C5%99%C3%A1tel%C3%A9-v%C4%8Dela%C5%99i-s-Hodon%C3%ADna-a-Lomnice-n.-Pop.-na-v%C4%8D.JPG\"\n               data-thumbnail=\"http:\/\/www.vcelarskyspolek.cz\/wp-content\/gallery\/Klatovy-15.9.2016\/thumbs\/thumbs_110-DSCF2856-p%C5%99%C3%A1tel%C3%A9-v%C4%8Dela%C5%99i-s-Hodon%C3%ADna-a-Lomnice-n.-Pop.-na-v%C4%8D.JPG\"\n               data-image-id=\"1995\"\n               data-title=\"110-DSCF2856 p\u0159\u00e1tel\u00e9 v\u010dela\u0159i s Hodon\u00edna a Lomnice n. Pop. na v\u010d\"\n               data-description=\"\"\n               data-image-slug=\"110-dscf2856-p%c5%99%c3%a1tel%c3%a9-v%c4%8dela%c5%99i-s-hodon%c3%adna-a-lomnice-n-pop-na-v%c4%8d-1\"\n               class=\"ngg-fancybox\" rel=\"adb3c90bdd536d6f5890a66020a18e3b\">\n                <img\n                    title=\"110-DSCF2856 p\u0159\u00e1tel\u00e9 v\u010dela\u0159i s Hodon\u00edna a Lomnice n. Pop. na v\u010d\"\n                    alt=\"110-DSCF2856 p\u0159\u00e1tel\u00e9 v\u010dela\u0159i s Hodon\u00edna a Lomnice n. Pop. na v\u010d\"\n                    src=\"http:\/\/www.vcelarskyspolek.cz\/wp-content\/gallery\/Klatovy-15.9.2016\/thumbs\/thumbs_110-DSCF2856-p%C5%99%C3%A1tel%C3%A9-v%C4%8Dela%C5%99i-s-Hodon%C3%ADna-a-Lomnice-n.-Pop.-na-v%C4%8D.JPG\"\n                    width=\"120\"\n                    height=\"90\"\n                    style=\"max-width:100%;\"\n                \/>\n            <\/a>\n        <\/div>\n\t\t\t\t\t\t\t<\/div> \n\t\t\t\n        \n\t\t\t\t<div id=\"ngg-image-110\" class=\"ngg-gallery-thumbnail-box\" >\n\t\t\t\t        <div class=\"ngg-gallery-thumbnail\">\n            <a href=\"http:\/\/www.vcelarskyspolek.cz\/wp-content\/gallery\/Klatovy-15.9.2016\/111-DSCF2858-p%C5%99%C3%A1tel%C3%A9-v%C4%8Dela%C5%99i-s-Hodon%C3%ADna-p%C5%99.Uhrovi%C4%8D-na-v%C4%8Del%C3%ADn.JPG\"\n               title=\"\"\n               data-src=\"http:\/\/www.vcelarskyspolek.cz\/wp-content\/gallery\/Klatovy-15.9.2016\/111-DSCF2858-p%C5%99%C3%A1tel%C3%A9-v%C4%8Dela%C5%99i-s-Hodon%C3%ADna-p%C5%99.Uhrovi%C4%8D-na-v%C4%8Del%C3%ADn.JPG\"\n               data-thumbnail=\"http:\/\/www.vcelarskyspolek.cz\/wp-content\/gallery\/Klatovy-15.9.2016\/thumbs\/thumbs_111-DSCF2858-p%C5%99%C3%A1tel%C3%A9-v%C4%8Dela%C5%99i-s-Hodon%C3%ADna-p%C5%99.Uhrovi%C4%8D-na-v%C4%8Del%C3%ADn.JPG\"\n               data-image-id=\"1996\"\n               data-title=\"111-DSCF2858 p\u0159\u00e1tel\u00e9 v\u010dela\u0159i s Hodon\u00edna - p\u0159.Uhrovi\u010d - na v\u010del\u00edn\"\n               data-description=\"\"\n               data-image-slug=\"111-dscf2858-p%c5%99%c3%a1tel%c3%a9-v%c4%8dela%c5%99i-s-hodon%c3%adna-p%c5%99-uhrovi%c4%8d-na-v%c4%8del%c3%adn-1\"\n               class=\"ngg-fancybox\" rel=\"adb3c90bdd536d6f5890a66020a18e3b\">\n                <img\n                    title=\"111-DSCF2858 p\u0159\u00e1tel\u00e9 v\u010dela\u0159i s Hodon\u00edna - p\u0159.Uhrovi\u010d - na v\u010del\u00edn\"\n                    alt=\"111-DSCF2858 p\u0159\u00e1tel\u00e9 v\u010dela\u0159i s Hodon\u00edna - p\u0159.Uhrovi\u010d - na v\u010del\u00edn\"\n                    src=\"http:\/\/www.vcelarskyspolek.cz\/wp-content\/gallery\/Klatovy-15.9.2016\/thumbs\/thumbs_111-DSCF2858-p%C5%99%C3%A1tel%C3%A9-v%C4%8Dela%C5%99i-s-Hodon%C3%ADna-p%C5%99.Uhrovi%C4%8D-na-v%C4%8Del%C3%ADn.JPG\"\n                    width=\"120\"\n                    height=\"90\"\n                    style=\"max-width:100%;\"\n                \/>\n            <\/a>\n        <\/div>\n\t\t\t\t\t\t\t<\/div> \n\t\t\t\n        \n\t\t\t\t<div id=\"ngg-image-111\" class=\"ngg-gallery-thumbnail-box\" >\n\t\t\t\t        <div class=\"ngg-gallery-thumbnail\">\n            <a href=\"http:\/\/www.vcelarskyspolek.cz\/wp-content\/gallery\/Klatovy-15.9.2016\/112-DSCF2859-p%C5%99%C3%A1tel%C3%A9-v%C4%8Dela%C5%99i-s-Hodon%C3%ADna-p%C5%99.Uhrovi%C4%8D-na-v%C4%8Del%C3%ADn.JPG\"\n               title=\"\"\n               data-src=\"http:\/\/www.vcelarskyspolek.cz\/wp-content\/gallery\/Klatovy-15.9.2016\/112-DSCF2859-p%C5%99%C3%A1tel%C3%A9-v%C4%8Dela%C5%99i-s-Hodon%C3%ADna-p%C5%99.Uhrovi%C4%8D-na-v%C4%8Del%C3%ADn.JPG\"\n               data-thumbnail=\"http:\/\/www.vcelarskyspolek.cz\/wp-content\/gallery\/Klatovy-15.9.2016\/thumbs\/thumbs_112-DSCF2859-p%C5%99%C3%A1tel%C3%A9-v%C4%8Dela%C5%99i-s-Hodon%C3%ADna-p%C5%99.Uhrovi%C4%8D-na-v%C4%8Del%C3%ADn.JPG\"\n               data-image-id=\"1997\"\n               data-title=\"112-DSCF2859 p\u0159\u00e1tel\u00e9 v\u010dela\u0159i s Hodon\u00edna - p\u0159.Uhrovi\u010d - na v\u010del\u00edn\"\n               data-description=\"\"\n               data-image-slug=\"112-dscf2859-p%c5%99%c3%a1tel%c3%a9-v%c4%8dela%c5%99i-s-hodon%c3%adna-p%c5%99-uhrovi%c4%8d-na-v%c4%8del%c3%adn-1\"\n               class=\"ngg-fancybox\" rel=\"adb3c90bdd536d6f5890a66020a18e3b\">\n                <img\n                    title=\"112-DSCF2859 p\u0159\u00e1tel\u00e9 v\u010dela\u0159i s Hodon\u00edna - p\u0159.Uhrovi\u010d - na v\u010del\u00edn\"\n                    alt=\"112-DSCF2859 p\u0159\u00e1tel\u00e9 v\u010dela\u0159i s Hodon\u00edna - p\u0159.Uhrovi\u010d - na v\u010del\u00edn\"\n                    src=\"http:\/\/www.vcelarskyspolek.cz\/wp-content\/gallery\/Klatovy-15.9.2016\/thumbs\/thumbs_112-DSCF2859-p%C5%99%C3%A1tel%C3%A9-v%C4%8Dela%C5%99i-s-Hodon%C3%ADna-p%C5%99.Uhrovi%C4%8D-na-v%C4%8Del%C3%ADn.JPG\"\n                    width=\"120\"\n                    height=\"90\"\n                    style=\"max-width:100%;\"\n                \/>\n            <\/a>\n        <\/div>\n\t\t\t\t\t\t\t<\/div> \n\t\t\t\n        \n\t\t\t\t<div id=\"ngg-image-112\" class=\"ngg-gallery-thumbnail-box\" >\n\t\t\t\t        <div class=\"ngg-gallery-thumbnail\">\n            <a href=\"http:\/\/www.vcelarskyspolek.cz\/wp-content\/gallery\/Klatovy-15.9.2016\/113-DSCF2860-p%C5%99%C3%A1tel%C3%A9-v%C4%8Dela%C5%99i-s-Hodon%C3%ADna-p%C5%99.Uhrovi%C4%8D-na-v%C4%8Del%C3%ADn.JPG\"\n               title=\"\"\n               data-src=\"http:\/\/www.vcelarskyspolek.cz\/wp-content\/gallery\/Klatovy-15.9.2016\/113-DSCF2860-p%C5%99%C3%A1tel%C3%A9-v%C4%8Dela%C5%99i-s-Hodon%C3%ADna-p%C5%99.Uhrovi%C4%8D-na-v%C4%8Del%C3%ADn.JPG\"\n               data-thumbnail=\"http:\/\/www.vcelarskyspolek.cz\/wp-content\/gallery\/Klatovy-15.9.2016\/thumbs\/thumbs_113-DSCF2860-p%C5%99%C3%A1tel%C3%A9-v%C4%8Dela%C5%99i-s-Hodon%C3%ADna-p%C5%99.Uhrovi%C4%8D-na-v%C4%8Del%C3%ADn.JPG\"\n               data-image-id=\"1998\"\n               data-title=\"113-DSCF2860 p\u0159\u00e1tel\u00e9 v\u010dela\u0159i s Hodon\u00edna - p\u0159.Uhrovi\u010d - na v\u010del\u00edn\"\n               data-description=\"\"\n               data-image-slug=\"113-dscf2860-p%c5%99%c3%a1tel%c3%a9-v%c4%8dela%c5%99i-s-hodon%c3%adna-p%c5%99-uhrovi%c4%8d-na-v%c4%8del%c3%adn-1\"\n               class=\"ngg-fancybox\" rel=\"adb3c90bdd536d6f5890a66020a18e3b\">\n                <img\n                    title=\"113-DSCF2860 p\u0159\u00e1tel\u00e9 v\u010dela\u0159i s Hodon\u00edna - p\u0159.Uhrovi\u010d - na v\u010del\u00edn\"\n                    alt=\"113-DSCF2860 p\u0159\u00e1tel\u00e9 v\u010dela\u0159i s Hodon\u00edna - p\u0159.Uhrovi\u010d - na v\u010del\u00edn\"\n                    src=\"http:\/\/www.vcelarskyspolek.cz\/wp-content\/gallery\/Klatovy-15.9.2016\/thumbs\/thumbs_113-DSCF2860-p%C5%99%C3%A1tel%C3%A9-v%C4%8Dela%C5%99i-s-Hodon%C3%ADna-p%C5%99.Uhrovi%C4%8D-na-v%C4%8Del%C3%ADn.JPG\"\n                    width=\"120\"\n                    height=\"90\"\n                    style=\"max-width:100%;\"\n                \/>\n            <\/a>\n        <\/div>\n\t\t\t\t\t\t\t<\/div> \n\t\t\t\n        \n\t\t\t\t<div id=\"ngg-image-113\" class=\"ngg-gallery-thumbnail-box\" >\n\t\t\t\t        <div class=\"ngg-gallery-thumbnail\">\n            <a href=\"http:\/\/www.vcelarskyspolek.cz\/wp-content\/gallery\/Klatovy-15.9.2016\/114-DSCF2861-p%C5%99%C3%A1tel%C3%A9-v%C4%8Dela%C5%99i-s-Hodon%C3%ADna-p%C5%99.Uhrovi%C4%8D-na-v%C4%8Del%C3%ADn.JPG\"\n               title=\"\"\n               data-src=\"http:\/\/www.vcelarskyspolek.cz\/wp-content\/gallery\/Klatovy-15.9.2016\/114-DSCF2861-p%C5%99%C3%A1tel%C3%A9-v%C4%8Dela%C5%99i-s-Hodon%C3%ADna-p%C5%99.Uhrovi%C4%8D-na-v%C4%8Del%C3%ADn.JPG\"\n               data-thumbnail=\"http:\/\/www.vcelarskyspolek.cz\/wp-content\/gallery\/Klatovy-15.9.2016\/thumbs\/thumbs_114-DSCF2861-p%C5%99%C3%A1tel%C3%A9-v%C4%8Dela%C5%99i-s-Hodon%C3%ADna-p%C5%99.Uhrovi%C4%8D-na-v%C4%8Del%C3%ADn.JPG\"\n               data-image-id=\"1999\"\n               data-title=\"114-DSCF2861 p\u0159\u00e1tel\u00e9 v\u010dela\u0159i s Hodon\u00edna - p\u0159.Uhrovi\u010d - na v\u010del\u00edn\"\n               data-description=\"\"\n               data-image-slug=\"114-dscf2861-p%c5%99%c3%a1tel%c3%a9-v%c4%8dela%c5%99i-s-hodon%c3%adna-p%c5%99-uhrovi%c4%8d-na-v%c4%8del%c3%adn-1\"\n               class=\"ngg-fancybox\" rel=\"adb3c90bdd536d6f5890a66020a18e3b\">\n                <img\n                    title=\"114-DSCF2861 p\u0159\u00e1tel\u00e9 v\u010dela\u0159i s Hodon\u00edna - p\u0159.Uhrovi\u010d - na v\u010del\u00edn\"\n                    alt=\"114-DSCF2861 p\u0159\u00e1tel\u00e9 v\u010dela\u0159i s Hodon\u00edna - p\u0159.Uhrovi\u010d - na v\u010del\u00edn\"\n                    src=\"http:\/\/www.vcelarskyspolek.cz\/wp-content\/gallery\/Klatovy-15.9.2016\/thumbs\/thumbs_114-DSCF2861-p%C5%99%C3%A1tel%C3%A9-v%C4%8Dela%C5%99i-s-Hodon%C3%ADna-p%C5%99.Uhrovi%C4%8D-na-v%C4%8Del%C3%ADn.JPG\"\n                    width=\"120\"\n                    height=\"90\"\n                    style=\"max-width:100%;\"\n                \/>\n            <\/a>\n        <\/div>\n\t\t\t\t\t\t\t<\/div> \n\t\t\t\n        \n\t\t\t\t<div id=\"ngg-image-114\" class=\"ngg-gallery-thumbnail-box\" >\n\t\t\t\t        <div class=\"ngg-gallery-thumbnail\">\n            <a href=\"http:\/\/www.vcelarskyspolek.cz\/wp-content\/gallery\/Klatovy-15.9.2016\/115-DSCF2862-u-Machova-v%C4%8Del%C3%ADnu-v-Kru%C5%A1lov%C4%9B-u-Volyn%C4%9B-13.9.2015-.JPG\"\n               title=\"\"\n               data-src=\"http:\/\/www.vcelarskyspolek.cz\/wp-content\/gallery\/Klatovy-15.9.2016\/115-DSCF2862-u-Machova-v%C4%8Del%C3%ADnu-v-Kru%C5%A1lov%C4%9B-u-Volyn%C4%9B-13.9.2015-.JPG\"\n               data-thumbnail=\"http:\/\/www.vcelarskyspolek.cz\/wp-content\/gallery\/Klatovy-15.9.2016\/thumbs\/thumbs_115-DSCF2862-u-Machova-v%C4%8Del%C3%ADnu-v-Kru%C5%A1lov%C4%9B-u-Volyn%C4%9B-13.9.2015-.JPG\"\n               data-image-id=\"2000\"\n               data-title=\"115-DSCF2862 u Machova v\u010del\u00ednu v Kru\u0161lov\u011b u Volyn\u011b 13.9.2015\"\n               data-description=\"\"\n               data-image-slug=\"115-dscf2862-u-machova-v%c4%8del%c3%adnu-v-kru%c5%a1lov%c4%9b-u-volyn%c4%9b-13-9-2015-1\"\n               class=\"ngg-fancybox\" rel=\"adb3c90bdd536d6f5890a66020a18e3b\">\n                <img\n                    title=\"115-DSCF2862 u Machova v\u010del\u00ednu v Kru\u0161lov\u011b u Volyn\u011b 13.9.2015\"\n                    alt=\"115-DSCF2862 u Machova v\u010del\u00ednu v Kru\u0161lov\u011b u Volyn\u011b 13.9.2015\"\n                    src=\"http:\/\/www.vcelarskyspolek.cz\/wp-content\/gallery\/Klatovy-15.9.2016\/thumbs\/thumbs_115-DSCF2862-u-Machova-v%C4%8Del%C3%ADnu-v-Kru%C5%A1lov%C4%9B-u-Volyn%C4%9B-13.9.2015-.JPG\"\n                    width=\"120\"\n                    height=\"90\"\n                    style=\"max-width:100%;\"\n                \/>\n            <\/a>\n        <\/div>\n\t\t\t\t\t\t\t<\/div> \n\t\t\t\n        \n\t\t\t\t<div id=\"ngg-image-115\" class=\"ngg-gallery-thumbnail-box\" >\n\t\t\t\t        <div class=\"ngg-gallery-thumbnail\">\n            <a href=\"http:\/\/www.vcelarskyspolek.cz\/wp-content\/gallery\/Klatovy-15.9.2016\/116-DSCF2863-u-Machova-v%C4%8Del%C3%ADnu-v-Kru%C5%A1lov%C4%9B-u-Volyn%C4%9B-13.9.2015-.JPG\"\n               title=\"\"\n               data-src=\"http:\/\/www.vcelarskyspolek.cz\/wp-content\/gallery\/Klatovy-15.9.2016\/116-DSCF2863-u-Machova-v%C4%8Del%C3%ADnu-v-Kru%C5%A1lov%C4%9B-u-Volyn%C4%9B-13.9.2015-.JPG\"\n               data-thumbnail=\"http:\/\/www.vcelarskyspolek.cz\/wp-content\/gallery\/Klatovy-15.9.2016\/thumbs\/thumbs_116-DSCF2863-u-Machova-v%C4%8Del%C3%ADnu-v-Kru%C5%A1lov%C4%9B-u-Volyn%C4%9B-13.9.2015-.JPG\"\n               data-image-id=\"2001\"\n               data-title=\"116-DSCF2863 u Machova v\u010del\u00ednu v Kru\u0161lov\u011b u Volyn\u011b 13.9.2015\"\n               data-description=\"\"\n               data-image-slug=\"116-dscf2863-u-machova-v%c4%8del%c3%adnu-v-kru%c5%a1lov%c4%9b-u-volyn%c4%9b-13-9-2015-1\"\n               class=\"ngg-fancybox\" rel=\"adb3c90bdd536d6f5890a66020a18e3b\">\n                <img\n                    title=\"116-DSCF2863 u Machova v\u010del\u00ednu v Kru\u0161lov\u011b u Volyn\u011b 13.9.2015\"\n                    alt=\"116-DSCF2863 u Machova v\u010del\u00ednu v Kru\u0161lov\u011b u Volyn\u011b 13.9.2015\"\n                    src=\"http:\/\/www.vcelarskyspolek.cz\/wp-content\/gallery\/Klatovy-15.9.2016\/thumbs\/thumbs_116-DSCF2863-u-Machova-v%C4%8Del%C3%ADnu-v-Kru%C5%A1lov%C4%9B-u-Volyn%C4%9B-13.9.2015-.JPG\"\n                    width=\"120\"\n                    height=\"90\"\n                    style=\"max-width:100%;\"\n                \/>\n            <\/a>\n        <\/div>\n\t\t\t\t\t\t\t<\/div> \n\t\t\t\n        \n\t\t\t\t<div id=\"ngg-image-116\" class=\"ngg-gallery-thumbnail-box\" >\n\t\t\t\t        <div class=\"ngg-gallery-thumbnail\">\n            <a href=\"http:\/\/www.vcelarskyspolek.cz\/wp-content\/gallery\/Klatovy-15.9.2016\/117-DSCF2864-u-Machova-v%C4%8Del%C3%ADnu-v-Kru%C5%A1lov%C4%9B-u-Volyn%C4%9B-13.9.2015-.JPG\"\n               title=\"\"\n               data-src=\"http:\/\/www.vcelarskyspolek.cz\/wp-content\/gallery\/Klatovy-15.9.2016\/117-DSCF2864-u-Machova-v%C4%8Del%C3%ADnu-v-Kru%C5%A1lov%C4%9B-u-Volyn%C4%9B-13.9.2015-.JPG\"\n               data-thumbnail=\"http:\/\/www.vcelarskyspolek.cz\/wp-content\/gallery\/Klatovy-15.9.2016\/thumbs\/thumbs_117-DSCF2864-u-Machova-v%C4%8Del%C3%ADnu-v-Kru%C5%A1lov%C4%9B-u-Volyn%C4%9B-13.9.2015-.JPG\"\n               data-image-id=\"2002\"\n               data-title=\"117-DSCF2864 u Machova v\u010del\u00ednu v Kru\u0161lov\u011b u Volyn\u011b 13.9.2015\"\n               data-description=\"\"\n               data-image-slug=\"117-dscf2864-u-machova-v%c4%8del%c3%adnu-v-kru%c5%a1lov%c4%9b-u-volyn%c4%9b-13-9-2015-1\"\n               class=\"ngg-fancybox\" rel=\"adb3c90bdd536d6f5890a66020a18e3b\">\n                <img\n                    title=\"117-DSCF2864 u Machova v\u010del\u00ednu v Kru\u0161lov\u011b u Volyn\u011b 13.9.2015\"\n                    alt=\"117-DSCF2864 u Machova v\u010del\u00ednu v Kru\u0161lov\u011b u Volyn\u011b 13.9.2015\"\n                    src=\"http:\/\/www.vcelarskyspolek.cz\/wp-content\/gallery\/Klatovy-15.9.2016\/thumbs\/thumbs_117-DSCF2864-u-Machova-v%C4%8Del%C3%ADnu-v-Kru%C5%A1lov%C4%9B-u-Volyn%C4%9B-13.9.2015-.JPG\"\n                    width=\"120\"\n                    height=\"90\"\n                    style=\"max-width:100%;\"\n                \/>\n            <\/a>\n        <\/div>\n\t\t\t\t\t\t\t<\/div> \n\t\t\t\n        \n\t\t\t\t<div id=\"ngg-image-117\" class=\"ngg-gallery-thumbnail-box\" >\n\t\t\t\t        <div class=\"ngg-gallery-thumbnail\">\n            <a href=\"http:\/\/www.vcelarskyspolek.cz\/wp-content\/gallery\/Klatovy-15.9.2016\/118-DSCF2865-u-Machova-v%C4%8Del%C3%ADnu-v-Kru%C5%A1lov%C4%9B-u-Volyn%C4%9B-13.9.2015-.JPG\"\n               title=\"\"\n               data-src=\"http:\/\/www.vcelarskyspolek.cz\/wp-content\/gallery\/Klatovy-15.9.2016\/118-DSCF2865-u-Machova-v%C4%8Del%C3%ADnu-v-Kru%C5%A1lov%C4%9B-u-Volyn%C4%9B-13.9.2015-.JPG\"\n               data-thumbnail=\"http:\/\/www.vcelarskyspolek.cz\/wp-content\/gallery\/Klatovy-15.9.2016\/thumbs\/thumbs_118-DSCF2865-u-Machova-v%C4%8Del%C3%ADnu-v-Kru%C5%A1lov%C4%9B-u-Volyn%C4%9B-13.9.2015-.JPG\"\n               data-image-id=\"2003\"\n               data-title=\"118-DSCF2865 u Machova v\u010del\u00ednu v Kru\u0161lov\u011b u Volyn\u011b 13.9.2015\"\n               data-description=\"\"\n               data-image-slug=\"118-dscf2865-u-machova-v%c4%8del%c3%adnu-v-kru%c5%a1lov%c4%9b-u-volyn%c4%9b-13-9-2015-1\"\n               class=\"ngg-fancybox\" rel=\"adb3c90bdd536d6f5890a66020a18e3b\">\n                <img\n                    title=\"118-DSCF2865 u Machova v\u010del\u00ednu v Kru\u0161lov\u011b u Volyn\u011b 13.9.2015\"\n                    alt=\"118-DSCF2865 u Machova v\u010del\u00ednu v Kru\u0161lov\u011b u Volyn\u011b 13.9.2015\"\n                    src=\"http:\/\/www.vcelarskyspolek.cz\/wp-content\/gallery\/Klatovy-15.9.2016\/thumbs\/thumbs_118-DSCF2865-u-Machova-v%C4%8Del%C3%ADnu-v-Kru%C5%A1lov%C4%9B-u-Volyn%C4%9B-13.9.2015-.JPG\"\n                    width=\"120\"\n                    height=\"90\"\n                    style=\"max-width:100%;\"\n                \/>\n            <\/a>\n        <\/div>\n\t\t\t\t\t\t\t<\/div> \n\t\t\t\n        \n\t\t\t\t<div id=\"ngg-image-118\" class=\"ngg-gallery-thumbnail-box\" >\n\t\t\t\t        <div class=\"ngg-gallery-thumbnail\">\n            <a href=\"http:\/\/www.vcelarskyspolek.cz\/wp-content\/gallery\/Klatovy-15.9.2016\/119-DSCF2867-u-Machova-v%C4%8Del%C3%ADnu-v-Kru%C5%A1lov%C4%9B-u-Volyn%C4%9B-13.9.2015-.JPG\"\n               title=\"\"\n               data-src=\"http:\/\/www.vcelarskyspolek.cz\/wp-content\/gallery\/Klatovy-15.9.2016\/119-DSCF2867-u-Machova-v%C4%8Del%C3%ADnu-v-Kru%C5%A1lov%C4%9B-u-Volyn%C4%9B-13.9.2015-.JPG\"\n               data-thumbnail=\"http:\/\/www.vcelarskyspolek.cz\/wp-content\/gallery\/Klatovy-15.9.2016\/thumbs\/thumbs_119-DSCF2867-u-Machova-v%C4%8Del%C3%ADnu-v-Kru%C5%A1lov%C4%9B-u-Volyn%C4%9B-13.9.2015-.JPG\"\n               data-image-id=\"2004\"\n               data-title=\"119-DSCF2867 u Machova v\u010del\u00ednu v Kru\u0161lov\u011b u Volyn\u011b 13.9.2015\"\n               data-description=\"\"\n               data-image-slug=\"119-dscf2867-u-machova-v%c4%8del%c3%adnu-v-kru%c5%a1lov%c4%9b-u-volyn%c4%9b-13-9-2015-1\"\n               class=\"ngg-fancybox\" rel=\"adb3c90bdd536d6f5890a66020a18e3b\">\n                <img\n                    title=\"119-DSCF2867 u Machova v\u010del\u00ednu v Kru\u0161lov\u011b u Volyn\u011b 13.9.2015\"\n                    alt=\"119-DSCF2867 u Machova v\u010del\u00ednu v Kru\u0161lov\u011b u Volyn\u011b 13.9.2015\"\n                    src=\"http:\/\/www.vcelarskyspolek.cz\/wp-content\/gallery\/Klatovy-15.9.2016\/thumbs\/thumbs_119-DSCF2867-u-Machova-v%C4%8Del%C3%ADnu-v-Kru%C5%A1lov%C4%9B-u-Volyn%C4%9B-13.9.2015-.JPG\"\n                    width=\"120\"\n                    height=\"90\"\n                    style=\"max-width:100%;\"\n                \/>\n            <\/a>\n        <\/div>\n\t\t\t\t\t\t\t<\/div> \n\t\t\t\n        \n\t\t\t\t<div id=\"ngg-image-119\" class=\"ngg-gallery-thumbnail-box\" >\n\t\t\t\t        <div class=\"ngg-gallery-thumbnail\">\n            <a href=\"http:\/\/www.vcelarskyspolek.cz\/wp-content\/gallery\/Klatovy-15.9.2016\/120-DSCF2869-u-Machova-v%C4%8Del%C3%ADnu-v-Kru%C5%A1lov%C4%9B-u-Volyn%C4%9B-13.9.2015-.JPG\"\n               title=\"\"\n               data-src=\"http:\/\/www.vcelarskyspolek.cz\/wp-content\/gallery\/Klatovy-15.9.2016\/120-DSCF2869-u-Machova-v%C4%8Del%C3%ADnu-v-Kru%C5%A1lov%C4%9B-u-Volyn%C4%9B-13.9.2015-.JPG\"\n               data-thumbnail=\"http:\/\/www.vcelarskyspolek.cz\/wp-content\/gallery\/Klatovy-15.9.2016\/thumbs\/thumbs_120-DSCF2869-u-Machova-v%C4%8Del%C3%ADnu-v-Kru%C5%A1lov%C4%9B-u-Volyn%C4%9B-13.9.2015-.JPG\"\n               data-image-id=\"2005\"\n               data-title=\"120-DSCF2869 u Machova v\u010del\u00ednu v Kru\u0161lov\u011b u Volyn\u011b 13.9.2015\"\n               data-description=\"\"\n               data-image-slug=\"120-dscf2869-u-machova-v%c4%8del%c3%adnu-v-kru%c5%a1lov%c4%9b-u-volyn%c4%9b-13-9-2015-1\"\n               class=\"ngg-fancybox\" rel=\"adb3c90bdd536d6f5890a66020a18e3b\">\n                <img\n                    title=\"120-DSCF2869 u Machova v\u010del\u00ednu v Kru\u0161lov\u011b u Volyn\u011b 13.9.2015\"\n                    alt=\"120-DSCF2869 u Machova v\u010del\u00ednu v Kru\u0161lov\u011b u Volyn\u011b 13.9.2015\"\n                    src=\"http:\/\/www.vcelarskyspolek.cz\/wp-content\/gallery\/Klatovy-15.9.2016\/thumbs\/thumbs_120-DSCF2869-u-Machova-v%C4%8Del%C3%ADnu-v-Kru%C5%A1lov%C4%9B-u-Volyn%C4%9B-13.9.2015-.JPG\"\n                    width=\"120\"\n                    height=\"90\"\n                    style=\"max-width:100%;\"\n                \/>\n            <\/a>\n        <\/div>\n\t\t\t\t\t\t\t<\/div> \n\t\t\t\n        \n\t\t\t\t<div id=\"ngg-image-120\" class=\"ngg-gallery-thumbnail-box\" >\n\t\t\t\t        <div class=\"ngg-gallery-thumbnail\">\n            <a href=\"http:\/\/www.vcelarskyspolek.cz\/wp-content\/gallery\/Klatovy-15.9.2016\/121-DSCF2870-u-Machova-v%C4%8Del%C3%ADnu-v-Kru%C5%A1lov%C4%9B-u-Volyn%C4%9B-13.9.2015-.JPG\"\n               title=\"\"\n               data-src=\"http:\/\/www.vcelarskyspolek.cz\/wp-content\/gallery\/Klatovy-15.9.2016\/121-DSCF2870-u-Machova-v%C4%8Del%C3%ADnu-v-Kru%C5%A1lov%C4%9B-u-Volyn%C4%9B-13.9.2015-.JPG\"\n               data-thumbnail=\"http:\/\/www.vcelarskyspolek.cz\/wp-content\/gallery\/Klatovy-15.9.2016\/thumbs\/thumbs_121-DSCF2870-u-Machova-v%C4%8Del%C3%ADnu-v-Kru%C5%A1lov%C4%9B-u-Volyn%C4%9B-13.9.2015-.JPG\"\n               data-image-id=\"2006\"\n               data-title=\"121-DSCF2870 u Machova v\u010del\u00ednu v Kru\u0161lov\u011b u Volyn\u011b 13.9.2015\"\n               data-description=\"\"\n               data-image-slug=\"121-dscf2870-u-machova-v%c4%8del%c3%adnu-v-kru%c5%a1lov%c4%9b-u-volyn%c4%9b-13-9-2015-1\"\n               class=\"ngg-fancybox\" rel=\"adb3c90bdd536d6f5890a66020a18e3b\">\n                <img\n                    title=\"121-DSCF2870 u Machova v\u010del\u00ednu v Kru\u0161lov\u011b u Volyn\u011b 13.9.2015\"\n                    alt=\"121-DSCF2870 u Machova v\u010del\u00ednu v Kru\u0161lov\u011b u Volyn\u011b 13.9.2015\"\n                    src=\"http:\/\/www.vcelarskyspolek.cz\/wp-content\/gallery\/Klatovy-15.9.2016\/thumbs\/thumbs_121-DSCF2870-u-Machova-v%C4%8Del%C3%ADnu-v-Kru%C5%A1lov%C4%9B-u-Volyn%C4%9B-13.9.2015-.JPG\"\n                    width=\"120\"\n                    height=\"90\"\n                    style=\"max-width:100%;\"\n                \/>\n            <\/a>\n        <\/div>\n\t\t\t\t\t\t\t<\/div> \n\t\t\t\n        \n\t\t\t\t<div id=\"ngg-image-121\" class=\"ngg-gallery-thumbnail-box\" >\n\t\t\t\t        <div class=\"ngg-gallery-thumbnail\">\n            <a href=\"http:\/\/www.vcelarskyspolek.cz\/wp-content\/gallery\/Klatovy-15.9.2016\/122-DSCF2871-u-Machova-v%C4%8Del%C3%ADnu-v-Kru%C5%A1lov%C4%9B-u-Volyn%C4%9B-13.9.2015-.JPG\"\n               title=\"\"\n               data-src=\"http:\/\/www.vcelarskyspolek.cz\/wp-content\/gallery\/Klatovy-15.9.2016\/122-DSCF2871-u-Machova-v%C4%8Del%C3%ADnu-v-Kru%C5%A1lov%C4%9B-u-Volyn%C4%9B-13.9.2015-.JPG\"\n               data-thumbnail=\"http:\/\/www.vcelarskyspolek.cz\/wp-content\/gallery\/Klatovy-15.9.2016\/thumbs\/thumbs_122-DSCF2871-u-Machova-v%C4%8Del%C3%ADnu-v-Kru%C5%A1lov%C4%9B-u-Volyn%C4%9B-13.9.2015-.JPG\"\n               data-image-id=\"2007\"\n               data-title=\"122-DSCF2871 u Machova v\u010del\u00ednu v Kru\u0161lov\u011b u Volyn\u011b 13.9.2015\"\n               data-description=\"\"\n               data-image-slug=\"122-dscf2871-u-machova-v%c4%8del%c3%adnu-v-kru%c5%a1lov%c4%9b-u-volyn%c4%9b-13-9-2015-1\"\n               class=\"ngg-fancybox\" rel=\"adb3c90bdd536d6f5890a66020a18e3b\">\n                <img\n                    title=\"122-DSCF2871 u Machova v\u010del\u00ednu v Kru\u0161lov\u011b u Volyn\u011b 13.9.2015\"\n                    alt=\"122-DSCF2871 u Machova v\u010del\u00ednu v Kru\u0161lov\u011b u Volyn\u011b 13.9.2015\"\n                    src=\"http:\/\/www.vcelarskyspolek.cz\/wp-content\/gallery\/Klatovy-15.9.2016\/thumbs\/thumbs_122-DSCF2871-u-Machova-v%C4%8Del%C3%ADnu-v-Kru%C5%A1lov%C4%9B-u-Volyn%C4%9B-13.9.2015-.JPG\"\n                    width=\"120\"\n                    height=\"90\"\n                    style=\"max-width:100%;\"\n                \/>\n            <\/a>\n        <\/div>\n\t\t\t\t\t\t\t<\/div> \n\t\t\t\n        \n\t\t\t\t<div id=\"ngg-image-122\" class=\"ngg-gallery-thumbnail-box\" >\n\t\t\t\t        <div class=\"ngg-gallery-thumbnail\">\n            <a href=\"http:\/\/www.vcelarskyspolek.cz\/wp-content\/gallery\/Klatovy-15.9.2016\/123-DSCF2872-u-Machova-v%C4%8Del%C3%ADnu-v-Kru%C5%A1lov%C4%9B-u-Volyn%C4%9B-13.9.2015-.JPG\"\n               title=\"\"\n               data-src=\"http:\/\/www.vcelarskyspolek.cz\/wp-content\/gallery\/Klatovy-15.9.2016\/123-DSCF2872-u-Machova-v%C4%8Del%C3%ADnu-v-Kru%C5%A1lov%C4%9B-u-Volyn%C4%9B-13.9.2015-.JPG\"\n               data-thumbnail=\"http:\/\/www.vcelarskyspolek.cz\/wp-content\/gallery\/Klatovy-15.9.2016\/thumbs\/thumbs_123-DSCF2872-u-Machova-v%C4%8Del%C3%ADnu-v-Kru%C5%A1lov%C4%9B-u-Volyn%C4%9B-13.9.2015-.JPG\"\n               data-image-id=\"2008\"\n               data-title=\"123-DSCF2872 u Machova v\u010del\u00ednu v Kru\u0161lov\u011b u Volyn\u011b 13.9.2015\"\n               data-description=\"\"\n               data-image-slug=\"123-dscf2872-u-machova-v%c4%8del%c3%adnu-v-kru%c5%a1lov%c4%9b-u-volyn%c4%9b-13-9-2015-1\"\n               class=\"ngg-fancybox\" rel=\"adb3c90bdd536d6f5890a66020a18e3b\">\n                <img\n                    title=\"123-DSCF2872 u Machova v\u010del\u00ednu v Kru\u0161lov\u011b u Volyn\u011b 13.9.2015\"\n                    alt=\"123-DSCF2872 u Machova v\u010del\u00ednu v Kru\u0161lov\u011b u Volyn\u011b 13.9.2015\"\n                    src=\"http:\/\/www.vcelarskyspolek.cz\/wp-content\/gallery\/Klatovy-15.9.2016\/thumbs\/thumbs_123-DSCF2872-u-Machova-v%C4%8Del%C3%ADnu-v-Kru%C5%A1lov%C4%9B-u-Volyn%C4%9B-13.9.2015-.JPG\"\n                    width=\"120\"\n                    height=\"90\"\n                    style=\"max-width:100%;\"\n                \/>\n            <\/a>\n        <\/div>\n\t\t\t\t\t\t\t<\/div> \n\t\t\t\n        \n\t\t\t\t<div id=\"ngg-image-123\" class=\"ngg-gallery-thumbnail-box\" >\n\t\t\t\t        <div class=\"ngg-gallery-thumbnail\">\n            <a href=\"http:\/\/www.vcelarskyspolek.cz\/wp-content\/gallery\/Klatovy-15.9.2016\/124-DSCF2874-u-Machova-v%C4%8Del%C3%ADnu-v-Kru%C5%A1lov%C4%9B-u-Volyn%C4%9B-13.9.2015-.JPG\"\n               title=\"\"\n               data-src=\"http:\/\/www.vcelarskyspolek.cz\/wp-content\/gallery\/Klatovy-15.9.2016\/124-DSCF2874-u-Machova-v%C4%8Del%C3%ADnu-v-Kru%C5%A1lov%C4%9B-u-Volyn%C4%9B-13.9.2015-.JPG\"\n               data-thumbnail=\"http:\/\/www.vcelarskyspolek.cz\/wp-content\/gallery\/Klatovy-15.9.2016\/thumbs\/thumbs_124-DSCF2874-u-Machova-v%C4%8Del%C3%ADnu-v-Kru%C5%A1lov%C4%9B-u-Volyn%C4%9B-13.9.2015-.JPG\"\n               data-image-id=\"2009\"\n               data-title=\"124-DSCF2874 u Machova v\u010del\u00ednu v Kru\u0161lov\u011b u Volyn\u011b 13.9.2015\"\n               data-description=\"\"\n               data-image-slug=\"124-dscf2874-u-machova-v%c4%8del%c3%adnu-v-kru%c5%a1lov%c4%9b-u-volyn%c4%9b-13-9-2015-1\"\n               class=\"ngg-fancybox\" rel=\"adb3c90bdd536d6f5890a66020a18e3b\">\n                <img\n                    title=\"124-DSCF2874 u Machova v\u010del\u00ednu v Kru\u0161lov\u011b u Volyn\u011b 13.9.2015\"\n                    alt=\"124-DSCF2874 u Machova v\u010del\u00ednu v Kru\u0161lov\u011b u Volyn\u011b 13.9.2015\"\n                    src=\"http:\/\/www.vcelarskyspolek.cz\/wp-content\/gallery\/Klatovy-15.9.2016\/thumbs\/thumbs_124-DSCF2874-u-Machova-v%C4%8Del%C3%ADnu-v-Kru%C5%A1lov%C4%9B-u-Volyn%C4%9B-13.9.2015-.JPG\"\n                    width=\"120\"\n                    height=\"90\"\n                    style=\"max-width:100%;\"\n                \/>\n            <\/a>\n        <\/div>\n\t\t\t\t\t\t\t<\/div> \n\t\t\t\n        \n\t\t\t\t<div id=\"ngg-image-124\" class=\"ngg-gallery-thumbnail-box\" >\n\t\t\t\t        <div class=\"ngg-gallery-thumbnail\">\n            <a href=\"http:\/\/www.vcelarskyspolek.cz\/wp-content\/gallery\/Klatovy-15.9.2016\/125-DSCF2875-u-Machova-v%C4%8Del%C3%ADnu-v-Kru%C5%A1lov%C4%9B-u-Volyn%C4%9B-13.9.2015-.JPG\"\n               title=\"\"\n               data-src=\"http:\/\/www.vcelarskyspolek.cz\/wp-content\/gallery\/Klatovy-15.9.2016\/125-DSCF2875-u-Machova-v%C4%8Del%C3%ADnu-v-Kru%C5%A1lov%C4%9B-u-Volyn%C4%9B-13.9.2015-.JPG\"\n               data-thumbnail=\"http:\/\/www.vcelarskyspolek.cz\/wp-content\/gallery\/Klatovy-15.9.2016\/thumbs\/thumbs_125-DSCF2875-u-Machova-v%C4%8Del%C3%ADnu-v-Kru%C5%A1lov%C4%9B-u-Volyn%C4%9B-13.9.2015-.JPG\"\n               data-image-id=\"2010\"\n               data-title=\"125-DSCF2875 u Machova v\u010del\u00ednu v Kru\u0161lov\u011b u Volyn\u011b 13.9.2015\"\n               data-description=\"\"\n               data-image-slug=\"125-dscf2875-u-machova-v%c4%8del%c3%adnu-v-kru%c5%a1lov%c4%9b-u-volyn%c4%9b-13-9-2015-1\"\n               class=\"ngg-fancybox\" rel=\"adb3c90bdd536d6f5890a66020a18e3b\">\n                <img\n                    title=\"125-DSCF2875 u Machova v\u010del\u00ednu v Kru\u0161lov\u011b u Volyn\u011b 13.9.2015\"\n                    alt=\"125-DSCF2875 u Machova v\u010del\u00ednu v Kru\u0161lov\u011b u Volyn\u011b 13.9.2015\"\n                    src=\"http:\/\/www.vcelarskyspolek.cz\/wp-content\/gallery\/Klatovy-15.9.2016\/thumbs\/thumbs_125-DSCF2875-u-Machova-v%C4%8Del%C3%ADnu-v-Kru%C5%A1lov%C4%9B-u-Volyn%C4%9B-13.9.2015-.JPG\"\n                    width=\"120\"\n                    height=\"90\"\n                    style=\"max-width:100%;\"\n                \/>\n            <\/a>\n        <\/div>\n\t\t\t\t\t\t\t<\/div> \n\t\t\t\n        \n\t\t\t\t<div id=\"ngg-image-125\" class=\"ngg-gallery-thumbnail-box\" >\n\t\t\t\t        <div class=\"ngg-gallery-thumbnail\">\n            <a href=\"http:\/\/www.vcelarskyspolek.cz\/wp-content\/gallery\/Klatovy-15.9.2016\/126-DSCF2879-u-Machova-v%C4%8Del%C3%ADnu-v-Kru%C5%A1lov%C4%9B-u-Volyn%C4%9B-13.9.2015-.JPG\"\n               title=\"\"\n               data-src=\"http:\/\/www.vcelarskyspolek.cz\/wp-content\/gallery\/Klatovy-15.9.2016\/126-DSCF2879-u-Machova-v%C4%8Del%C3%ADnu-v-Kru%C5%A1lov%C4%9B-u-Volyn%C4%9B-13.9.2015-.JPG\"\n               data-thumbnail=\"http:\/\/www.vcelarskyspolek.cz\/wp-content\/gallery\/Klatovy-15.9.2016\/thumbs\/thumbs_126-DSCF2879-u-Machova-v%C4%8Del%C3%ADnu-v-Kru%C5%A1lov%C4%9B-u-Volyn%C4%9B-13.9.2015-.JPG\"\n               data-image-id=\"2011\"\n               data-title=\"126-DSCF2879 u Machova v\u010del\u00ednu v Kru\u0161lov\u011b u Volyn\u011b 13.9.2015\"\n               data-description=\"\"\n               data-image-slug=\"126-dscf2879-u-machova-v%c4%8del%c3%adnu-v-kru%c5%a1lov%c4%9b-u-volyn%c4%9b-13-9-2015-1\"\n               class=\"ngg-fancybox\" rel=\"adb3c90bdd536d6f5890a66020a18e3b\">\n                <img\n                    title=\"126-DSCF2879 u Machova v\u010del\u00ednu v Kru\u0161lov\u011b u Volyn\u011b 13.9.2015\"\n                    alt=\"126-DSCF2879 u Machova v\u010del\u00ednu v Kru\u0161lov\u011b u Volyn\u011b 13.9.2015\"\n                    src=\"http:\/\/www.vcelarskyspolek.cz\/wp-content\/gallery\/Klatovy-15.9.2016\/thumbs\/thumbs_126-DSCF2879-u-Machova-v%C4%8Del%C3%ADnu-v-Kru%C5%A1lov%C4%9B-u-Volyn%C4%9B-13.9.2015-.JPG\"\n                    width=\"120\"\n                    height=\"90\"\n                    style=\"max-width:100%;\"\n                \/>\n            <\/a>\n        <\/div>\n\t\t\t\t\t\t\t<\/div> \n\t\t\t\n        \n\t\t\t\t<div id=\"ngg-image-126\" class=\"ngg-gallery-thumbnail-box\" >\n\t\t\t\t        <div class=\"ngg-gallery-thumbnail\">\n            <a href=\"http:\/\/www.vcelarskyspolek.cz\/wp-content\/gallery\/Klatovy-15.9.2016\/127-DSCF2881-u-Machova-v%C4%8Del%C3%ADnu-v-Kru%C5%A1lov%C4%9B-u-Volyn%C4%9B-13.9.2015.JPG\"\n               title=\"\"\n               data-src=\"http:\/\/www.vcelarskyspolek.cz\/wp-content\/gallery\/Klatovy-15.9.2016\/127-DSCF2881-u-Machova-v%C4%8Del%C3%ADnu-v-Kru%C5%A1lov%C4%9B-u-Volyn%C4%9B-13.9.2015.JPG\"\n               data-thumbnail=\"http:\/\/www.vcelarskyspolek.cz\/wp-content\/gallery\/Klatovy-15.9.2016\/thumbs\/thumbs_127-DSCF2881-u-Machova-v%C4%8Del%C3%ADnu-v-Kru%C5%A1lov%C4%9B-u-Volyn%C4%9B-13.9.2015.JPG\"\n               data-image-id=\"2012\"\n               data-title=\"127-DSCF2881 u Machova v\u010del\u00ednu v Kru\u0161lov\u011b u Volyn\u011b 13.9.2015\"\n               data-description=\"\"\n               data-image-slug=\"127-dscf2881-u-machova-v%c4%8del%c3%adnu-v-kru%c5%a1lov%c4%9b-u-volyn%c4%9b-13-9-2015-1\"\n               class=\"ngg-fancybox\" rel=\"adb3c90bdd536d6f5890a66020a18e3b\">\n                <img\n                    title=\"127-DSCF2881 u Machova v\u010del\u00ednu v Kru\u0161lov\u011b u Volyn\u011b 13.9.2015\"\n                    alt=\"127-DSCF2881 u Machova v\u010del\u00ednu v Kru\u0161lov\u011b u Volyn\u011b 13.9.2015\"\n                    src=\"http:\/\/www.vcelarskyspolek.cz\/wp-content\/gallery\/Klatovy-15.9.2016\/thumbs\/thumbs_127-DSCF2881-u-Machova-v%C4%8Del%C3%ADnu-v-Kru%C5%A1lov%C4%9B-u-Volyn%C4%9B-13.9.2015.JPG\"\n                    width=\"120\"\n                    height=\"90\"\n                    style=\"max-width:100%;\"\n                \/>\n            <\/a>\n        <\/div>\n\t\t\t\t\t\t\t<\/div> \n\t\t\t\n        \n\t\t\t\t<div id=\"ngg-image-127\" class=\"ngg-gallery-thumbnail-box\" >\n\t\t\t\t        <div class=\"ngg-gallery-thumbnail\">\n            <a href=\"http:\/\/www.vcelarskyspolek.cz\/wp-content\/gallery\/Klatovy-15.9.2016\/128-DSCF2882-u-Machova-v%C4%8Del%C3%ADnu-v-Kru%C5%A1lov%C4%9B-u-Volyn%C4%9B-13.9.2015-.JPG\"\n               title=\"\"\n               data-src=\"http:\/\/www.vcelarskyspolek.cz\/wp-content\/gallery\/Klatovy-15.9.2016\/128-DSCF2882-u-Machova-v%C4%8Del%C3%ADnu-v-Kru%C5%A1lov%C4%9B-u-Volyn%C4%9B-13.9.2015-.JPG\"\n               data-thumbnail=\"http:\/\/www.vcelarskyspolek.cz\/wp-content\/gallery\/Klatovy-15.9.2016\/thumbs\/thumbs_128-DSCF2882-u-Machova-v%C4%8Del%C3%ADnu-v-Kru%C5%A1lov%C4%9B-u-Volyn%C4%9B-13.9.2015-.JPG\"\n               data-image-id=\"2013\"\n               data-title=\"128-DSCF2882 u Machova v\u010del\u00ednu v Kru\u0161lov\u011b u Volyn\u011b 13.9.2015\"\n               data-description=\"\"\n               data-image-slug=\"128-dscf2882-u-machova-v%c4%8del%c3%adnu-v-kru%c5%a1lov%c4%9b-u-volyn%c4%9b-13-9-2015-1\"\n               class=\"ngg-fancybox\" rel=\"adb3c90bdd536d6f5890a66020a18e3b\">\n                <img\n                    title=\"128-DSCF2882 u Machova v\u010del\u00ednu v Kru\u0161lov\u011b u Volyn\u011b 13.9.2015\"\n                    alt=\"128-DSCF2882 u Machova v\u010del\u00ednu v Kru\u0161lov\u011b u Volyn\u011b 13.9.2015\"\n                    src=\"http:\/\/www.vcelarskyspolek.cz\/wp-content\/gallery\/Klatovy-15.9.2016\/thumbs\/thumbs_128-DSCF2882-u-Machova-v%C4%8Del%C3%ADnu-v-Kru%C5%A1lov%C4%9B-u-Volyn%C4%9B-13.9.2015-.JPG\"\n                    width=\"120\"\n                    height=\"90\"\n                    style=\"max-width:100%;\"\n                \/>\n            <\/a>\n        <\/div>\n\t\t\t\t\t\t\t<\/div> \n\t\t\t\n        \n\t\t\t\t<div id=\"ngg-image-128\" class=\"ngg-gallery-thumbnail-box\" >\n\t\t\t\t        <div class=\"ngg-gallery-thumbnail\">\n            <a href=\"http:\/\/www.vcelarskyspolek.cz\/wp-content\/gallery\/Klatovy-15.9.2016\/129-DSCF2883-u-Machova-v%C4%8Del%C3%ADnu-v-Kru%C5%A1lov%C4%9B-u-Volyn%C4%9B-13.9.2015.JPG\"\n               title=\"\"\n               data-src=\"http:\/\/www.vcelarskyspolek.cz\/wp-content\/gallery\/Klatovy-15.9.2016\/129-DSCF2883-u-Machova-v%C4%8Del%C3%ADnu-v-Kru%C5%A1lov%C4%9B-u-Volyn%C4%9B-13.9.2015.JPG\"\n               data-thumbnail=\"http:\/\/www.vcelarskyspolek.cz\/wp-content\/gallery\/Klatovy-15.9.2016\/thumbs\/thumbs_129-DSCF2883-u-Machova-v%C4%8Del%C3%ADnu-v-Kru%C5%A1lov%C4%9B-u-Volyn%C4%9B-13.9.2015.JPG\"\n               data-image-id=\"2014\"\n               data-title=\"129-DSCF2883 u Machova v\u010del\u00ednu v Kru\u0161lov\u011b u Volyn\u011b 13.9.2015\"\n               data-description=\"\"\n               data-image-slug=\"129-dscf2883-u-machova-v%c4%8del%c3%adnu-v-kru%c5%a1lov%c4%9b-u-volyn%c4%9b-13-9-2015-1\"\n               class=\"ngg-fancybox\" rel=\"adb3c90bdd536d6f5890a66020a18e3b\">\n                <img\n                    title=\"129-DSCF2883 u Machova v\u010del\u00ednu v Kru\u0161lov\u011b u Volyn\u011b 13.9.2015\"\n                    alt=\"129-DSCF2883 u Machova v\u010del\u00ednu v Kru\u0161lov\u011b u Volyn\u011b 13.9.2015\"\n                    src=\"http:\/\/www.vcelarskyspolek.cz\/wp-content\/gallery\/Klatovy-15.9.2016\/thumbs\/thumbs_129-DSCF2883-u-Machova-v%C4%8Del%C3%ADnu-v-Kru%C5%A1lov%C4%9B-u-Volyn%C4%9B-13.9.2015.JPG\"\n                    width=\"120\"\n                    height=\"90\"\n                    style=\"max-width:100%;\"\n                \/>\n            <\/a>\n        <\/div>\n\t\t\t\t\t\t\t<\/div> \n\t\t\t\n        \n\t\t\t\t<div id=\"ngg-image-129\" class=\"ngg-gallery-thumbnail-box\" >\n\t\t\t\t        <div class=\"ngg-gallery-thumbnail\">\n            <a href=\"http:\/\/www.vcelarskyspolek.cz\/wp-content\/gallery\/Klatovy-15.9.2016\/130-DSCF2884-prohl%C3%ADdka-Machova-v%C4%8Del%C3%ADna-v-Kru%C5%A1lov%C4%9B-u-Volyn%C4%9B-13.9..JPG\"\n               title=\"\"\n               data-src=\"http:\/\/www.vcelarskyspolek.cz\/wp-content\/gallery\/Klatovy-15.9.2016\/130-DSCF2884-prohl%C3%ADdka-Machova-v%C4%8Del%C3%ADna-v-Kru%C5%A1lov%C4%9B-u-Volyn%C4%9B-13.9..JPG\"\n               data-thumbnail=\"http:\/\/www.vcelarskyspolek.cz\/wp-content\/gallery\/Klatovy-15.9.2016\/thumbs\/thumbs_130-DSCF2884-prohl%C3%ADdka-Machova-v%C4%8Del%C3%ADna-v-Kru%C5%A1lov%C4%9B-u-Volyn%C4%9B-13.9..JPG\"\n               data-image-id=\"2015\"\n               data-title=\"130-DSCF2884 prohl\u00eddka Machova v\u010del\u00edna v Kru\u0161lov\u011b u Volyn\u011b 13.9.\"\n               data-description=\"\"\n               data-image-slug=\"130-dscf2884-prohl%c3%addka-machova-v%c4%8del%c3%adna-v-kru%c5%a1lov%c4%9b-u-volyn%c4%9b-13-9-1\"\n               class=\"ngg-fancybox\" rel=\"adb3c90bdd536d6f5890a66020a18e3b\">\n                <img\n                    title=\"130-DSCF2884 prohl\u00eddka Machova v\u010del\u00edna v Kru\u0161lov\u011b u Volyn\u011b 13.9.\"\n                    alt=\"130-DSCF2884 prohl\u00eddka Machova v\u010del\u00edna v Kru\u0161lov\u011b u Volyn\u011b 13.9.\"\n                    src=\"http:\/\/www.vcelarskyspolek.cz\/wp-content\/gallery\/Klatovy-15.9.2016\/thumbs\/thumbs_130-DSCF2884-prohl%C3%ADdka-Machova-v%C4%8Del%C3%ADna-v-Kru%C5%A1lov%C4%9B-u-Volyn%C4%9B-13.9..JPG\"\n                    width=\"120\"\n                    height=\"90\"\n                    style=\"max-width:100%;\"\n                \/>\n            <\/a>\n        <\/div>\n\t\t\t\t\t\t\t<\/div> \n\t\t\t\n        \n\t\t\t\t<div id=\"ngg-image-130\" class=\"ngg-gallery-thumbnail-box\" >\n\t\t\t\t        <div class=\"ngg-gallery-thumbnail\">\n            <a href=\"http:\/\/www.vcelarskyspolek.cz\/wp-content\/gallery\/Klatovy-15.9.2016\/131-DSCF2885-prohl%C3%ADdka-Machova-v%C4%8Del%C3%ADna-v-Kru%C5%A1lov%C4%9B-u-Volyn%C4%9B-13.9..JPG\"\n               title=\"\"\n               data-src=\"http:\/\/www.vcelarskyspolek.cz\/wp-content\/gallery\/Klatovy-15.9.2016\/131-DSCF2885-prohl%C3%ADdka-Machova-v%C4%8Del%C3%ADna-v-Kru%C5%A1lov%C4%9B-u-Volyn%C4%9B-13.9..JPG\"\n               data-thumbnail=\"http:\/\/www.vcelarskyspolek.cz\/wp-content\/gallery\/Klatovy-15.9.2016\/thumbs\/thumbs_131-DSCF2885-prohl%C3%ADdka-Machova-v%C4%8Del%C3%ADna-v-Kru%C5%A1lov%C4%9B-u-Volyn%C4%9B-13.9..JPG\"\n               data-image-id=\"2016\"\n               data-title=\"131-DSCF2885 prohl\u00eddka Machova v\u010del\u00edna v Kru\u0161lov\u011b u Volyn\u011b 13.9.\"\n               data-description=\"\"\n               data-image-slug=\"131-dscf2885-prohl%c3%addka-machova-v%c4%8del%c3%adna-v-kru%c5%a1lov%c4%9b-u-volyn%c4%9b-13-9-1\"\n               class=\"ngg-fancybox\" rel=\"adb3c90bdd536d6f5890a66020a18e3b\">\n                <img\n                    title=\"131-DSCF2885 prohl\u00eddka Machova v\u010del\u00edna v Kru\u0161lov\u011b u Volyn\u011b 13.9.\"\n                    alt=\"131-DSCF2885 prohl\u00eddka Machova v\u010del\u00edna v Kru\u0161lov\u011b u Volyn\u011b 13.9.\"\n                    src=\"http:\/\/www.vcelarskyspolek.cz\/wp-content\/gallery\/Klatovy-15.9.2016\/thumbs\/thumbs_131-DSCF2885-prohl%C3%ADdka-Machova-v%C4%8Del%C3%ADna-v-Kru%C5%A1lov%C4%9B-u-Volyn%C4%9B-13.9..JPG\"\n                    width=\"120\"\n                    height=\"90\"\n                    style=\"max-width:100%;\"\n                \/>\n            <\/a>\n        <\/div>\n\t\t\t\t\t\t\t<\/div> \n\t\t\t\n        \n\t\t\t\t<div id=\"ngg-image-131\" class=\"ngg-gallery-thumbnail-box\" >\n\t\t\t\t        <div class=\"ngg-gallery-thumbnail\">\n            <a href=\"http:\/\/www.vcelarskyspolek.cz\/wp-content\/gallery\/Klatovy-15.9.2016\/132-DSCF2886-prohl%C3%ADdka-Machova-v%C4%8Del%C3%ADna-v-Kru%C5%A1lov%C4%9B-u-Volyn%C4%9B-13.9..JPG\"\n               title=\"\"\n               data-src=\"http:\/\/www.vcelarskyspolek.cz\/wp-content\/gallery\/Klatovy-15.9.2016\/132-DSCF2886-prohl%C3%ADdka-Machova-v%C4%8Del%C3%ADna-v-Kru%C5%A1lov%C4%9B-u-Volyn%C4%9B-13.9..JPG\"\n               data-thumbnail=\"http:\/\/www.vcelarskyspolek.cz\/wp-content\/gallery\/Klatovy-15.9.2016\/thumbs\/thumbs_132-DSCF2886-prohl%C3%ADdka-Machova-v%C4%8Del%C3%ADna-v-Kru%C5%A1lov%C4%9B-u-Volyn%C4%9B-13.9..JPG\"\n               data-image-id=\"2017\"\n               data-title=\"132-DSCF2886 prohl\u00eddka Machova v\u010del\u00edna v Kru\u0161lov\u011b u Volyn\u011b 13.9.\"\n               data-description=\"\"\n               data-image-slug=\"132-dscf2886-prohl%c3%addka-machova-v%c4%8del%c3%adna-v-kru%c5%a1lov%c4%9b-u-volyn%c4%9b-13-9-1\"\n               class=\"ngg-fancybox\" rel=\"adb3c90bdd536d6f5890a66020a18e3b\">\n                <img\n                    title=\"132-DSCF2886 prohl\u00eddka Machova v\u010del\u00edna v Kru\u0161lov\u011b u Volyn\u011b 13.9.\"\n                    alt=\"132-DSCF2886 prohl\u00eddka Machova v\u010del\u00edna v Kru\u0161lov\u011b u Volyn\u011b 13.9.\"\n                    src=\"http:\/\/www.vcelarskyspolek.cz\/wp-content\/gallery\/Klatovy-15.9.2016\/thumbs\/thumbs_132-DSCF2886-prohl%C3%ADdka-Machova-v%C4%8Del%C3%ADna-v-Kru%C5%A1lov%C4%9B-u-Volyn%C4%9B-13.9..JPG\"\n                    width=\"120\"\n                    height=\"90\"\n                    style=\"max-width:100%;\"\n                \/>\n            <\/a>\n        <\/div>\n\t\t\t\t\t\t\t<\/div> \n\t\t\t\n        \n\t\t\t\t<div id=\"ngg-image-132\" class=\"ngg-gallery-thumbnail-box\" >\n\t\t\t\t        <div class=\"ngg-gallery-thumbnail\">\n            <a href=\"http:\/\/www.vcelarskyspolek.cz\/wp-content\/gallery\/Klatovy-15.9.2016\/133-DSCF2887-prohl%C3%ADdka-Machova-v%C4%8Del%C3%ADna-v-Kru%C5%A1lov%C4%9B-u-Volyn%C4%9B-13.9.JPG\"\n               title=\"\"\n               data-src=\"http:\/\/www.vcelarskyspolek.cz\/wp-content\/gallery\/Klatovy-15.9.2016\/133-DSCF2887-prohl%C3%ADdka-Machova-v%C4%8Del%C3%ADna-v-Kru%C5%A1lov%C4%9B-u-Volyn%C4%9B-13.9.JPG\"\n               data-thumbnail=\"http:\/\/www.vcelarskyspolek.cz\/wp-content\/gallery\/Klatovy-15.9.2016\/thumbs\/thumbs_133-DSCF2887-prohl%C3%ADdka-Machova-v%C4%8Del%C3%ADna-v-Kru%C5%A1lov%C4%9B-u-Volyn%C4%9B-13.9.JPG\"\n               data-image-id=\"2018\"\n               data-title=\"133-DSCF2887 prohl\u00eddka Machova v\u010del\u00edna v Kru\u0161lov\u011b u Volyn\u011b 13.9\"\n               data-description=\"\"\n               data-image-slug=\"133-dscf2887-prohl%c3%addka-machova-v%c4%8del%c3%adna-v-kru%c5%a1lov%c4%9b-u-volyn%c4%9b-13-9-1\"\n               class=\"ngg-fancybox\" rel=\"adb3c90bdd536d6f5890a66020a18e3b\">\n                <img\n                    title=\"133-DSCF2887 prohl\u00eddka Machova v\u010del\u00edna v Kru\u0161lov\u011b u Volyn\u011b 13.9\"\n                    alt=\"133-DSCF2887 prohl\u00eddka Machova v\u010del\u00edna v Kru\u0161lov\u011b u Volyn\u011b 13.9\"\n                    src=\"http:\/\/www.vcelarskyspolek.cz\/wp-content\/gallery\/Klatovy-15.9.2016\/thumbs\/thumbs_133-DSCF2887-prohl%C3%ADdka-Machova-v%C4%8Del%C3%ADna-v-Kru%C5%A1lov%C4%9B-u-Volyn%C4%9B-13.9.JPG\"\n                    width=\"120\"\n                    height=\"90\"\n                    style=\"max-width:100%;\"\n                \/>\n            <\/a>\n        <\/div>\n\t\t\t\t\t\t\t<\/div> \n\t\t\t\n        \n\t\t\t\t<div id=\"ngg-image-133\" class=\"ngg-gallery-thumbnail-box\" >\n\t\t\t\t        <div class=\"ngg-gallery-thumbnail\">\n            <a href=\"http:\/\/www.vcelarskyspolek.cz\/wp-content\/gallery\/Klatovy-15.9.2016\/134-DSCF2889-prohl%C3%ADdka-Machova-v%C4%8Del%C3%ADna-v-Kru%C5%A1lov%C4%9B-u-Volyn%C4%9B-13.9.JPG\"\n               title=\"\"\n               data-src=\"http:\/\/www.vcelarskyspolek.cz\/wp-content\/gallery\/Klatovy-15.9.2016\/134-DSCF2889-prohl%C3%ADdka-Machova-v%C4%8Del%C3%ADna-v-Kru%C5%A1lov%C4%9B-u-Volyn%C4%9B-13.9.JPG\"\n               data-thumbnail=\"http:\/\/www.vcelarskyspolek.cz\/wp-content\/gallery\/Klatovy-15.9.2016\/thumbs\/thumbs_134-DSCF2889-prohl%C3%ADdka-Machova-v%C4%8Del%C3%ADna-v-Kru%C5%A1lov%C4%9B-u-Volyn%C4%9B-13.9.JPG\"\n               data-image-id=\"2019\"\n               data-title=\"134-DSCF2889 prohl\u00eddka Machova v\u010del\u00edna v Kru\u0161lov\u011b u Volyn\u011b 13.9\"\n               data-description=\"\"\n               data-image-slug=\"134-dscf2889-prohl%c3%addka-machova-v%c4%8del%c3%adna-v-kru%c5%a1lov%c4%9b-u-volyn%c4%9b-13-9-1\"\n               class=\"ngg-fancybox\" rel=\"adb3c90bdd536d6f5890a66020a18e3b\">\n                <img\n                    title=\"134-DSCF2889 prohl\u00eddka Machova v\u010del\u00edna v Kru\u0161lov\u011b u Volyn\u011b 13.9\"\n                    alt=\"134-DSCF2889 prohl\u00eddka Machova v\u010del\u00edna v Kru\u0161lov\u011b u Volyn\u011b 13.9\"\n                    src=\"http:\/\/www.vcelarskyspolek.cz\/wp-content\/gallery\/Klatovy-15.9.2016\/thumbs\/thumbs_134-DSCF2889-prohl%C3%ADdka-Machova-v%C4%8Del%C3%ADna-v-Kru%C5%A1lov%C4%9B-u-Volyn%C4%9B-13.9.JPG\"\n                    width=\"120\"\n                    height=\"90\"\n                    style=\"max-width:100%;\"\n                \/>\n            <\/a>\n        <\/div>\n\t\t\t\t\t\t\t<\/div> \n\t\t\t\n        \n\t\t\t\t<div id=\"ngg-image-134\" class=\"ngg-gallery-thumbnail-box\" >\n\t\t\t\t        <div class=\"ngg-gallery-thumbnail\">\n            <a href=\"http:\/\/www.vcelarskyspolek.cz\/wp-content\/gallery\/Klatovy-15.9.2016\/135-DSCF2890-prohl%C3%ADdka-Machova-v%C4%8Del%C3%ADna-v-Kru%C5%A1lov%C4%9B-u-Volyn%C4%9B-13.9..JPG\"\n               title=\"\"\n               data-src=\"http:\/\/www.vcelarskyspolek.cz\/wp-content\/gallery\/Klatovy-15.9.2016\/135-DSCF2890-prohl%C3%ADdka-Machova-v%C4%8Del%C3%ADna-v-Kru%C5%A1lov%C4%9B-u-Volyn%C4%9B-13.9..JPG\"\n               data-thumbnail=\"http:\/\/www.vcelarskyspolek.cz\/wp-content\/gallery\/Klatovy-15.9.2016\/thumbs\/thumbs_135-DSCF2890-prohl%C3%ADdka-Machova-v%C4%8Del%C3%ADna-v-Kru%C5%A1lov%C4%9B-u-Volyn%C4%9B-13.9..JPG\"\n               data-image-id=\"2020\"\n               data-title=\"135-DSCF2890 prohl\u00eddka Machova v\u010del\u00edna v Kru\u0161lov\u011b u Volyn\u011b 13.9.\"\n               data-description=\"\"\n               data-image-slug=\"135-dscf2890-prohl%c3%addka-machova-v%c4%8del%c3%adna-v-kru%c5%a1lov%c4%9b-u-volyn%c4%9b-13-9-1\"\n               class=\"ngg-fancybox\" rel=\"adb3c90bdd536d6f5890a66020a18e3b\">\n                <img\n                    title=\"135-DSCF2890 prohl\u00eddka Machova v\u010del\u00edna v Kru\u0161lov\u011b u Volyn\u011b 13.9.\"\n                    alt=\"135-DSCF2890 prohl\u00eddka Machova v\u010del\u00edna v Kru\u0161lov\u011b u Volyn\u011b 13.9.\"\n                    src=\"http:\/\/www.vcelarskyspolek.cz\/wp-content\/gallery\/Klatovy-15.9.2016\/thumbs\/thumbs_135-DSCF2890-prohl%C3%ADdka-Machova-v%C4%8Del%C3%ADna-v-Kru%C5%A1lov%C4%9B-u-Volyn%C4%9B-13.9..JPG\"\n                    width=\"120\"\n                    height=\"90\"\n                    style=\"max-width:100%;\"\n                \/>\n            <\/a>\n        <\/div>\n\t\t\t\t\t\t\t<\/div> \n\t\t\t\n        \n\t\t\t\t<div id=\"ngg-image-135\" class=\"ngg-gallery-thumbnail-box\" >\n\t\t\t\t        <div class=\"ngg-gallery-thumbnail\">\n            <a href=\"http:\/\/www.vcelarskyspolek.cz\/wp-content\/gallery\/Klatovy-15.9.2016\/136-DSCF2891-prohl%C3%ADdka-Machova-v%C4%8Del%C3%ADna-v-Kru%C5%A1lov%C4%9B-u-Volyn%C4%9B-13.9..JPG\"\n               title=\"\"\n               data-src=\"http:\/\/www.vcelarskyspolek.cz\/wp-content\/gallery\/Klatovy-15.9.2016\/136-DSCF2891-prohl%C3%ADdka-Machova-v%C4%8Del%C3%ADna-v-Kru%C5%A1lov%C4%9B-u-Volyn%C4%9B-13.9..JPG\"\n               data-thumbnail=\"http:\/\/www.vcelarskyspolek.cz\/wp-content\/gallery\/Klatovy-15.9.2016\/thumbs\/thumbs_136-DSCF2891-prohl%C3%ADdka-Machova-v%C4%8Del%C3%ADna-v-Kru%C5%A1lov%C4%9B-u-Volyn%C4%9B-13.9..JPG\"\n               data-image-id=\"2021\"\n               data-title=\"136-DSCF2891 prohl\u00eddka Machova v\u010del\u00edna v Kru\u0161lov\u011b u Volyn\u011b 13.9.\"\n               data-description=\"\"\n               data-image-slug=\"136-dscf2891-prohl%c3%addka-machova-v%c4%8del%c3%adna-v-kru%c5%a1lov%c4%9b-u-volyn%c4%9b-13-9-1\"\n               class=\"ngg-fancybox\" rel=\"adb3c90bdd536d6f5890a66020a18e3b\">\n                <img\n                    title=\"136-DSCF2891 prohl\u00eddka Machova v\u010del\u00edna v Kru\u0161lov\u011b u Volyn\u011b 13.9.\"\n                    alt=\"136-DSCF2891 prohl\u00eddka Machova v\u010del\u00edna v Kru\u0161lov\u011b u Volyn\u011b 13.9.\"\n                    src=\"http:\/\/www.vcelarskyspolek.cz\/wp-content\/gallery\/Klatovy-15.9.2016\/thumbs\/thumbs_136-DSCF2891-prohl%C3%ADdka-Machova-v%C4%8Del%C3%ADna-v-Kru%C5%A1lov%C4%9B-u-Volyn%C4%9B-13.9..JPG\"\n                    width=\"120\"\n                    height=\"90\"\n                    style=\"max-width:100%;\"\n                \/>\n            <\/a>\n        <\/div>\n\t\t\t\t\t\t\t<\/div> \n\t\t\t\n        \n\t\t\t\t<div id=\"ngg-image-136\" class=\"ngg-gallery-thumbnail-box\" >\n\t\t\t\t        <div class=\"ngg-gallery-thumbnail\">\n            <a href=\"http:\/\/www.vcelarskyspolek.cz\/wp-content\/gallery\/Klatovy-15.9.2016\/137-DSCF2892-prohl%C3%ADdka-Machova-v%C4%8Del%C3%ADna-v-Kru%C5%A1lov%C4%9B-u-Volyn%C4%9B-13.9..JPG\"\n               title=\"\"\n               data-src=\"http:\/\/www.vcelarskyspolek.cz\/wp-content\/gallery\/Klatovy-15.9.2016\/137-DSCF2892-prohl%C3%ADdka-Machova-v%C4%8Del%C3%ADna-v-Kru%C5%A1lov%C4%9B-u-Volyn%C4%9B-13.9..JPG\"\n               data-thumbnail=\"http:\/\/www.vcelarskyspolek.cz\/wp-content\/gallery\/Klatovy-15.9.2016\/thumbs\/thumbs_137-DSCF2892-prohl%C3%ADdka-Machova-v%C4%8Del%C3%ADna-v-Kru%C5%A1lov%C4%9B-u-Volyn%C4%9B-13.9..JPG\"\n               data-image-id=\"2022\"\n               data-title=\"137-DSCF2892 prohl\u00eddka Machova v\u010del\u00edna v Kru\u0161lov\u011b u Volyn\u011b 13.9.\"\n               data-description=\"\"\n               data-image-slug=\"137-dscf2892-prohl%c3%addka-machova-v%c4%8del%c3%adna-v-kru%c5%a1lov%c4%9b-u-volyn%c4%9b-13-9-1\"\n               class=\"ngg-fancybox\" rel=\"adb3c90bdd536d6f5890a66020a18e3b\">\n                <img\n                    title=\"137-DSCF2892 prohl\u00eddka Machova v\u010del\u00edna v Kru\u0161lov\u011b u Volyn\u011b 13.9.\"\n                    alt=\"137-DSCF2892 prohl\u00eddka Machova v\u010del\u00edna v Kru\u0161lov\u011b u Volyn\u011b 13.9.\"\n                    src=\"http:\/\/www.vcelarskyspolek.cz\/wp-content\/gallery\/Klatovy-15.9.2016\/thumbs\/thumbs_137-DSCF2892-prohl%C3%ADdka-Machova-v%C4%8Del%C3%ADna-v-Kru%C5%A1lov%C4%9B-u-Volyn%C4%9B-13.9..JPG\"\n                    width=\"120\"\n                    height=\"90\"\n                    style=\"max-width:100%;\"\n                \/>\n            <\/a>\n        <\/div>\n\t\t\t\t\t\t\t<\/div> \n\t\t\t\n        \n\t\t\t\t<div id=\"ngg-image-137\" class=\"ngg-gallery-thumbnail-box\" >\n\t\t\t\t        <div class=\"ngg-gallery-thumbnail\">\n            <a href=\"http:\/\/www.vcelarskyspolek.cz\/wp-content\/gallery\/Klatovy-15.9.2016\/138-DSCF2893-prohl%C3%ADdka-Machova-v%C4%8Del%C3%ADna-v-Kru%C5%A1lov%C4%9B-u-Volyn%C4%9B-13.9..JPG\"\n               title=\"\"\n               data-src=\"http:\/\/www.vcelarskyspolek.cz\/wp-content\/gallery\/Klatovy-15.9.2016\/138-DSCF2893-prohl%C3%ADdka-Machova-v%C4%8Del%C3%ADna-v-Kru%C5%A1lov%C4%9B-u-Volyn%C4%9B-13.9..JPG\"\n               data-thumbnail=\"http:\/\/www.vcelarskyspolek.cz\/wp-content\/gallery\/Klatovy-15.9.2016\/thumbs\/thumbs_138-DSCF2893-prohl%C3%ADdka-Machova-v%C4%8Del%C3%ADna-v-Kru%C5%A1lov%C4%9B-u-Volyn%C4%9B-13.9..JPG\"\n               data-image-id=\"2023\"\n               data-title=\"138-DSCF2893 prohl\u00eddka Machova v\u010del\u00edna v Kru\u0161lov\u011b u Volyn\u011b 13.9.\"\n               data-description=\"\"\n               data-image-slug=\"138-dscf2893-prohl%c3%addka-machova-v%c4%8del%c3%adna-v-kru%c5%a1lov%c4%9b-u-volyn%c4%9b-13-9-1\"\n               class=\"ngg-fancybox\" rel=\"adb3c90bdd536d6f5890a66020a18e3b\">\n                <img\n                    title=\"138-DSCF2893 prohl\u00eddka Machova v\u010del\u00edna v Kru\u0161lov\u011b u Volyn\u011b 13.9.\"\n                    alt=\"138-DSCF2893 prohl\u00eddka Machova v\u010del\u00edna v Kru\u0161lov\u011b u Volyn\u011b 13.9.\"\n                    src=\"http:\/\/www.vcelarskyspolek.cz\/wp-content\/gallery\/Klatovy-15.9.2016\/thumbs\/thumbs_138-DSCF2893-prohl%C3%ADdka-Machova-v%C4%8Del%C3%ADna-v-Kru%C5%A1lov%C4%9B-u-Volyn%C4%9B-13.9..JPG\"\n                    width=\"120\"\n                    height=\"90\"\n                    style=\"max-width:100%;\"\n                \/>\n            <\/a>\n        <\/div>\n\t\t\t\t\t\t\t<\/div> \n\t\t\t\n        \n\t\t\t\t<div id=\"ngg-image-138\" class=\"ngg-gallery-thumbnail-box\" >\n\t\t\t\t        <div class=\"ngg-gallery-thumbnail\">\n            <a href=\"http:\/\/www.vcelarskyspolek.cz\/wp-content\/gallery\/Klatovy-15.9.2016\/139-DSCF2894-prohl%C3%ADdka-Machova-v%C4%8Del%C3%ADna-v-Kru%C5%A1lov%C4%9B-u-Volyn%C4%9B-13.9..JPG\"\n               title=\"\"\n               data-src=\"http:\/\/www.vcelarskyspolek.cz\/wp-content\/gallery\/Klatovy-15.9.2016\/139-DSCF2894-prohl%C3%ADdka-Machova-v%C4%8Del%C3%ADna-v-Kru%C5%A1lov%C4%9B-u-Volyn%C4%9B-13.9..JPG\"\n               data-thumbnail=\"http:\/\/www.vcelarskyspolek.cz\/wp-content\/gallery\/Klatovy-15.9.2016\/thumbs\/thumbs_139-DSCF2894-prohl%C3%ADdka-Machova-v%C4%8Del%C3%ADna-v-Kru%C5%A1lov%C4%9B-u-Volyn%C4%9B-13.9..JPG\"\n               data-image-id=\"2024\"\n               data-title=\"139-DSCF2894 prohl\u00eddka Machova v\u010del\u00edna v Kru\u0161lov\u011b u Volyn\u011b 13.9.\"\n               data-description=\"\"\n               data-image-slug=\"139-dscf2894-prohl%c3%addka-machova-v%c4%8del%c3%adna-v-kru%c5%a1lov%c4%9b-u-volyn%c4%9b-13-9-1\"\n               class=\"ngg-fancybox\" rel=\"adb3c90bdd536d6f5890a66020a18e3b\">\n                <img\n                    title=\"139-DSCF2894 prohl\u00eddka Machova v\u010del\u00edna v Kru\u0161lov\u011b u Volyn\u011b 13.9.\"\n                    alt=\"139-DSCF2894 prohl\u00eddka Machova v\u010del\u00edna v Kru\u0161lov\u011b u Volyn\u011b 13.9.\"\n                    src=\"http:\/\/www.vcelarskyspolek.cz\/wp-content\/gallery\/Klatovy-15.9.2016\/thumbs\/thumbs_139-DSCF2894-prohl%C3%ADdka-Machova-v%C4%8Del%C3%ADna-v-Kru%C5%A1lov%C4%9B-u-Volyn%C4%9B-13.9..JPG\"\n                    width=\"120\"\n                    height=\"90\"\n                    style=\"max-width:100%;\"\n                \/>\n            <\/a>\n        <\/div>\n\t\t\t\t\t\t\t<\/div> \n\t\t\t\n        \n\t\t\t\t<div id=\"ngg-image-139\" class=\"ngg-gallery-thumbnail-box\" >\n\t\t\t\t        <div class=\"ngg-gallery-thumbnail\">\n            <a href=\"http:\/\/www.vcelarskyspolek.cz\/wp-content\/gallery\/Klatovy-15.9.2016\/140-DSCF2896-prohl%C3%ADdka-Machova-v%C4%8Del%C3%ADna-v-Kru%C5%A1lov%C4%9B-u-Volyn%C4%9B-13.9..JPG\"\n               title=\"\"\n               data-src=\"http:\/\/www.vcelarskyspolek.cz\/wp-content\/gallery\/Klatovy-15.9.2016\/140-DSCF2896-prohl%C3%ADdka-Machova-v%C4%8Del%C3%ADna-v-Kru%C5%A1lov%C4%9B-u-Volyn%C4%9B-13.9..JPG\"\n               data-thumbnail=\"http:\/\/www.vcelarskyspolek.cz\/wp-content\/gallery\/Klatovy-15.9.2016\/thumbs\/thumbs_140-DSCF2896-prohl%C3%ADdka-Machova-v%C4%8Del%C3%ADna-v-Kru%C5%A1lov%C4%9B-u-Volyn%C4%9B-13.9..JPG\"\n               data-image-id=\"2025\"\n               data-title=\"140-DSCF2896 prohl\u00eddka Machova v\u010del\u00edna v Kru\u0161lov\u011b u Volyn\u011b 13.9.\"\n               data-description=\"\"\n               data-image-slug=\"140-dscf2896-prohl%c3%addka-machova-v%c4%8del%c3%adna-v-kru%c5%a1lov%c4%9b-u-volyn%c4%9b-13-9-1\"\n               class=\"ngg-fancybox\" rel=\"adb3c90bdd536d6f5890a66020a18e3b\">\n                <img\n                    title=\"140-DSCF2896 prohl\u00eddka Machova v\u010del\u00edna v Kru\u0161lov\u011b u Volyn\u011b 13.9.\"\n                    alt=\"140-DSCF2896 prohl\u00eddka Machova v\u010del\u00edna v Kru\u0161lov\u011b u Volyn\u011b 13.9.\"\n                    src=\"http:\/\/www.vcelarskyspolek.cz\/wp-content\/gallery\/Klatovy-15.9.2016\/thumbs\/thumbs_140-DSCF2896-prohl%C3%ADdka-Machova-v%C4%8Del%C3%ADna-v-Kru%C5%A1lov%C4%9B-u-Volyn%C4%9B-13.9..JPG\"\n                    width=\"120\"\n                    height=\"90\"\n                    style=\"max-width:100%;\"\n                \/>\n            <\/a>\n        <\/div>\n\t\t\t\t\t\t\t<\/div> \n\t\t\t\n        \n\t\t\t\t<div id=\"ngg-image-140\" class=\"ngg-gallery-thumbnail-box\" >\n\t\t\t\t        <div class=\"ngg-gallery-thumbnail\">\n            <a href=\"http:\/\/www.vcelarskyspolek.cz\/wp-content\/gallery\/Klatovy-15.9.2016\/141-DSCF2897-prohl%C3%ADdka-Machova-v%C4%8Del%C3%ADna-v-Kru%C5%A1lov%C4%9B-u-Volyn%C4%9B-13.9..JPG\"\n               title=\"\"\n               data-src=\"http:\/\/www.vcelarskyspolek.cz\/wp-content\/gallery\/Klatovy-15.9.2016\/141-DSCF2897-prohl%C3%ADdka-Machova-v%C4%8Del%C3%ADna-v-Kru%C5%A1lov%C4%9B-u-Volyn%C4%9B-13.9..JPG\"\n               data-thumbnail=\"http:\/\/www.vcelarskyspolek.cz\/wp-content\/gallery\/Klatovy-15.9.2016\/thumbs\/thumbs_141-DSCF2897-prohl%C3%ADdka-Machova-v%C4%8Del%C3%ADna-v-Kru%C5%A1lov%C4%9B-u-Volyn%C4%9B-13.9..JPG\"\n               data-image-id=\"2026\"\n               data-title=\"141-DSCF2897 prohl\u00eddka Machova v\u010del\u00edna v Kru\u0161lov\u011b u Volyn\u011b 13.9.\"\n               data-description=\"\"\n               data-image-slug=\"141-dscf2897-prohl%c3%addka-machova-v%c4%8del%c3%adna-v-kru%c5%a1lov%c4%9b-u-volyn%c4%9b-13-9-1\"\n               class=\"ngg-fancybox\" rel=\"adb3c90bdd536d6f5890a66020a18e3b\">\n                <img\n                    title=\"141-DSCF2897 prohl\u00eddka Machova v\u010del\u00edna v Kru\u0161lov\u011b u Volyn\u011b 13.9.\"\n                    alt=\"141-DSCF2897 prohl\u00eddka Machova v\u010del\u00edna v Kru\u0161lov\u011b u Volyn\u011b 13.9.\"\n                    src=\"http:\/\/www.vcelarskyspolek.cz\/wp-content\/gallery\/Klatovy-15.9.2016\/thumbs\/thumbs_141-DSCF2897-prohl%C3%ADdka-Machova-v%C4%8Del%C3%ADna-v-Kru%C5%A1lov%C4%9B-u-Volyn%C4%9B-13.9..JPG\"\n                    width=\"120\"\n                    height=\"90\"\n                    style=\"max-width:100%;\"\n                \/>\n            <\/a>\n        <\/div>\n\t\t\t\t\t\t\t<\/div> \n\t\t\t\n        \n\t\t\t\t<div id=\"ngg-image-141\" class=\"ngg-gallery-thumbnail-box\" >\n\t\t\t\t        <div class=\"ngg-gallery-thumbnail\">\n            <a href=\"http:\/\/www.vcelarskyspolek.cz\/wp-content\/gallery\/Klatovy-15.9.2016\/142-DSCF2898-prohl%C3%ADdka-Machova-v%C4%8Del%C3%ADna-v-Kru%C5%A1lov%C4%9B-u-Volyn%C4%9B-13.9..JPG\"\n               title=\"\"\n               data-src=\"http:\/\/www.vcelarskyspolek.cz\/wp-content\/gallery\/Klatovy-15.9.2016\/142-DSCF2898-prohl%C3%ADdka-Machova-v%C4%8Del%C3%ADna-v-Kru%C5%A1lov%C4%9B-u-Volyn%C4%9B-13.9..JPG\"\n               data-thumbnail=\"http:\/\/www.vcelarskyspolek.cz\/wp-content\/gallery\/Klatovy-15.9.2016\/thumbs\/thumbs_142-DSCF2898-prohl%C3%ADdka-Machova-v%C4%8Del%C3%ADna-v-Kru%C5%A1lov%C4%9B-u-Volyn%C4%9B-13.9..JPG\"\n               data-image-id=\"2027\"\n               data-title=\"142-DSCF2898 prohl\u00eddka Machova v\u010del\u00edna v Kru\u0161lov\u011b u Volyn\u011b 13.9.\"\n               data-description=\"\"\n               data-image-slug=\"142-dscf2898-prohl%c3%addka-machova-v%c4%8del%c3%adna-v-kru%c5%a1lov%c4%9b-u-volyn%c4%9b-13-9-1\"\n               class=\"ngg-fancybox\" rel=\"adb3c90bdd536d6f5890a66020a18e3b\">\n                <img\n                    title=\"142-DSCF2898 prohl\u00eddka Machova v\u010del\u00edna v Kru\u0161lov\u011b u Volyn\u011b 13.9.\"\n                    alt=\"142-DSCF2898 prohl\u00eddka Machova v\u010del\u00edna v Kru\u0161lov\u011b u Volyn\u011b 13.9.\"\n                    src=\"http:\/\/www.vcelarskyspolek.cz\/wp-content\/gallery\/Klatovy-15.9.2016\/thumbs\/thumbs_142-DSCF2898-prohl%C3%ADdka-Machova-v%C4%8Del%C3%ADna-v-Kru%C5%A1lov%C4%9B-u-Volyn%C4%9B-13.9..JPG\"\n                    width=\"120\"\n                    height=\"90\"\n                    style=\"max-width:100%;\"\n                \/>\n            <\/a>\n        <\/div>\n\t\t\t\t\t\t\t<\/div> \n\t\t\t\n        \n\t\t\t\t<div id=\"ngg-image-142\" class=\"ngg-gallery-thumbnail-box\" >\n\t\t\t\t        <div class=\"ngg-gallery-thumbnail\">\n            <a href=\"http:\/\/www.vcelarskyspolek.cz\/wp-content\/gallery\/Klatovy-15.9.2016\/143-DSCF2899-prohl%C3%ADdka-Machova-v%C4%8Del%C3%ADna-v-Kru%C5%A1lov%C4%9B-u-Volyn%C4%9B-13.9..JPG\"\n               title=\"\"\n               data-src=\"http:\/\/www.vcelarskyspolek.cz\/wp-content\/gallery\/Klatovy-15.9.2016\/143-DSCF2899-prohl%C3%ADdka-Machova-v%C4%8Del%C3%ADna-v-Kru%C5%A1lov%C4%9B-u-Volyn%C4%9B-13.9..JPG\"\n               data-thumbnail=\"http:\/\/www.vcelarskyspolek.cz\/wp-content\/gallery\/Klatovy-15.9.2016\/thumbs\/thumbs_143-DSCF2899-prohl%C3%ADdka-Machova-v%C4%8Del%C3%ADna-v-Kru%C5%A1lov%C4%9B-u-Volyn%C4%9B-13.9..JPG\"\n               data-image-id=\"2028\"\n               data-title=\"143-DSCF2899 prohl\u00eddka Machova v\u010del\u00edna v Kru\u0161lov\u011b u Volyn\u011b 13.9.\"\n               data-description=\"\"\n               data-image-slug=\"143-dscf2899-prohl%c3%addka-machova-v%c4%8del%c3%adna-v-kru%c5%a1lov%c4%9b-u-volyn%c4%9b-13-9-1\"\n               class=\"ngg-fancybox\" rel=\"adb3c90bdd536d6f5890a66020a18e3b\">\n                <img\n                    title=\"143-DSCF2899 prohl\u00eddka Machova v\u010del\u00edna v Kru\u0161lov\u011b u Volyn\u011b 13.9.\"\n                    alt=\"143-DSCF2899 prohl\u00eddka Machova v\u010del\u00edna v Kru\u0161lov\u011b u Volyn\u011b 13.9.\"\n                    src=\"http:\/\/www.vcelarskyspolek.cz\/wp-content\/gallery\/Klatovy-15.9.2016\/thumbs\/thumbs_143-DSCF2899-prohl%C3%ADdka-Machova-v%C4%8Del%C3%ADna-v-Kru%C5%A1lov%C4%9B-u-Volyn%C4%9B-13.9..JPG\"\n                    width=\"120\"\n                    height=\"90\"\n                    style=\"max-width:100%;\"\n                \/>\n            <\/a>\n        <\/div>\n\t\t\t\t\t\t\t<\/div> \n\t\t\t\n        \n\t\t\t\t<div id=\"ngg-image-143\" class=\"ngg-gallery-thumbnail-box\" >\n\t\t\t\t        <div class=\"ngg-gallery-thumbnail\">\n            <a href=\"http:\/\/www.vcelarskyspolek.cz\/wp-content\/gallery\/Klatovy-15.9.2016\/144-DSCF2900-prohl%C3%ADdka-Machova-v%C4%8Del%C3%ADna-v-Kru%C5%A1lov%C4%9B-u-Volyn%C4%9B-13.9..JPG\"\n               title=\"\"\n               data-src=\"http:\/\/www.vcelarskyspolek.cz\/wp-content\/gallery\/Klatovy-15.9.2016\/144-DSCF2900-prohl%C3%ADdka-Machova-v%C4%8Del%C3%ADna-v-Kru%C5%A1lov%C4%9B-u-Volyn%C4%9B-13.9..JPG\"\n               data-thumbnail=\"http:\/\/www.vcelarskyspolek.cz\/wp-content\/gallery\/Klatovy-15.9.2016\/thumbs\/thumbs_144-DSCF2900-prohl%C3%ADdka-Machova-v%C4%8Del%C3%ADna-v-Kru%C5%A1lov%C4%9B-u-Volyn%C4%9B-13.9..JPG\"\n               data-image-id=\"2029\"\n               data-title=\"144-DSCF2900 prohl\u00eddka Machova v\u010del\u00edna v Kru\u0161lov\u011b u Volyn\u011b 13.9.\"\n               data-description=\"\"\n               data-image-slug=\"144-dscf2900-prohl%c3%addka-machova-v%c4%8del%c3%adna-v-kru%c5%a1lov%c4%9b-u-volyn%c4%9b-13-9-1\"\n               class=\"ngg-fancybox\" rel=\"adb3c90bdd536d6f5890a66020a18e3b\">\n                <img\n                    title=\"144-DSCF2900 prohl\u00eddka Machova v\u010del\u00edna v Kru\u0161lov\u011b u Volyn\u011b 13.9.\"\n                    alt=\"144-DSCF2900 prohl\u00eddka Machova v\u010del\u00edna v Kru\u0161lov\u011b u Volyn\u011b 13.9.\"\n                    src=\"http:\/\/www.vcelarskyspolek.cz\/wp-content\/gallery\/Klatovy-15.9.2016\/thumbs\/thumbs_144-DSCF2900-prohl%C3%ADdka-Machova-v%C4%8Del%C3%ADna-v-Kru%C5%A1lov%C4%9B-u-Volyn%C4%9B-13.9..JPG\"\n                    width=\"120\"\n                    height=\"90\"\n                    style=\"max-width:100%;\"\n                \/>\n            <\/a>\n        <\/div>\n\t\t\t\t\t\t\t<\/div> \n\t\t\t\n        \n\t\t\t\t<div id=\"ngg-image-144\" class=\"ngg-gallery-thumbnail-box\" >\n\t\t\t\t        <div class=\"ngg-gallery-thumbnail\">\n            <a href=\"http:\/\/www.vcelarskyspolek.cz\/wp-content\/gallery\/Klatovy-15.9.2016\/145-DSCF2901-prohl%C3%ADdka-Machova-v%C4%8Del%C3%ADna-v-Kru%C5%A1lov%C4%9B-u-Volyn%C4%9B-13.9..JPG\"\n               title=\"\"\n               data-src=\"http:\/\/www.vcelarskyspolek.cz\/wp-content\/gallery\/Klatovy-15.9.2016\/145-DSCF2901-prohl%C3%ADdka-Machova-v%C4%8Del%C3%ADna-v-Kru%C5%A1lov%C4%9B-u-Volyn%C4%9B-13.9..JPG\"\n               data-thumbnail=\"http:\/\/www.vcelarskyspolek.cz\/wp-content\/gallery\/Klatovy-15.9.2016\/thumbs\/thumbs_145-DSCF2901-prohl%C3%ADdka-Machova-v%C4%8Del%C3%ADna-v-Kru%C5%A1lov%C4%9B-u-Volyn%C4%9B-13.9..JPG\"\n               data-image-id=\"2030\"\n               data-title=\"145-DSCF2901 prohl\u00eddka Machova v\u010del\u00edna v Kru\u0161lov\u011b u Volyn\u011b 13.9.\"\n               data-description=\"\"\n               data-image-slug=\"145-dscf2901-prohl%c3%addka-machova-v%c4%8del%c3%adna-v-kru%c5%a1lov%c4%9b-u-volyn%c4%9b-13-9-1\"\n               class=\"ngg-fancybox\" rel=\"adb3c90bdd536d6f5890a66020a18e3b\">\n                <img\n                    title=\"145-DSCF2901 prohl\u00eddka Machova v\u010del\u00edna v Kru\u0161lov\u011b u Volyn\u011b 13.9.\"\n                    alt=\"145-DSCF2901 prohl\u00eddka Machova v\u010del\u00edna v Kru\u0161lov\u011b u Volyn\u011b 13.9.\"\n                    src=\"http:\/\/www.vcelarskyspolek.cz\/wp-content\/gallery\/Klatovy-15.9.2016\/thumbs\/thumbs_145-DSCF2901-prohl%C3%ADdka-Machova-v%C4%8Del%C3%ADna-v-Kru%C5%A1lov%C4%9B-u-Volyn%C4%9B-13.9..JPG\"\n                    width=\"120\"\n                    height=\"90\"\n                    style=\"max-width:100%;\"\n                \/>\n            <\/a>\n        <\/div>\n\t\t\t\t\t\t\t<\/div> \n\t\t\t\n        \n\t\t\t\t<div id=\"ngg-image-145\" class=\"ngg-gallery-thumbnail-box\" >\n\t\t\t\t        <div class=\"ngg-gallery-thumbnail\">\n            <a href=\"http:\/\/www.vcelarskyspolek.cz\/wp-content\/gallery\/Klatovy-15.9.2016\/146-DSCF2902-prohl%C3%ADdka-Machova-v%C4%8Del%C3%ADna-v-Kru%C5%A1lov%C4%9B-u-Volyn%C4%9B-13.9..JPG\"\n               title=\"\"\n               data-src=\"http:\/\/www.vcelarskyspolek.cz\/wp-content\/gallery\/Klatovy-15.9.2016\/146-DSCF2902-prohl%C3%ADdka-Machova-v%C4%8Del%C3%ADna-v-Kru%C5%A1lov%C4%9B-u-Volyn%C4%9B-13.9..JPG\"\n               data-thumbnail=\"http:\/\/www.vcelarskyspolek.cz\/wp-content\/gallery\/Klatovy-15.9.2016\/thumbs\/thumbs_146-DSCF2902-prohl%C3%ADdka-Machova-v%C4%8Del%C3%ADna-v-Kru%C5%A1lov%C4%9B-u-Volyn%C4%9B-13.9..JPG\"\n               data-image-id=\"2031\"\n               data-title=\"146-DSCF2902 prohl\u00eddka Machova v\u010del\u00edna v Kru\u0161lov\u011b u Volyn\u011b 13.9.\"\n               data-description=\"\"\n               data-image-slug=\"146-dscf2902-prohl%c3%addka-machova-v%c4%8del%c3%adna-v-kru%c5%a1lov%c4%9b-u-volyn%c4%9b-13-9-1\"\n               class=\"ngg-fancybox\" rel=\"adb3c90bdd536d6f5890a66020a18e3b\">\n                <img\n                    title=\"146-DSCF2902 prohl\u00eddka Machova v\u010del\u00edna v Kru\u0161lov\u011b u Volyn\u011b 13.9.\"\n                    alt=\"146-DSCF2902 prohl\u00eddka Machova v\u010del\u00edna v Kru\u0161lov\u011b u Volyn\u011b 13.9.\"\n                    src=\"http:\/\/www.vcelarskyspolek.cz\/wp-content\/gallery\/Klatovy-15.9.2016\/thumbs\/thumbs_146-DSCF2902-prohl%C3%ADdka-Machova-v%C4%8Del%C3%ADna-v-Kru%C5%A1lov%C4%9B-u-Volyn%C4%9B-13.9..JPG\"\n                    width=\"120\"\n                    height=\"90\"\n                    style=\"max-width:100%;\"\n                \/>\n            <\/a>\n        <\/div>\n\t\t\t\t\t\t\t<\/div> \n\t\t\t\n        \n\t\t\t\t<div id=\"ngg-image-146\" class=\"ngg-gallery-thumbnail-box\" >\n\t\t\t\t        <div class=\"ngg-gallery-thumbnail\">\n            <a href=\"http:\/\/www.vcelarskyspolek.cz\/wp-content\/gallery\/Klatovy-15.9.2016\/147-DSCF2903-prohl%C3%ADdka-Machova-v%C4%8Del%C3%ADna-v-Kru%C5%A1lov%C4%9B-u-Volyn%C4%9B-13.9..JPG\"\n               title=\"\"\n               data-src=\"http:\/\/www.vcelarskyspolek.cz\/wp-content\/gallery\/Klatovy-15.9.2016\/147-DSCF2903-prohl%C3%ADdka-Machova-v%C4%8Del%C3%ADna-v-Kru%C5%A1lov%C4%9B-u-Volyn%C4%9B-13.9..JPG\"\n               data-thumbnail=\"http:\/\/www.vcelarskyspolek.cz\/wp-content\/gallery\/Klatovy-15.9.2016\/thumbs\/thumbs_147-DSCF2903-prohl%C3%ADdka-Machova-v%C4%8Del%C3%ADna-v-Kru%C5%A1lov%C4%9B-u-Volyn%C4%9B-13.9..JPG\"\n               data-image-id=\"2032\"\n               data-title=\"147-DSCF2903 prohl\u00eddka Machova v\u010del\u00edna v Kru\u0161lov\u011b u Volyn\u011b 13.9.\"\n               data-description=\"\"\n               data-image-slug=\"147-dscf2903-prohl%c3%addka-machova-v%c4%8del%c3%adna-v-kru%c5%a1lov%c4%9b-u-volyn%c4%9b-13-9-1\"\n               class=\"ngg-fancybox\" rel=\"adb3c90bdd536d6f5890a66020a18e3b\">\n                <img\n                    title=\"147-DSCF2903 prohl\u00eddka Machova v\u010del\u00edna v Kru\u0161lov\u011b u Volyn\u011b 13.9.\"\n                    alt=\"147-DSCF2903 prohl\u00eddka Machova v\u010del\u00edna v Kru\u0161lov\u011b u Volyn\u011b 13.9.\"\n                    src=\"http:\/\/www.vcelarskyspolek.cz\/wp-content\/gallery\/Klatovy-15.9.2016\/thumbs\/thumbs_147-DSCF2903-prohl%C3%ADdka-Machova-v%C4%8Del%C3%ADna-v-Kru%C5%A1lov%C4%9B-u-Volyn%C4%9B-13.9..JPG\"\n                    width=\"120\"\n                    height=\"90\"\n                    style=\"max-width:100%;\"\n                \/>\n            <\/a>\n        <\/div>\n\t\t\t\t\t\t\t<\/div> \n\t\t\t\n        \n\t\t\t\t<div id=\"ngg-image-147\" class=\"ngg-gallery-thumbnail-box\" >\n\t\t\t\t        <div class=\"ngg-gallery-thumbnail\">\n            <a href=\"http:\/\/www.vcelarskyspolek.cz\/wp-content\/gallery\/Klatovy-15.9.2016\/148-DSCF2904-prohl%C3%ADdka-Machova-v%C4%8Del%C3%ADna-v-Kru%C5%A1lov%C4%9B-u-Volyn%C4%9B-13.9..JPG\"\n               title=\"\"\n               data-src=\"http:\/\/www.vcelarskyspolek.cz\/wp-content\/gallery\/Klatovy-15.9.2016\/148-DSCF2904-prohl%C3%ADdka-Machova-v%C4%8Del%C3%ADna-v-Kru%C5%A1lov%C4%9B-u-Volyn%C4%9B-13.9..JPG\"\n               data-thumbnail=\"http:\/\/www.vcelarskyspolek.cz\/wp-content\/gallery\/Klatovy-15.9.2016\/thumbs\/thumbs_148-DSCF2904-prohl%C3%ADdka-Machova-v%C4%8Del%C3%ADna-v-Kru%C5%A1lov%C4%9B-u-Volyn%C4%9B-13.9..JPG\"\n               data-image-id=\"2033\"\n               data-title=\"148-DSCF2904 prohl\u00eddka Machova v\u010del\u00edna v Kru\u0161lov\u011b u Volyn\u011b 13.9.\"\n               data-description=\"\"\n               data-image-slug=\"148-dscf2904-prohl%c3%addka-machova-v%c4%8del%c3%adna-v-kru%c5%a1lov%c4%9b-u-volyn%c4%9b-13-9-1\"\n               class=\"ngg-fancybox\" rel=\"adb3c90bdd536d6f5890a66020a18e3b\">\n                <img\n                    title=\"148-DSCF2904 prohl\u00eddka Machova v\u010del\u00edna v Kru\u0161lov\u011b u Volyn\u011b 13.9.\"\n                    alt=\"148-DSCF2904 prohl\u00eddka Machova v\u010del\u00edna v Kru\u0161lov\u011b u Volyn\u011b 13.9.\"\n                    src=\"http:\/\/www.vcelarskyspolek.cz\/wp-content\/gallery\/Klatovy-15.9.2016\/thumbs\/thumbs_148-DSCF2904-prohl%C3%ADdka-Machova-v%C4%8Del%C3%ADna-v-Kru%C5%A1lov%C4%9B-u-Volyn%C4%9B-13.9..JPG\"\n                    width=\"120\"\n                    height=\"90\"\n                    style=\"max-width:100%;\"\n                \/>\n            <\/a>\n        <\/div>\n\t\t\t\t\t\t\t<\/div> \n\t\t\t\n        \n\t\t\t\t<div id=\"ngg-image-148\" class=\"ngg-gallery-thumbnail-box\" >\n\t\t\t\t        <div class=\"ngg-gallery-thumbnail\">\n            <a href=\"http:\/\/www.vcelarskyspolek.cz\/wp-content\/gallery\/Klatovy-15.9.2016\/149-DSCF2905-prohl%C3%ADdka-Machova-v%C4%8Del%C3%ADna-v-Kru%C5%A1lov%C4%9B-u-Volyn%C4%9B-13.9..JPG\"\n               title=\"\"\n               data-src=\"http:\/\/www.vcelarskyspolek.cz\/wp-content\/gallery\/Klatovy-15.9.2016\/149-DSCF2905-prohl%C3%ADdka-Machova-v%C4%8Del%C3%ADna-v-Kru%C5%A1lov%C4%9B-u-Volyn%C4%9B-13.9..JPG\"\n               data-thumbnail=\"http:\/\/www.vcelarskyspolek.cz\/wp-content\/gallery\/Klatovy-15.9.2016\/thumbs\/thumbs_149-DSCF2905-prohl%C3%ADdka-Machova-v%C4%8Del%C3%ADna-v-Kru%C5%A1lov%C4%9B-u-Volyn%C4%9B-13.9..JPG\"\n               data-image-id=\"2034\"\n               data-title=\"149-DSCF2905 prohl\u00eddka Machova v\u010del\u00edna v Kru\u0161lov\u011b u Volyn\u011b 13.9.\"\n               data-description=\"\"\n               data-image-slug=\"149-dscf2905-prohl%c3%addka-machova-v%c4%8del%c3%adna-v-kru%c5%a1lov%c4%9b-u-volyn%c4%9b-13-9-1\"\n               class=\"ngg-fancybox\" rel=\"adb3c90bdd536d6f5890a66020a18e3b\">\n                <img\n                    title=\"149-DSCF2905 prohl\u00eddka Machova v\u010del\u00edna v Kru\u0161lov\u011b u Volyn\u011b 13.9.\"\n                    alt=\"149-DSCF2905 prohl\u00eddka Machova v\u010del\u00edna v Kru\u0161lov\u011b u Volyn\u011b 13.9.\"\n                    src=\"http:\/\/www.vcelarskyspolek.cz\/wp-content\/gallery\/Klatovy-15.9.2016\/thumbs\/thumbs_149-DSCF2905-prohl%C3%ADdka-Machova-v%C4%8Del%C3%ADna-v-Kru%C5%A1lov%C4%9B-u-Volyn%C4%9B-13.9..JPG\"\n                    width=\"120\"\n                    height=\"90\"\n                    style=\"max-width:100%;\"\n                \/>\n            <\/a>\n        <\/div>\n\t\t\t\t\t\t\t<\/div> \n\t\t\t\n        \n\t\t\t\t<div id=\"ngg-image-149\" class=\"ngg-gallery-thumbnail-box\" >\n\t\t\t\t        <div class=\"ngg-gallery-thumbnail\">\n            <a href=\"http:\/\/www.vcelarskyspolek.cz\/wp-content\/gallery\/Klatovy-15.9.2016\/150-DSCF2906-prohl%C3%ADdka-Machova-v%C4%8Del%C3%ADna-v-Kru%C5%A1lov%C4%9B-u-Volyn%C4%9B-13.9..JPG\"\n               title=\"\"\n               data-src=\"http:\/\/www.vcelarskyspolek.cz\/wp-content\/gallery\/Klatovy-15.9.2016\/150-DSCF2906-prohl%C3%ADdka-Machova-v%C4%8Del%C3%ADna-v-Kru%C5%A1lov%C4%9B-u-Volyn%C4%9B-13.9..JPG\"\n               data-thumbnail=\"http:\/\/www.vcelarskyspolek.cz\/wp-content\/gallery\/Klatovy-15.9.2016\/thumbs\/thumbs_150-DSCF2906-prohl%C3%ADdka-Machova-v%C4%8Del%C3%ADna-v-Kru%C5%A1lov%C4%9B-u-Volyn%C4%9B-13.9..JPG\"\n               data-image-id=\"2035\"\n               data-title=\"150-DSCF2906 prohl\u00eddka Machova v\u010del\u00edna v Kru\u0161lov\u011b u Volyn\u011b 13.9.\"\n               data-description=\"\"\n               data-image-slug=\"150-dscf2906-prohl%c3%addka-machova-v%c4%8del%c3%adna-v-kru%c5%a1lov%c4%9b-u-volyn%c4%9b-13-9-1\"\n               class=\"ngg-fancybox\" rel=\"adb3c90bdd536d6f5890a66020a18e3b\">\n                <img\n                    title=\"150-DSCF2906 prohl\u00eddka Machova v\u010del\u00edna v Kru\u0161lov\u011b u Volyn\u011b 13.9.\"\n                    alt=\"150-DSCF2906 prohl\u00eddka Machova v\u010del\u00edna v Kru\u0161lov\u011b u Volyn\u011b 13.9.\"\n                    src=\"http:\/\/www.vcelarskyspolek.cz\/wp-content\/gallery\/Klatovy-15.9.2016\/thumbs\/thumbs_150-DSCF2906-prohl%C3%ADdka-Machova-v%C4%8Del%C3%ADna-v-Kru%C5%A1lov%C4%9B-u-Volyn%C4%9B-13.9..JPG\"\n                    width=\"120\"\n                    height=\"90\"\n                    style=\"max-width:100%;\"\n                \/>\n            <\/a>\n        <\/div>\n\t\t\t\t\t\t\t<\/div> \n\t\t\t\n        \n\t\t\t\t<div id=\"ngg-image-150\" class=\"ngg-gallery-thumbnail-box\" >\n\t\t\t\t        <div class=\"ngg-gallery-thumbnail\">\n            <a href=\"http:\/\/www.vcelarskyspolek.cz\/wp-content\/gallery\/Klatovy-15.9.2016\/151-DSCF2907-prohl%C3%ADdka-Machova-v%C4%8Del%C3%ADna-v-Kru%C5%A1lov%C4%9B-u-Volyn%C4%9B-13.9..JPG\"\n               title=\"\"\n               data-src=\"http:\/\/www.vcelarskyspolek.cz\/wp-content\/gallery\/Klatovy-15.9.2016\/151-DSCF2907-prohl%C3%ADdka-Machova-v%C4%8Del%C3%ADna-v-Kru%C5%A1lov%C4%9B-u-Volyn%C4%9B-13.9..JPG\"\n               data-thumbnail=\"http:\/\/www.vcelarskyspolek.cz\/wp-content\/gallery\/Klatovy-15.9.2016\/thumbs\/thumbs_151-DSCF2907-prohl%C3%ADdka-Machova-v%C4%8Del%C3%ADna-v-Kru%C5%A1lov%C4%9B-u-Volyn%C4%9B-13.9..JPG\"\n               data-image-id=\"2036\"\n               data-title=\"151-DSCF2907 prohl\u00eddka Machova v\u010del\u00edna v Kru\u0161lov\u011b u Volyn\u011b 13.9.\"\n               data-description=\"\"\n               data-image-slug=\"151-dscf2907-prohl%c3%addka-machova-v%c4%8del%c3%adna-v-kru%c5%a1lov%c4%9b-u-volyn%c4%9b-13-9-1\"\n               class=\"ngg-fancybox\" rel=\"adb3c90bdd536d6f5890a66020a18e3b\">\n                <img\n                    title=\"151-DSCF2907 prohl\u00eddka Machova v\u010del\u00edna v Kru\u0161lov\u011b u Volyn\u011b 13.9.\"\n                    alt=\"151-DSCF2907 prohl\u00eddka Machova v\u010del\u00edna v Kru\u0161lov\u011b u Volyn\u011b 13.9.\"\n                    src=\"http:\/\/www.vcelarskyspolek.cz\/wp-content\/gallery\/Klatovy-15.9.2016\/thumbs\/thumbs_151-DSCF2907-prohl%C3%ADdka-Machova-v%C4%8Del%C3%ADna-v-Kru%C5%A1lov%C4%9B-u-Volyn%C4%9B-13.9..JPG\"\n                    width=\"120\"\n                    height=\"90\"\n                    style=\"max-width:100%;\"\n                \/>\n            <\/a>\n        <\/div>\n\t\t\t\t\t\t\t<\/div> \n\t\t\t\n        \n\t\t\t\t<div id=\"ngg-image-151\" class=\"ngg-gallery-thumbnail-box\" >\n\t\t\t\t        <div class=\"ngg-gallery-thumbnail\">\n            <a href=\"http:\/\/www.vcelarskyspolek.cz\/wp-content\/gallery\/Klatovy-15.9.2016\/152-DSCF2908-prohl%C3%ADdka-Machova-v%C4%8Del%C3%ADna-v-Kru%C5%A1lov%C4%9B-u-Volyn%C4%9B-13.9..JPG\"\n               title=\"\"\n               data-src=\"http:\/\/www.vcelarskyspolek.cz\/wp-content\/gallery\/Klatovy-15.9.2016\/152-DSCF2908-prohl%C3%ADdka-Machova-v%C4%8Del%C3%ADna-v-Kru%C5%A1lov%C4%9B-u-Volyn%C4%9B-13.9..JPG\"\n               data-thumbnail=\"http:\/\/www.vcelarskyspolek.cz\/wp-content\/gallery\/Klatovy-15.9.2016\/thumbs\/thumbs_152-DSCF2908-prohl%C3%ADdka-Machova-v%C4%8Del%C3%ADna-v-Kru%C5%A1lov%C4%9B-u-Volyn%C4%9B-13.9..JPG\"\n               data-image-id=\"2037\"\n               data-title=\"152-DSCF2908 prohl\u00eddka Machova v\u010del\u00edna v Kru\u0161lov\u011b u Volyn\u011b 13.9.\"\n               data-description=\"\"\n               data-image-slug=\"152-dscf2908-prohl%c3%addka-machova-v%c4%8del%c3%adna-v-kru%c5%a1lov%c4%9b-u-volyn%c4%9b-13-9-1\"\n               class=\"ngg-fancybox\" rel=\"adb3c90bdd536d6f5890a66020a18e3b\">\n                <img\n                    title=\"152-DSCF2908 prohl\u00eddka Machova v\u010del\u00edna v Kru\u0161lov\u011b u Volyn\u011b 13.9.\"\n                    alt=\"152-DSCF2908 prohl\u00eddka Machova v\u010del\u00edna v Kru\u0161lov\u011b u Volyn\u011b 13.9.\"\n                    src=\"http:\/\/www.vcelarskyspolek.cz\/wp-content\/gallery\/Klatovy-15.9.2016\/thumbs\/thumbs_152-DSCF2908-prohl%C3%ADdka-Machova-v%C4%8Del%C3%ADna-v-Kru%C5%A1lov%C4%9B-u-Volyn%C4%9B-13.9..JPG\"\n                    width=\"120\"\n                    height=\"90\"\n                    style=\"max-width:100%;\"\n                \/>\n            <\/a>\n        <\/div>\n\t\t\t\t\t\t\t<\/div> \n\t\t\t\n        \n\t\t\t\t<div id=\"ngg-image-152\" class=\"ngg-gallery-thumbnail-box\" >\n\t\t\t\t        <div class=\"ngg-gallery-thumbnail\">\n            <a href=\"http:\/\/www.vcelarskyspolek.cz\/wp-content\/gallery\/Klatovy-15.9.2016\/153-DSCF2910-prohl%C3%ADdka-Machova-v%C4%8Del%C3%ADna-v-Kru%C5%A1lov%C4%9B-u-Volyn%C4%9B-13.9.JPG\"\n               title=\"\"\n               data-src=\"http:\/\/www.vcelarskyspolek.cz\/wp-content\/gallery\/Klatovy-15.9.2016\/153-DSCF2910-prohl%C3%ADdka-Machova-v%C4%8Del%C3%ADna-v-Kru%C5%A1lov%C4%9B-u-Volyn%C4%9B-13.9.JPG\"\n               data-thumbnail=\"http:\/\/www.vcelarskyspolek.cz\/wp-content\/gallery\/Klatovy-15.9.2016\/thumbs\/thumbs_153-DSCF2910-prohl%C3%ADdka-Machova-v%C4%8Del%C3%ADna-v-Kru%C5%A1lov%C4%9B-u-Volyn%C4%9B-13.9.JPG\"\n               data-image-id=\"2038\"\n               data-title=\"153-DSCF2910 prohl\u00eddka Machova v\u010del\u00edna v Kru\u0161lov\u011b u Volyn\u011b 13.9\"\n               data-description=\"\"\n               data-image-slug=\"153-dscf2910-prohl%c3%addka-machova-v%c4%8del%c3%adna-v-kru%c5%a1lov%c4%9b-u-volyn%c4%9b-13-9-1\"\n               class=\"ngg-fancybox\" rel=\"adb3c90bdd536d6f5890a66020a18e3b\">\n                <img\n                    title=\"153-DSCF2910 prohl\u00eddka Machova v\u010del\u00edna v Kru\u0161lov\u011b u Volyn\u011b 13.9\"\n                    alt=\"153-DSCF2910 prohl\u00eddka Machova v\u010del\u00edna v Kru\u0161lov\u011b u Volyn\u011b 13.9\"\n                    src=\"http:\/\/www.vcelarskyspolek.cz\/wp-content\/gallery\/Klatovy-15.9.2016\/thumbs\/thumbs_153-DSCF2910-prohl%C3%ADdka-Machova-v%C4%8Del%C3%ADna-v-Kru%C5%A1lov%C4%9B-u-Volyn%C4%9B-13.9.JPG\"\n                    width=\"120\"\n                    height=\"90\"\n                    style=\"max-width:100%;\"\n                \/>\n            <\/a>\n        <\/div>\n\t\t\t\t\t\t\t<\/div> \n\t\t\t\n        \n\t\t\t\t<div id=\"ngg-image-153\" class=\"ngg-gallery-thumbnail-box\" >\n\t\t\t\t        <div class=\"ngg-gallery-thumbnail\">\n            <a href=\"http:\/\/www.vcelarskyspolek.cz\/wp-content\/gallery\/Klatovy-15.9.2016\/154-DSCF2913-na-n%C3%A1m%C4%9Bst%C3%AD-ve-Volyni-13.9.2015-.JPG\"\n               title=\"\"\n               data-src=\"http:\/\/www.vcelarskyspolek.cz\/wp-content\/gallery\/Klatovy-15.9.2016\/154-DSCF2913-na-n%C3%A1m%C4%9Bst%C3%AD-ve-Volyni-13.9.2015-.JPG\"\n               data-thumbnail=\"http:\/\/www.vcelarskyspolek.cz\/wp-content\/gallery\/Klatovy-15.9.2016\/thumbs\/thumbs_154-DSCF2913-na-n%C3%A1m%C4%9Bst%C3%AD-ve-Volyni-13.9.2015-.JPG\"\n               data-image-id=\"2039\"\n               data-title=\"154-DSCF2913 na n\u00e1m\u011bst\u00ed ve Volyni 13.9.2015\"\n               data-description=\"\"\n               data-image-slug=\"154-dscf2913-na-n%c3%a1m%c4%9bst%c3%ad-ve-volyni-13-9-2015-1\"\n               class=\"ngg-fancybox\" rel=\"adb3c90bdd536d6f5890a66020a18e3b\">\n                <img\n                    title=\"154-DSCF2913 na n\u00e1m\u011bst\u00ed ve Volyni 13.9.2015\"\n                    alt=\"154-DSCF2913 na n\u00e1m\u011bst\u00ed ve Volyni 13.9.2015\"\n                    src=\"http:\/\/www.vcelarskyspolek.cz\/wp-content\/gallery\/Klatovy-15.9.2016\/thumbs\/thumbs_154-DSCF2913-na-n%C3%A1m%C4%9Bst%C3%AD-ve-Volyni-13.9.2015-.JPG\"\n                    width=\"120\"\n                    height=\"90\"\n                    style=\"max-width:100%;\"\n                \/>\n            <\/a>\n        <\/div>\n\t\t\t\t\t\t\t<\/div> \n\t\t\t\n        \n\t\t\t\t<div id=\"ngg-image-154\" class=\"ngg-gallery-thumbnail-box\" >\n\t\t\t\t        <div class=\"ngg-gallery-thumbnail\">\n            <a href=\"http:\/\/www.vcelarskyspolek.cz\/wp-content\/gallery\/Klatovy-15.9.2016\/155-DSCF2916-ob%C4%9Bd-ve-Volyni-13.9.2015-.JPG\"\n               title=\"\"\n               data-src=\"http:\/\/www.vcelarskyspolek.cz\/wp-content\/gallery\/Klatovy-15.9.2016\/155-DSCF2916-ob%C4%9Bd-ve-Volyni-13.9.2015-.JPG\"\n               data-thumbnail=\"http:\/\/www.vcelarskyspolek.cz\/wp-content\/gallery\/Klatovy-15.9.2016\/thumbs\/thumbs_155-DSCF2916-ob%C4%9Bd-ve-Volyni-13.9.2015-.JPG\"\n               data-image-id=\"2040\"\n               data-title=\"155-DSCF2916 ob\u011bd ve Volyni 13.9.2015\"\n               data-description=\"\"\n               data-image-slug=\"155-dscf2916-ob%c4%9bd-ve-volyni-13-9-2015-1\"\n               class=\"ngg-fancybox\" rel=\"adb3c90bdd536d6f5890a66020a18e3b\">\n                <img\n                    title=\"155-DSCF2916 ob\u011bd ve Volyni 13.9.2015\"\n                    alt=\"155-DSCF2916 ob\u011bd ve Volyni 13.9.2015\"\n                    src=\"http:\/\/www.vcelarskyspolek.cz\/wp-content\/gallery\/Klatovy-15.9.2016\/thumbs\/thumbs_155-DSCF2916-ob%C4%9Bd-ve-Volyni-13.9.2015-.JPG\"\n                    width=\"120\"\n                    height=\"90\"\n                    style=\"max-width:100%;\"\n                \/>\n            <\/a>\n        <\/div>\n\t\t\t\t\t\t\t<\/div> \n\t\t\t\n        \n\t\t\n\t\t<div class=\"ngg-clear\"><\/div>\n\t<\/div>\n\n","protected":false},"excerpt":{"rendered":"","protected":false},"author":3,"featured_media":0,"parent":0,"menu_order":0,"comment_status":"closed","ping_status":"closed","template":"","meta":{"ngg_post_thumbnail":0},"yoast_head":"<!-- This site is optimized with the Yoast SEO plugin v19.13-RC1 - https:\/\/yoast.com\/wordpress\/plugins\/seo\/ -->\n<title>Klatovy 12-15.9.2016 - V\u010cELA\u0158I Lomnice nad Popelkou<\/title>\n<meta name=\"robots\" content=\"index, follow, max-snippet:-1, max-image-preview:large, max-video-preview:-1\" \/>\n<link rel=\"canonical\" href=\"http:\/\/www.vcelarskyspolek.cz\/?page_id=4630\" \/>\n<meta property=\"og:locale\" content=\"cs_CZ\" \/>\n<meta property=\"og:type\" content=\"article\" \/>\n<meta property=\"og:title\" content=\"Klatovy 12-15.9.2016 - V\u010cELA\u0158I Lomnice nad Popelkou\" \/>\n<meta property=\"og:url\" content=\"http:\/\/www.vcelarskyspolek.cz\/?page_id=4630\" \/>\n<meta property=\"og:site_name\" content=\"V\u010cELA\u0158I Lomnice nad Popelkou\" \/>\n<meta name=\"twitter:card\" content=\"summary_large_image\" \/>\n<script type=\"application\/ld+json\" class=\"yoast-schema-graph\">{\"@context\":\"https:\/\/schema.org\",\"@graph\":[{\"@type\":\"WebPage\",\"@id\":\"http:\/\/www.vcelarskyspolek.cz\/?page_id=4630\",\"url\":\"http:\/\/www.vcelarskyspolek.cz\/?page_id=4630\",\"name\":\"Klatovy 12-15.9.2016 - V\u010cELA\u0158I Lomnice nad Popelkou\",\"isPartOf\":{\"@id\":\"https:\/\/www.vcelarskyspolek.cz\/#website\"},\"datePublished\":\"2016-11-09T14:07:57+00:00\",\"dateModified\":\"2016-11-09T14:07:57+00:00\",\"breadcrumb\":{\"@id\":\"http:\/\/www.vcelarskyspolek.cz\/?page_id=4630#breadcrumb\"},\"inLanguage\":\"cs\",\"potentialAction\":[{\"@type\":\"ReadAction\",\"target\":[\"http:\/\/www.vcelarskyspolek.cz\/?page_id=4630\"]}]},{\"@type\":\"BreadcrumbList\",\"@id\":\"http:\/\/www.vcelarskyspolek.cz\/?page_id=4630#breadcrumb\",\"itemListElement\":[{\"@type\":\"ListItem\",\"position\":1,\"name\":\"Dom\u016f\",\"item\":\"https:\/\/www.vcelarskyspolek.cz\/\"},{\"@type\":\"ListItem\",\"position\":2,\"name\":\"Klatovy 12-15.9.2016\"}]},{\"@type\":\"WebSite\",\"@id\":\"https:\/\/www.vcelarskyspolek.cz\/#website\",\"url\":\"https:\/\/www.vcelarskyspolek.cz\/\",\"name\":\"V\u010cELA\u0158I Lomnice nad Popelkou\",\"description\":\"\",\"potentialAction\":[{\"@type\":\"SearchAction\",\"target\":{\"@type\":\"EntryPoint\",\"urlTemplate\":\"https:\/\/www.vcelarskyspolek.cz\/?s={search_term_string}\"},\"query-input\":\"required name=search_term_string\"}],\"inLanguage\":\"cs\"}]}<\/script>\n<!-- \/ Yoast SEO plugin. -->","yoast_head_json":{"title":"Klatovy 12-15.9.2016 - V\u010cELA\u0158I Lomnice nad Popelkou","robots":{"index":"index","follow":"follow","max-snippet":"max-snippet:-1","max-image-preview":"max-image-preview:large","max-video-preview":"max-video-preview:-1"},"canonical":"http:\/\/www.vcelarskyspolek.cz\/?page_id=4630","og_locale":"cs_CZ","og_type":"article","og_title":"Klatovy 12-15.9.2016 - V\u010cELA\u0158I Lomnice nad Popelkou","og_url":"http:\/\/www.vcelarskyspolek.cz\/?page_id=4630","og_site_name":"V\u010cELA\u0158I Lomnice nad Popelkou","twitter_card":"summary_large_image","schema":{"@context":"https:\/\/schema.org","@graph":[{"@type":"WebPage","@id":"http:\/\/www.vcelarskyspolek.cz\/?page_id=4630","url":"http:\/\/www.vcelarskyspolek.cz\/?page_id=4630","name":"Klatovy 12-15.9.2016 - V\u010cELA\u0158I Lomnice nad Popelkou","isPartOf":{"@id":"https:\/\/www.vcelarskyspolek.cz\/#website"},"datePublished":"2016-11-09T14:07:57+00:00","dateModified":"2016-11-09T14:07:57+00:00","breadcrumb":{"@id":"http:\/\/www.vcelarskyspolek.cz\/?page_id=4630#breadcrumb"},"inLanguage":"cs","potentialAction":[{"@type":"ReadAction","target":["http:\/\/www.vcelarskyspolek.cz\/?page_id=4630"]}]},{"@type":"BreadcrumbList","@id":"http:\/\/www.vcelarskyspolek.cz\/?page_id=4630#breadcrumb","itemListElement":[{"@type":"ListItem","position":1,"name":"Dom\u016f","item":"https:\/\/www.vcelarskyspolek.cz\/"},{"@type":"ListItem","position":2,"name":"Klatovy 12-15.9.2016"}]},{"@type":"WebSite","@id":"https:\/\/www.vcelarskyspolek.cz\/#website","url":"https:\/\/www.vcelarskyspolek.cz\/","name":"V\u010cELA\u0158I Lomnice nad Popelkou","description":"","potentialAction":[{"@type":"SearchAction","target":{"@type":"EntryPoint","urlTemplate":"https:\/\/www.vcelarskyspolek.cz\/?s={search_term_string}"},"query-input":"required name=search_term_string"}],"inLanguage":"cs"}]}},"_links":{"self":[{"href":"http:\/\/www.vcelarskyspolek.cz\/index.php?rest_route=\/wp\/v2\/pages\/4630"}],"collection":[{"href":"http:\/\/www.vcelarskyspolek.cz\/index.php?rest_route=\/wp\/v2\/pages"}],"about":[{"href":"http:\/\/www.vcelarskyspolek.cz\/index.php?rest_route=\/wp\/v2\/types\/page"}],"author":[{"embeddable":true,"href":"http:\/\/www.vcelarskyspolek.cz\/index.php?rest_route=\/wp\/v2\/users\/3"}],"replies":[{"embeddable":true,"href":"http:\/\/www.vcelarskyspolek.cz\/index.php?rest_route=%2Fwp%2Fv2%2Fcomments&post=4630"}],"version-history":[{"count":0,"href":"http:\/\/www.vcelarskyspolek.cz\/index.php?rest_route=\/wp\/v2\/pages\/4630\/revisions"}],"wp:attachment":[{"href":"http:\/\/www.vcelarskyspolek.cz\/index.php?rest_route=%2Fwp%2Fv2%2Fmedia&parent=4630"}],"curies":[{"name":"wp","href":"https:\/\/api.w.org\/{rel}","templated":true}]}}